{"id":8864,"date":"2020-12-19T19:27:56","date_gmt":"2020-12-19T18:27:56","guid":{"rendered":"http:\/\/rakosliget.hu\/wordpress\/?page_id=8864"},"modified":"2023-03-25T18:39:58","modified_gmt":"2023-03-25T17:39:58","slug":"regeszet","status":"publish","type":"page","link":"https:\/\/rakosliget.hu\/wordpress\/index.php\/regeszet\/","title":{"rendered":"R\u00c9G\u00c9SZET"},"content":{"rendered":"\n<p><em>Az oldal indult: 2020. 12. 20.<\/em><\/p>\n\n\n\n<p><em>Friss\u00edtve: 2023. 02. 26.<\/em><\/p>\n\n\n\n<h2 class=\"wp-block-heading\">MO aut\u00f3\u00fat \u00e9p\u00edt\u00e9se<\/h2>\n\n\n\n<p>Az M0 k\u00f6rgy\u0171r\u0171 R\u00e1kosment\u00e9t \u00e9rint\u0151 szakasz\u00e1r\u00f3l sz\u00f3l\u00f3 el\u0151zetes besz\u00e1mol\u00f3 (.pdf form\u00e1tumban). Szerz\u0151: Rezi Kat\u00f3 G\u00e1bor. Publik\u00e1lva volt a m\u00e1ra m\u00e1r megsz\u0171nt http:\/\/www.m0.hu oldalon. Sajnos a dokumentumban szerepl\u0151 hivatkoz\u00e1sok m\u00e1r nem \u00e9lnek.<\/p>\n\n\n\n<div class=\"wp-block-file\"><a id=\"wp-block-file--media-b16aeffb-7372-4fc9-a8fb-aef18f5158bf\" href=\"http:\/\/rakosliget.hu\/wordpress\/wp-content\/uploads\/2020\/12\/regeszet-m0_reduce.pdf\">R\u00c9G\u00c9SZET M0 <\/a><a href=\"http:\/\/rakosliget.hu\/wordpress\/wp-content\/uploads\/2020\/12\/regeszet-m0_reduce.pdf\" class=\"wp-block-file__button wp-element-button\" download aria-describedby=\"wp-block-file--media-b16aeffb-7372-4fc9-a8fb-aef18f5158bf\">Let\u00f6lt\u00e9s<\/a><\/div>\n\n\n\n<p>Az eredeti honlap t\u00e1rolt v\u00e1ltozat\u00e1nak <a href=\"http:\/\/rakosliget.hu\/regeszet\/index_10600000.php.htm\">megnyit\u00e1sa<\/a>.<\/p>\n\n\n\n<figure class=\"wp-block-image size-large\"><img loading=\"lazy\" decoding=\"async\" width=\"768\" height=\"1024\" src=\"https:\/\/rakosliget.hu\/wordpress\/wp-content\/uploads\/2023\/03\/asatas1-768x1024.jpg\" alt=\"\" class=\"wp-image-11228\" srcset=\"https:\/\/rakosliget.hu\/wordpress\/wp-content\/uploads\/2023\/03\/asatas1-768x1024.jpg 768w, https:\/\/rakosliget.hu\/wordpress\/wp-content\/uploads\/2023\/03\/asatas1-225x300.jpg 225w, https:\/\/rakosliget.hu\/wordpress\/wp-content\/uploads\/2023\/03\/asatas1-1152x1536.jpg 1152w, https:\/\/rakosliget.hu\/wordpress\/wp-content\/uploads\/2023\/03\/asatas1.jpg 1200w\" sizes=\"auto, (max-width: 768px) 100vw, 768px\" \/><figcaption class=\"wp-element-caption\">\u00c1sat\u00e1s 2001. 02. 02.<\/figcaption><\/figure>\n\n\n\n<figure class=\"wp-block-image size-large\"><img loading=\"lazy\" decoding=\"async\" width=\"1024\" height=\"768\" src=\"https:\/\/rakosliget.hu\/wordpress\/wp-content\/uploads\/2023\/03\/asatas2-1024x768.jpg\" alt=\"\" class=\"wp-image-11229\" srcset=\"https:\/\/rakosliget.hu\/wordpress\/wp-content\/uploads\/2023\/03\/asatas2-1024x768.jpg 1024w, https:\/\/rakosliget.hu\/wordpress\/wp-content\/uploads\/2023\/03\/asatas2-300x225.jpg 300w, https:\/\/rakosliget.hu\/wordpress\/wp-content\/uploads\/2023\/03\/asatas2-768x576.jpg 768w, https:\/\/rakosliget.hu\/wordpress\/wp-content\/uploads\/2023\/03\/asatas2-1536x1152.jpg 1536w, https:\/\/rakosliget.hu\/wordpress\/wp-content\/uploads\/2023\/03\/asatas2.jpg 1600w\" sizes=\"auto, (max-width: 1024px) 100vw, 1024px\" \/><figcaption class=\"wp-element-caption\">\u00c1sat\u00e1s 2001. 02 02.<\/figcaption><\/figure>\n\n\n\n<h2 class=\"wp-block-heading\">\u00c1rokt\u0151 utca 130. (P\u00f3ta Istv\u00e1n telke)<\/h2>\n\n\n\n<p>S\u00edrlelet 1983-b\u00f3l. Mag\u00e1nyos f\u00e9rfis\u00edr a 7. sz\u00e1zad m\u00e1sodik fel\u00e9b\u0151l. \u0150skori s\u00edr ker\u00fclt felt\u00e1r\u00e1sra. S\u00edrlelet: 2 db fegyvert, egy 105 cm hossz\u00fa csontbor\u00edt\u00e1s\u00fa  \u00edjat, egy vas  ny\u00edlhegyet, pr\u00e9selt pontsorral d\u00edsz\u00edtett sz\u00edjv\u00e9get, arany f\u00fclbeval\u00f3t t\u00e1rtak fel. <\/p>\n\n\n\n<p>Forr\u00e1s: Acta Archaeologica 1994<\/p>\n\n\n\n<p><\/p>\n\n\n\n<figure class=\"wp-block-image size-full\"><img loading=\"lazy\" decoding=\"async\" width=\"712\" height=\"409\" src=\"https:\/\/rakosliget.hu\/wordpress\/wp-content\/uploads\/2023\/03\/Arokto130.jpg\" alt=\"\" class=\"wp-image-11235\" srcset=\"https:\/\/rakosliget.hu\/wordpress\/wp-content\/uploads\/2023\/03\/Arokto130.jpg 712w, https:\/\/rakosliget.hu\/wordpress\/wp-content\/uploads\/2023\/03\/Arokto130-300x172.jpg 300w\" sizes=\"auto, (max-width: 712px) 100vw, 712px\" \/><figcaption class=\"wp-element-caption\">\u00c1rokt\u0151 utca 130.<\/figcaption><\/figure>\n","protected":false},"excerpt":{"rendered":"<p>Az oldal indult: 2020. 12. 20. Friss\u00edtve: 2023. 02. 26. MO aut\u00f3\u00fat \u00e9p\u00edt\u00e9se Az M0 k\u00f6rgy\u0171r\u0171 R\u00e1kosment\u00e9t \u00e9rint\u0151 szakasz\u00e1r\u00f3l sz\u00f3l\u00f3 el\u0151zetes besz\u00e1mol\u00f3 (.pdf form\u00e1tumban). Szerz\u0151: Rezi Kat\u00f3 G\u00e1bor. Publik\u00e1lva volt a m\u00e1ra m\u00e1r megsz\u0171nt http:\/\/www.m0.hu oldalon. Sajnos a dokumentumban szerepl\u0151 hivatkoz\u00e1sok m\u00e1r nem \u00e9lnek. Az eredeti honlap t\u00e1rolt v\u00e1ltozat\u00e1nak megnyit\u00e1sa. \u00c1rokt\u0151 utca 130. (P\u00f3ta Istv\u00e1n &hellip; <a href=\"https:\/\/rakosliget.hu\/wordpress\/index.php\/regeszet\/\" class=\"more-link\"><span class=\"screen-reader-text\">R\u00c9G\u00c9SZET<\/span> r\u00e9szletei&#8230;<\/a><\/p>\n","protected":false},"author":1,"featured_media":0,"parent":0,"menu_order":0,"comment_status":"closed","ping_status":"closed","template":"","meta":{"footnotes":""},"class_list":["post-8864","page","type-page","status-publish","hentry"],"_links":{"self":[{"href":"https:\/\/rakosliget.hu\/wordpress\/index.php\/wp-json\/wp\/v2\/pages\/8864","targetHints":{"allow":["GET"]}}],"collection":[{"href":"https:\/\/rakosliget.hu\/wordpress\/index.php\/wp-json\/wp\/v2\/pages"}],"about":[{"href":"https:\/\/rakosliget.hu\/wordpress\/index.php\/wp-json\/wp\/v2\/types\/page"}],"author":[{"embeddable":true,"href":"https:\/\/rakosliget.hu\/wordpress\/index.php\/wp-json\/wp\/v2\/users\/1"}],"replies":[{"embeddable":true,"href":"https:\/\/rakosliget.hu\/wordpress\/index.php\/wp-json\/wp\/v2\/comments?post=8864"}],"version-history":[{"count":13,"href":"https:\/\/rakosliget.hu\/wordpress\/index.php\/wp-json\/wp\/v2\/pages\/8864\/revisions"}],"predecessor-version":[{"id":11236,"href":"https:\/\/rakosliget.hu\/wordpress\/index.php\/wp-json\/wp\/v2\/pages\/8864\/revisions\/11236"}],"wp:attachment":[{"href":"https:\/\/rakosliget.hu\/wordpress\/index.php\/wp-json\/wp\/v2\/media?parent=8864"}],"curies":[{"name":"wp","href":"https:\/\/api.w.org\/{rel}","templated":true}]}}