{"id":6428,"date":"2020-11-11T05:12:26","date_gmt":"2020-11-11T04:12:26","guid":{"rendered":"http:\/\/rakosliget.hu\/wordpress\/?page_id=6428"},"modified":"2026-03-22T17:28:32","modified_gmt":"2026-03-22T16:28:32","slug":"gozon-gyula","status":"publish","type":"page","link":"https:\/\/rakosliget.hu\/wordpress\/index.php\/gozon-gyula\/","title":{"rendered":"G\u00d3ZON GYULA sz\u00ednm\u0171v\u00e9sz"},"content":{"rendered":"\n<div class=\"wp-block-buttons is-content-justification-center is-layout-flex wp-container-core-buttons-is-layout-16018d1d wp-block-buttons-is-layout-flex\">\n<div class=\"wp-block-button\"><a class=\"wp-block-button__link wp-element-button\" href=\"https:\/\/rakosliget.hu\/wordpress\/index.php\/muveszet\/\">VISSZA A M\u0170V\u00c9SZET LAPRA<\/a><\/div>\n<\/div>\n\n\n\n<p><\/p>\n\n\n\n<p><strong>1885. \u00e1prilis 19.<\/strong> <strong>\u00c9rsek\u00fajv\u00e1r,<\/strong> Magyarorsz\u00e1g, ma Nov\u00e9 Z\u00e1mky, Szlov\u00e1kia &#8211; <strong>1972. okt\u00f3ber 8. Budapest<\/strong>, Magyarorsz\u00e1g<br><\/p>\n\n\n\n<p>Feles\u00e9ge: Berky Lili sz\u00edn\u00e9szn\u0151 (1886-1958) &#8211; 1917-1958 (hal\u00e1l\u00e1ig)<\/p>\n\n\n\n<p><strong>Az al\u00e1bbi \u00f6ssze\u00e1ll\u00edt\u00e1st k\u00e9sz\u00edtette: Tak\u00e1cs Istv\u00e1n<\/strong> <br>Nyelvi lektor: D\u00e9v\u00e9nyi Ildik\u00f3<br>Pontos\u00edt\u00e1s: rakosliget.hu<br>Eredetileg megjelent: 2009. december 21. http:\/\/www.szineszkonyvtar.hu\/contents\/f-j\/gozonelet.htm <br><a href=\"https:\/\/web.archive.org\/web\/20091221090439\/http:\/\/www.szineszkonyvtar.hu\/contents\/f-j\/gozonelet.htm\">Jelenleg m\u00e9g olvashat\u00f3<\/a>: 2020. 12.20. <\/p>\n\n\n\n<p>Kezdetek<\/p>\n\n\n\n<p>\u00c9letrajza r\u00f6viden:<br><strong>1902-1906<\/strong> &#8211; Polg\u00e1r K\u00e1roly sz\u00ednt\u00e1rsulat\u00e1n\u00e1l a D\u00e9lvid\u00e9ken<br><strong>1906-1910<\/strong>-ig &#8211; Nagyv\u00e1radon j\u00e1tszik<br><strong>1914<\/strong> &#8211; filmezni kezd &#8211; \u00e9let\u00e9ben k\u00f6zel 100 filmben j\u00e1tszik<br><strong>1917<\/strong>-ben &#8211; h\u00e1zass\u00e1got k\u00f6t Berky Lili koll\u00e9gan\u0151j\u00e9vel (annak hal\u00e1l\u00e1ig tart\u00f3an)<br><strong>1919 <\/strong>&#8211; feles\u00e9g\u00e9vel megalap\u00edtja a Musk\u00e1tli Kabar\u00e9t<br><strong>1920 <\/strong>&#8211; a Kir\u00e1ly Sz\u00ednh\u00e1z tagja<br><strong>1927<\/strong>&#8211;<strong>1929 <\/strong>&#8211; a Belv\u00e1rosi Sz\u00ednh\u00e1z tagja<br><strong>1929<\/strong>&#8211;<strong>1935 <\/strong>&#8211; az \u00daj Sz\u00ednh\u00e1z tagja<br><strong>1935<\/strong>-ben &#8211; a Nemzeti Sz\u00ednh\u00e1z szerz\u0151dteti<br><strong>1935<\/strong>&#8211;<strong>1941 <\/strong>&#8211; j\u00e1tszik a Nemzetiben<br><strong>1941<\/strong>&#8211;<strong>1945 <\/strong>&#8211; nem l\u00e9phet sz\u00ednpadra &#8211; bujk\u00e1l<br><strong>1945<\/strong>&#8211;<strong>1972 <\/strong>&#8211; hal\u00e1l\u00e1ig a Nemzeti Sz\u00ednh\u00e1z tagja<br><strong>2003 <\/strong>&#8211; megalakul a G\u00f3zon Gyula Kamarasz\u00ednh\u00e1z &#8211; R\u00e1kosligeten<br>2005. \u00e1prilis 30-\u00e1n &#8211; szobor \u0151rzi eml\u00e9k\u00e9t R\u00e1kosligeten, <s>egykori lak\u00f3h\u00e1z\u00e1nak erk\u00e9ly\u00e9n<\/s> <strong>a G\u00f3zon Gyula Kamarasz\u00ednh\u00e1z &#8222;erk\u00e9ly\u00e9n&#8221;<\/strong>.<em>(rakosliget.hu)<\/em> <br><strong>2020<\/strong>. A sz\u00ednh\u00e1z \u00e1t\u00e9p\u00edt\u00e9se miatt a szobor nem l\u00e1that\u00f3. <\/p>\n\n\n\n<p>&#8222;&#8230; csak v\u00e9letlen\u00fcl sz\u00fclettem \u00c9rsek\u00fajv\u00e1ron. Esztergomban \u00e9ltek sz\u00fcleim, csak any\u00e1m sz\u00fclei laktak \u00c9rsek\u00fajv\u00e1ron. L\u00e1togat\u00f3ban voltak ott \u00e9pp, amikor megsz\u00fclettem. A b\u00e9csi gyors ablak\u00e1b\u00f3l sokszor eln\u00e9zegetem a kis sz\u00fcl\u0151falumat, \u00e9s mindig meg akartam l\u00e1togatni, de eddig nem ker\u00fclt r\u00e1 sor. De most m\u00e1r eg\u00e9sz biztos, hogy j\u00f6v\u0151 h\u00e9ten elmegyek.&#8221; Azt\u00e1n? Azt\u00e1n sohasem megy el.<br>&#8222;&#8230; amikor m\u00e1sodik re\u00e1lista voltam, Nagy tan\u00edt\u00f3 \u00far igyekezett kipofozni bel\u0151lem a sz\u00edn\u00e9szetet&#8230; Minden \u00f3ra el\u0151tt v\u00e9gigk\u00e9rdezte az oszt\u00e1lyt, hogy ki mi akar lenni&#8230; h\u00e1t engem mind\u00e9g utolj\u00e1ra hagyott. &#8211; H\u00e1t te mi leszel? &#8211; Adta fel a k\u00e9rd\u00e9st nekem. &#8211; Sz\u00edn\u00e9sz! &#8211; feleltem, \u00e9s az arcomat odatartottam a tenyere al\u00e1. Mert ilyenkor kij\u00e1rt a pofon. K\u00e9t \u00e9ven \u00e1t, minden \u00f3ra el\u0151tt megk\u00e9rdezte Nagy tan\u00e1r \u00far, hogy mi akarok lenni, \u00e9n meg rend\u00edthetetlen\u00fcl azt feleltem: sz\u00edn\u00e9sz&#8230; \u00e9s \u0151 pedig pontosan kiutalta erre a pofont&#8230;&#8221; Amikor m\u00e1r t\u00f6bb mint 25 \u00e9ve sz\u00ednpadon van \u00e9s ennek kapcs\u00e1n \u00fcnneplik, m\u00e9g akkor is vallja &#8211; a sz\u00ednh\u00e1zi v\u00e1ls\u00e1g \u00e9s a gazdas\u00e1gi \u00f6sszeoml\u00e1s ellen\u00e9re is -, hogy tov\u00e1bbra is sz\u00edn\u00e9sz akar lenni, \u00e9s csak sz\u00edn\u00e9sz szeret lenni. (25 \u00e9ve sz\u00edn\u00e9sz G\u00f3zon Gyula &#8211; D\u00e9lib\u00e1b, 1930. j\u00falius 19.)<\/p>\n\n\n\n<p>Sz\u00edn\u00e9sznek javasolj\u00e1k m\u00e1sok is<\/p>\n\n\n\n<p>&#8222;&#8230; egy\u00e9bk\u00e9nt m\u00e1r az iskol\u00e1ban sz\u00edn\u00e9sznek cs\u00fafoltak, mert tan\u00e1raimat kifigur\u00e1ztam. Sz\u00e9p hangom is volt, teh\u00e1t sokat \u00e9nekeltem. A sz\u00fcleim azonban tudni se akartak ilyen ir\u00e1ny\u00fa terveimr\u0151l. \u00c9n azonban titokban csak err\u0151l \u00e1lmodtam. Esztergomb\u00f3l, ahol laktunk, egyszer a b\u00e1ty\u00e1m felhozott Pestre. \u0150 tisztvisel\u0151 volt a f\u0151v\u00e1rosban, \u00e9s ismert n\u00e9h\u00e1ny h\u00edres embert is. Elvitt mag\u00e1val egy t\u00e1rsas\u00e1gba, ahol produk\u00e1lnom kellett: \u00e9nekeltem. A vend\u00e9gek k\u00f6z\u00f6tt volt R\u00f3zsa S. Lajos, a N\u00e9psz\u00ednh\u00e1z baritonist\u00e1ja is. R\u00f3zsa b\u00e1csi figyelmesen v\u00e9gighallgatott, \u00e9s m\u00e1snap felvitt a N\u00e9psz\u00ednh\u00e1zba, hogy megmutassa, milyen bel\u00fclr\u0151l a sz\u00ednh\u00e1z. Val\u00f3s\u00e1ggal elsz\u00e9d\u00fcltem a sok l\u00e1tnival\u00f3t\u00f3l. Cipelt l\u00e9pcs\u0151n fel \u00e9s le. A v\u00e9g\u00e9n \u00fcnnep\u00e9lyesen megfogadtam: \u00e9nekes leszek!&#8221; &#8211; mes\u00e9li els\u0151 interj\u00faj\u00e1ban, amelyet a &#8222;Nagyv\u00e1radi Napl\u00f3nak&#8221; egyik kar\u00e1csonyi sz\u00e1m\u00e1ban ad. Sz\u00fclei ellenkez\u00e9sei dac\u00e1ra testv\u00e9rb\u00e1tyja p\u00e1rfog\u00e1s\u00e1ba fogadja, \u00e9s R\u00f3zsa S. Lajos tan\u00e1cs\u00e1t megfogadva sz\u00edniiskol\u00e1ba \u00edratja \u00f6ccs\u00e9t.<\/p>\n\n\n\n<p>A sz\u00edniiskol\u00e1ban<\/p>\n\n\n\n<p>Eljutnak Solymossy Elekhez, a n\u00e9pszer\u0171 n\u00e9psz\u00ednh\u00e1zi sz\u00edn\u00e9szhez, aki ekkoriban m\u00e1r egy neves \u00e9s rangos sz\u00edn\u00e9szk\u00e9pz\u0151 iskol\u00e1t tart fenn. A nyolcvankoron\u00e1s tand\u00edjat azonban el\u0151re kell kifizetni, amit a j\u00f3 \u00f6reg &#8222;b\u00e1ty\u00f3&#8221; nem tud v\u00e1llalni. \u00cdgy jutnak el R\u00e1kosi Szidi iskol\u00e1j\u00e1ba. R\u00e1kosi Szidin\u00e9l nem a tand\u00edj el\u0151re t\u00f6rt\u00e9n\u0151 lecsenget\u00e9se a fontos, meghallgatja a gyereket. Kik\u00e9rdezi csal\u00e1dj\u00e1r\u00f3l \u00e9s k\u00f6r\u00fclm\u00e9nyeir\u0151l. Felh\u00edvja a sz\u00ednh\u00e1zb\u00f3l Bokor J\u00f3zsefet, a Kir\u00e1ly Sz\u00ednh\u00e1z karnagy\u00e1t. \u00c9nekelnie kell, Bokor pedig zongor\u00e1n k\u00eds\u00e9ri. Bokor felfigyel k\u00e9pzett hangj\u00e1ra, \u00e9s javasolja felv\u00e9tel\u00e9t a tanod\u00e1ba, tov\u00e1bb\u00e1 azt is, hogy \u00e9nekes sz\u00edn\u00e9szt faragjanak bel\u0151le. \u00cdgy lesz Bokor J\u00f3zsef karnagy G\u00f3zon els\u0151 patr\u00f3nus\u00e1v\u00e1, aki most m\u00e1r R\u00e1kosi Szidi sz\u00edniiskol\u00e1j\u00e1t l\u00e1togathatja. &#8222;&#8230; egyszer a Kir\u00e1ly Sz\u00ednh\u00e1zban, n\u00f6vend\u00e9kkoromban &#8211; ki tudja h\u00e1nyadszor &#8211; n\u00e9ztem a Lysistrate el\u0151ad\u00e1s\u00e1t a kulissz\u00e1k m\u00f6g\u00fcl, de ink\u00e1bb csak n\u00e9ztem volna, mert az \u00fcgyel\u0151 t\u00f6bb \u00edzben kipender\u00edtett. De mind\u00e9g visszaj\u00f6ttem. Azt\u00e1n egyszer csak rosszul lett a tenorista, s hossz\u00fa percekig nem mehetett fel a f\u00fcgg\u00f6ny. \u00c9n h\u00e1t tudtam m\u00e1r szinte a szerepet. Beugrottam, s ezzel megmentettem az el\u0151ad\u00e1st. \u00cdgy figyeltek r\u00e1m fel el\u0151sz\u00f6r, \u00e9s \u00edgy kezd\u0151d\u00f6tt a p\u00e1ly\u00e1m&#8230;&#8221; Szidi n\u00e9ni cs\u00f6kkentett tand\u00edjat javasolt sz\u00e1m\u00e1ra, de a cs\u00f6kkentett tand\u00edj\u00e9rt is k\u00fcl\u00f6n munk\u00e1t kell v\u00e1llalnia. Az iskol\u00e1ban mind a v\u00edgj\u00e1t\u00e9k-, mind pedig a dr\u00e1ma\u00f3r\u00e1kr\u00f3l eg\u00e9szen egyszer\u0171en kidobj\u00e1k azzal, hogy \u0151 csak legyen \u00e9nekes sz\u00edn\u00e9sz, nincs sz\u00fcks\u00e9ge ilyesmikre. &#8222;A t\u00e1nc\u00f3r\u00e1kr\u00f3l azonban meg \u00e9n sz\u00f6ktem meg&#8230;&#8221; mes\u00e9li. Pr\u00f3zai k\u00e9pess\u00e9geit egyszer\u0171en figyelmen k\u00edv\u00fcl hagyj\u00e1k, s\u0151t &#8211; legnagyobb meg\u00fctk\u00f6z\u00e9s\u00e9re &#8211; megpr\u00f3b\u00e1lj\u00e1k a szem\u00e9lyis\u00e9g\u00e9t\u0151l oly t\u00e1vol \u00e1ll\u00f3 opera fel\u00e9 terelni figyelm\u00e9t. Amikor v\u00e9gez a tanulm\u00e1nyaival Szidi n\u00e9nin\u00e9l, Bokor karnagy \u00far bocs\u00e1tja \u00fatj\u00e1ra azzal, hogy &#8222;Menj csak, fiam, vid\u00e9kre, \u00e9s p\u00f3told be, amire itt nem tan\u00edtottunk meg. Egy fiatal, \u00e9ppen csak kezd\u0151 sz\u00edn\u00e9sz sz\u00e1m\u00e1ra, amilyen te is vagy, a vid\u00e9k a legjobb iskola, val\u00f3s\u00e1gos egyetem&#8230;&#8221; R\u00e1kosi Szidi k\u00f6zbenj\u00e1r\u00e1s\u00e1ra elhelyezkedik Polg\u00e1r K\u00e1roly d\u00e9lvid\u00e9ki sz\u00edniker\u00fclet\u00e9hez. A f\u0151v\u00e1ros utc\u00e1it \u00e9s tereit d\u00e9lvid\u00e9ki cs\u00f6ndes kisv\u00e1rosok v\u00e1ltj\u00e1k fel, ahol egy sz\u00edn\u00e9sznek nincs elk\u00e9nyeztetett sorsa. \u00c1lland\u00f3an \u00faton vannak, \u00e9s f\u0151bb \u00e1llom\u00e1shelyeik: Zombor, Zenta, Nagybecskerek, Nagykikinda, Nagyszentmikl\u00f3s, Herkulesf\u00fcrd\u0151, Marosv\u00e1s\u00e1rhely \u00e9s Cs\u00edkszereda.<\/p>\n\n\n\n<p>G\u00f3zon a D\u00e9lvid\u00e9ken<\/p>\n\n\n\n<p>A k\u00f6r\u00fclm\u00e9nyekn\u00e9l tal\u00e1n csak a munk\u00e1ja nehezebb. Szakadatlanul \u00fajabb \u00e9s \u00fajabb darabok betanul\u00e1sa k\u00f6vetkezik, szinte k\u00e9t-h\u00e1rom naponta v\u00e1ltozik a m\u0171sor a kis sz\u00e1m\u00fa fizet\u0151k\u00e9pes n\u00e9z\u0151k\u00f6z\u00f6ns\u00e9g miatt. G\u00f3zon ked\u00e9lytelen\u00fcl, \u00e9s t\u00f6bbnyire a kimer\u00fclts\u00e9gt\u0151l holtf\u00e1radtan v\u00e1ndorol egyik v\u00e1rosb\u00f3l a m\u00e1sikba. \u00c9jszaka petr\u00f3leuml\u00e1mpa f\u00e9ny\u00e9n\u00e9l tanulja a sz\u00f6veget, hogy a m\u00e1snapi pr\u00f3b\u00e1n meg\u00e1llja a hely\u00e9t az id\u0151sebb koll\u00e9g\u00e1i k\u00f6z\u00f6tt. Val\u00f3di sz\u00edniiskol\u00e1j\u00e1v\u00e1 lesz az a n\u00e9h\u00e1ny itt elt\u00f6lt\u00f6tt esztend\u0151. Szerepei v\u00e1ltozatosak: j\u00e1tszik v\u00edgj\u00e1t\u00e9kot, dr\u00e1m\u00e1t, operettet, n\u00e9psz\u00ednm\u0171vet. Gorkij &#8222;\u00c9jjeli mened\u00e9khely\u00e9&#8221;-ben pedig m\u00e1r p\u00e9ld\u00e1ul felt\u0171n\u00e9st kelt j\u00e1t\u00e9k\u00e1val. &#8222;G\u00f3zon egy elz\u00fcll\u00f6tt suhanc szerep\u00e9ben meglep\u0151en j\u00e1tszott, \u00e9s m\u00e9g meglep\u0151bben \u00e9nekelt&#8230;&#8221; &#8211; \u00edrja a &#8222;Zentai H\u00edrad\u00f3&#8221; 1904 okt\u00f3ber\u00e9ben. H\u00edre eljut a nevezetes nagyv\u00e1radi sz\u00ednidirektorhoz, Erd\u00e9lyi Mikl\u00f3shoz. A direktor k\u00e9t alkalommal, el\u0151bb Cs\u00edkszered\u00e1n, majd Marosv\u00e1s\u00e1rhelyen l\u00e1tja \u0151t j\u00e1tszani. Mindk\u00e9t helyre a d\u00e9lvid\u00e9ki sz\u00edniker\u00fclet igazgat\u00f3ja, Polg\u00e1r K\u00e1roly s\u00fcrget\u0151 k\u00edv\u00e1ns\u00e1g\u00e1ra utazik el, \u00e9s Erd\u00e9lyi Mikl\u00f3s val\u00f3ban nem b\u00e1nja meg, hogy odautazott. Egy b\u00e1tor fell\u00e9p\u00e9s\u0171, t\u00f6bbnyire mindig vid\u00e1m (ha \u00e9pp nem a kimer\u00fclts\u00e9g\u00e9t\u0151l holtf\u00e1radt&#8230;), telt arc\u00fa, \u00e9s \u00edg\u00e9retesen tehets\u00e9ges fiatal sz\u00edn\u00e9sszel ismerkedik meg, akit a t\u00e1rsai m\u00e1r akkoriban G\u00f3zonk\u00e1nak sz\u00f3l\u00edtanak. Ezt a bec\u00e9z\u00e9st szolg\u00e1latk\u00e9szs\u00e9g\u00e9vel, \u00e9s a feln\u0151tt sz\u00edn\u00e9szkoll\u00e9g\u00e1i ir\u00e1nti tisztelettel v\u00edvja ki. Alig huszonh\u00e1rom \u00e9ves, amikor Erd\u00e9lyi Mikl\u00f3s Nagyv\u00e1radra szerz\u0151dteti.<\/p>\n\n\n\n<p>A k\u00e9t Gyula &#8211; G\u00f3zon \u00e9s Kabos<\/p>\n\n\n\n<p>A d\u00e9lvid\u00e9ki \u00e9let\u00e9hez hozz\u00e1tartozik egy \u00e9letre sz\u00f3l\u00f3 bar\u00e1ts\u00e1g vonala is. Hiszen majdnem egy id\u0151ben ker\u00fcl a d\u00e9lvid\u00e9ki sz\u00edniker\u00fcletbe Kabos Gyula is, \u00e9s hasonl\u00f3 sorsukn\u00e1l fogva, valamint azonos vil\u00e1gfelfog\u00e1suk ok\u00e1n is kialakul k\u00f6z\u00f6tt\u00fck m\u00e1r els\u0151 perct\u0151l fogva egyfajta pajt\u00e1sias bar\u00e1ts\u00e1g, amelyet csak elm\u00e9ly\u00edt a mindennapos sz\u00ednh\u00e1zi robotol\u00e1s. Egy\u00fctt j\u00e1rnak sz\u00f3rakozni, s\u0151t, ha \u00e9pp egyiknek m\u00e1shov\u00e1 vezet j\u00f3 sorsa, h\u00fazza a m\u00e1sikat mag\u00e1val. Mint minden bar\u00e1ts\u00e1gban, itt sem sz\u00e1m\u00edt, ki, mikor, mit tesz a m\u00e1sik\u00e9rt. Hossz\u00fa id\u0151re m\u00e9g alb\u00e9rleti \u00fan. h\u00f3napos szob\u00e1t is egy\u00fctt vesznek ki. Sz\u00ednpadi kett\u0151s\u00fck kapcs\u00e1n igazi tombol\u00f3 sikert emlegetnek a korabeli kritik\u00e1k. Els\u0151 v\u00e9letlenszer\u0171 sz\u00ednpadi \u00f6sszeker\u00fcl\u00e9s\u00fcket k\u00f6vet\u0151en a p\u00e1rost m\u00e1r tudatosan l\u00e9ptetik fel egy\u00fctt, a biztos siker rem\u00e9ny\u00e9ben, m\u00e1r a kezdet kezdet\u00e9n is. Azt\u00e1n ez a nagyszer\u0171 du\u00f3 egy napon m\u00e9gis kett\u00e9\u00e1gazik, \u00e9pp G\u00f3zon nagyv\u00e1radi szerz\u0151d\u00e9se kapcs\u00e1n. Kabos m\u00e9g j\u00f3 ideig j\u00e1rja az egy\u00e9ni sikerek \u00fatj\u00e1t itt, a D\u00e9lvid\u00e9ken, amikor a j\u00f3 bar\u00e1t, G\u00f3zon kij\u00e1rja Kabos nagyv\u00e1radi szerz\u0151dtet\u00e9s\u00e9t. Azt\u00e1n ez k\u00e9s\u0151bb Budapesten megism\u00e9tl\u0151dik. Ha \u00e9pp Kabosnak fut a szekere, G\u00f3zon kap szerepet &#8222;csud\u00e1latos m\u00f3don&#8221; \u00e9s ford\u00edtva, s\u0151t m\u00e9g a film vil\u00e1g\u00e1ban is t\u00f6bbnyire egy\u00fctt szerepelnek, azonos produkci\u00f3kban&#8230; egyed\u00fcl tal\u00e1n az Amerika fel\u00e9 vezet\u0151 \u00faton marad mag\u00e1ra Kabos. G\u00f3zon pedig a m\u00e1sik Gyula hal\u00e1la ut\u00e1n soha t\u00f6bbet nem besz\u00e9l Kabosr\u00f3l \u00fajs\u00e1g\u00edr\u00f3nak. Val\u00f3sz\u00edn\u0171, mert nem tud. Nagyon m\u00e9lyen \u00e9rinti. A jobbik fel\u00e9t siratja titokban tal\u00e1n, a h\u00e1tral\u00e9v\u0151 \u00e9lete sor\u00e1n v\u00e9gig.<\/p>\n\n\n\n<p>G\u00f3zon \u00far Nagyv\u00e1radon<\/p>\n\n\n\n<p>Nagyv\u00e1radra ker\u00fclni \u00e9s a Szigligeti Sz\u00ednh\u00e1zban j\u00e1tszani akkoriban minden vid\u00e9ken j\u00e1tsz\u00f3 magyar sz\u00edn\u00e9sz v\u00e1gy\u00e1lma. Ez egyfajta elismer\u00e9st, rangot jelent, amelyet tet\u00e9z a v\u00e1ros k\u00fcl\u00f6nleges, \u00e9s jellegzetes, semmihez sem foghat\u00f3 szellemis\u00e9ge. Nevezetes, hogy a sz\u00ednh\u00e1zi k\u00f6z\u00f6ns\u00e9g soraib\u00f3l sz\u00e1mos nemes sz\u00e1nd\u00e9k\u00fa \u00e9s nagylelk\u0171 t\u00e1mogat\u00f3 ker\u00fcl ki az id\u0151k sor\u00e1n, s\u0151t az ig\u00e9nyes, hozz\u00e1\u00e9rt\u00e9s\u00fckr\u0151l elh\u00edres\u00fclt embereit is emlegetik messze f\u00f6ld\u00f6n. Sokak nagy \u00e1lma, hogy ide szerz\u0151dhessenek, \u00e9s egy ilyen p\u00e1lyakezd\u0151 ifj\u00fanak, mint G\u00f3zon Gyula, ez maga a f\u0151nyerem\u00e9ny. Nagyv\u00e1radon sohasem j\u00e1rt eladdig, csak h\u00edrb\u0151l ismeri, hisz akkoriban gyakran emlegetik besz\u00e9lget\u00e9sekben \u00e9s a sajt\u00f3ban is \u00fagy, mint a &#8222;K\u00f6r\u00f6s-parti P\u00e1rizs&#8221;. R\u00e1ad\u00e1sul ennek a v\u00e1radi szellemi pezsg\u00e9snek az egyik k\u00f6zponti territ\u00f3riuma maga a sz\u00ednh\u00e1z. &#8222;Ha megtelik k\u00f6z\u00f6ns\u00e9ggel, t\u00fcnd\u00f6k\u00f6l, pomp\u00e1zik, s valami meleg, magnetikus \u00e1ram \u00f6leli \u00f6ssze a karzat ezerszem\u0171 c\u00e9z\u00e1rj\u00e1t a p\u00e1holyok \u00e9s a f\u00f6ldszint t\u00falzott eleganci\u00e1j\u00e1val \u00f6lt\u00f6z\u00f6tt d\u00e1m\u00e1ival, \u00e9s sz\u00ednh\u00e1zrajong\u00f3ival. Mert ez a k\u00f6z\u00f6ns\u00e9g k\u00e9nyes \u00edzl\u00e9s\u0171 sz\u00ednh\u00e1zrajong\u00f3, mindig szenz\u00e1ci\u00f3t akar. Ezt v\u00e1rja kedvenceit\u0151l. Mert mindig vannak d\u00e9delgetett kedvenc primadonn\u00e1i, jellemsz\u00edn\u00e9szei \u00e9s f\u0151k\u00e9pp \u00e9nekes bonviv\u00e1njai, a v\u00e1radi sz\u00e9passzonyok kedvencei&#8221; &#8211; \u00edrja Dutka \u00c1kos &#8222;A holnap v\u00e1rosa&#8221; c\u00edm\u0171 visszaeml\u00e9kez\u00e9s\u00e9ben. Oda\u00e9rkez\u00e9s\u00e9t k\u00f6vet\u0151 n\u00e9h\u00e1ny h\u00e9t m\u00falva m\u00e1r G\u00f3zon is a kedvencek k\u00f6z\u00e9 tartozik, igen hamar.<\/p>\n\n\n\n<p>Nagyv\u00e1radi esztend\u0151k<\/p>\n\n\n\n<p>1906-t\u00f3l 1910-ig j\u00e1tszik Nagyv\u00e1radon, \u00e9s mindj\u00e1rt els\u0151 fell\u00e9p\u00e9se felt\u0171n\u00e9st kelt, 1906. okt\u00f3ber 13-\u00e1n este. Ugyan egy nem t\u00fal izgalmas darabban l\u00e9p fel el\u0151sz\u00f6r, m\u00e9gis nyomban felfigyelnek r\u00e1. Azt\u00e1n n\u00e9h\u00e1ny kisebb szerepet k\u00f6vet\u0151en egyre ink\u00e1bb terhelni kezdi Erd\u00e9lyi Mikl\u00f3s, a direktor. A &#8222;S\u00e1ri b\u00edr\u00f3&#8221;-ban Gedit, a cig\u00e1nyt, a &#8222;Hamlet&#8221;-ben Rosenkrantzot, Br\u00f3dy &#8222;A tan\u00edt\u00f3n\u0151&#8221;-j\u00e9ben pedig a k\u00e1pl\u00e1nt j\u00e1tssza. Azt\u00e1n nagyv\u00e1radi p\u00e1ly\u00e1ja egyik cs\u00facspontj\u00e1t az 1909. december 12-\u00e9n bemutat\u00e1sra ker\u00fcl\u0151 Rostand-verses dr\u00e1m\u00e1ban, &#8222;A sasfi\u00f3k&#8221;-ban \u00e9ri el. A darab bemutat\u00e1sa m\u00e1r eleve \u00f3ri\u00e1si esem\u00e9ny, f\u0151k\u00e9pp a dr\u00e1ga d\u00edszletek miatt is, azt\u00e1n, hogy G\u00f3zon j\u00e1tssza a f\u0151szerepet, ez a m\u00e1sik szenz\u00e1ci\u00f3. &#8222;G\u00f3zon Gyula a bakfisl\u00e1nyk\u00e1k \u00e1br\u00e1ndk\u00e9pe, a naturbursch, a Gyermek, a T\u00f6kfilk\u00f3, a kis G\u00f3zon &#8211; ahogy Em\u0151d Tam\u00e1s akkor m\u00e9g mint a &#8222;Nagyv\u00e1radi Napl\u00f3&#8221; munkat\u00e1rsa emlegeti &#8211; &#8230;\u00e9s vas\u00e1rnap este kiss\u00e9 megh\u00f6kkenve hallgattuk ezt a furcsa, prejudik\u00e1l\u00f3 \u00e9rz\u00e9st. G\u00f3zon Gyula a leg\u00e9rt\u00e9kesebb \u00e9s legeml\u00e9kezetesebb diadal\u00e1t aratta&#8230;&#8221; A kis G\u00f3zonnak m\u00e9g ekkora sikere nem volt eddig Nagyv\u00e1radon. Napokig, s\u0151t hetekig sem csitul k\u00f6r\u00fclette az izgalom, aminek nem elhanyagolhat\u00f3 k\u00f6vetkezm\u00e9nyek\u00e9nt \u00faj anyagi forr\u00e1sok ny\u00edlnak meg. Val\u00f3s\u00e1ggal felr\u00e1zza a v\u00e1rost. Beker\u00fcl a szellemi \u00e9let legnagyobbjai k\u00f6z\u00e9, amit j\u00f3l jellemez egy tud\u00f3s\u00edt\u00e1s, amelyben Juh\u00e1sz Gyula, a k\u00f6lt\u0151 alakj\u00e1t rajzolja meg Dutka \u00c1kos, \u00e9s \u00edgy sz\u00f3l: &#8222;(Juh\u00e1sz Gyula) ott \u00fclt a Pokol utcai Kis Pip\u00e1ban, a lefestett f\u00e1radt sz\u00edn\u00e9szek k\u00f6zt, Ny\u00e1ray Antallal, G\u00f3zon Gyul\u00e1val, De\u00e9sy Alfr\u00e9ddal, \u00e9s nyelte a rost\u00e9lyost, \u00e9s itta az \u00e9rmell\u00e9ki kadark\u00e1t egy koron\u00e1\u00e9rt&#8230;&#8221;<\/p>\n\n\n\n<p>A k\u00e9t j\u00f3mad\u00e1r&#8230;<\/p>\n\n\n\n<p>1910 tavasz\u00e1n &#8211; sikereire val\u00f3 tekintettel n\u00e9mik\u00e9pp &#8211; Erd\u00e9lyi direktor figyelm\u00e9be aj\u00e1nlva Kabos Gyula nev\u0171 koll\u00e9g\u00e1j\u00e1t, javasolja annak sz\u00ednh\u00e1zhoz t\u00f6rt\u00e9n\u0151 felv\u00e9tel\u00e9t. Egy nap azut\u00e1n G\u00f3zon noszogat\u00e1s\u00e1ra elutazik Szabadk\u00e1ra, \u00e9s val\u00f3ban a sz\u00ednh\u00e1zhoz szerz\u0151dteti Kabost, igazat adva G\u00f3zonnak. \u00cdgy h\u00e1t 1910 \u0151sz\u00e9t\u0151l fogva ism\u00e9t egy\u00fctt a &#8222;k\u00e9t j\u00f3mad\u00e1r&#8221;, ahogy emlegetik \u0151ket v\u00e1rosszerte. H\u00edres ugrat\u00e1sok, tr\u00e9f\u00e1k, k\u00e1v\u00e9h\u00e1zi ribilli\u00f3k, egym\u00e1s r\u00e1szed\u00e9sei, mind-mind a k\u00e9t j\u00f3 bar\u00e1t az\u00f3ta legend\u00e1ss\u00e1 v\u00e1l\u00f3 zajos t\u00f6rt\u00e9net\u00e9t \u00f6regb\u00edtik. Ezernyi sz\u00ednh\u00e1zon k\u00edv\u00fcli m\u00f3k\u00e1z\u00e1suk h\u00edre megt\u00f6lti a nagyv\u00e1radi \u00fajs\u00e1gok k\u00fcl\u00f6nf\u00e9le rovatait.<\/p>\n\n\n\n<p>G\u00f3zon \u00farb\u00f3l &#8222;f\u00fctty\u00f6s&#8221; G\u00f3zon<\/p>\n\n\n\n<p>G\u00f3zon \u00far &#8211; ugyanis \u00edgy sz\u00f3l\u00edtj\u00e1k Nagyv\u00e1rad-szerte az ifj\u00fa sz\u00edn\u00e9szt, sz\u00f3val G\u00f3zon \u00far Nagyv\u00e1radon naturbursch, ami m\u00e9g e v\u00e1rosban is annyit jelent, hogy ma Bilitzky kad\u00e9t, de holnap Sasfi\u00f3k, s egy este azzal lepik meg, hogy Nagy Endre, aki akkoriban csin\u00e1lta meg a kabar\u00e9j\u00e1t (h\u00fasz \u00e9v m\u00falva m\u00e1r tudjuk, hogy A kabar\u00e9t), lent \u00fcl a n\u00e9z\u0151t\u00e9ren: sz\u00edn\u00e9szt keres. Nagy Endre v\u00e9gign\u00e9zi az el\u0151ad\u00e1st (\u00e9pp a &#8222;Kis gr\u00f3f&#8221; megy), nem sz\u00f3l egy sz\u00f3t sem, s el\u0151ad\u00e1s ut\u00e1n valamennyien \u00e1tmennek a h\u00edres Royal k\u00e1v\u00e9h\u00e1zba. Gy\u00f6ny\u00f6r\u0171, k\u00e9k ny\u00e1ri \u00e9jszaka van, ragyognak a csillagok, \u00e9s az urak fiatalok \u00e9s boh\u00f3k, b\u00e9ke \u00e9s nyugalom sz\u00f6vi \u00e1t a leveg\u0151t, no, meg egy \u00fcveg T\u00f6rley (m\u0171v\u00e9sz\u00e1rban) \u00f6t koron\u00e1ba ker\u00fcl, \u00e9s mi sem term\u00e9szetesebb, hogy &#8222;G\u00f3zon \u00far ott a Royal \u00e9des, b\u00e9kebeli terasz\u00e1n f\u00fcty\u00f6r\u00e9szni kezd, azzal a csucsor\u00edt\u00f3, boldog \u00e9s fiatal sz\u00e1j\u00e1val&#8221; &#8211; ahogy Egyed Zolt\u00e1n mondja G\u00f3zonr\u00f3l sz\u00f3l\u00f3 \u00edr\u00e1s\u00e1ban. (Egyed Zolt\u00e1n: G\u00f3zon \u00far &#8211; Sz\u00ednh\u00e1zi \u00c9let, 1931. m\u00e1rcius. 1-7. 10. sz.) Egyszer csak odafordul hozz\u00e1 Nagy Endre, s azt mondja neki:<br>&#8222;- \u00c9des G\u00f3zon, \u00e9n mag\u00e1t szerz\u0151dtetem.<br>&#8211; Szerz\u0151dtet? Hova? A kabar\u00e9ba?<br>&#8211; Oda.<br>&#8211; H\u00e1&#8217; azt se tudom, hogy mi az a kabar\u00e9. Mit fogok \u00e9n ott csin\u00e1lni?<br>&#8211; Azt, amit itt. F\u00fcty\u00fclni fog.&#8221;<br>H\u00e1t \u00edgy lett G\u00f3zonb\u00f3l, a kedvelt nagyv\u00e1radi sz\u00edn\u00e9szb\u0151l &#8222;f\u00fctty\u00f6s&#8221; G\u00f3zon Budapesten. Nagyv\u00e1radon 1912. j\u00falius 3-\u00e1n tartja b\u00facs\u00fafell\u00e9p\u00e9s\u00e9t, amely egyben addigi p\u00e1ly\u00e1j\u00e1nak egyik cs\u00facspontj\u00e1t jelenti. Akkor is a &#8222;Kis gr\u00f3f&#8221;-ot adj\u00e1k. Nagy Endre teh\u00e1t szerz\u0151dteti pesti kabar\u00e9j\u00e1hoz, ahol egy \u00e9vadot t\u00f6lt, majd az \u00fajonnan megny\u00edl\u00f3 budapesti N\u00e9poper\u00e1hoz szerz\u0151dik.<\/p>\n\n\n\n<p>Nagy Endr\u00e9n\u00e9l, a Kabar\u00e9ban<\/p>\n\n\n\n<p>K\u00e9t dalt oszt r\u00e1 a Modern Kabar\u00e9 szezonnyit\u00f3 el\u0151ad\u00e1s\u00e1n\u00e1l m\u00e1r mindj\u00e1rt a kezdet kezdet\u00e9n. Nagy Endre azt\u00e1n n\u00e9h\u00e1ny el\u0151ad\u00e1s ut\u00e1n bizony\u00edtva l\u00e1tja, nem v\u00e1lasztott rosszul, hiszen igen hamar kezd sikert aratni dalaival, mert azokat \u00e9rzelmesen \u00e9s l\u00e1gyan, ugyanakkor hat\u00e1sosan adja el\u0151, \u00e9s a sanzonokat is j\u00f3 temp\u00f3ban \u00e9nekli. Hamarosan a kabar\u00e9 n\u00e9pszer\u0171 sz\u00edn\u00e9szei k\u00f6z\u00e9 sorolj\u00e1k. Az \u00e9vad v\u00e9g\u00e9n egyfajta h\u00e1zon bel\u00fcli puccs k\u00e9sz\u00fcl\u0151dik, ami m\u00e9g csak amolyan pusmog\u00e1s szintj\u00e9n tart akkoriban. Tudni val\u00f3, hogy Medgyaszay Vilma akarja \u00e1tvenni az igazgat\u00e1st Nagy Endr\u00e9t\u0151l az \u0150 tudta n\u00e9lk\u00fcl, \u00e9s azt\u00e1n, amikor eg\u00e9szen az \u00e9vad v\u00e9g\u00e9n mindez kider\u00fcl, h\u00e1tbat\u00e1mad\u00e1snak fogja fel Nagy Endre, felfortyan ezen, \u00e9s sz\u00f3 n\u00e9lk\u00fcl \u00e1tadja a direktori sz\u00e9ket Medgyaszaynak, majd m\u00e1snap P\u00e1rizsba utazik. G\u00f3zon elk\u00f6telezett felfedez\u0151je, Nagy Endre fel\u00e9, \u00edgy nem v\u00e1llal szerepet Medgyaszay sz\u00ednh\u00e1z\u00e1ban. Sz\u00e1m\u00e1ra ez becs\u00fcletbeli k\u00e9rd\u00e9s, azt\u00e1n pedig \u00e9pp kap\u00f3ra j\u00f6n M\u00e1rkus Dezs\u0151 megkeres\u00e9se, amely kapcs\u00e1n a N\u00e9poper\u00e1hoz szerz\u0151dik.<\/p>\n\n\n\n<p>N\u00e9popera \u00e9s Apoll\u00f3 Kabar\u00e9<\/p>\n\n\n\n<p>A N\u00e9poper\u00e1nak (ma Erkel Sz\u00ednh\u00e1z) sz\u00fcks\u00e9ge lesz \u00e9nekes bonviv\u00e1nra. M\u00e1rkus Dezs\u0151, az akkori igazgat\u00f3, megkeresi a &#8222;f\u00fctty\u00f6s&#8221; G\u00f3zont egy esti m\u0171sor ut\u00e1n, \u00e9s elmondja neki, hogy szeretn\u00e9 l\u00e1tni \u0151t sz\u00edndarabban j\u00e1tszva is, nem csak dalokat, sanzonokat \u00e9nekelve. A Modern Kabar\u00e9 gy\u00fclekez\u0151 felh\u0151i idej\u00e9n G\u00f3zon elk\u00e9redzkedik egy est\u00e9re Nagy Endr\u00e9t\u0151l, \u00e9s telegraf\u00e1l V\u00e1radra. Aznap est\u00e9re m\u0171sorv\u00e1ltoz\u00e1s k\u00f6vetkezik be Nagyv\u00e1radon, kit\u0171zik ism\u00e9t a &#8222;Kis gr\u00f3f&#8221;-ot, G\u00f3zon c\u00edmszerepl\u00e9s\u00e9vel. M\u00e1rkus Dezs\u0151 feles\u00e9g\u00e9vel, Szoyer Ilonk\u00e1val meg M\u00e9rey Adolffal leszaladnak a gyorsvonattal Nagyv\u00e1radra, s \u00edgy meghallgatj\u00e1k a &#8222;f\u00fctty\u00f6s&#8221; G\u00f3zont sz\u00edndarabban szerepelve. M\u00e9g az este leszerz\u0151dtetik 3 \u00e9vre a N\u00e9poper\u00e1hoz. Azt\u00e1n? Azt\u00e1n j\u00f6n a &#8222;Kis kir\u00e1ly&#8221;, a &#8222;B\u00f6sk\u00e9m&#8221;, a &#8222;Budagy\u00f6ngye&#8221;, \u00e9s azt\u00e1n j\u00f6n a vil\u00e1gh\u00e1bor\u00fa. Ut\u00f3lag m\u00e1r tudjuk, az els\u0151. R\u00f6videsen az \u00f6sszes sz\u00ednh\u00e1z bez\u00e1r, a N\u00e9popera megbukik, a sz\u00edn\u00e9szek vagy katon\u00e1nak \u00e1llnak (beh\u00edv\u00f3paranccsal) vagy munka n\u00e9lk\u00fcl teng\u0151dnek, vagy pedig be\u00e1llnak villamoskalauznak. G\u00f3zon is munka n\u00e9lk\u00fcl marad egy sz\u00e9p nap, \u00e9s ott \u00fcl a New York k\u00e1v\u00e9h\u00e1z terasz\u00e1n Gy\u00e1rf\u00e1s Dezs\u0151vel meg kis Szabolccsal, aki azt\u00e1n k\u00e9s\u0151bb m\u00e1r nagy Szabolcs lett, s arr\u00f3l kezdenek pr\u00e9zsmit\u00e1lni, hogy j\u00e1tszani k\u00e9ne valahogy. J\u00f3l van, de mit? H\u00e1bor\u00fa van! &#8222;H\u00e1t, tudj\u00e1tok, valami olyasmit &#8211; mondja G\u00f3zon -, mint a bak\u00e1k a gr\u00e1nicon&#8221;. (1913-ban ez egy h\u00edres dal volt, szerk.) Fogja mag\u00e1t a h\u00e1rom \u00far, \u00e9s elmennek a j\u00f3 \u00f6reg Ungerleider M\u00f3rhoz, s enged\u00e9ly\u00e9rt folyamodnak, hogy az Apoll\u00f3 mozij\u00e1ban fell\u00e9phessenek. Ungerleider el\u0151sz\u00f6r hallani sem akar err\u0151l. Moziban m\u0171sor? Ekkora h\u00fclyes\u00e9get! Azt\u00e1n, majd egyheti t\u00e1rgyal\u00e1s ut\u00e1n M\u00f3ric b\u00e1csi nagy kegyesen megadja az enged\u00e9lyt, s kieg\u00e9sz\u00edtve magukat egy \u00f6ttag\u00fa t\u00e1rsulatra (csupa f\u00e9rfiak) fell\u00e9pnek naponta \u00f6tsz\u00f6r &#8211; d\u00f6rg\u0151 sikerrel. Az \u00f6t f\u00e9rfihoz r\u00f6videsen \u00f6t n\u0151 is j\u00f6n, \u00e9s lassan megsz\u00fcletik az Apoll\u00f3 Sz\u00ednh\u00e1z.<\/p>\n\n\n\n<p>Apoll\u00f3 Sz\u00ednh\u00e1z<\/p>\n\n\n\n<p>&#8222;Apr\u00f3 h\u00e1zik\u00f3 a Nemzeti Sz\u00ednh\u00e1z m\u00f6g\u00f6tt, mellette f\u00f6ldszintes kiskocsma, m\u00f6g\u00f6tte irdatlan telek, s a m\u00e1sik oldal\u00e1n a R\u00f3kus k\u00f3rh\u00e1z. Ki gondoln\u00e1, hogy ez a kis h\u00e1zik\u00f3 az orsz\u00e1g egyik legn\u00e9pszer\u0171bb sz\u00f3rakoz\u00f3helye?&#8221; &#8211; \u00edgy mutatja be a &#8222;Sz\u00ednh\u00e1z \u00e9s Divat&#8221; c\u00edm\u0171 k\u00e9pes hetilap az Apoll\u00f3t, amely nev\u00e9vel ellent\u00e9tben nem sz\u00ednh\u00e1z, csup\u00e1n kabar\u00e9. S\u0151t eleinte a divatoss\u00e1 lett moziszkeccs otthona, vagyis f\u00e9lig mozi \u00e9s f\u00e9lig \u00e9l\u0151 sz\u00edniel\u0151ad\u00e1s, de ink\u00e1bb a kett\u0151 \u00f6tv\u00f6zete. A filmvet\u00edt\u00e9seket id\u0151nk\u00e9nt sz\u00ednpadi jelenetek v\u00e1ltj\u00e1k, persze a filmvet\u00edt\u00e9shez kapcsol\u00f3d\u00f3an, \u00e9s a filmbeli szerepl\u0151k p\u00e9ld\u00e1ul egyszer csak \u00e9l\u0151ben el\u0151l\u00e9pnek azon a vet\u00edtett ajt\u00f3n, amin \u00e9pp bel\u00e9pnek a vet\u00edt\u00e9s sor\u00e1n, de a bent lej\u00e1tsz\u00f3d\u00f3 esem\u00e9nyeket m\u00e1r \u00e9l\u0151ben l\u00e1thatja a nagy\u00e9rdem\u0171. Az 1914 \u0151sz\u00e9re m\u00e1r \u00f6n\u00e1ll\u00f3 t\u00e1rsulattal rendelkez\u0151 Apoll\u00f3 alap\u00edt\u00f3 tagjai k\u00f6z\u00f6tt teh\u00e1t ott van G\u00f3zon Gyula, L\u00e1bass Jucival, a k\u00e9s\u0151bbi operettprimadonn\u00e1val, Gy\u00e1rf\u00e1s Dezs\u0151vel, a kor ismert \u00e9s kedvelt kupl\u00e9\u00e9nekes\u00e9vel \u00e9s Kert\u00e9sz Mih\u00e1llyal, a k\u00e9s\u0151bb Michael Curtiz n\u00e9ven Oscar-d\u00edjat szerz\u0151 rendez\u0151vel egyetemben, aki adott esetben mint kabar\u00e9sz\u00edn\u00e9sz szerepel a c\u00edmlapon. &#8222;Szeretettel v\u00e1rja a k\u00f6z\u00f6ns\u00e9get G\u00f3zon Gyula, az \u00e9rzelmes k\u00f6lt\u0151i chansonok m\u0171v\u00e9szi el\u0151ad\u00f3ja&#8221; &#8211; olvashat\u00f3 t\u00f6bb korabeli napilap fizetett hirdet\u00e9seiben ekkoriban, \u00e9s a k\u00f6z\u00f6ns\u00e9g r\u00f6vid id\u0151 eltelt\u00e9vel val\u00f3s\u00e1ggal t\u00f3dul az Apoll\u00f3ba, a napi h\u00e1rom el\u0151ad\u00e1s valamelyik\u00e9re.<\/p>\n\n\n\n<p>Az els\u0151 vil\u00e1gh\u00e1bor\u00fa alatt<\/p>\n\n\n\n<p>Az Apoll\u00f3 m\u0171sor\u00e1t a magyar kabar\u00e9irodalom legkiv\u00e1l\u00f3bb m\u0171vel\u0151inek alkot\u00e1saib\u00f3l \u00e1ll\u00edtj\u00e1k \u00f6ssze. G\u00e1bor Andor, Em\u0151d Tam\u00e1s (Ady j\u00f3 bar\u00e1tja) Karinthy Frigyes, Hars\u00e1nyi Zsolt, Lov\u00e1szy K\u00e1roly, Harmath Imre, de a komponist\u00e1i k\u00f6z\u00fcl Szirmai Albert, aki k\u00e9s\u0151bb Amerik\u00e1ban egyebek mellett Leonard Bernstein felfedez\u0151jek\u00e9nt lesz vil\u00e1gh\u00edr\u0171, azt\u00e1n Czegl\u00e9dy Gyula, \u00e9s az Ady-versek megzen\u00e9s\u00edt\u00e9se kapcs\u00e1n az\u00f3ta elh\u00edres\u00fclt Reinitz B\u00e9la mind-mind h\u00e1ziszerz\u0151k. A t\u00e1rsulati tagok k\u00f6z\u00f6tt azt\u00e1n olyan vadonat\u00faj nevek is felbukkannak, mint Haraszti Mici, Herczeg Jen\u0151 vagy M\u00e1ly Ger\u0151. G\u00f3zon n\u00e9gy \u00e9vet t\u00f6lt itt az Apoll\u00f3ban, \u00e9s a napi h\u00e1rom el\u0151ad\u00e1s, no meg a k\u00e9thetenk\u00e9nti \u00faj m\u0171sor alaposan ig\u00e9nybe veszi \u0151t. \u00c1m a fiatal G\u00f3zonnak &#8211; b\u00e1rmennyire is kifacsart \u00e1llapotba ker\u00fcl id\u0151nk\u00e9nt &#8211; ez a rengeteg munka meg sem kottyan. A n\u00e9gy esztend\u0151 sor\u00e1n j\u00f3l keres, \u00e9s n\u00e9mi t\u0151k\u00e9t is siker\u00fcl f\u00e9lretennie. H\u00edrnev\u00e9re, sikereire, no meg a sp\u00f3rolt p\u00e9nz\u00e9re alapozva kabar\u00e9 alap\u00edt\u00e1s\u00e1n kezdi t\u00f6rni a fej\u00e9t.<\/p>\n\n\n\n<p>Musk\u00e1tli, ami jelen esetben nem a vir\u00e1g neve<\/p>\n\n\n\n<p>K\u00f6zben G\u00f3zon urat beh\u00edvj\u00e1k katon\u00e1nak. Pozsony \u00e9s Nyitra kasz\u00e1rny\u00e1iban egzec\u00edroz. Azt\u00e1n visszat\u00e9r a civil \u00e9letbe, \u00e9s az Apoll\u00f3 Sz\u00ednh\u00e1z sikerein felbuzdulva megcsin\u00e1lja a Musk\u00e1tli Kabar\u00e9t. Egy akkor \u00faj hangv\u00e9tel\u0171, hamis\u00edtatlan irodalmi kabar\u00e9t k\u00edv\u00e1n var\u00e1zsolni a Musk\u00e1tlib\u00f3l. Itt azonban este egy el\u0151ad\u00e1s megy le, potenci\u00e1lisan 260 n\u00e9z\u0151vel el\u0151ad\u00e1sonk\u00e9nt, nem \u00fagy, mint az Apoll\u00f3ban, ahol h\u00e1rom is egy nap. Az els\u0151 n\u00e9h\u00e1ny h\u00e9tig ez a sz\u00e1m telt h\u00e1zat eredm\u00e9nyez, k\u00e9s\u0151bb m\u00e1r alig 40-50 ember \u00fcl a n\u00e9z\u0151t\u00e9ren, a k\u00f6zben kibontakoz\u00f3 politikai v\u00e1ltoz\u00e1s, a komm\u00fcn ok\u00e1n is. \u00cdgy ez a v\u00e1llalkoz\u00e1sa viszonylag hamar megbukik. \u0150 maga \u00edgy panaszolja el kudarc\u00e1t: &#8221; &#8230;n\u00e9gy vagy \u00f6t \u00e9vvel ezel\u0151tt, Temesv\u00e1ron a ny\u00e1ri sz\u00fcnet alatt is est\u00e9r\u0151l est\u00e9re \u00e9nekeltem, folyton vonaton \u00fcltem, mentem egyik v\u00e1rosb\u00f3l a m\u00e1sikba a feles\u00e9gemmel egy\u00fctt. Szakadatlanul dolgoztunk, \u00e9s gy\u0171jt\u00f6tt\u00fck a neh\u00e9z verejt\u00e9kkel megszolg\u00e1lt p\u00e9nzt. A m\u00falt \u00e9v v\u00e9g\u00e9n valami Modern Cabaret alakult ezen a helyen. R\u00e9gi v\u00e1gyam volt, hogy kabar\u00e9t csin\u00e1ljak, ahol j\u00f3 sz\u00edn\u00e9szekkel j\u00f3 m\u0171sort adok. \u00c1tvettem a helyis\u00e9get, \u00e9s megcsin\u00e1ltam a Musk\u00e1tlit. Nem akartam \u00e9n vagyont keresni, hiszen ez lehetetlen is, mert ha mindennap megtelik, akkor sem hoz d\u00e1riusi j\u00f6vedelmet&#8230; Irodalmat akartam a Csengery utc\u00e1ban, ennyi volt az eg\u00e9sz! Most elvesztett\u00fck megtakar\u00edtott kis p\u00e9nz\u00fcnket, de a m\u0171v\u00e9szet\u00fcnket \u00e9s hit\u00fcnket nem. Hogy mi lesz a kabar\u00e9b\u00f3l? Nem tudom. A feles\u00e9gemmel m\u00e9g egy darabig j\u00e1tszunk itt, azt\u00e1n az Apoll\u00f3ban l\u00e9p\u00fcnk fel ism\u00e9t&#8230;&#8221;<\/p>\n\n\n\n<p>\u00c1ttekint\u00e9s a Musk\u00e1tli Kabar\u00e9r\u00f3l<\/p>\n\n\n\n<p>A kor\u00e1bbi Medgyaszay-&#8222;puccs&#8221; kapcs\u00e1n Nagy Endre \u00e1ltal \u00e1tadott, majd az \u00faj vezet\u00e9s kapcs\u00e1n megbukott Modern Kabar\u00e9 helyis\u00e9g\u00e9ben &#8211; Budapesten, a belv\u00e1rosi Csengery utca 39. sz\u00e1m alatt &#8211; 1919. janu\u00e1r 31-\u00e9n G\u00f3zon Gyula megnyitja feles\u00e9g\u00e9vel a Musk\u00e1tli Kabar\u00e9t. A kabar\u00e9 c\u00e9lkit\u0171z\u00e9seivel tisztelettel egyet \u00e9rt\u0151 &#8222;Sz\u00ednh\u00e1z&#8221; c\u00edm\u0171 foly\u00f3irat \u00edgy sz\u00e1mol be a &#8211; ma azt mondan\u00e1nk divatos sz\u00f3val \u00e9lve &#8211; hungaricumnak sz\u00e1m\u00edt\u00f3 v\u00e1llalkoz\u00e1sr\u00f3l: &#8222;&#8230; mert a Musk\u00e1tli Kabar\u00e9 az egyetlen hely, ahol megmaradt m\u00e9g valami Pestnek abb\u00f3l a n\u00e9pszer\u0171 specialit\u00e1s\u00e1b\u00f3l, ami nincsen sem Berlinben, sem a Montmartre-on, ami sajnos m\u00e1r Pesten is csak itt van, a csupa sz\u00edv, a vid\u00e1m, a kacagtat\u00f3, g\u00fanyos \u00e9s boh\u00e9mes tr\u00e9fa&#8230;&#8221; (Sz\u00ednh\u00e1z, 1919. 17. sz.) A kabar\u00e9 m\u0171v\u00e9szeti igazgat\u00f3ja Lengyel Istv\u00e1n, az \u00edr\u00f3, szcenikai vezet\u0151je Gonda Istv\u00e1n. A t\u00e1rsulat tagjai k\u00f6z\u00e9 tartozik a G\u00f3zon h\u00e1zasp\u00e1ron k\u00edv\u00fcl egyebek k\u00f6z\u00f6tt: De\u00e1k Fl\u00f3ra, Rad\u00f3 S\u00e1ndor \u00e9s Rad\u00f3 Teri, Solymossy, Huber, P\u00e1zm\u00e1ny, Iv\u00e1nyi, Ih\u00e1sz, G\u00f6m\u00f6ry Vilma, Gergely Kat\u00f3 \u00e9s Gergely Lajos, Don\u00e1th Aranka, Czobor Ern\u0151, Sz\u0171cs Nelly, M\u00e9sz\u00e1ros Kat\u00f3. A m\u0171sorban olyan szerz\u0151k szerepelnek, mint Hars\u00e1nyi Zsolt, az Ady bar\u00e1ts\u00e1g\u00e1r\u00f3l elh\u00edres\u00fclt Em\u0151d Tam\u00e1s, Moln\u00e1r Ferenc, B\u00e9keffi L\u00e1szl\u00f3, Harmath Imre, Szenes Andor, Zilahy Lajos. A zeneszerz\u0151k n\u00e9vsor\u00e1b\u00f3l is kimagaslik a kor k\u00e9t kedvelt szerz\u0151j\u00e9nek neve: Buday D\u00e9nes\u00e9 \u00e9s Erd\u00e9lyi Patat Le\u00f3\u00e9. Bemutatnak sanzont, bl\u00fcettet, dramolettet, tr\u00e9f\u00e1t, boh\u00f3zatot, vid\u00e1m jelenetet \u00e9pp\u00fagy, mint egyfelvon\u00e1sos operettet vagy megzen\u00e9s\u00edtett Ady-, V\u00e1ly Nagy G\u00e9za-verset, vagy N\u00e1dor Mih\u00e1ly \u00e9s Hevesi S\u00e1ndor \u00e1tirat\u00e1ban &#8222;Falu v\u00e9g\u00e9n&#8221; c\u00edmmel Pet\u0151fi-ciklust. A v\u00e1llalkoz\u00e1s sikertelen, 1920 elej\u00e9n be kell z\u00e1rni a helyis\u00e9get, ahol k\u00e9s\u0151bb az Andr\u00e1ssy mozi nyitja meg kapuit.<\/p>\n\n\n\n<p>G\u00f3zon \u00far komikus, \u00e9s karaktersz\u00edn\u00e9sz lesz<\/p>\n\n\n\n<p>Az \u00e9rdekl\u0151d\u00e9s hi\u00e1nya ugyanakkor egybeesik a politikai v\u00e1ltoz\u00e1sokkal, \u00edgy v\u00e9g\u00fcl a kabar\u00e9 kudarca egyben a komm\u00fcn gy\u0151zelm\u00e9vel is szorosan \u00f6sszef\u00fcgg, amir\u0151l 1945 ut\u00e1n m\u00e1r nem illik ilyen ny\u00edltan besz\u00e9lni, ez\u00e9rt els\u0151sorban csak mint \u00fczleti sikertelens\u00e9gr\u0151l, \u00e9rdektelens\u00e9gb\u0151l kialakult kudarcr\u00f3l besz\u00e9lnek, pedig a t\u00f6rt\u00e9nelemnek is komoly szerepet jut a buk\u00e1sban. A komm\u00fcn buk\u00e1s\u00e1t k\u00f6vet\u0151 katonai megsz\u00e1ll\u00e1s \u00e9pp\u00fagy, mint a kor\u00e1bbi id\u0151ben a v\u00f6r\u00f6skaton\u00e1k d\u00falta Musk\u00e1tli helyrehozatala &#8211; a kiesett j\u00f6vedelemmel egy\u00fctt is &#8211; behozhatatlan vesztes\u00e9g forr\u00e1s\u00e1v\u00e1 lesznek. (A tan\u00e1cskorm\u00e1nyz\u00e1s idej\u00e9n is vannak hosszabb id\u0151szakok, amikor nem j\u00e1tszhatnak mozik sz\u00ednh\u00e1zak, kabar\u00e9k \u00e9s mulat\u00f3k!) Teh\u00e1t a kudarc a rossz id\u0151ben, rossz helyen t\u00f6rt\u00e9n\u0151 nagyon j\u00f3 kezdem\u00e9nyez\u00e9s ered\u0151jek\u00e9nt alakul ki&#8230; Azt\u00e1n G\u00f3zon Gyula visszaker\u00fcl ism\u00e9t a kiindul\u00f3ponthoz, az Apoll\u00f3 Kabar\u00e9hoz. Azt\u00e1n nemsok\u00e1ra, egy este itt l\u00e1tja meg Be\u00f6thy, \u00e9s \u00e1tszerz\u0151dteti a Kir\u00e1ly Sz\u00ednh\u00e1zhoz. Els\u0151 nagy sikere itt a &#8222;M\u00e9zeskal\u00e1cs&#8221; c\u00edm\u0171 operettben van. Majd a Renaissance Sz\u00ednh\u00e1zhoz ker\u00fcl, ahol v\u00edgj\u00e1t\u00e9kok, dr\u00e1m\u00e1k \u00e9s n\u00e9psz\u00ednm\u0171vek v\u00e1rj\u00e1k. M\u00e1r sz\u00edn\u00e9szk\u00e9nt is ismert, \u00e9s nem csak a &#8222;f\u00fctty\u00f6s&#8221; G\u00f3zont, hanem a kabarettista G\u00f3zont is l\u00e1tj\u00e1k benne.<\/p>\n\n\n\n<p>G\u00f3zon a Belv\u00e1rosi Sz\u00ednh\u00e1zban<\/p>\n\n\n\n<p>Be\u00f6thy viszi el a Belv\u00e1rosi Sz\u00ednh\u00e1zhoz is, amely sz\u00ednh\u00e1zv\u00e1lt\u00e1s alapvet\u0151 fordulatot hoz az \u00e9let\u00e9be. A kritika sz\u00e1m\u00e1ra el\u0151sz\u00f6r tal\u00e1n Herczeg Ferenc &#8222;K\u00e9k \u00e9s piros&#8221; c\u00edm\u0171 darabj\u00e1ban t\u0171nik ki egy m\u00e1sik ifj\u00fa \u00e9s kezd\u0151 sz\u00edn\u00e9szkoll\u00e9ga, bizonyos Delly Ferenc t\u00e1rsas\u00e1g\u00e1ban. Be\u00f6thy L\u00e1szl\u00f3 a darab pr\u00f3b\u00e1i alatt nevezi ki hivatalosan is Dellyt bonviv\u00e1nnak, G\u00f3zont pedig ugyanakkor komikusnak. Fordul\u00f3pont ez G\u00f3zon p\u00e1ly\u00e1j\u00e1n, mert ett\u0151l az id\u0151t\u0151l fogva lesz &#8222;elismerten&#8221; is komikus sz\u00edn\u00e9sz. 1928 \u0151sz\u00e9n j\u00e1tszik Verneuil \u00e9s Berr urak &#8222;\u00c9n \u00e9s a h\u00fagom&#8221; c\u00edm\u0171 francia boh\u00f3zat\u00e1ban, \u00e9s ekkor szinte m\u00e1r term\u00e9szetesnek sz\u00e1m\u00edt\u00f3 m\u00f3don, a feles\u00e9g\u00e9vel. \u0150 keresked\u0151 figur\u00e1j\u00e1t \u00e1ll\u00edtja a n\u00e9z\u0151k el\u00e9, m\u00edg feles\u00e9ge, Berky Lili egy elad\u00f3n\u0151t. A darabot egy\u00e9bk\u00e9nt Ga\u00e1l B\u00e9la rendezi \u00e9s Honthy Hanna, K\u00f6r\u00f6ssy Ang\u00e9la mellett Delly Ferenc j\u00e1tssz\u00e1k a f\u0151bb szerepeket. K\u00f6vetkez\u0151 el\u0151adott darabj\u00e1ban, Sz\u00e9p Ern\u0151 &#8222;Arany\u00f3r\u00e1&#8221;-j\u00e1ban a kritika is egy\u00e9rtelm\u0171en p\u00e1rtfog\u00e1s\u00e1ba veszi. &#8222;&#8230; mindenkinek meg kell n\u00e9znie ezt az \u00edzes, naps\u00fct\u00f6tte, d\u00e9lib\u00e1bos kedv\u0171, pomp\u00e1s, kedves G\u00f3zont. Ezt az aranyos pernahajdert, aki ez\u00fattal j\u00e1tszik el\u0151sz\u00f6r &#8211; komoly karakterszerepet.&#8221; (M\u00e1sodik fordul\u00f3pont p\u00e1ly\u00e1j\u00e1n!) Ez ut\u00f3bbi darab kiv\u00e1ltja dr. N\u00e9meth Antal elismer\u00e9s\u00e9t is, amely v\u00e9g\u00fcl is a Nemzeti Sz\u00ednh\u00e1z-beli tags\u00e1g\u00e1hoz vezet.<\/p>\n\n\n\n<p>1928. \u2014 \u201eEml\u00e9k\u00fcl az \u00e9des cs\u00f3kok\u00e9rt&#8230;\u201c Pethe\u0151 Attila, a Nemzeti Sz\u00ednh\u00e1z kit\u0171n\u0151 m\u0171v\u00e9sze a h\u0151se, vagy legal\u00e1bb is egyik h\u0151se ennek a hist\u00f3ri\u00e1nak. Pethe\u0151 tudvalev\u0151leg a Budai Sz\u00ednk\u00f6r vend\u00e9ge mostan\u00e1ban, \u201eA r\u00e9gi ny\u00e1r&#8221;-ban \u00e9l a r\u00e9gi b\u00e1r\u00f3. A minap, amint a sz\u00ednpadr\u00f3l \u00f6lt\u00f6z\u0151j\u00e9be sietett, az \u00f6lt\u00f6z\u0151asztal t\u00fckr\u00e9nek sark\u00e1ban egy le\u00e1ny fotogr\u00e1fi\u00e1j\u00e1t tal\u00e1lta, aff\u00e9le csel\u00e9dfotogr\u00e1fi\u00e1t, amilyeneket a ligetben kapni. Az arck\u00e9pen pedig rossz csel\u00e9d\u00edr\u00e1ssal ez az aj\u00e1nl\u00e1s: \u201eEml\u00e9k\u00fcl a Horv\u00e1th-kerti \u00e9des cs\u00f3kok\u00e9rt!\u201c Pethe\u0151 Attila mindj\u00e1rt tiszt\u00e1ban volt vele, hogy valaki ugratja, el\u0151fogta h\u00e1t az \u00f6lt\u00f6ztet\u0151 szab\u00f3j\u00e1t, hogy: a ki j\u00e1rt ott, kinek a keze nyoma maradt ott. A nyomoz\u00e1s k\u00e9ts\u00e9gtelen\u00fcl meg\u00e1llap\u00edtotta, hogy a fotogr\u00e1fi\u00e1t G\u00f3zon Gyula csemp\u00e9szte a t\u00fck\u00f6rre. Pethe\u0151 Attila erre belop\u00f3dzkodott a G\u00f3zon \u00f6lt\u00f6z\u0151j\u00e9be \u00e9s a csel\u00e9dfotogr\u00e1fi\u00e1t betette a koll\u00e9g\u00e1ja nagy p\u00e9nzt\u00e1rc\u00e1j\u00e1ba. El\u0151ad\u00e1s ut\u00e1n G\u00f3zon sietett haza R\u00e1kosligetre. A feles\u00e9ge, Berky Lili vacsor\u00e1val v\u00e1rta, azt\u00e1n \u2014 vacsora ut\u00e1n, \u2014 aludni t\u00e9rtek. G\u00f3zon r\u00e9gi szok\u00e1s\u00e1hoz h\u00edven, a feles\u00e9ge \u00e9jjeli szekr\u00e9ny\u00e9re tette a p\u00e9nzt\u00e1rc\u00e1j\u00e1t, hogy az asszony reggel, amikor piacra k\u00fcldi a szak\u00e1csn\u0151t, \u0151t f\u00f6l ne k\u00f6ltse p\u00e9nz\u00e9rt. De Berky Lili m\u00e1snap reggel m\u00e9gis csak f\u00f6lkeltette az ur\u00e1t, m\u00e9gpedig nem a legbar\u00e1ts\u00e1gosabb m\u00f3don. \u2014 Te, \u2014 rivallt r\u00e1 szigor\u00faan \u00e9s alaposan megr\u00e1zta a boldogan alv\u00f3 G\u00f3zont, \u2014 h\u00e1t ez itt micsoda? &#8230; Mi? &#8230; \u00c9s a t\u00e1rc\u00e1ra mutatott, amelyben megtal\u00e1lta a fotogr\u00e1fi\u00e1t! &#8230; G\u00f3zon \u00e1lmosan, f\u00e9lig \u00e1lomban: azt se tudta voltak\u00e9pen, hogy mir\u0151l van sz\u00f3 \u00e9s csak hebegett dadogott valamit; azt\u00e1n a m\u00e1sik oldal\u00e1ra fordult, hogy tov\u00e1bb aludj\u00e9k. \u00c1mde az asszony nem hagyta. Berky Lili kardos menyecske \u00e9s addig r\u00e1zta, r\u00e1zta, r\u00e1zta az ur\u00e1t, am\u00edg \u00e9letet r\u00e1zott bele. G\u00f3zon v\u00e9g\u00fcl is talpra ugrott, de csak nehezen tudta meg\u00e9rteni, hogy mi a baj. \u00c9s akkor megkezd\u0151d\u00f6tt a kimagyar\u00e1zkod\u00e1s. Persze nem ment sim\u00e1n. G\u00f3zon egyre jobban belegabalyodott a dologba \u00e9s menn\u00e9l ink\u00e1bb az igazat mondotta: a feles\u00e9ge ann\u00e1l kev\u00e9sbb\u00e9 hitt neki. V\u00e9gre, m\u00e1sf\u00e9l\u00f3rai megfesz\u00edtett munka ut\u00e1n, Berky Lili kijelentette, hogy: \u2014 J\u00f3, j\u00f3, elhiszem&#8230; elhiszem, de m\u00e1skor ne csin\u00e1lj ilyen vicceket, mert&#8230; A t\u00f6bbit \u0151 se mondotta, csak gondolta. A k\u00e9t m\u0171v\u00e9sz este persze egy\u00fctt nevetett, egy\u00fctt mulatott a dolgon \u00e9s elhat\u00e1rozt\u00e1k egy\u00fctt, hogy a fotogr\u00e1fi\u00e1b\u00f3l v\u00e1ndord\u00edjat alap\u00edtanak \u00e9s valah\u00e1nyszor valamelyik\u00fcket nagy \u00f6r\u00f6m, vagy valamelyes nagy esem\u00e9ny \u00e9ri, a m\u00e1sik tartozik a v\u00e1ndorfotogr\u00e1fi\u00e1t neki elk\u00fcldeni, k\u00fcld\u00f6nc \u00fatj\u00e1n, t\u00e9rtivev\u00e9nnyel. \u00cdgy lett gazdagabb m\u0171v\u00e9szeti \u00e9let\u00fcnk egy \u00faj m\u0171v\u00e9szeti d\u00edjjal, a G\u00f3zon-Pethe\u0151 v\u00e1ndord\u00edjjal. (8 \u00f3rai \u00fajs\u00e1g 1928. j\u00falius 12. 8. oldal)<\/p>\n\n\n\n<p>A Nemzetiben lenne a helye&#8230; (1930)<\/p>\n\n\n\n<p>Egy 1930 kar\u00e1csony\u00e1ra megjelen\u0151 szakmai lap, a &#8222;D\u00e9lib\u00e1b&#8221; c\u00edm\u0171 sz\u00ednh\u00e1zi hetilap \u00fcnnepi sz\u00e1m\u00e1ban &#8222;Csere-bere&#8221; c\u00edmmel cikk jelenik meg azokr\u00f3l, akik nem hozz\u00e1juk m\u00e9lt\u00f3 helyen reprezent\u00e1lj\u00e1k magukat, akik tehets\u00e9ge t\u00falmutat az akkori j\u00e1tsz\u00f3hely\u00e9n&#8230; &#8222;Ugye, felesleges mondanunk, hogy ugyancsak a Nemzeti Sz\u00ednh\u00e1zban volna a helye G\u00f3zon Gyul\u00e1nak, de feles\u00e9g\u00e9nek, Berky Lilinek is, aki ak\u00e1r F\u00e1y Szer\u00e9na \u00f6r\u00f6k\u00e9be l\u00e9phetne&#8230;&#8221; A &#8222;Tolnai-lapkiad\u00f3 v\u00e1llalat hetilapja&#8221; k\u00edv\u00e1nalm\u00e1nak beteljes\u00fcl\u00e9s\u00e9ig azonban m\u00e9g \u00f6t esztend\u0151t kell v\u00e1rni. &#8222;Lassankint odajutunk, hogy mindenki m\u00e1st j\u00e1tszik, mint az egy\u00e9nis\u00e9ge. Ez volna a kisebbik baj, mert ugye, egy j\u00f3 sz\u00edn\u00e9sz minden szerepk\u00f6rben megtal\u00e1lja \u00f6nmag\u00e1t. A nagyobbik baj, hogy a sz\u00ednh\u00e1z nem tal\u00e1lja meg a j\u00f3 sz\u00edn\u00e9szt, illetve azt, akire neki \u00e9get\u0151en sz\u00fcks\u00e9ge volna&#8230;&#8221; Ezeket a sorokat \u00edrhatt\u00e1k volna ak\u00e1r ma is, az elgondolkodtat\u00f3 tal\u00e1n ink\u00e1bb az, hogy k\u00f6zel nyolcvan \u00e9vvel ezel\u0151tti \u00e1llapotokr\u00f3l sz\u00f3lnak&#8230;<\/p>\n\n\n\n<p>G\u00f3zon R\u00e1kosligeten h\u00e1zat vesz<\/p>\n\n\n\n<p>A siker h\u00e1t\u00e1ra veszi G\u00f3zont, \u00e1m a sz\u00ednpadi elismer\u00e9s, a j\u00f3 kritika nem fizet ilyen j\u00f3l. Akkoriban a sz\u00edn\u00e9sz maga \u00e1llja a jelmez, a ruha k\u00f6lts\u00e9geit, ehhez k\u00e9pest G\u00f3zonnak van egy s\u00f6t\u00e9tk\u00e9k, egy sz\u00fcrke \u00f6lt\u00f6nye, egy frakkja, meg egy szmokingja a szekr\u00e9nyben. Ezzel j\u00e1tszik el mindent, \u00e9s mindenkit, m\u00e1r mi\u00f3ta&#8230; Otthon pedig h\u00e9t t\u00e1ny\u00e9rra keres, heten v\u00e1rj\u00e1k t\u0151le az \u00e9telt&#8230; nem csoda, hogy mik\u00f6zben \u00fcnneplik, zseb\u00e9ben n\u00e9h\u00e1ny peng\u0151 cs\u00f6r\u00f6g csup\u00e1n. &#8222;De sz\u00e9p p\u00e1lya, azt a ragyog\u00f3j\u00e1t&#8230;&#8221; &#8211; mondja Egyed Zolt\u00e1n felfedve a p\u00e1lya minden sz\u00e9ps\u00e9g\u00e9nek titk\u00e1t. Igaz\u00e1b\u00f3l azonban &#8222;elszeg\u00e9nyed\u00e9s\u00e9nek&#8221; oka az, hogy az \u00dcll\u0151i \u00fati lak\u00e1sban nem f\u00e9rnek el mindannyian, \u00e9s egy, a jelenlegin\u00e9l nagyobbacska lakhely kialak\u00edt\u00e1s\u00e1n t\u00f6rik a fej\u00fcket feles\u00e9g\u00e9vel. A m\u00e1r kor\u00e1bban kin\u00e9zett r\u00e1kosligeti h\u00e1z megv\u00e1s\u00e1rl\u00e1s\u00e1ra 1935 j\u00falius\u00e1ban ker\u00fcl sor, amely kapcs\u00e1n az \u00dcll\u0151i \u00fati lak\u00e1s is fel\u00e1ldoz\u00e1st nyer. Persze pillanatok alatt elterjed a h\u00edre a h\u00e1zv\u00e1s\u00e1rl\u00e1snak. El\u0151bb a sz\u00ednh\u00e1zakn\u00e1l besz\u00e9lik csak, majd a lapok is meg\u00edrj\u00e1k, de nagy szeretettel emlegetik valamennyien, \u00e9s \u00f6r\u00fclnek a sz\u00edn\u00e9sz h\u00e1zasp\u00e1r meg\u00e9rdemelt anyagi gyarapod\u00e1s\u00e1nak. Nem csoda h\u00e1t, ha ebben az \u00e1rad\u00f3 lelkesed\u00e9sben a n\u00e9gyszob\u00e1s h\u00e1z kast\u00e9lly\u00e1, a kert parkk\u00e1 n\u00f6vekedik a cikkekben. A sz\u00edvek t\u00falz\u00e1sa ez tal\u00e1n.<br>&#8222;- Tudod, Gyuri, mi az, h\u00e1zat venni? &#8211; k\u00e9rdezi Ujh\u00e1zy Gy\u00f6rgy \u00fajs\u00e1g\u00edr\u00f3 bar\u00e1tj\u00e1t\u00f3l G\u00f3zon.<br>&#8211; Nem, sajnos nem tudom.<br>&#8211; No, majd \u00e9n megmondom!<br>&#8211; H\u00e1zat venni annyi &#8211; fog bele a mondatba, mintha valamilyen elvont fizikai t\u00e9telt hat\u00e1rozna meg oly komoly hangon&#8230; &#8211; H\u00e1zat venni annyi, mint kellemesen b\u00e1r, de alaposan elszeg\u00e9nyedni!&#8221; A G\u00f3zon h\u00e1zasp\u00e1r sok\u00e1ig \u00e9lvezi ennek a kellemes elszeg\u00e9nyed\u00e9snek az \u00e9rz\u00e9s\u00e9t itt R\u00e1kosligeten. (Ma eml\u00e9k\u00fcket egy sz\u00ednh\u00e1z \u00e9s szobor \u0151rzi ugyanezen a helyen.) Idek\u00f6lt\u00f6z\u00e9s\u00fckkor Berky Lili agg\u00f3dva k\u00e9rdezi f\u00e9rj\u00e9t: &#8222;- No, bizony, milyen h\u00f3napok v\u00e1rnak itt r\u00e1nk?&#8230; &#8211; Isten vel\u00fcnk volt eddig is, vel\u00fcnk marad ezut\u00e1n is!&#8221; &#8211; feleli G\u00f3zon. Tal\u00e1n \u00e9pp ez az isteni gondvisel\u00e9s volt azokkal is, akik hetven \u00e9v m\u00falt\u00e1n a szobor elhelyez\u00e9s\u00e9n iparkodtak&#8230;<\/p>\n\n\n\n<p>A Nemzeti Sz\u00ednh\u00e1z tagja lesz 1935 nyar\u00e1n<\/p>\n\n\n\n<p>&#8222;M\u00e1jus v\u00e9g\u00e9n \u00fczenetet kaptam a r\u00e1di\u00f3b\u00f3l. Ott volt egy f\u0151rendez\u0151, N\u00e9meth Antalnak h\u00edvt\u00e1k, j\u00f3l ismertem m\u00e1r, m\u00e9gis meglepett, amikor mag\u00e1hoz k\u00e9retett. Tudtam r\u00f3la, hogy r\u00e9gi terve: \u00e1lland\u00f3 sz\u00ednt\u00e1rsulatot szervezni a r\u00e1di\u00f3 sz\u00e1m\u00e1ra. Gondoltam, engem is megk\u00f6rny\u00e9kez. Megyek fel a S\u00e1ndor utcai \u00e9p\u00fcletbe, a l\u00e9pcs\u0151h\u00e1zban \u00f6sszetal\u00e1lkoztam Makay Margittal, aki falfeh\u00e9ren j\u00f6tt lefel\u00e9 a l\u00e9pcs\u0151n. &#8222;Szent Isten, veled meg mi t\u00f6rt\u00e9nt? &#8211; k\u00e9rdeztem, \u00e9s alig tudtam titkolni meglepet\u00e9semet. &#8211; Semmi, semmi &#8211; mondta -, menj csak fel.&#8221; Ezzel sz\u00f6get \u00fct\u00f6tt a fejembe. Felmentem. N\u00e9meth els\u0151 k\u00e9rd\u00e9se ez volt: &#8222;Van m\u00e1r szerz\u0151d\u00e9se a j\u00f6v\u0151 \u00e9vadra? &#8211; Nincs &#8211; v\u00e1laszoltam -, de lesz! &#8211; tettem hozz\u00e1 kiss\u00e9 bizonytalanul. &#8211; Azt \u00e9n is sejtem &#8211; mondta \u0151 -, amit azonban mondani fogok, holnap d\u00e9lut\u00e1n k\u00e9t \u00f3r\u00e1ig senkivel sem k\u00f6z\u00f6lheti: holnap kett\u0151kor \u00e9n leszek a Nemzeti Sz\u00ednh\u00e1z igazgat\u00f3ja. \u00d6nt is szeretn\u00e9m szerz\u0151dtetni, van-e ellene kifog\u00e1sa?&#8221; &#8211; \u00e9s ezzel m\u00e1r tette is el\u00e9m az el\u0151re leg\u00e9pelt szerz\u0151d\u00e9st, mell\u00e9 tint\u00e1t \u00e9s tollat. Nekem csak al\u00e1 kellett \u00edrnom. H\u00e1rom \u00e9vre. Annyit m\u00e9g motyogott, hogy l\u00e1tott Sz\u00e9p Ern\u0151 Arany\u00f3ra c\u00edm\u0171 sz\u00ednm\u0171v\u00e9ben, a Belv\u00e1rosi Sz\u00ednh\u00e1zban, \u00e9s hogy neki ennyi is el\u00e9g volt. Mondanom sem kell, alig telt el negyed\u00f3ra, \u00e9n is falfeh\u00e9ren j\u00f6ttem le a r\u00e1di\u00f3b\u00f3l&#8230; Na, de itt nincs v\u00e9ge! Este, el\u0151ad\u00e1s ut\u00e1n tal\u00e1lkoztam Lilik\u00e9mmel, az utols\u00f3 vonattal indultunk haza R\u00e1kosligetre. Alighogy bel\u00e9pek a f\u00fclk\u00e9be, Lili nevetni kezd&#8230; &#8222;Mit nevetsz? &#8211; k\u00e9rdeztem sz\u00f3rakozottan. &#8211; Holnap d\u00e9lut\u00e1n kett\u0151kor majd megmondom &#8211; buggyant ki bel\u0151le, de most m\u00e1r alig lehetett meg\u00e1ll\u00edtani, \u00fagy nevetett. Mint aki veszt\u00e9t \u00e9rzi. K\u00e9tszer sem kellett k\u00e9rdezni, \u00e9s \u00edg\u00e9ret ide, \u00edg\u00e9ret oda, kib\u00f6kte a titk\u00e1t. \u00c9rte is \u00fczent N\u00e9meth Antal, a V\u00edgsz\u00ednh\u00e1z melletti k\u00e1v\u00e9h\u00e1zban tal\u00e1lkoztak, neki is h\u00e1rom\u00e9ves szerz\u0151d\u00e9st k\u00edn\u00e1lt, persze hasonl\u00f3 felt\u00e9telekkel, vagyis holnap kett\u0151ig \u0151 sem besz\u00e9lhetett. Most m\u00e1r \u00e9n sem v\u00e1rhattam tov\u00e1bb, \u00e9n is megszegtem az \u00edg\u00e9retem, elmondtam az \u00e9n szerz\u0151d\u00e9sem t\u00f6rt\u00e9net\u00e9t. \u00cdgy lett\u00fcnk egyszerre Nemzeti sz\u00ednh\u00e1zi tagok&#8230;&#8221;<\/p>\n\n\n\n<p>A Nemzeti Sz\u00ednh\u00e1zban 1935-1941 k\u00f6z\u00f6tt<\/p>\n\n\n\n<p>\u00c9s elkezd\u0151dik egy \u00faj, n\u00e9mik\u00e9pp f\u00e1raszt\u00f3, de rendk\u00edv\u00fcl felemel\u0151 id\u0151szak a Nemzeti Sz\u00ednh\u00e1zban. Klasszikus \u00e9s modern dr\u00e1m\u00e1kban, v\u00edgj\u00e1t\u00e9kokban v\u00e1rj\u00e1k jelent\u0151s pr\u00f3zai feladatok. J\u00e1tszik Szigligeti Ede b\u0171b\u00e1jos &#8222;Liliomfi&#8221;-j\u00e1ban, a c\u00edmszerepl\u0151 Uray Tivadar mellett, az \u00f6r\u00f6k boh\u00f3c Szellemfit alak\u00edtva, j\u00e1tszik az egym\u00e1st k\u00f6vet\u0151 k\u00e9t Hamlet-fel\u00faj\u00edt\u00e1sban is, el\u0151bb az els\u0151 s\u00edr\u00e1s\u00f3t, k\u00e9s\u0151bb Of\u00e9lia sz\u00f3sz\u00e1ty\u00e1r apj\u00e1t, Poloniust form\u00e1lja meg. Vackort, a h\u00edres shakespeare-i mesterembert is \u00e9letre kelti a &#8222;Szentiv\u00e1n\u00e9ji \u00e1lom&#8221; el\u0151ad\u00e1s\u00e1ban. Mag\u00e1ra \u00f6lti Jourdain \u00farnak, Moli\u00e9re &#8222;\u00darhatn\u00e1m polg\u00e1r\u00e1&#8221;-nak maszkj\u00e1t \u00e9s jelmez\u00e9t is, \u00e9s m\u00e9g tucatnyi szerep v\u00e1rja.<\/p>\n\n\n\n<p>Filmsz\u00edn\u00e9sz G\u00f3zon \u00far<\/p>\n\n\n\n<p>Sz\u00ednh\u00e1zi szerepei mellett \u00e1lland\u00f3 szerepl\u0151je \u00e9s igen kedvelt figur\u00e1ja a hazai filmgy\u00e1rt\u00e1snak is ez id\u0151ben. Id\u0151vel egyik legkedveltebb \u00e9s legkev\u00e9sb\u00e9 n\u00e9lk\u00fcl\u00f6zhet\u0151 alakja az akkori magyar filmeknek. Egy-egy filmbeli elsz\u00f3l\u00e1sa hamar k\u00f6zsz\u00e1jon forog, \u00e9s sz\u00e1ll\u00f3ig\u00e9v\u00e9 min\u0151s\u00fcl hetek alatt. Karakteres alakja az \u00e1lland\u00f3 der\u0171 egyik biztos forr\u00e1sa a filmv\u00edgj\u00e1t\u00e9koknak. Legend\u00e1ss\u00e1 lett az akkori filmgy\u00e1rt\u00f3k filmforgalmaz\u00f3knak feltett k\u00e9rd\u00e9se, hogy tulajdonk\u00e9ppen milyen filmekre van sz\u00fcks\u00e9g\u00fck, melyek a legeladhat\u00f3bbak? A v\u00e1laszban megfogalmaz\u00f3dik, hogy a t\u00f6rt\u00e9net tulajdonk\u00e9ppen mindegy, csak legyen benne Kabos, G\u00f3zon, R\u00e1day, J\u00e1vor, Erd\u00e9lyi Mici \u00e9s m\u00e9g n\u00e9h\u00e1ny sz\u00e9p magyar sz\u00edn\u00e9szn\u0151, ja, \u00e9s sok j\u00f3 bemond\u00e1s, ezeket l\u00e1tatlanban \u00e1tveszik forgalmaz\u00e1sra. G\u00f3zon neve a kasszasiker egyik biztos forr\u00e1s\u00e1v\u00e1 \u00e9rik teh\u00e1t. 1931-1940 k\u00f6z\u00f6tti akt\u00edv id\u0151szak\u00e1ban t\u00f6bb mint negyven magyar filmben j\u00e1tszik, t\u00f6bbnyire karakterszerepeket. K\u00e1ntor, kalauz, cukr\u00e1sz, lak\u00e1j, inas, k\u00f3rustag, cig\u00e1nypr\u00edm\u00e1s, m\u00e1skor meg vend\u00e9gl\u0151s, de volt \u00e9desapa \u00e9s gy\u00e1rigazgat\u00f3, tisztiszolga \u00e9s v\u00e9grehajt\u00f3, artista, pedellus. Pl\u00f6kl, a mag\u00e1nnyomoz\u00f3, Kemenes, azt\u00e1n M\u00fcller \u00far, na meg Rizling, a Buck\u00f3 bar\u00e1tja, Keszeg Matyi, Torm\u00e1ssy, m\u00e1skor meg \u0151 Galambos b\u00e1csi, egysz\u00f3val el\u00e9g sz\u00e9les a szereppaletta. Azt\u00e1n 1940-ben mind a film, mind pedig a sz\u00ednpad bez\u00e1rul el\u0151tte.<\/p>\n\n\n\n<p>A csend esztendei<\/p>\n\n\n\n<p>1941. augusztus 19-\u00e9n \u00e9s 20-\u00e1n a Nemzeti Sz\u00ednh\u00e1z m\u0171v\u00e9szei a Margitszigeti Szabadt\u00e9ri Sz\u00ednpadon j\u00e1tssz\u00e1k Shakespeare &#8222;Szentiv\u00e1n\u00e9ji \u00e1lom&#8221; c\u00edm\u0171 t\u00fcnd\u00e9rj\u00e1t\u00e9k\u00e1t. Ez az \u0151 utols\u00f3 k\u00e9t fell\u00e9p\u00e9se a h\u00e1bor\u00fa befejez\u00e9s\u00e9ig is egyben. Vackort form\u00e1lja ekkor. Tudni val\u00f3, hogy a n\u00fcrnbergi fajv\u00e9d\u0151 t\u00f6rv\u00e9nyeket \u00e1tveszi az akkori magyar \u00e1llam, \u00e9s e szerint a sz\u00fclet\u00e9s\u00e9vel nem tud elsz\u00e1molni. \u00c9s b\u00e1r hivatalosan a sz\u00edn\u00e9szek teljes\u00edtm\u00e9ny\u00e9nek m\u00e9rlegel\u00e9se miatt van sz\u00fcks\u00e9g a Sz\u00edn\u00e9szkamara fel\u00e1ll\u00edt\u00e1s\u00e1ra, a val\u00f3s\u00e1gban a sz\u00edn\u00e9szek vall\u00e1si alapon t\u00f6rt\u00e9n\u0151 j\u00e1tsz\u00e1si enged\u00e9ly\u00e9nek kiad\u00e1sa realiz\u00e1l\u00f3dik. Sokakat egyszer\u0171en letilt a sz\u00ednpadokr\u00f3l a Kiss Ferenc eln\u00f6kl\u00e9s\u00e9vel m\u0171k\u00f6d\u0151 Sz\u00edn\u00e9szkamara. G\u00f3zont ez a tilt\u00f3 hat\u00e1rozat viszonylag el\u00e9g k\u00e9s\u0151n, 1941 ny\u00e1r v\u00e9g\u00e9re \u00e9ri utol. A sz\u00ednpadi csend n\u00e9gy esztendeje alatt r\u00e1kosligeti h\u00e1zukban bujk\u00e1l v\u00e9gig, r\u00e1ad\u00e1sul nem is egyed\u00fcl, hanem hat sorst\u00e1rs\u00e1val osztozik a bajban. Az ut\u00e1na folyv\u00e1st leselked\u0151k szeme el\u0151l a padl\u00e1s\u00e1nak egy erre kialak\u00edtott r\u00e9sz\u00e9ben h\u00fazz\u00e1k meg magukat, \u00e9s v\u00e9szelik \u00e1t az \u0151ket kutat\u00f3 j\u00e1r\u0151r\u00f6k sorait. Sohasem fedezik fel \u0151ket. Kering egy t\u00f6rt\u00e9net arr\u00f3l, hogy egyik szomsz\u00e9dja a Sz\u00e1lasi-hatalom\u00e1tv\u00e9tel napj\u00e1n m\u00e9g felkeresi Berky Lilit, \u00e9s felaj\u00e1nlja saj\u00e1t h\u00e1z\u00e1nak egyik zug\u00e1t, ott R\u00e1kosligeten, amivel \u00e9l is G\u00f3zon. A hist\u00f3ria szerint ez a szomsz\u00e9d akt\u00edv nyilaskeresztes tisztk\u00e9nt m\u0171k\u00f6dik ezekben a h\u00f3napokban, \u00e9s sok s\u00f6t\u00e9t dolog f\u0171z\u0151dik a nev\u00e9hez, mik\u00f6zben h\u00e1z\u00e1ban b\u00fajtatja, \u00e9s \u00e9lelmez\u00e9s\u00e9t int\u00e9zi a neves sz\u00ednm\u0171v\u00e9sznek. Azt\u00e1n a h\u00e1bor\u00fa ut\u00e1n, amikor b\u00edr\u00f3s\u00e1g el\u00e9 ker\u00fcl ez a j\u00f3 szomsz\u00e9d, G\u00f3zont haszn\u00e1lja enyh\u00edt\u0151 k\u00f6r\u00fclm\u00e9nynek. Hi\u00e1ba. A m\u00e9rlegel\u00e9sn\u00e9l kev\u00e9s a j\u00f3, a sok gonosz tetthez k\u00e9pest.<\/p>\n\n\n\n<p>\u00d6tvenk\u00e9t h\u00f3nap eltelt\u00e9vel ism\u00e9t sz\u00ednpadon<\/p>\n\n\n\n<p>1946. janu\u00e1r 17-\u00e9n este pedig sz\u00edn\u00e9szk\u00e9nt ism\u00e9t a Nemzeti Sz\u00ednh\u00e1zban van, ahol Nestroy t\u00fcnd\u00e9rj\u00e1t\u00e9k\u00e1t, a &#8222;Lump\u00e1ciusz Vagabundusz, vagy a h\u00e1rom j\u00f3mad\u00e1r&#8221;-t Heltai Jen\u0151 pazar \u00e1tk\u00f6lt\u00e9s\u00e9ben mutatj\u00e1k be. A nagyszab\u00e1s\u00fa el\u0151ad\u00e1st, amely az ostrom \u00e9s a megpr\u00f3b\u00e1ltat\u00e1sok sz\u00f6rny\u0171s\u00e9gei ut\u00e1n ism\u00e9t a &#8222;b\u00e9kebeli&#8221; sz\u00ednh\u00e1z gazdags\u00e1g\u00e1t t\u00fckr\u00f6zi N\u00e1dasdy K\u00e1lm\u00e1n, az operah\u00e1z f\u0151rendez\u0151je \u00e1ll\u00edtja sz\u00ednpadra. &#8222;Mennyi ifj\u00fas\u00e1g, \u00e1rtatlan k\u00e9pzelg\u00e9s, j\u00f3hiszem\u0171 bizalom sug\u00e1rzik ki a m\u0171b\u0151l&#8230;&#8221; &#8211; \u00edrja Kass\u00e1k Lajos mint alkalmi sz\u00ednikritikus a &#8222;Sz\u00ednh\u00e1z&#8221; 1946. janu\u00e1r 23-ai sz\u00e1m\u00e1ban. N\u00e9h\u00e1ny h\u00f3nap m\u00falva azt\u00e1n a h\u00e1bor\u00fa ut\u00e1ni esztend\u0151k els\u0151 dr\u00e1mai siker\u00e9t is learatja, Hauptmann &#8222;A bunda&#8221; c\u00edm\u0171 sz\u00ednm\u0171v\u00e9ben Kr\u00fcgert, a j\u00f3m\u00f3d\u00fa, de korl\u00e1tolt kispolg\u00e1rt form\u00e1lja meg, aki a darab m\u00e1sodik felvon\u00e1s\u00e1ban v\u00e1ratlanul bukkan el\u0151. &#8222;Megloptak, f\u0151b\u00edr\u00f3 \u00far, megloptak!&#8221; &#8211; \u00fcv\u00f6lti jajvesz\u00e9kelve Wehrahn f\u0151b\u00edr\u00f3 el\u0151tt, amikor a k\u00f6z\u00f6ns\u00e9g el\u0151sz\u00f6r megpillantja. A f\u0151b\u00edr\u00f3t j\u00e1tsz\u00f3 Somlay Art\u00far bizalmatlanul v\u00e9gigm\u00e9ri, azt\u00e1n maga el\u00e9 mormogva ism\u00e9tli&#8230; &#8222;Meglopt\u00e1k&#8230; hm&#8221; S mint ahogy egykori szemtan\u00fak mes\u00e9lik, elkezd\u0151dik ekkor a sz\u00ednpadon k\u00e9t jeles dr\u00e1mai sz\u00edn\u00e9sz felejthetetlen \u00f6sszecsap\u00e1sa, ami ink\u00e1bb egyfajta emelkedett \u00e9s meghatotts\u00e1g\u00e1ban katartikus hangulat\u00fa \u00e9s hat\u00e1s\u00fa \u00f6sszj\u00e1t\u00e9khoz hasonl\u00edthat\u00f3. N\u00e9gy \u00e9vvel k\u00e9s\u0151bb ism\u00e9t egym\u00e1ssal szemben foglalnak helyet (1950. dec. 8.) a sz\u00ednpadon, \u00e9s \u00fajfent egyfajta l\u00e1vaszer\u0171, forr\u00f3 j\u00e1t\u00e9kfolyam \u00e1rad a p\u00f3dium fel\u0151l, \u00e9s \u00f6nti el a n\u00e9z\u0151teret: Somlay mint Walter, a g\u0151g\u00f6s miniszter, G\u00f3zon, pedig Miller, a v\u00e1rosi zen\u00e9sz, akit legkedvesebb gyermek\u00e9t\u0151l akarnak eltasz\u00edtani \u00e9pp. Schiller &#8222;\u00c1rm\u00e1ny \u00e9s szerelem&#8221; c\u00edm\u0171 dr\u00e1m\u00e1ja a korszak magyar sz\u00ednj\u00e1tsz\u00e1s\u00e1nak egyik kimagasl\u00f3 el\u0151ad\u00e1s\u00e1v\u00e1 h\u00edres\u00fclt el az\u00f3ta, amely egyben G\u00f3zon p\u00e1ly\u00e1j\u00e1nak cs\u00facspontj\u00e1t is jelenti. P\u00e1lya\u00edve ehhez a cs\u00facsponthoz tudatosan fel\u00e9p\u00edtett m\u00f3don szerv\u00fcl, folyv\u00e1st emelkedik a kabar\u00e9k &#8222;f\u00fctty\u00f6s&#8221; G\u00f3zonj\u00e1t\u00f3l kiindulva a megr\u00e1z\u00f3 erej\u0171 \u00e1br\u00e1zol\u00f3m\u0171v\u00e9sz fel\u00e9 l\u00e9pcs\u0151zetesen emelkedve.<\/p>\n\n\n\n<p>P\u00e1lyacs\u00facs<\/p>\n\n\n\n<p>&#8222;El\u00e9rve a p\u00e1lya cs\u00facs\u00e1t, m\u0171v\u00e9szete olyan magass\u00e1gokig emelkedett, amelyet tov\u00e1bbi \u00e9lete sor\u00e1n t\u00f6bb\u00e9 nem tudott el\u00e9rni&#8221; &#8211; mondja r\u00f3la B\u00e1nos Tibor. \u00c9lete utols\u00f3 tizenh\u00e9t \u00e9v\u00e9ben ett\u0151l a nevezetes el\u0151ad\u00e1s-sorozatt\u00f3l fogva j\u00f3szerivel a magyar sz\u00ednm\u0171v\u00e9szet nagy \u00f6regj\u00e9v\u00e9 l\u00e9p el\u0151, hisz j\u00e1tszott m\u00e1r akt\u00edvan a Monarchia addigra legend\u00e1ss\u00e1 v\u00e1l\u00f3 sz\u00ednh\u00e1zaiban, volt az az\u00f3ta elcsatolt orsz\u00e1gr\u00e9szek v\u00e1rosainak kedvence, a Nemzeti Sz\u00ednh\u00e1z tagja, volt sz\u00ednpadr\u00f3l letiltott, kellett bujk\u00e1lnia a hal\u00e1lt\u00e1borba sz\u00f3l\u00edt\u00f3 beid\u00e9z\u00e9sek, igazoltat\u00e1sok el\u0151l, de mindezek elt\u00f6rp\u00fclnek, mert telis-tele a tarsolya m\u00f3k\u00e1s, kedves \u00e9s legf\u0151k\u00e9ppen kacagtat\u00f3 anekdot\u00e1val, a m\u00falt nevezetes koll\u00e9g\u00e1it\u00f3l. Egyfajta eleven legenda, amelyet k\u00fcl\u00f6n emel Kabos Gyula \u00e9s ezernyi m\u00e1s neves elt\u00e1vozott koll\u00e9ga bar\u00e1ts\u00e1ga, b\u00e1r Kabos Gyul\u00e1r\u00f3l ezernyi t\u00f6rt\u00e9netet tud mes\u00e9lni, hivatalosan elz\u00e1rk\u00f3zik a r\u00f3la sz\u00f3l\u00f3 nyilatkozatok el\u0151l, k\u00f6zel h\u00fasz \u00e9v t\u00e1vlat\u00e1b\u00f3l sem tudja feldolgozni elveszt\u00e9s\u00e9t&#8230;<\/p>\n\n\n\n<p>G\u00f3zon Gyula Lilike n\u00e9lk\u00fcl<\/p>\n\n\n\n<p>\u00c9lete tov\u00e1bbi foly\u00e1s\u00e1ban nagy t\u00f6r\u00e9st jelent sz\u00e1m\u00e1ra, hogy oly sok \u00e9v ut\u00e1n &#8211; &#8222;szervez\u00e9si okb\u00f3l&#8221; &#8211; feles\u00e9g\u00e9t, Berky Lilit \u00e1thelyeztetik a Magyar N\u00e9phadsereg Sz\u00ednh\u00e1z\u00e1hoz, annak ellen\u00e9re is, hogy kor\u00e1bban, ha csak tehett\u00e9k, mindig egy\u00fctt v\u00e1llaltak szerepet filmben, r\u00e1di\u00f3ban \u00e9s sz\u00ednpadon is. Azt\u00e1n a neh\u00e9zs\u00e9geket n\u00e9mik\u00e9pp feledtetik a nagy sz\u00ednh\u00e1zi feladatok \u00e9s dr\u00e1mai szerepek. Vackor a &#8222;Szentiv\u00e1n\u00e9ji \u00e1lom&#8221; var\u00e1zsos erdej\u00e9b\u0151l, azt\u00e1n Szilvai T\u00f3dork\u00e9nt lop\u00f3dzik el\u0151 a &#8222;Liliomfi&#8221;-ban, Bag\u00f3&#8230;, majd Yorick kopony\u00e1j\u00e1t tartja a kez\u00e9ben Hamlet s\u00edr\u00e1s\u00f3jak\u00e9nt, Csehov Tyeleginj\u00e9nek git\u00e1rh\u00farja pattog dekadens szomor\u00fas\u00e1ggal kez\u00e9ben, Vang v\u00edz\u00e1rus Brecht dr\u00e1m\u00e1j\u00e1ban. 1955 \u0151sz\u00e9n ad\u00f3dik alkalom arra megint, hogy egy\u00fctt j\u00e1tszhasson ism\u00e9t nej\u00e9vel, Lilik\u00e9vel, m\u00e9gpedig a Magyar N\u00e9phadsereg Sz\u00ednh\u00e1z\u00e1nak (ma V\u00edgsz\u00ednh\u00e1z) kamarasz\u00ednh\u00e1z\u00e1v\u00e1 lett angyalf\u00f6ldi J\u00f3zsef Attila Sz\u00ednh\u00e1z sz\u00ednpad\u00e1n, ahol sz\u00ednre vitt\u00e9k Csiky Gergely nagyszer\u0171 sz\u00ednm\u0171v\u00e9t, &#8222;A nagymam\u00e1&#8221;-t. Mag\u00e1t a Nagymam\u00e1t alak\u00edtja Berky Lili, az \u00f6regecske, sz\u00e9ptev\u0151 \u00d6rk\u00e9ny b\u00e1r\u00f3t pedig &#8222;megh\u00edvott m\u0171v\u00e9szk\u00e9nt&#8221; G\u00f3zon. &#8222;\u00c9desb\u00fas \u0151szi hangulat \u00e1radt a sz\u00ednpadr\u00f3l &#8211; \u00edrja B\u00e1nos Tibor -, kicsit vissza\u00e1lmodt\u00e1k saj\u00e1t ifj\u00fas\u00e1gukat, boldog \u00e9veiket is, mindezt csipetnyi g\u00fannyal, \u00f6nir\u00f3ni\u00e1val \u00e9s aranysz\u00edv\u0171 melegs\u00e9ggel.&#8221; \u00c1m ez a tal\u00e1lkoz\u00e1s a sz\u00ednpadon az utols\u00f3k egyik\u00e9v\u00e9 lesz, mert Berky Lili 1958. febru\u00e1r 5-\u00e9n bek\u00f6vetkez\u0151 hal\u00e1la minden tervet \u00e9s elk\u00e9pzel\u00e9st kereszt\u00fclh\u00faz. G\u00f3zon Gyula sz\u00e1m\u00e1ra ez az id\u0151pont t\u00f6r\u00e9spontt\u00e1 v\u00e1lik, meghat\u00e1roz\u00f3v\u00e1 lesz \u00e9let\u00e9ben, \u00e9s innent\u0151l fogva p\u00e1ly\u00e1ja is hanyatlani kezd. Hetvenh\u00e1rom \u00e9ves m\u00e1r, \u00e9s a k\u00f6vetkez\u0151 \u00e9vekben el\u0151bb az \u00f6regs\u00e9ggel j\u00e1r\u00f3 terhek meg az egyed\u00fcll\u00e9t okozta keser\u0171s\u00e9g, majd a gy\u0151zedelmesked\u0151 betegs\u00e9g \u00e9s er\u0151tlens\u00e9g lassan teljesen elszigeteli a vil\u00e1gt\u00f3l.<\/p>\n\n\n\n<p>Halv\u00e1nyod\u00f3 mem\u00f3ri\u00e1val<\/p>\n\n\n\n<p>1963 \u0151sz\u00e9n l\u00e9p fel utolj\u00e1ra sz\u00ednpadon (kilenc \u00e9vvel a hal\u00e1la el\u0151tt) a Nemzeti Sz\u00ednh\u00e1zban, Shakespeare &#8222;Machbeth&#8221; c\u00edm\u0171 dr\u00e1m\u00e1j\u00e1ban az angol orvos par\u00e1nyi szerep\u00e9t j\u00e1tssza. Ez a szerep lesz sz\u00ednpadi hatty\u00fadala. Az el\u0151ad\u00e1s el\u0151tt l\u00e1zas izgalommal toporog \u00f6lt\u00f6z\u0151j\u00e9ben, nehezen k\u00e9sz\u00fcl el a maszkj\u00e1val, \u00e9s szokatlan jelmez\u00e9vel is bajmol\u00f3dik. \u00c1tcsoszog a szomsz\u00e9dos \u00f6lt\u00f6z\u0151be, ahol a c\u00edmszerepet j\u00e1tsz\u00f3 Sinkovits Imre k\u00e9sz\u00fcl\u0151dik. Kez\u00e9ben szorongatja az \u00f6sszegy\u0171r\u0151d\u00f6tt szerep g\u00e9pelt pap\u00edros\u00e1t, azt az egyetlenegy oldalt. Sinkovits mag\u00e1hoz \u00f6leli, \u00e9s megkezd\u0151dik a &#8222;kihallgat\u00e1s&#8221;. \u00dajb\u00f3l \u00e9s \u00fajb\u00f3l \u00e1tveszik a n\u00e9h\u00e1ny mondatos szerepet. K\u00f6zben gyakran elf\u00e1rad, elakad, ilyenkor Sinkovits tr\u00e9f\u00e1val vid\u00edtja, \u00e9s pr\u00f3b\u00e1lja oldani a benne felgy\u00fcleml\u0151 fesz\u00fclts\u00e9get, \u00edgy seg\u00edtve \u00e1t a legf\u00e1jdalmasabb buktat\u00f3kon. Egy nagy sz\u00edn\u00e9sz elvesz\u00edti a tal\u00e1n legfontosabbat: a mem\u00f3ri\u00e1j\u00e1t. Valamivel k\u00e9s\u0151bb a r\u00e1di\u00f3 mikrofonja el\u0151tt \u00e9l \u00e1t hasonl\u00f3 f\u00e1jdalmas izgalmakat &#8211; tudja-e k\u00f6vetni partnereit \u00e9s a rendez\u0151 utas\u00edt\u00e1sait? A felv\u00e9tel ut\u00e1n, amikor a k\u00f6rfolyos\u00f3ra kil\u00e9p, elt\u00e9ved a Magyar R\u00e1di\u00f3 \u00e9p\u00fclet\u00e9ben. Szorosan a fal mell\u00e9 simulva bolyong ide-oda. Valaki figyelmes lesz a szomor\u00fa l\u00e1tv\u00e1nyra, \u00e9s megsz\u00f3l\u00edtja. Zavaros, \u00f6sszef\u00fcgg\u00e9stelen v\u00e1lasz \u00e9rkezik. Hazavitetik.<\/p>\n\n\n\n<p>Csak azt a szomor\u00fa v\u00e9get tudn\u00e1m feledni&#8230;<\/p>\n\n\n\n<p>Eg\u00e9szs\u00e9gi \u00e1llapota k\u00e9s\u0151bbiekben azt\u00e1n tov\u00e1bb romlik. Eltart\u00f3i \u00fagy d\u00f6ntenek egy nap, hogy eladj\u00e1k r\u00e1kosligeti h\u00e1z\u00e1t, \u00e9s egy lak\u00f3telepi b\u00e9rh\u00e1z negyedik emelet\u00e9re k\u00f6lt\u00f6znek. \u00daj otthona egy k\u00e9tszer h\u00e1romm\u00e9teres hall lesz, kis fekhellyel. Az egykor oly dali\u00e1s alakja annyira \u00f6sszezsugorodott, megv\u00e9konyodott. L\u00f6ty\u00f6g rajta az egykor oly fess \u00f6lt\u00f6z\u00e9ke. \u00c1gya felett n\u00e9h\u00e1ny f\u00e9nyk\u00e9p f\u00fcgg, amely a m\u00faltj\u00e1ra eml\u00e9kezteti. Vil\u00e1gosabb pillanataiban felismer alakokat, egyezteti eml\u00e9keivel, de azt\u00e1n a k\u00f6vetkez\u0151 pillanatban visszazuhan a bels\u0151 cs\u00f6ndbe. Arca merevv\u00e9 lesz, elkomorul, \u00e9s kifejez\u00e9stelenn\u00e9 dermed \u00f3r\u00e1kra, napokra. Egyszer v\u00e9letlen\u00fcl nyitva marad a bej\u00e1rati ajt\u00f3, \u00e9s n\u00e9h\u00e1ny perc m\u00falva, amikor ezt \u00e9szreveszik, G\u00f3zon m\u00e1r &#8222;megl\u00f3gott&#8221;. \u00d6sszeszaladj\u00e1k \u00e9rte a h\u00e1zat \u00e9s a k\u00f6rny\u00e9ket. Sehol sem tal\u00e1lj\u00e1k. Azt\u00e1n megsz\u00f3lal v\u00e9kony, \u00e9s f\u00e1jdalmasan elny\u00fajtott, reszketeg hangon: &#8222;Nem tud az \u00edrni, aki k\u00fcldte \/ Mert aki k\u00fcldte, m\u00e1r nem \u00e9l&#8230;&#8221; &#8211; Bag\u00f3 dal\u00e1t \u00e9nekli valahol a h\u00e1z m\u00e9ly\u00e9b\u0151l. A pinc\u00e9ben tal\u00e1lnak r\u00e1, egy far\u00f6nk tetej\u00e9n gubbaszt \u00e9s dalol. K\u00eds\u00e9rteties a l\u00e1tv\u00e1ny. Gyakran azt hiszik, f\u00e9lrebesz\u00e9l, mert sz\u00fcleivel, egykori bar\u00e1taival besz\u00e9l. Gyul\u00e1val t\u00e1rsalog &#8211; Kabossal -, az \u00e9rz\u00e9kelhet\u0151 val\u00f3s\u00e1g dimenzi\u00f3it t\u00f6bbsz\u00f6r\u00f6sen is \u00e1t-\u00e1tl\u00e9pve, ahol m\u00e1r nehezen d\u00f6nthet\u0151 el, hogy mi a k\u00e9zzelfoghat\u00f3 val\u00f3s\u00e1g \u00e9s mi nem, furcsa elegyet alkotva a jelennel elv\u00e1laszthatatlan eggy\u00e9 \u00e1ll \u00f6ssze benne. J\u00f3szerivel ebben a vil\u00e1gban lebeg az \u00e9let \u00e9s hal\u00e1l l\u00e1thatatlan hat\u00e1rmezsgy\u00e9j\u00e9n. Azt\u00e1n egy nap &#8211; 1972 okt\u00f3ber\u00e9ben -\u00e1tl\u00e9pi a v\u00e1l\u00f3s\u00e1g k\u00fcsz\u00f6b\u00e9t. Mi azt mondjuk, meghalt, de lehet, hogy csak tov\u00e1bb besz\u00e9lget a gyerekkori pajt\u00e1sokkal, meg Lilik\u00e9vel, a sz\u00fcleivel, meg Gyul\u00e1val \u00e9s a t\u00f6bbiekkel, csak \u00e9pp mi nem halljuk t\u00f6bb mint harminc esztendeje m\u00e1r.<\/p>\n\n\n\n<p>G\u00f3zon Gyula \u00f6sszegez<\/p>\n\n\n\n<p>&#8222;&#8230; Nem tudom, igaz-e, hogy ha az ember elmegy majd inn\u00e9t, valahol odalent, vagy odafent megk\u00e9rdezik: &#8211; Mit csin\u00e1lt\u00e1l? H\u00e1t, ha igaz, \u00e9n ezt felelem majd: &#8211; Nagyv\u00e1radon voltam n\u00e9gy \u00e9vig, Ady Endre, Juh\u00e1sz Gyula, Em\u0151d Tam\u00e1s, Dutka \u00c1kos t\u00e1rsas\u00e1g\u00e1ban. J\u00e1tszottam Sasfi\u00f3kot, \u00e9nekeltem Luna gr\u00f3fot, t\u00e1ncoltam operettben, j\u00e1tszottam dr\u00e1m\u00e1t, trag\u00e9di\u00e1t, v\u00edgj\u00e1t\u00e9kot, daloltam magyar n\u00f3t\u00e1t (&#8222;Ne hagyj\u00e1tok a magyar dalt&#8221; &#8211; ezt mondta itt, a Nemzeti Sz\u00ednh\u00e1zban egyszer Blaha Lujza a feles\u00e9gemnek; tudj\u00e1k-e, milyen sz\u00e9p az, hogy &#8222;Kid\u0151lt a fa mandul\u00e1stul&#8221;?). Sz\u00f3val, j\u00e1tszottam, j\u00e1tszottam mindig \u00e9s mindent&#8230; szeretem az embereket \u00e9s boldog vagyok, mert \u00e9rzem, hogy \u0151k is szeretnek. &#8211; No, de gyer\u00fcnk, mert mindj\u00e1rt kezd\u0151dik a pr\u00f3ba&#8230;&#8221; 1960-ban, tucatnyi \u00e9vvel a hal\u00e1la el\u0151tt, a csendes Nemzeti Sz\u00ednh\u00e1z folyos\u00f3j\u00e1n pr\u00f3b\u00e1ra menet m\u00e9g \u00e1csorog, \u00e9s Demeter Imr\u00e9nek, a riporternek el\u00e9gg\u00e9 t\u00e1rgyszer\u0171en \u00f6sszegez: &#8222;&#8230; a f\u00fcgg\u00f6ny lefel\u00e9 szalad. Tudom \u00e9n. De sz\u00e9p volt az eg\u00e9sz.&#8221; (Film Sz\u00ednh\u00e1z Muzsika, 1960. \u00e1pr. 15.)<\/p>\n\n\n\n<p>G\u00f3zon Gyula-szobor \u00e9s Kamarasz\u00ednh\u00e1z<\/p>\n\n\n\n<p>Egy-egy \u00fajraj\u00e1tszott filmje kapcs\u00e1n ism\u00e9t el\u0151t\u00e9rbe ker\u00fcl szem\u00e9lye az\u00f3ta is, de a v\u00e9gs\u0151 feled\u00e9s ellen egykori lak\u00f3hely\u00e9nek, R\u00e1kosligetnek lok\u00e1lpatri\u00f3t\u00e1i l\u00e9pnek, \u00e9s lak\u00f3h\u00e1z\u00e1ban 2003-ban megalap\u00edtj\u00e1k a Szab\u00f3 \u00c1gnes vezette G\u00f3zon Gyula Kamarasz\u00ednh\u00e1zat, Pest belv\u00e1ros\u00e1t\u00f3l t\u00e1vol szinte az egyetlen sz\u00ednh\u00e1zat. S\u0151t, 2005. \u00e1prilis 30-\u00e1n, sz\u00fclet\u00e9s\u00e9nek 120. \u00e9vfordul\u00f3ja tisztelet\u00e9re szobrot is avatnak. Babusa J\u00e1nos szobr\u00e1szm\u0171v\u00e9sz alkot\u00e1s\u00e1t <s>egykori lak\u00f3h\u00e1z\u00e1nak erk\u00e9ly\u00e9n<\/s> , a <strong>G\u00f3zon Gyula Kamarasz\u00ednh\u00e1z<\/strong> (<em>rakosliget.hu)<\/em> bej\u00e1rata felett helyezik el. A zs\u0171rizett szobor megalkot\u00e1s\u00e1ban t\u00f6bb mag\u00e1nszem\u00e9ly \u00e9s k\u00e9pvisel\u0151 is t\u00e1mogatja a m\u0171v\u00e9szt, aki v\u00e9g\u00fcl is az alkot\u00e1st felaj\u00e1nlja az \u00f6nkorm\u00e1nyzatnak. A szoboravat\u00e1s egy eml\u00e9km\u0171sorral p\u00e1rosul, amelyet Berky Lili feljegyz\u00e9seib\u0151l, \u00e9s saj\u00e1t hagyat\u00e9k\u00e1ban h\u00e1tramaradt napl\u00f3jegyzeteib\u0151l \u00e1ll\u00edtanak \u00f6ssze, \u00e9s amelyet Czeizel G\u00e1bor rendez. Tolnay Kl\u00e1ri-b\u00e9rlet, \u00e9s Domj\u00e1n Edit nev\u00e9t visel\u0151 b\u00e9rlet r\u00e9v\u00e9n is eg\u00e9sz esztend\u0151ben m\u0171sort szolg\u00e1ltat els\u0151sorban a k\u00f6rny\u00e9k k\u00f6z\u00f6ns\u00e9g\u00e9nek, de a neves sz\u00edn\u00e9szek m\u0171soraira sokan k\u00edv\u00e1ncsiak a v\u00e1ros m\u00e1s r\u00e9sz\u00e9b\u0151l is. R\u00e1kosliget p\u00e9ld\u00e1t mutat neves sz\u00fcl\u00f6ttjeinek hagyom\u00e1ny\u00e1pol\u00e1s\u00e1ban, hisz sz\u00e1mtalan nagys\u00e1gunk m\u00e9g egy eml\u00e9kt\u00e1bl\u00e1nak a felavat\u00e1s\u00e1t sem \u00e9rdemelte ki az ut\u00f3kort\u00f3l.<br><\/p>\n\n\n\n<p><strong><em>Forr\u00e1s:<\/em><\/strong><br>Felavatt\u00e1k G\u00f3zon Gyula szobr\u00e1t &#8211; R\u00e1kosvid\u00e9k, Helyi k\u00f6z\u00e9leti \u00fajs\u00e1g 2005. m\u00e1jus<br>B\u00e1nos Tibor: Kabos Gyula &#8211; Atheneum 2000 Kiad\u00f3, Bp., 2000.<br>Magyar Sz\u00ednh\u00e1zm\u0171v\u00e9szeti Lexikon &#8211; Akad\u00e9miai Kiad\u00f3, Bp., 1994.<br>Bilicsi Tivadar: &#8222;Hol vagytok, ti r\u00e9gi j\u00e1tsz\u00f3t\u00e1rsak?&#8221; &#8211; Gondolat Kiad\u00f3, Bp., 1982.<br>B\u00e1nos Tibor: P\u00e1ly\u00e1k \u00e9s Sorsok \/ A v\u00e1radi sasfi\u00f3k &#8211; Kozmosz K\u00f6nyvek &#8211; Bp., 1981.<br>Alp\u00e1r \u00c1gnes: A f\u0151v\u00e1rosi kabar\u00e9k m\u0171sora 1901-1944. &#8211; MSZI kiad\u00e1sa, Bp., 1979.<br>Antal G\u00e1bor: &#8222;Gyula b\u00e1csi.&#8221; Nekrol\u00f3g helyett G\u00f3zon Gyul\u00e1r\u00f3l &#8211; Sz\u00ednh\u00e1z 1973. 1. sz.<br>P\u00e1ncz\u00e9l Gy\u00f6rgy: G\u00f3zon Gyula &#8211; Filmvil\u00e1g 1972. 21. sz.<br>B\u00e1nos Tibor: A v\u00e1radi sasfi\u00f3k &#8211; Film Sz\u00ednh\u00e1z Muzsika 1972. nov. 11-dec. 16.<br>B\u00e1lint Lajos: G\u00f3zon Gyula &#8211; \u00daj \u00c9let 1972. nov. 1.<br>P\u00e1ncz\u00e9l Gy\u00f6rgy: G\u00f3zon Gyula &#8211; Filmvil\u00e1g 1972. nov. 1.<br>K\u00f6rmendi Judit: G\u00f3zon Gyula &#8211; Film Sz\u00ednh\u00e1z Muzsika 1972. okt. 14.<br>R(ajk) A(ndr\u00e1s): Elhunyt G\u00f3zon Gyula &#8211; N\u00e9pszava 1972. okt. 10.<br>G\u00f3zon Gyula: Egy \u00f6reg sz\u00edn\u00e9sz eml\u00e9kei \/ cikksorozat &#8211; N\u0151k Lapja 1972. febr.-m\u00e1rc.<br>\u00daj filmlexikon &#8211; Akad\u00e9miai Kiad\u00f3, Bp., 1971., 1973.<br>Hont-Staud: Sz\u00ednh\u00e1zi kislexikon &#8211; Gondolat Kiad\u00f3, Bp., 1969.<br>Moln\u00e1r G. P\u00e9ter: Egy sz\u00edn\u00e9sz sz\u00fclet\u00e9snapj\u00e1ra &#8211; N\u00e9pszabads\u00e1g 1965. \u00e1pr. 19.<br>B\u00e1nos Tibor: G\u00f3zon Gyula 80 \u00e9ves &#8211; Filmvil\u00e1g 1965. m\u00e1rc. 1.<br>Demeter Imre: Sz\u00ednh\u00e1zi s\u00e9ta G\u00f3zon Gyul\u00e1val &#8211; Film Sz\u00ednh\u00e1z Muzsika 1960. \u00e1pr. 15.<br><a href=\"#1955\">G\u00e1ch Marianne: Egy \u00f3ra a hetven\u00e9ves G\u00f3zon Gyul\u00e1val &#8211; B\u00e9ke \u00e9s Szabads\u00e1g 1955. \u00e1pr.<\/a><br>Lengyel Istv\u00e1n: \u00d6tven \u00e9v sz\u00ednpadon &#8211; Sz\u00ednh\u00e1z \u00e9s Filmm\u0171v\u00e9szet 1955. m\u00e1rc.<br>Felvid\u00e9ki eml\u00e9k: G\u00f3zon Gyula &#8211; Sz\u00ednh\u00e1zi \u00c9let 1938. november 12.<br>Ujh\u00e1zy Gy\u00f6rgy: Egy kellemes elszeg\u00e9nyed\u00e9s t\u00f6rt\u00e9nete \/ G\u00f3zon Gyula &#8211; D\u00e9lib\u00e1b 1935. j\u00falius 20.<br>Ujh\u00e1zy Gy\u00f6rgy: G\u00f3zon Gyula \/ Siker &#8211; D\u00e9lib\u00e1b 1935. j\u00falius 13.<br>Egyed Zolt\u00e1n: G\u00f3zon \u00far &#8211; Sz\u00ednh\u00e1zi \u00c9let 1931. m\u00e1rcius 1-7. 10. sz.<br>N\u00e9meth Antal: Sz\u00edn\u00e9szeti lexikon &#8211; Gy\u0151z\u0151 Andor Kiad\u00e1sa, Bp., 1930.<br>25 \u00e9ve sz\u00edn\u00e9sz G\u00f3zon Gyula &#8211; D\u00e9lib\u00e1b 1930. j\u00falius 19. 29. sz.<br>8 \u00f3rai \u00fajs\u00e1g 1928. j\u00falius 12. sz\u00e1ma<\/p>\n\n\n\n<p><strong>Kit\u00fcntet\u00e9sei<\/strong>:<br>Kossuth-d\u00edj (1954)<br>\u00c9rdemes M\u0171v\u00e9sz (1951)<br>Kiv\u00e1l\u00f3 M\u0171v\u00e9sz (1955)<\/p>\n\n\n\n<p><\/p>\n\n\n\n<figure class=\"wp-block-image size-large\"><img loading=\"lazy\" decoding=\"async\" width=\"735\" height=\"668\" src=\"http:\/\/rakosliget.hu\/wordpress\/wp-content\/uploads\/2020\/11\/Gozonhaz_2013_09-.jpg\" alt=\"\" class=\"wp-image-6442\" srcset=\"https:\/\/rakosliget.hu\/wordpress\/wp-content\/uploads\/2020\/11\/Gozonhaz_2013_09-.jpg 735w, https:\/\/rakosliget.hu\/wordpress\/wp-content\/uploads\/2020\/11\/Gozonhaz_2013_09--300x273.jpg 300w\" sizes=\"auto, (max-width: 735px) 100vw, 735px\" \/><figcaption class=\"wp-element-caption\">G\u00f3zon Gyula h\u00e1za R\u00e1kosligeten.<\/figcaption><\/figure>\n\n\n\n<h2 class=\"wp-block-heading\"><strong>1933.<\/strong><\/h2>\n\n\n<div class=\"wp-block-image\">\n<figure class=\"aligncenter size-large is-resized\"><a href=\"http:\/\/rakosliget.hu\/wordpress\/wp-content\/uploads\/2020\/11\/1933-februar-5-Gozon-Rakosligetre-koltozik.jpg\"><img loading=\"lazy\" decoding=\"async\" width=\"398\" height=\"1024\" src=\"http:\/\/rakosliget.hu\/wordpress\/wp-content\/uploads\/2020\/11\/1933-februar-5-Gozon-Rakosligetre-koltozik-398x1024.jpg\" alt=\"\" class=\"wp-image-6430\" style=\"width:398px;height:auto\" srcset=\"https:\/\/rakosliget.hu\/wordpress\/wp-content\/uploads\/2020\/11\/1933-februar-5-Gozon-Rakosligetre-koltozik-398x1024.jpg 398w, https:\/\/rakosliget.hu\/wordpress\/wp-content\/uploads\/2020\/11\/1933-februar-5-Gozon-Rakosligetre-koltozik-117x300.jpg 117w, https:\/\/rakosliget.hu\/wordpress\/wp-content\/uploads\/2020\/11\/1933-februar-5-Gozon-Rakosligetre-koltozik.jpg 503w\" sizes=\"auto, (max-width: 398px) 100vw, 398px\" \/><\/a><figcaption class=\"wp-element-caption\">G\u00d3ZON GYULA R\u00e1kosligetre k\u00f6lt\u00f6zik. 1933. febru\u00e1r 05. Az Ujs\u00e1g<\/figcaption><\/figure>\n<\/div>\n\n\n<h2 class=\"wp-block-heading\"><strong>1935.<\/strong><\/h2>\n\n\n<div class=\"wp-block-image\">\n<figure class=\"aligncenter size-large\"><a href=\"http:\/\/rakosliget.hu\/wordpress\/wp-content\/uploads\/2020\/11\/1935-majus-19-Gozon-hazavato.jpg\"><img loading=\"lazy\" decoding=\"async\" width=\"297\" height=\"1024\" src=\"http:\/\/rakosliget.hu\/wordpress\/wp-content\/uploads\/2020\/11\/1935-majus-19-Gozon-hazavato-297x1024.jpg\" alt=\"\" class=\"wp-image-6511\" srcset=\"https:\/\/rakosliget.hu\/wordpress\/wp-content\/uploads\/2020\/11\/1935-majus-19-Gozon-hazavato-297x1024.jpg 297w, https:\/\/rakosliget.hu\/wordpress\/wp-content\/uploads\/2020\/11\/1935-majus-19-Gozon-hazavato-87x300.jpg 87w, https:\/\/rakosliget.hu\/wordpress\/wp-content\/uploads\/2020\/11\/1935-majus-19-Gozon-hazavato-445x1536.jpg 445w, https:\/\/rakosliget.hu\/wordpress\/wp-content\/uploads\/2020\/11\/1935-majus-19-Gozon-hazavato.jpg 473w\" sizes=\"auto, (max-width: 297px) 100vw, 297px\" \/><\/a><figcaption class=\"wp-element-caption\">H\u00e1zavat\u00f3. 1935. m\u00e1jus 19. Az Ujs\u00e1g<\/figcaption><\/figure>\n<\/div>\n\n<div class=\"wp-block-image\">\n<figure class=\"aligncenter size-large\"><img loading=\"lazy\" decoding=\"async\" width=\"299\" height=\"1024\" src=\"https:\/\/rakosliget.hu\/wordpress\/wp-content\/uploads\/2025\/03\/Friss-Ujsag-1935-04-21-10-oldal-Gozon-299x1024.jpg\" alt=\"\" class=\"wp-image-16657\" srcset=\"https:\/\/rakosliget.hu\/wordpress\/wp-content\/uploads\/2025\/03\/Friss-Ujsag-1935-04-21-10-oldal-Gozon-299x1024.jpg 299w, https:\/\/rakosliget.hu\/wordpress\/wp-content\/uploads\/2025\/03\/Friss-Ujsag-1935-04-21-10-oldal-Gozon-88x300.jpg 88w, https:\/\/rakosliget.hu\/wordpress\/wp-content\/uploads\/2025\/03\/Friss-Ujsag-1935-04-21-10-oldal-Gozon-768x2632.jpg 768w, https:\/\/rakosliget.hu\/wordpress\/wp-content\/uploads\/2025\/03\/Friss-Ujsag-1935-04-21-10-oldal-Gozon-448x1536.jpg 448w, https:\/\/rakosliget.hu\/wordpress\/wp-content\/uploads\/2025\/03\/Friss-Ujsag-1935-04-21-10-oldal-Gozon-598x2048.jpg 598w, https:\/\/rakosliget.hu\/wordpress\/wp-content\/uploads\/2025\/03\/Friss-Ujsag-1935-04-21-10-oldal-Gozon-scaled.jpg 747w\" sizes=\"auto, (max-width: 299px) 100vw, 299px\" \/><figcaption class=\"wp-element-caption\">Friss \u00dajs\u00e1g 1935. 04. 21 .10. oldal <\/figcaption><\/figure>\n<\/div>\n\n\n<figure class=\"wp-block-image size-large\"><img loading=\"lazy\" decoding=\"async\" width=\"1024\" height=\"598\" src=\"https:\/\/rakosliget.hu\/wordpress\/wp-content\/uploads\/2024\/06\/Gozon-berki-az-elokertben-Delibab-1935-07-20-30.-szam-1024x598.png\" alt=\"\" class=\"wp-image-12370\" srcset=\"https:\/\/rakosliget.hu\/wordpress\/wp-content\/uploads\/2024\/06\/Gozon-berki-az-elokertben-Delibab-1935-07-20-30.-szam-1024x598.png 1024w, https:\/\/rakosliget.hu\/wordpress\/wp-content\/uploads\/2024\/06\/Gozon-berki-az-elokertben-Delibab-1935-07-20-30.-szam-300x175.png 300w, https:\/\/rakosliget.hu\/wordpress\/wp-content\/uploads\/2024\/06\/Gozon-berki-az-elokertben-Delibab-1935-07-20-30.-szam-768x448.png 768w, https:\/\/rakosliget.hu\/wordpress\/wp-content\/uploads\/2024\/06\/Gozon-berki-az-elokertben-Delibab-1935-07-20-30.-szam.png 1069w\" sizes=\"auto, (max-width: 1024px) 100vw, 1024px\" \/><\/figure>\n\n\n\n<p><\/p>\n\n\n\n<figure class=\"wp-block-image size-large\"><img loading=\"lazy\" decoding=\"async\" width=\"1024\" height=\"848\" src=\"https:\/\/rakosliget.hu\/wordpress\/wp-content\/uploads\/2024\/06\/Gozon-Berki-erkelyen-Delibab-1935-07-20-30.-szam_jav-1024x848.png\" alt=\"\" class=\"wp-image-12371\" srcset=\"https:\/\/rakosliget.hu\/wordpress\/wp-content\/uploads\/2024\/06\/Gozon-Berki-erkelyen-Delibab-1935-07-20-30.-szam_jav-1024x848.png 1024w, https:\/\/rakosliget.hu\/wordpress\/wp-content\/uploads\/2024\/06\/Gozon-Berki-erkelyen-Delibab-1935-07-20-30.-szam_jav-300x249.png 300w, https:\/\/rakosliget.hu\/wordpress\/wp-content\/uploads\/2024\/06\/Gozon-Berki-erkelyen-Delibab-1935-07-20-30.-szam_jav-768x636.png 768w, https:\/\/rakosliget.hu\/wordpress\/wp-content\/uploads\/2024\/06\/Gozon-Berki-erkelyen-Delibab-1935-07-20-30.-szam_jav.png 1102w\" sizes=\"auto, (max-width: 1024px) 100vw, 1024px\" \/><\/figure>\n\n\n\n<figure class=\"wp-block-image size-large\"><img loading=\"lazy\" decoding=\"async\" width=\"703\" height=\"1024\" src=\"https:\/\/rakosliget.hu\/wordpress\/wp-content\/uploads\/2024\/06\/Delibab_1935-2-1716667306__pages224-225-conv-1-703x1024.jpeg\" alt=\"\" class=\"wp-image-12372\" srcset=\"https:\/\/rakosliget.hu\/wordpress\/wp-content\/uploads\/2024\/06\/Delibab_1935-2-1716667306__pages224-225-conv-1-703x1024.jpeg 703w, https:\/\/rakosliget.hu\/wordpress\/wp-content\/uploads\/2024\/06\/Delibab_1935-2-1716667306__pages224-225-conv-1-206x300.jpeg 206w, https:\/\/rakosliget.hu\/wordpress\/wp-content\/uploads\/2024\/06\/Delibab_1935-2-1716667306__pages224-225-conv-1-768x1119.jpeg 768w, https:\/\/rakosliget.hu\/wordpress\/wp-content\/uploads\/2024\/06\/Delibab_1935-2-1716667306__pages224-225-conv-1-1054x1536.jpeg 1054w, https:\/\/rakosliget.hu\/wordpress\/wp-content\/uploads\/2024\/06\/Delibab_1935-2-1716667306__pages224-225-conv-1.jpeg 1144w\" sizes=\"auto, (max-width: 703px) 100vw, 703px\" \/><\/figure>\n\n\n\n<figure class=\"wp-block-image size-large\"><img loading=\"lazy\" decoding=\"async\" width=\"699\" height=\"1024\" src=\"https:\/\/rakosliget.hu\/wordpress\/wp-content\/uploads\/2024\/06\/Delibab_1935-2-1716667306__pages224-225-conv-2-699x1024.jpeg\" alt=\"\" class=\"wp-image-12373\" srcset=\"https:\/\/rakosliget.hu\/wordpress\/wp-content\/uploads\/2024\/06\/Delibab_1935-2-1716667306__pages224-225-conv-2-699x1024.jpeg 699w, https:\/\/rakosliget.hu\/wordpress\/wp-content\/uploads\/2024\/06\/Delibab_1935-2-1716667306__pages224-225-conv-2-205x300.jpeg 205w, https:\/\/rakosliget.hu\/wordpress\/wp-content\/uploads\/2024\/06\/Delibab_1935-2-1716667306__pages224-225-conv-2-768x1125.jpeg 768w, https:\/\/rakosliget.hu\/wordpress\/wp-content\/uploads\/2024\/06\/Delibab_1935-2-1716667306__pages224-225-conv-2-1049x1536.jpeg 1049w, https:\/\/rakosliget.hu\/wordpress\/wp-content\/uploads\/2024\/06\/Delibab_1935-2-1716667306__pages224-225-conv-2.jpeg 1133w\" sizes=\"auto, (max-width: 699px) 100vw, 699px\" \/><\/figure>\n\n\n\n<figure class=\"wp-block-image size-full\"><img loading=\"lazy\" decoding=\"async\" width=\"1221\" height=\"2560\" src=\"https:\/\/rakosliget.hu\/wordpress\/wp-content\/uploads\/2026\/01\/Gozon-scaled.jpg\" alt=\"\" class=\"wp-image-20839\" srcset=\"https:\/\/rakosliget.hu\/wordpress\/wp-content\/uploads\/2026\/01\/Gozon-scaled.jpg 1221w, https:\/\/rakosliget.hu\/wordpress\/wp-content\/uploads\/2026\/01\/Gozon-143x300.jpg 143w, https:\/\/rakosliget.hu\/wordpress\/wp-content\/uploads\/2026\/01\/Gozon-768x1611.jpg 768w, https:\/\/rakosliget.hu\/wordpress\/wp-content\/uploads\/2026\/01\/Gozon-732x1536.jpg 732w, https:\/\/rakosliget.hu\/wordpress\/wp-content\/uploads\/2026\/01\/Gozon-977x2048.jpg 977w\" sizes=\"auto, (max-width: 1221px) 100vw, 1221px\" \/><figcaption class=\"wp-element-caption\">Egyenl\u0151s\u00e9g 1935. j\u00fanius 22. 17. oldal<\/figcaption><\/figure>\n\n\n\n<h2 class=\"wp-block-heading\"><strong>1937.<\/strong><\/h2>\n\n\n<div class=\"wp-block-image\">\n<figure class=\"aligncenter size-large\"><img loading=\"lazy\" decoding=\"async\" width=\"587\" height=\"709\" src=\"http:\/\/rakosliget.hu\/wordpress\/wp-content\/uploads\/2020\/02\/arveres-1937-febru\u00e1r-18.jpg\" alt=\"\" class=\"wp-image-4684\" srcset=\"https:\/\/rakosliget.hu\/wordpress\/wp-content\/uploads\/2020\/02\/arveres-1937-febru\u00e1r-18.jpg 587w, https:\/\/rakosliget.hu\/wordpress\/wp-content\/uploads\/2020\/02\/arveres-1937-febru\u00e1r-18-248x300.jpg 248w\" sizes=\"auto, (max-width: 587px) 100vw, 587px\" \/><figcaption class=\"wp-element-caption\">V\u00e9grehajt\u00e1s G\u00f3zon\u00e9k ellen. 1937. febru\u00e1r 18. Budapesti K\u00f6zl\u00f6ny Hivatalos \u00c9rtes\u00edt\u0151je<\/figcaption><\/figure>\n<\/div>\n\n<div class=\"wp-block-image\">\n<figure class=\"aligncenter size-full\"><img loading=\"lazy\" decoding=\"async\" width=\"780\" height=\"292\" src=\"https:\/\/rakosliget.hu\/wordpress\/wp-content\/uploads\/2026\/01\/chevra.jpg\" alt=\"\" class=\"wp-image-20844\" srcset=\"https:\/\/rakosliget.hu\/wordpress\/wp-content\/uploads\/2026\/01\/chevra.jpg 780w, https:\/\/rakosliget.hu\/wordpress\/wp-content\/uploads\/2026\/01\/chevra-300x112.jpg 300w, https:\/\/rakosliget.hu\/wordpress\/wp-content\/uploads\/2026\/01\/chevra-768x288.jpg 768w\" sizes=\"auto, (max-width: 780px) 100vw, 780px\" \/><figcaption class=\"wp-element-caption\">1937-03-18 12. sz\u00e1m 14. oldal<\/figcaption><\/figure>\n<\/div>\n\n\n<h2 class=\"wp-block-heading\">1940<\/h2>\n\n\n<div class=\"wp-block-image\">\n<figure class=\"aligncenter size-large\"><a href=\"http:\/\/rakosliget.hu\/wordpress\/wp-content\/uploads\/2020\/11\/1940-februar-25-Gozon-auto.jpg\"><img loading=\"lazy\" decoding=\"async\" width=\"271\" height=\"1024\" src=\"http:\/\/rakosliget.hu\/wordpress\/wp-content\/uploads\/2020\/11\/1940-februar-25-Gozon-auto-271x1024.jpg\" alt=\"\" class=\"wp-image-6651\" srcset=\"https:\/\/rakosliget.hu\/wordpress\/wp-content\/uploads\/2020\/11\/1940-februar-25-Gozon-auto-271x1024.jpg 271w, https:\/\/rakosliget.hu\/wordpress\/wp-content\/uploads\/2020\/11\/1940-februar-25-Gozon-auto-79x300.jpg 79w, https:\/\/rakosliget.hu\/wordpress\/wp-content\/uploads\/2020\/11\/1940-februar-25-Gozon-auto-406x1536.jpg 406w, https:\/\/rakosliget.hu\/wordpress\/wp-content\/uploads\/2020\/11\/1940-februar-25-Gozon-auto.jpg 470w\" sizes=\"auto, (max-width: 271px) 100vw, 271px\" \/><\/a><figcaption class=\"wp-element-caption\">G\u00f3zon jogos\u00edtv\u00e1ny. 1940. febru\u00e1r 25. Az Ujs\u00e1g<\/figcaption><\/figure>\n<\/div>\n\n\n<h2 class=\"wp-block-heading\"><strong>1943.<\/strong><\/h2>\n\n\n\n<p><br>Folytat\u00f3dik a zsid\u00f3\u00fcld\u00f6z\u00e9s. Ekkor veszik el G\u00f3zon Gyul\u00e1t\u00f3l is a r\u00e1di\u00f3t. Kikapcsolt\u00e1k a zsid\u00f3 sz\u00e1rmaz\u00e1s\u00faak&nbsp; telefonjait. Egyed\u00fcl Blum dr.-n\u00e1l m\u0171k\u00f6dhetett tov\u00e1bb.<\/p>\n\n\n\n<h2 class=\"wp-block-heading\">1945<\/h2>\n\n\n\n<p>G\u00f3zon Gyula \u00e9s 13 munkaszolg\u00e1latos maradhatott R\u00e1kosligeten.<\/p>\n\n\n\n<h2 class=\"wp-block-heading\" id=\"1955\">1950<\/h2>\n\n\n\n<p><a href=\"https:\/\/rakosliget.hu\/wordpress\/index.php\/uj-elet\/\">Riport az Uj \u00c9let lapban<\/a><\/p>\n\n\n\n<h2 class=\"wp-block-heading\">1955<\/h2>\n\n\n\n<figure class=\"wp-block-image size-large\"><a href=\"http:\/\/rakosliget.hu\/wordpress\/wp-content\/uploads\/2020\/11\/BekeEsSzabadsag_1955_1__pages384-384_.pdf\"><img loading=\"lazy\" decoding=\"async\" width=\"717\" height=\"1024\" src=\"http:\/\/rakosliget.hu\/wordpress\/wp-content\/uploads\/2020\/11\/BekeEsSzabadsag_1955_1__pages384-384_-pdf-717x1024.jpg\" alt=\"\" class=\"wp-image-8103\"\/><\/a><figcaption class=\"wp-element-caption\">B\u00e9ke \u00e9s Szabads\u00e1g hetilap. 1955 1. sz\u00e1m<\/figcaption><\/figure>\n\n\n\n<h2 class=\"wp-block-heading\">1973<\/h2>\n\n\n<div class=\"wp-block-image\">\n<figure class=\"aligncenter size-large\"><a href=\"http:\/\/rakosliget.hu\/wordpress\/wp-content\/uploads\/2020\/11\/1973-augusztus-14-Gozon-a-szineszmuzeumban-scaled.jpg\"><img loading=\"lazy\" decoding=\"async\" width=\"343\" height=\"1024\" src=\"http:\/\/rakosliget.hu\/wordpress\/wp-content\/uploads\/2020\/11\/1973-augusztus-14-Gozon-a-szineszmuzeumban-343x1024.jpg\" alt=\"\" class=\"wp-image-7077\" srcset=\"https:\/\/rakosliget.hu\/wordpress\/wp-content\/uploads\/2020\/11\/1973-augusztus-14-Gozon-a-szineszmuzeumban-343x1024.jpg 343w, https:\/\/rakosliget.hu\/wordpress\/wp-content\/uploads\/2020\/11\/1973-augusztus-14-Gozon-a-szineszmuzeumban-100x300.jpg 100w, https:\/\/rakosliget.hu\/wordpress\/wp-content\/uploads\/2020\/11\/1973-augusztus-14-Gozon-a-szineszmuzeumban-768x2293.jpg 768w, https:\/\/rakosliget.hu\/wordpress\/wp-content\/uploads\/2020\/11\/1973-augusztus-14-Gozon-a-szineszmuzeumban-514x1536.jpg 514w, https:\/\/rakosliget.hu\/wordpress\/wp-content\/uploads\/2020\/11\/1973-augusztus-14-Gozon-a-szineszmuzeumban-686x2048.jpg 686w, https:\/\/rakosliget.hu\/wordpress\/wp-content\/uploads\/2020\/11\/1973-augusztus-14-Gozon-a-szineszmuzeumban-scaled.jpg 857w\" sizes=\"auto, (max-width: 343px) 100vw, 343px\" \/><\/a><figcaption class=\"wp-element-caption\">1973. augusztus 14. Esti H\u00edrlap<\/figcaption><\/figure>\n<\/div>\n\n\n<h2 class=\"wp-block-heading\">1981<\/h2>\n\n\n<div class=\"wp-block-image\">\n<figure class=\"aligncenter size-large\"><a href=\"http:\/\/rakosliget.hu\/wordpress\/wp-content\/uploads\/2020\/11\/1981-oktober-16-Gozon-villa.jpg\"><img loading=\"lazy\" decoding=\"async\" width=\"1024\" height=\"937\" src=\"http:\/\/rakosliget.hu\/wordpress\/wp-content\/uploads\/2020\/11\/1981-oktober-16-Gozon-villa-1024x937.jpg\" alt=\"\" class=\"wp-image-7105\" srcset=\"https:\/\/rakosliget.hu\/wordpress\/wp-content\/uploads\/2020\/11\/1981-oktober-16-Gozon-villa-1024x937.jpg 1024w, https:\/\/rakosliget.hu\/wordpress\/wp-content\/uploads\/2020\/11\/1981-oktober-16-Gozon-villa-300x275.jpg 300w, https:\/\/rakosliget.hu\/wordpress\/wp-content\/uploads\/2020\/11\/1981-oktober-16-Gozon-villa-768x703.jpg 768w, https:\/\/rakosliget.hu\/wordpress\/wp-content\/uploads\/2020\/11\/1981-oktober-16-Gozon-villa.jpg 1231w\" sizes=\"auto, (max-width: 1024px) 100vw, 1024px\" \/><\/a><figcaption class=\"wp-element-caption\">1981. okt\u00f3ber 16. Esti H\u00edrlap<\/figcaption><\/figure>\n<\/div>\n\n<div class=\"wp-block-image\">\n<figure class=\"aligncenter size-large\"><img loading=\"lazy\" decoding=\"async\" width=\"431\" height=\"1024\" src=\"http:\/\/rakosliget.hu\/wordpress\/wp-content\/uploads\/2019\/11\/gozon-gyula-431x1024.jpg\" alt=\"\" class=\"wp-image-2877\" srcset=\"https:\/\/rakosliget.hu\/wordpress\/wp-content\/uploads\/2019\/11\/gozon-gyula-431x1024.jpg 431w, https:\/\/rakosliget.hu\/wordpress\/wp-content\/uploads\/2019\/11\/gozon-gyula-126x300.jpg 126w, https:\/\/rakosliget.hu\/wordpress\/wp-content\/uploads\/2019\/11\/gozon-gyula-768x1825.jpg 768w, https:\/\/rakosliget.hu\/wordpress\/wp-content\/uploads\/2019\/11\/gozon-gyula-646x1536.jpg 646w, https:\/\/rakosliget.hu\/wordpress\/wp-content\/uploads\/2019\/11\/gozon-gyula-862x2048.jpg 862w, https:\/\/rakosliget.hu\/wordpress\/wp-content\/uploads\/2019\/11\/gozon-gyula.jpg 1017w\" sizes=\"auto, (max-width: 431px) 100vw, 431px\" \/><\/figure>\n<\/div>\n\n<div class=\"wp-block-image\">\n<figure class=\"aligncenter size-large\"><a href=\"http:\/\/rakosliget.hu\/wordpress\/wp-content\/uploads\/2019\/08\/34.jpg\"><img loading=\"lazy\" decoding=\"async\" width=\"478\" height=\"600\" src=\"http:\/\/rakosliget.hu\/wordpress\/wp-content\/uploads\/2019\/08\/34.jpg\" alt=\"\" class=\"wp-image-2534\" srcset=\"https:\/\/rakosliget.hu\/wordpress\/wp-content\/uploads\/2019\/08\/34.jpg 478w, https:\/\/rakosliget.hu\/wordpress\/wp-content\/uploads\/2019\/08\/34-239x300.jpg 239w\" sizes=\"auto, (max-width: 478px) 100vw, 478px\" \/><\/a><figcaption class=\"wp-element-caption\">G\u00f3zon Gyula eml\u00e9kt\u00e1bl\u00e1ja a r\u00f3la elnevezett utc\u00e1ban, egykori lak\u00f3hely\u00e9n l\u00e9v\u0151 h\u00e1z fal\u00e1n.<\/figcaption><\/figure>\n<\/div>\n\n\n<figure class=\"wp-block-image size-large\"><img loading=\"lazy\" decoding=\"async\" width=\"1024\" height=\"967\" src=\"https:\/\/rakosliget.hu\/wordpress\/wp-content\/uploads\/2023\/01\/gozonvilla-1024x967.jpg\" alt=\"\" class=\"wp-image-10817\" srcset=\"https:\/\/rakosliget.hu\/wordpress\/wp-content\/uploads\/2023\/01\/gozonvilla-1024x967.jpg 1024w, https:\/\/rakosliget.hu\/wordpress\/wp-content\/uploads\/2023\/01\/gozonvilla-300x283.jpg 300w, https:\/\/rakosliget.hu\/wordpress\/wp-content\/uploads\/2023\/01\/gozonvilla-768x725.jpg 768w, https:\/\/rakosliget.hu\/wordpress\/wp-content\/uploads\/2023\/01\/gozonvilla.jpg 1500w\" sizes=\"auto, (max-width: 1024px) 100vw, 1024px\" \/><figcaption class=\"wp-element-caption\">Forr\u00e1s: N\u00e9pszabads\u00e1g 2000. december 20.<\/figcaption><\/figure>\n\n\n\n<hr class=\"wp-block-separator has-alpha-channel-opacity\"\/>\n\n\n\n<p>F\u00e9nyk\u00e9pek G\u00f3zon Gyula hagyat\u00e9k\u00e1b\u00f3l. A k\u00e9pek csak a szerz\u0151 enged\u00e9yl\u00e9vel haszn\u00e1lhat\u00f3k fel! Ezt k\u00e9rem figyelembe venni. Fot\u00f3: Voloncs Eta 2023.november 8.<\/p>\n\n\n\n<figure class=\"wp-block-gallery has-nested-images columns-default is-cropped wp-block-gallery-1 is-layout-flex wp-block-gallery-is-layout-flex\">\n<figure class=\"wp-block-image size-large\"><img loading=\"lazy\" decoding=\"async\" width=\"768\" height=\"1024\" data-id=\"12071\" src=\"https:\/\/rakosliget.hu\/wordpress\/wp-content\/uploads\/2023\/11\/received_194333037048709-768x1024.jpeg\" alt=\"\" class=\"wp-image-12071\" srcset=\"https:\/\/rakosliget.hu\/wordpress\/wp-content\/uploads\/2023\/11\/received_194333037048709-768x1024.jpeg 768w, https:\/\/rakosliget.hu\/wordpress\/wp-content\/uploads\/2023\/11\/received_194333037048709-225x300.jpeg 225w, https:\/\/rakosliget.hu\/wordpress\/wp-content\/uploads\/2023\/11\/received_194333037048709-1152x1536.jpeg 1152w, https:\/\/rakosliget.hu\/wordpress\/wp-content\/uploads\/2023\/11\/received_194333037048709.jpeg 1536w\" sizes=\"auto, (max-width: 768px) 100vw, 768px\" \/><\/figure>\n\n\n\n<figure class=\"wp-block-image size-large\"><img loading=\"lazy\" decoding=\"async\" width=\"768\" height=\"1024\" data-id=\"12070\" src=\"https:\/\/rakosliget.hu\/wordpress\/wp-content\/uploads\/2023\/11\/received_243571011782688-768x1024.jpeg\" alt=\"\" class=\"wp-image-12070\" srcset=\"https:\/\/rakosliget.hu\/wordpress\/wp-content\/uploads\/2023\/11\/received_243571011782688-768x1024.jpeg 768w, https:\/\/rakosliget.hu\/wordpress\/wp-content\/uploads\/2023\/11\/received_243571011782688-225x300.jpeg 225w, https:\/\/rakosliget.hu\/wordpress\/wp-content\/uploads\/2023\/11\/received_243571011782688-1152x1536.jpeg 1152w, https:\/\/rakosliget.hu\/wordpress\/wp-content\/uploads\/2023\/11\/received_243571011782688.jpeg 1536w\" sizes=\"auto, (max-width: 768px) 100vw, 768px\" \/><\/figure>\n\n\n\n<figure class=\"wp-block-image size-large\"><img loading=\"lazy\" decoding=\"async\" width=\"768\" height=\"1024\" data-id=\"12072\" src=\"https:\/\/rakosliget.hu\/wordpress\/wp-content\/uploads\/2023\/11\/received_268241222389927-768x1024.jpeg\" alt=\"\" class=\"wp-image-12072\" srcset=\"https:\/\/rakosliget.hu\/wordpress\/wp-content\/uploads\/2023\/11\/received_268241222389927-768x1024.jpeg 768w, https:\/\/rakosliget.hu\/wordpress\/wp-content\/uploads\/2023\/11\/received_268241222389927-225x300.jpeg 225w, https:\/\/rakosliget.hu\/wordpress\/wp-content\/uploads\/2023\/11\/received_268241222389927-1152x1536.jpeg 1152w, https:\/\/rakosliget.hu\/wordpress\/wp-content\/uploads\/2023\/11\/received_268241222389927.jpeg 1500w\" sizes=\"auto, (max-width: 768px) 100vw, 768px\" \/><\/figure>\n\n\n\n<figure class=\"wp-block-image size-large\"><img loading=\"lazy\" decoding=\"async\" width=\"768\" height=\"1024\" data-id=\"12074\" src=\"https:\/\/rakosliget.hu\/wordpress\/wp-content\/uploads\/2023\/11\/received_339754588747172_jo-768x1024.jpg\" alt=\"\" class=\"wp-image-12074\" srcset=\"https:\/\/rakosliget.hu\/wordpress\/wp-content\/uploads\/2023\/11\/received_339754588747172_jo-768x1024.jpg 768w, https:\/\/rakosliget.hu\/wordpress\/wp-content\/uploads\/2023\/11\/received_339754588747172_jo-225x300.jpg 225w, https:\/\/rakosliget.hu\/wordpress\/wp-content\/uploads\/2023\/11\/received_339754588747172_jo-1152x1536.jpg 1152w, https:\/\/rakosliget.hu\/wordpress\/wp-content\/uploads\/2023\/11\/received_339754588747172_jo.jpg 1536w\" sizes=\"auto, (max-width: 768px) 100vw, 768px\" \/><\/figure>\n\n\n\n<figure class=\"wp-block-image size-large\"><img loading=\"lazy\" decoding=\"async\" width=\"765\" height=\"1024\" data-id=\"12069\" src=\"https:\/\/rakosliget.hu\/wordpress\/wp-content\/uploads\/2023\/11\/received_353052527253238-765x1024.jpeg\" alt=\"\" class=\"wp-image-12069\" srcset=\"https:\/\/rakosliget.hu\/wordpress\/wp-content\/uploads\/2023\/11\/received_353052527253238-765x1024.jpeg 765w, https:\/\/rakosliget.hu\/wordpress\/wp-content\/uploads\/2023\/11\/received_353052527253238-224x300.jpeg 224w, https:\/\/rakosliget.hu\/wordpress\/wp-content\/uploads\/2023\/11\/received_353052527253238-768x1028.jpeg 768w, https:\/\/rakosliget.hu\/wordpress\/wp-content\/uploads\/2023\/11\/received_353052527253238-1148x1536.jpeg 1148w, https:\/\/rakosliget.hu\/wordpress\/wp-content\/uploads\/2023\/11\/received_353052527253238.jpeg 1530w\" sizes=\"auto, (max-width: 765px) 100vw, 765px\" \/><\/figure>\n\n\n\n<figure class=\"wp-block-image size-large\"><img loading=\"lazy\" decoding=\"async\" width=\"768\" height=\"1024\" data-id=\"12073\" src=\"https:\/\/rakosliget.hu\/wordpress\/wp-content\/uploads\/2023\/11\/received_362402516260939-768x1024.jpeg\" alt=\"\" class=\"wp-image-12073\" srcset=\"https:\/\/rakosliget.hu\/wordpress\/wp-content\/uploads\/2023\/11\/received_362402516260939-768x1024.jpeg 768w, https:\/\/rakosliget.hu\/wordpress\/wp-content\/uploads\/2023\/11\/received_362402516260939-225x300.jpeg 225w, https:\/\/rakosliget.hu\/wordpress\/wp-content\/uploads\/2023\/11\/received_362402516260939-1152x1536.jpeg 1152w, https:\/\/rakosliget.hu\/wordpress\/wp-content\/uploads\/2023\/11\/received_362402516260939.jpeg 1536w\" sizes=\"auto, (max-width: 768px) 100vw, 768px\" \/><\/figure>\n\n\n\n<figure class=\"wp-block-image size-large\"><img loading=\"lazy\" decoding=\"async\" width=\"768\" height=\"1024\" data-id=\"12075\" src=\"https:\/\/rakosliget.hu\/wordpress\/wp-content\/uploads\/2023\/11\/received_363657322895324-768x1024.jpeg\" alt=\"\" class=\"wp-image-12075\" srcset=\"https:\/\/rakosliget.hu\/wordpress\/wp-content\/uploads\/2023\/11\/received_363657322895324-768x1024.jpeg 768w, https:\/\/rakosliget.hu\/wordpress\/wp-content\/uploads\/2023\/11\/received_363657322895324-225x300.jpeg 225w, https:\/\/rakosliget.hu\/wordpress\/wp-content\/uploads\/2023\/11\/received_363657322895324-1152x1536.jpeg 1152w, https:\/\/rakosliget.hu\/wordpress\/wp-content\/uploads\/2023\/11\/received_363657322895324.jpeg 1536w\" sizes=\"auto, (max-width: 768px) 100vw, 768px\" \/><\/figure>\n\n\n\n<figure class=\"wp-block-image size-large\"><img loading=\"lazy\" decoding=\"async\" width=\"768\" height=\"1024\" data-id=\"12077\" src=\"https:\/\/rakosliget.hu\/wordpress\/wp-content\/uploads\/2023\/11\/received_641221611520889_jo-768x1024.jpg\" alt=\"\" class=\"wp-image-12077\" srcset=\"https:\/\/rakosliget.hu\/wordpress\/wp-content\/uploads\/2023\/11\/received_641221611520889_jo-768x1024.jpg 768w, https:\/\/rakosliget.hu\/wordpress\/wp-content\/uploads\/2023\/11\/received_641221611520889_jo-225x300.jpg 225w, https:\/\/rakosliget.hu\/wordpress\/wp-content\/uploads\/2023\/11\/received_641221611520889_jo-1152x1536.jpg 1152w, https:\/\/rakosliget.hu\/wordpress\/wp-content\/uploads\/2023\/11\/received_641221611520889_jo.jpg 1500w\" sizes=\"auto, (max-width: 768px) 100vw, 768px\" \/><\/figure>\n\n\n\n<figure class=\"wp-block-image size-large\"><img loading=\"lazy\" decoding=\"async\" width=\"768\" height=\"1024\" data-id=\"12076\" src=\"https:\/\/rakosliget.hu\/wordpress\/wp-content\/uploads\/2023\/11\/received_674044878150215-768x1024.jpeg\" alt=\"\" class=\"wp-image-12076\" srcset=\"https:\/\/rakosliget.hu\/wordpress\/wp-content\/uploads\/2023\/11\/received_674044878150215-768x1024.jpeg 768w, https:\/\/rakosliget.hu\/wordpress\/wp-content\/uploads\/2023\/11\/received_674044878150215-225x300.jpeg 225w, https:\/\/rakosliget.hu\/wordpress\/wp-content\/uploads\/2023\/11\/received_674044878150215-1152x1536.jpeg 1152w, https:\/\/rakosliget.hu\/wordpress\/wp-content\/uploads\/2023\/11\/received_674044878150215.jpeg 1536w\" sizes=\"auto, (max-width: 768px) 100vw, 768px\" \/><\/figure>\n\n\n\n<figure class=\"wp-block-image size-large\"><img loading=\"lazy\" decoding=\"async\" width=\"768\" height=\"1024\" data-id=\"12078\" src=\"https:\/\/rakosliget.hu\/wordpress\/wp-content\/uploads\/2023\/11\/received_1107994510182827-768x1024.jpeg\" alt=\"\" class=\"wp-image-12078\" srcset=\"https:\/\/rakosliget.hu\/wordpress\/wp-content\/uploads\/2023\/11\/received_1107994510182827-768x1024.jpeg 768w, https:\/\/rakosliget.hu\/wordpress\/wp-content\/uploads\/2023\/11\/received_1107994510182827-225x300.jpeg 225w, https:\/\/rakosliget.hu\/wordpress\/wp-content\/uploads\/2023\/11\/received_1107994510182827-1152x1536.jpeg 1152w, https:\/\/rakosliget.hu\/wordpress\/wp-content\/uploads\/2023\/11\/received_1107994510182827.jpeg 1500w\" sizes=\"auto, (max-width: 768px) 100vw, 768px\" \/><\/figure>\n\n\n\n<figure class=\"wp-block-image size-large\"><img loading=\"lazy\" decoding=\"async\" width=\"768\" height=\"1024\" data-id=\"12080\" src=\"https:\/\/rakosliget.hu\/wordpress\/wp-content\/uploads\/2023\/11\/received_1479248686191026-768x1024.jpeg\" alt=\"\" class=\"wp-image-12080\" srcset=\"https:\/\/rakosliget.hu\/wordpress\/wp-content\/uploads\/2023\/11\/received_1479248686191026-768x1024.jpeg 768w, https:\/\/rakosliget.hu\/wordpress\/wp-content\/uploads\/2023\/11\/received_1479248686191026-225x300.jpeg 225w, https:\/\/rakosliget.hu\/wordpress\/wp-content\/uploads\/2023\/11\/received_1479248686191026-1152x1536.jpeg 1152w, https:\/\/rakosliget.hu\/wordpress\/wp-content\/uploads\/2023\/11\/received_1479248686191026.jpeg 1536w\" sizes=\"auto, (max-width: 768px) 100vw, 768px\" \/><\/figure>\n\n\n\n<figure class=\"wp-block-image size-large\"><img loading=\"lazy\" decoding=\"async\" width=\"768\" height=\"1024\" data-id=\"12079\" src=\"https:\/\/rakosliget.hu\/wordpress\/wp-content\/uploads\/2023\/11\/received_1769096730228660-768x1024.jpeg\" alt=\"\" class=\"wp-image-12079\" srcset=\"https:\/\/rakosliget.hu\/wordpress\/wp-content\/uploads\/2023\/11\/received_1769096730228660-768x1024.jpeg 768w, https:\/\/rakosliget.hu\/wordpress\/wp-content\/uploads\/2023\/11\/received_1769096730228660-225x300.jpeg 225w, https:\/\/rakosliget.hu\/wordpress\/wp-content\/uploads\/2023\/11\/received_1769096730228660-1152x1536.jpeg 1152w, https:\/\/rakosliget.hu\/wordpress\/wp-content\/uploads\/2023\/11\/received_1769096730228660.jpeg 1500w\" sizes=\"auto, (max-width: 768px) 100vw, 768px\" \/><\/figure>\n\n\n\n<figure class=\"wp-block-image size-large\"><img loading=\"lazy\" decoding=\"async\" width=\"768\" height=\"1024\" data-id=\"12081\" src=\"https:\/\/rakosliget.hu\/wordpress\/wp-content\/uploads\/2023\/11\/received_2652336068273866-768x1024.jpeg\" alt=\"\" class=\"wp-image-12081\" srcset=\"https:\/\/rakosliget.hu\/wordpress\/wp-content\/uploads\/2023\/11\/received_2652336068273866-768x1024.jpeg 768w, https:\/\/rakosliget.hu\/wordpress\/wp-content\/uploads\/2023\/11\/received_2652336068273866-225x300.jpeg 225w, https:\/\/rakosliget.hu\/wordpress\/wp-content\/uploads\/2023\/11\/received_2652336068273866-1152x1536.jpeg 1152w, https:\/\/rakosliget.hu\/wordpress\/wp-content\/uploads\/2023\/11\/received_2652336068273866.jpeg 1536w\" sizes=\"auto, (max-width: 768px) 100vw, 768px\" \/><\/figure>\n\n\n\n<figure class=\"wp-block-image size-large\"><img loading=\"lazy\" decoding=\"async\" width=\"835\" height=\"1024\" data-id=\"12082\" src=\"https:\/\/rakosliget.hu\/wordpress\/wp-content\/uploads\/2023\/11\/received_6689230357863255_jo-835x1024.jpg\" alt=\"\" class=\"wp-image-12082\" srcset=\"https:\/\/rakosliget.hu\/wordpress\/wp-content\/uploads\/2023\/11\/received_6689230357863255_jo-835x1024.jpg 835w, https:\/\/rakosliget.hu\/wordpress\/wp-content\/uploads\/2023\/11\/received_6689230357863255_jo-245x300.jpg 245w, https:\/\/rakosliget.hu\/wordpress\/wp-content\/uploads\/2023\/11\/received_6689230357863255_jo-768x942.jpg 768w, https:\/\/rakosliget.hu\/wordpress\/wp-content\/uploads\/2023\/11\/received_6689230357863255_jo-1252x1536.jpg 1252w, https:\/\/rakosliget.hu\/wordpress\/wp-content\/uploads\/2023\/11\/received_6689230357863255_jo.jpg 1518w\" sizes=\"auto, (max-width: 835px) 100vw, 835px\" \/><\/figure>\n<\/figure>\n\n\n\n<p>Fot\u00f3: Voloncss Eta 2023. november<\/p>\n\n\n\n<div class=\"wp-block-buttons is-content-justification-center is-layout-flex wp-container-core-buttons-is-layout-16018d1d wp-block-buttons-is-layout-flex\">\n<div class=\"wp-block-button\"><a class=\"wp-block-button__link wp-element-button\" href=\"https:\/\/rakosliget.hu\/wordpress\/index.php\/muveszet\/\">VISSZA A M\u0170V\u00c9SZET LAPRA<\/a><\/div>\n<\/div>\n","protected":false},"excerpt":{"rendered":"<p>1885. \u00e1prilis 19. \u00c9rsek\u00fajv\u00e1r, Magyarorsz\u00e1g, ma Nov\u00e9 Z\u00e1mky, Szlov\u00e1kia &#8211; 1972. okt\u00f3ber 8. Budapest, Magyarorsz\u00e1g Feles\u00e9ge: Berky Lili sz\u00edn\u00e9szn\u0151 (1886-1958) &#8211; 1917-1958 (hal\u00e1l\u00e1ig) Az al\u00e1bbi \u00f6ssze\u00e1ll\u00edt\u00e1st k\u00e9sz\u00edtette: Tak\u00e1cs Istv\u00e1n Nyelvi lektor: D\u00e9v\u00e9nyi Ildik\u00f3Pontos\u00edt\u00e1s: rakosliget.huEredetileg megjelent: 2009. december 21. http:\/\/www.szineszkonyvtar.hu\/contents\/f-j\/gozonelet.htm Jelenleg m\u00e9g olvashat\u00f3: 2020. 12.20. Kezdetek \u00c9letrajza r\u00f6viden:1902-1906 &#8211; Polg\u00e1r K\u00e1roly sz\u00ednt\u00e1rsulat\u00e1n\u00e1l a D\u00e9lvid\u00e9ken1906-1910-ig &#8211; Nagyv\u00e1radon &hellip; <a href=\"https:\/\/rakosliget.hu\/wordpress\/index.php\/gozon-gyula\/\" class=\"more-link\"><span class=\"screen-reader-text\">G\u00d3ZON GYULA sz\u00ednm\u0171v\u00e9sz<\/span> r\u00e9szletei&#8230;<\/a><\/p>\n","protected":false},"author":1,"featured_media":6440,"parent":0,"menu_order":0,"comment_status":"closed","ping_status":"closed","template":"","meta":{"footnotes":""},"class_list":["post-6428","page","type-page","status-publish","has-post-thumbnail","hentry"],"_links":{"self":[{"href":"https:\/\/rakosliget.hu\/wordpress\/index.php\/wp-json\/wp\/v2\/pages\/6428","targetHints":{"allow":["GET"]}}],"collection":[{"href":"https:\/\/rakosliget.hu\/wordpress\/index.php\/wp-json\/wp\/v2\/pages"}],"about":[{"href":"https:\/\/rakosliget.hu\/wordpress\/index.php\/wp-json\/wp\/v2\/types\/page"}],"author":[{"embeddable":true,"href":"https:\/\/rakosliget.hu\/wordpress\/index.php\/wp-json\/wp\/v2\/users\/1"}],"replies":[{"embeddable":true,"href":"https:\/\/rakosliget.hu\/wordpress\/index.php\/wp-json\/wp\/v2\/comments?post=6428"}],"version-history":[{"count":37,"href":"https:\/\/rakosliget.hu\/wordpress\/index.php\/wp-json\/wp\/v2\/pages\/6428\/revisions"}],"predecessor-version":[{"id":23877,"href":"https:\/\/rakosliget.hu\/wordpress\/index.php\/wp-json\/wp\/v2\/pages\/6428\/revisions\/23877"}],"wp:featuredmedia":[{"embeddable":true,"href":"https:\/\/rakosliget.hu\/wordpress\/index.php\/wp-json\/wp\/v2\/media\/6440"}],"wp:attachment":[{"href":"https:\/\/rakosliget.hu\/wordpress\/index.php\/wp-json\/wp\/v2\/media?parent=6428"}],"curies":[{"name":"wp","href":"https:\/\/api.w.org\/{rel}","templated":true}]}}