{"id":6060,"date":"2020-11-06T16:22:52","date_gmt":"2020-11-06T15:22:52","guid":{"rendered":"http:\/\/rakosliget.hu\/wordpress\/?page_id=6060"},"modified":"2026-01-18T18:58:01","modified_gmt":"2026-01-18T17:58:01","slug":"rendorseg-csendorseg","status":"publish","type":"page","link":"https:\/\/rakosliget.hu\/wordpress\/index.php\/rendorseg-csendorseg\/","title":{"rendered":"REND\u0150RS\u00c9G, CSEND\u0150RS\u00c9G"},"content":{"rendered":"\n<h2 class=\"wp-block-heading\">1917<\/h2>\n\n\n<div class=\"wp-block-image\">\n<figure class=\"aligncenter size-large\"><img loading=\"lazy\" decoding=\"async\" width=\"659\" height=\"839\" src=\"http:\/\/rakosliget.hu\/wordpress\/wp-content\/uploads\/2020\/01\/\u00e1llamrend\u0151rs\u00e9g1917.jpg\" alt=\"\" class=\"wp-image-4148\" srcset=\"https:\/\/rakosliget.hu\/wordpress\/wp-content\/uploads\/2020\/01\/\u00e1llamrend\u0151rs\u00e9g1917.jpg 659w, https:\/\/rakosliget.hu\/wordpress\/wp-content\/uploads\/2020\/01\/\u00e1llamrend\u0151rs\u00e9g1917-236x300.jpg 236w\" sizes=\"auto, (max-width: 659px) 100vw, 659px\" \/><figcaption class=\"wp-element-caption\">R\u00e1kos Vid\u00e9ke  48. sz\u00e1m 1917. december 02.  <\/figcaption><\/figure>\n<\/div>\n\n\n<h2 class=\"wp-block-heading\">1919<\/h2>\n\n\n<div class=\"wp-block-image\">\n<figure class=\"aligncenter size-large\"><img loading=\"lazy\" decoding=\"async\" width=\"679\" height=\"281\" src=\"http:\/\/rakosliget.hu\/wordpress\/wp-content\/uploads\/2020\/01\/rend\u0151rs\u00e9g-1919.jpg\" alt=\"\" class=\"wp-image-4113\" srcset=\"https:\/\/rakosliget.hu\/wordpress\/wp-content\/uploads\/2020\/01\/rend\u0151rs\u00e9g-1919.jpg 679w, https:\/\/rakosliget.hu\/wordpress\/wp-content\/uploads\/2020\/01\/rend\u0151rs\u00e9g-1919-300x124.jpg 300w\" sizes=\"auto, (max-width: 679px) 100vw, 679px\" \/><figcaption class=\"wp-element-caption\">R\u00e1kos Vid\u00e9ke  20. sz\u00e1m 1919. okt\u00f3ber 19  .<\/figcaption><\/figure>\n<\/div>\n\n<div class=\"wp-block-image\">\n<figure class=\"aligncenter size-large\"><img loading=\"lazy\" decoding=\"async\" width=\"670\" height=\"298\" src=\"http:\/\/rakosliget.hu\/wordpress\/wp-content\/uploads\/2020\/01\/rendorseg-1919.jpg\" alt=\"\" class=\"wp-image-4115\" srcset=\"https:\/\/rakosliget.hu\/wordpress\/wp-content\/uploads\/2020\/01\/rendorseg-1919.jpg 670w, https:\/\/rakosliget.hu\/wordpress\/wp-content\/uploads\/2020\/01\/rendorseg-1919-300x133.jpg 300w\" sizes=\"auto, (max-width: 670px) 100vw, 670px\" \/><figcaption class=\"wp-element-caption\">R\u00e1kos Vid\u00e9ke  26. sz\u00e1m 1919. november 30.<\/figcaption><\/figure>\n<\/div>\n\n\n<p>\u00c1llami rend\u0151rs\u00e9g kezdte meg m\u0171k\u00f6d\u00e9s\u00e9t R\u00e1kosligeten is.<\/p>\n\n\n<div class=\"wp-block-image\">\n<figure class=\"aligncenter size-large\"><a href=\"http:\/\/rakosliget.hu\/wordpress\/wp-content\/uploads\/2020\/11\/1919-oktober-15.-rendorseg-allamositasa.jpg\"><img loading=\"lazy\" decoding=\"async\" width=\"1024\" height=\"796\" src=\"http:\/\/rakosliget.hu\/wordpress\/wp-content\/uploads\/2020\/11\/1919-oktober-15.-rendorseg-allamositasa-1024x796.jpg\" alt=\"\" class=\"wp-image-6062\" srcset=\"https:\/\/rakosliget.hu\/wordpress\/wp-content\/uploads\/2020\/11\/1919-oktober-15.-rendorseg-allamositasa-1024x796.jpg 1024w, https:\/\/rakosliget.hu\/wordpress\/wp-content\/uploads\/2020\/11\/1919-oktober-15.-rendorseg-allamositasa-300x233.jpg 300w, https:\/\/rakosliget.hu\/wordpress\/wp-content\/uploads\/2020\/11\/1919-oktober-15.-rendorseg-allamositasa-768x597.jpg 768w, https:\/\/rakosliget.hu\/wordpress\/wp-content\/uploads\/2020\/11\/1919-oktober-15.-rendorseg-allamositasa.jpg 1118w\" sizes=\"auto, (max-width: 1024px) 100vw, 1024px\" \/><\/a><figcaption class=\"wp-element-caption\">1919. okt\u00f3ber 15. Az Ujs\u00e1g<\/figcaption><\/figure>\n<\/div>\n\n\n<h2 class=\"wp-block-heading\">1947<\/h2>\n\n\n\n<figure class=\"wp-block-image size-large\"><img loading=\"lazy\" decoding=\"async\" width=\"720\" height=\"1024\" src=\"https:\/\/rakosliget.hu\/wordpress\/wp-content\/uploads\/2023\/02\/rendorseg-1947-720x1024.jpg\" alt=\"\" class=\"wp-image-10995\" srcset=\"https:\/\/rakosliget.hu\/wordpress\/wp-content\/uploads\/2023\/02\/rendorseg-1947-720x1024.jpg 720w, https:\/\/rakosliget.hu\/wordpress\/wp-content\/uploads\/2023\/02\/rendorseg-1947-211x300.jpg 211w, https:\/\/rakosliget.hu\/wordpress\/wp-content\/uploads\/2023\/02\/rendorseg-1947-768x1092.jpg 768w, https:\/\/rakosliget.hu\/wordpress\/wp-content\/uploads\/2023\/02\/rendorseg-1947.jpg 900w\" sizes=\"auto, (max-width: 720px) 100vw, 720px\" \/><figcaption class=\"wp-element-caption\">Forr\u00e1s: MagyarRendor_1947.11.15. 22. <\/figcaption><\/figure>\n\n\n<div class=\"wp-block-image\">\n<figure class=\"aligncenter size-full\"><img loading=\"lazy\" decoding=\"async\" width=\"939\" height=\"133\" src=\"https:\/\/rakosliget.hu\/wordpress\/wp-content\/uploads\/2025\/09\/Rendorseg-1947.jpg\" alt=\"\" class=\"wp-image-18023\" srcset=\"https:\/\/rakosliget.hu\/wordpress\/wp-content\/uploads\/2025\/09\/Rendorseg-1947.jpg 939w, https:\/\/rakosliget.hu\/wordpress\/wp-content\/uploads\/2025\/09\/Rendorseg-1947-300x42.jpg 300w, https:\/\/rakosliget.hu\/wordpress\/wp-content\/uploads\/2025\/09\/Rendorseg-1947-768x109.jpg 768w\" sizes=\"auto, (max-width: 939px) 100vw, 939px\" \/><figcaption class=\"wp-element-caption\">Forr\u00e1s: Az utca rendje 1947. 11. oldal<\/figcaption><\/figure>\n<\/div>\n\n\n<h2 class=\"wp-block-heading\">1948<\/h2>\n\n\n\n<figure class=\"wp-block-image size-large\"><img loading=\"lazy\" decoding=\"async\" width=\"715\" height=\"1024\" src=\"https:\/\/rakosliget.hu\/wordpress\/wp-content\/uploads\/2023\/02\/1948-715x1024.jpg\" alt=\"\" class=\"wp-image-10999\" srcset=\"https:\/\/rakosliget.hu\/wordpress\/wp-content\/uploads\/2023\/02\/1948-715x1024.jpg 715w, https:\/\/rakosliget.hu\/wordpress\/wp-content\/uploads\/2023\/02\/1948-209x300.jpg 209w, https:\/\/rakosliget.hu\/wordpress\/wp-content\/uploads\/2023\/02\/1948-768x1100.jpg 768w, https:\/\/rakosliget.hu\/wordpress\/wp-content\/uploads\/2023\/02\/1948.jpg 900w\" sizes=\"auto, (max-width: 715px) 100vw, 715px\" \/><figcaption class=\"wp-element-caption\">Forr\u00e1s: MagyarRendor_1948.03.01. 5. sz\u00e1m<\/figcaption><\/figure>\n","protected":false},"excerpt":{"rendered":"<p>1917 1919 \u00c1llami rend\u0151rs\u00e9g kezdte meg m\u0171k\u00f6d\u00e9s\u00e9t R\u00e1kosligeten is. 1947 1948<\/p>\n","protected":false},"author":1,"featured_media":0,"parent":0,"menu_order":0,"comment_status":"closed","ping_status":"closed","template":"","meta":{"footnotes":""},"class_list":["post-6060","page","type-page","status-publish","hentry"],"_links":{"self":[{"href":"https:\/\/rakosliget.hu\/wordpress\/index.php\/wp-json\/wp\/v2\/pages\/6060","targetHints":{"allow":["GET"]}}],"collection":[{"href":"https:\/\/rakosliget.hu\/wordpress\/index.php\/wp-json\/wp\/v2\/pages"}],"about":[{"href":"https:\/\/rakosliget.hu\/wordpress\/index.php\/wp-json\/wp\/v2\/types\/page"}],"author":[{"embeddable":true,"href":"https:\/\/rakosliget.hu\/wordpress\/index.php\/wp-json\/wp\/v2\/users\/1"}],"replies":[{"embeddable":true,"href":"https:\/\/rakosliget.hu\/wordpress\/index.php\/wp-json\/wp\/v2\/comments?post=6060"}],"version-history":[{"count":7,"href":"https:\/\/rakosliget.hu\/wordpress\/index.php\/wp-json\/wp\/v2\/pages\/6060\/revisions"}],"predecessor-version":[{"id":21980,"href":"https:\/\/rakosliget.hu\/wordpress\/index.php\/wp-json\/wp\/v2\/pages\/6060\/revisions\/21980"}],"wp:attachment":[{"href":"https:\/\/rakosliget.hu\/wordpress\/index.php\/wp-json\/wp\/v2\/media?parent=6060"}],"curies":[{"name":"wp","href":"https:\/\/api.w.org\/{rel}","templated":true}]}}