{"id":471,"date":"2018-03-10T05:40:13","date_gmt":"2018-03-10T04:40:13","guid":{"rendered":"http:\/\/rakosliget.hu\/wordpress\/?page_id=471"},"modified":"2018-10-19T02:47:42","modified_gmt":"2018-10-19T01:47:42","slug":"rakosligeti-hazak","status":"publish","type":"page","link":"https:\/\/rakosliget.hu\/wordpress\/index.php\/rakosligeti-hazak\/","title":{"rendered":"R\u00e1kosligeti h\u00e1zak"},"content":{"rendered":"\t<!-- Gallery Engine Assets -->\r\n\t<style>\r\n\t\t#image_gallery_wrap_1888 {\r\n            --ig-gutter: 8px;\r\n            --ig-cols-lg: 4;\r\n            --ig-cols-md: 4;\r\n            --ig-cols-sm: 3;\r\n            --ig-cols-xs: 2;\r\n            \r\n            \/* Dynamic Border Variables *\/\r\n                        --ig-radius: 8px;\r\n            --ig-card-radius: 8px;\r\n            --ig-card-padding: 8px;\r\n\r\n\r\n        }\r\n\t<\/style>\r\n        <div id=\"image_gallery_wrap_1888\" \r\n        class=\"ig-gallery-outer-wrap ig-layout-masonry\" \r\n        data-layout=\"masonry\" \r\n        data-lb-loop=\"0\" \r\n        data-lb-label=\"Image %1 of %2\"\r\n        data-version=\"2.0.1\">\r\n\r\n    <div id=\"image_gallery_1888\" \n         class=\"ig-row igp-gallery all-images_1888\">\n        <div class=\"grid-sizer\"><\/div>\n                        <div class=\"ig-col single-image igp-item ig-col-lg-3 ig-col-md-3 ig-col-sm-4 ig-col-xs-6\" data-index=\"0\">\n            <div class=\"ig-image-card igp-card ig-has-card-border hvr-float-shadow\">\n                                    <a class=\"ig-lightbox-item\" href=\"https:\/\/rakosliget.hu\/wordpress\/wp-content\/uploads\/2018\/10\/munkasotthon0.jpg\" data-lightbox=\"ig-gallery-1888\" data-title=\"Munk\u00e1sotthon felh\u00edv\u00e1s\" data-width=\"335\" data-height=\"500\">\n                                    \n\n\n                    <div class=\"ig-image-container\">\n                        <img loading=\"lazy\" decoding=\"async\" width=\"150\" height=\"150\" src=\"https:\/\/rakosliget.hu\/wordpress\/wp-content\/uploads\/2018\/10\/munkasotthon0-150x150.jpg\" class=\"ig-thumbnail loading\" alt=\"Munk\u00e1sotthon felh\u00edv\u00e1s\" \/>                        \n                                                    <div class=\"ig-overlay ig-overlay-bottom\">\n                                <span class=\"ig-item-title\">Munk\u00e1sotthon felh\u00edv\u00e1s<\/span>\n                            <\/div>\n                                            <\/div>\n\n\n\n                                    <\/a>\n                            <\/div>\n\n        <\/div>\n                        <div class=\"ig-col single-image igp-item ig-col-lg-3 ig-col-md-3 ig-col-sm-4 ig-col-xs-6\" data-index=\"1\">\n            <div class=\"ig-image-card igp-card ig-has-card-border hvr-float-shadow\">\n                                    <a class=\"ig-lightbox-item\" href=\"https:\/\/rakosliget.hu\/wordpress\/wp-content\/uploads\/2018\/10\/munkasotthon1.jpg\" data-lightbox=\"ig-gallery-1888\" data-title=\"Munk\u00e1sotthon alapszab\u00e1ly\" data-width=\"338\" data-height=\"500\">\n                                    \n\n\n                    <div class=\"ig-image-container\">\n                        <img loading=\"lazy\" decoding=\"async\" width=\"150\" height=\"150\" src=\"https:\/\/rakosliget.hu\/wordpress\/wp-content\/uploads\/2018\/10\/munkasotthon1-150x150.jpg\" class=\"ig-thumbnail loading\" alt=\"Munk\u00e1sotthon alapszab\u00e1ly\" \/>                        \n                                                    <div class=\"ig-overlay ig-overlay-bottom\">\n                                <span class=\"ig-item-title\">Munk\u00e1sotthon alapszab\u00e1ly<\/span>\n                            <\/div>\n                                            <\/div>\n\n\n\n                                    <\/a>\n                            <\/div>\n\n        <\/div>\n                        <div class=\"ig-col single-image igp-item ig-col-lg-3 ig-col-md-3 ig-col-sm-4 ig-col-xs-6\" data-index=\"2\">\n            <div class=\"ig-image-card igp-card ig-has-card-border hvr-float-shadow\">\n                                    <a class=\"ig-lightbox-item\" href=\"https:\/\/rakosliget.hu\/wordpress\/wp-content\/uploads\/2018\/10\/munkasotthon2.jpg\" data-lightbox=\"ig-gallery-1888\" data-title=\"Munk\u00e1sotthon alapszab\u00e1ly\" data-width=\"335\" data-height=\"500\">\n                                    \n\n\n                    <div class=\"ig-image-container\">\n                        <img loading=\"lazy\" decoding=\"async\" width=\"150\" height=\"150\" src=\"https:\/\/rakosliget.hu\/wordpress\/wp-content\/uploads\/2018\/10\/munkasotthon2-150x150.jpg\" class=\"ig-thumbnail loading\" alt=\"Munk\u00e1sotthon alapszab\u00e1ly\" \/>                        \n                                                    <div class=\"ig-overlay ig-overlay-bottom\">\n                                <span class=\"ig-item-title\">Munk\u00e1sotthon alapszab\u00e1ly<\/span>\n                            <\/div>\n                                            <\/div>\n\n\n\n                                    <\/a>\n                            <\/div>\n\n        <\/div>\n                        <div class=\"ig-col single-image igp-item ig-col-lg-3 ig-col-md-3 ig-col-sm-4 ig-col-xs-6\" data-index=\"3\">\n            <div class=\"ig-image-card igp-card ig-has-card-border hvr-float-shadow\">\n                                    <a class=\"ig-lightbox-item\" href=\"https:\/\/rakosliget.hu\/wordpress\/wp-content\/uploads\/2018\/10\/munkasotthon3.jpg\" data-lightbox=\"ig-gallery-1888\" data-title=\"Munk\u00e1sotthon alapszab\u00e1ly\" data-width=\"334\" data-height=\"500\">\n                                    \n\n\n                    <div class=\"ig-image-container\">\n                        <img loading=\"lazy\" decoding=\"async\" width=\"150\" height=\"150\" src=\"https:\/\/rakosliget.hu\/wordpress\/wp-content\/uploads\/2018\/10\/munkasotthon3-150x150.jpg\" class=\"ig-thumbnail loading\" alt=\"Munk\u00e1sotthon alapszab\u00e1ly\" \/>                        \n                                                    <div class=\"ig-overlay ig-overlay-bottom\">\n                                <span class=\"ig-item-title\">Munk\u00e1sotthon alapszab\u00e1ly<\/span>\n                            <\/div>\n                                            <\/div>\n\n\n\n                                    <\/a>\n                            <\/div>\n\n        <\/div>\n                        <div class=\"ig-col single-image igp-item ig-col-lg-3 ig-col-md-3 ig-col-sm-4 ig-col-xs-6\" data-index=\"4\">\n            <div class=\"ig-image-card igp-card ig-has-card-border hvr-float-shadow\">\n                                    <a class=\"ig-lightbox-item\" href=\"https:\/\/rakosliget.hu\/wordpress\/wp-content\/uploads\/2017\/12\/munksotthonrkoskeresztur100hzdvzletmunksotthonrl.jpg\" data-lightbox=\"ig-gallery-1888\" data-title=\"Az els\u0151 k\u00e9peslap R\u00e1kosligetr\u0151l\" data-width=\"800\" data-height=\"535\">\n                                    \n\n\n                    <div class=\"ig-image-container\">\n                        <img loading=\"lazy\" decoding=\"async\" width=\"150\" height=\"150\" src=\"https:\/\/rakosliget.hu\/wordpress\/wp-content\/uploads\/2017\/12\/munksotthonrkoskeresztur100hzdvzletmunksotthonrl-150x150.jpg\" class=\"ig-thumbnail loading\" alt=\"Az els\u0151 k\u00e9peslap R\u00e1kosligetr\u0151l\" \/>                        \n                                                    <div class=\"ig-overlay ig-overlay-bottom\">\n                                <span class=\"ig-item-title\">Az els\u0151 k\u00e9peslap R\u00e1kosligetr\u0151l<\/span>\n                            <\/div>\n                                            <\/div>\n\n\n\n                                    <\/a>\n                            <\/div>\n\n        <\/div>\n                        <div class=\"ig-col single-image igp-item ig-col-lg-3 ig-col-md-3 ig-col-sm-4 ig-col-xs-6\" data-index=\"5\">\n            <div class=\"ig-image-card igp-card ig-has-card-border hvr-float-shadow\">\n                                    <a class=\"ig-lightbox-item\" href=\"https:\/\/rakosliget.hu\/wordpress\/wp-content\/uploads\/2018\/10\/rakosliget-VI_25.jpg\" data-lightbox=\"ig-gallery-1888\" data-title=\"R\u00e1kosliget VI. utca 25.\" data-width=\"900\" data-height=\"675\">\n                                    \n\n\n                    <div class=\"ig-image-container\">\n                        <img loading=\"lazy\" decoding=\"async\" width=\"150\" height=\"150\" src=\"https:\/\/rakosliget.hu\/wordpress\/wp-content\/uploads\/2018\/10\/rakosliget-VI_25-150x150.jpg\" class=\"ig-thumbnail loading\" alt=\"R\u00e1kosliget VI. utca 25.\" \/>                        \n                                                    <div class=\"ig-overlay ig-overlay-bottom\">\n                                <span class=\"ig-item-title\">R\u00e1kosliget VI. utca 25.<\/span>\n                            <\/div>\n                                            <\/div>\n\n\n\n                                    <\/a>\n                            <\/div>\n\n        <\/div>\n                        <div class=\"ig-col single-image igp-item ig-col-lg-3 ig-col-md-3 ig-col-sm-4 ig-col-xs-6\" data-index=\"6\">\n            <div class=\"ig-image-card igp-card ig-has-card-border hvr-float-shadow\">\n                                    <a class=\"ig-lightbox-item\" href=\"https:\/\/rakosliget.hu\/wordpress\/wp-content\/uploads\/2018\/10\/Gozon-Gyula-szinhaz.jpg\" data-lightbox=\"ig-gallery-1888\" data-title=\"G\u00f3zon Gyula sz\u00ednh\u00e1z\" data-width=\"640\" data-height=\"480\">\n                                    \n\n\n                    <div class=\"ig-image-container\">\n                        <img loading=\"lazy\" decoding=\"async\" width=\"150\" height=\"150\" src=\"https:\/\/rakosliget.hu\/wordpress\/wp-content\/uploads\/2018\/10\/Gozon-Gyula-szinhaz-150x150.jpg\" class=\"ig-thumbnail loading\" alt=\"G\u00f3zon Gyula sz\u00ednh\u00e1z\" \/>                        \n                                                    <div class=\"ig-overlay ig-overlay-bottom\">\n                                <span class=\"ig-item-title\">G\u00f3zon Gyula sz\u00ednh\u00e1z<\/span>\n                            <\/div>\n                                            <\/div>\n\n\n\n                                    <\/a>\n                            <\/div>\n\n        <\/div>\n                        <div class=\"ig-col single-image igp-item ig-col-lg-3 ig-col-md-3 ig-col-sm-4 ig-col-xs-6\" data-index=\"7\">\n            <div class=\"ig-image-card igp-card ig-has-card-border hvr-float-shadow\">\n                                    <a class=\"ig-lightbox-item\" href=\"https:\/\/rakosliget.hu\/wordpress\/wp-content\/uploads\/2018\/10\/Gozonhaz_2013_09.jpg\" data-lightbox=\"ig-gallery-1888\" data-title=\"G\u00f3zon h\u00e1z 2013.09.\" data-width=\"900\" data-height=\"1200\">\n                                    \n\n\n                    <div class=\"ig-image-container\">\n                        <img loading=\"lazy\" decoding=\"async\" width=\"150\" height=\"150\" src=\"https:\/\/rakosliget.hu\/wordpress\/wp-content\/uploads\/2018\/10\/Gozonhaz_2013_09-150x150.jpg\" class=\"ig-thumbnail loading\" alt=\"G\u00f3zon h\u00e1z 2013.09.\" \/>                        \n                                                    <div class=\"ig-overlay ig-overlay-bottom\">\n                                <span class=\"ig-item-title\">G\u00f3zon h\u00e1z 2013.09.<\/span>\n                            <\/div>\n                                            <\/div>\n\n\n\n                                    <\/a>\n                            <\/div>\n\n        <\/div>\n                        <div class=\"ig-col single-image igp-item ig-col-lg-3 ig-col-md-3 ig-col-sm-4 ig-col-xs-6\" data-index=\"8\">\n            <div class=\"ig-image-card igp-card ig-has-card-border hvr-float-shadow\">\n                                    <a class=\"ig-lightbox-item\" href=\"https:\/\/rakosliget.hu\/wordpress\/wp-content\/uploads\/2018\/10\/rakosliget-IV_14.jpg\" data-lightbox=\"ig-gallery-1888\" data-title=\"R\u00e1kosliget IV. utca 14.\" data-width=\"900\" data-height=\"675\">\n                                    \n\n\n                    <div class=\"ig-image-container\">\n                        <img loading=\"lazy\" decoding=\"async\" width=\"150\" height=\"150\" src=\"https:\/\/rakosliget.hu\/wordpress\/wp-content\/uploads\/2018\/10\/rakosliget-IV_14-150x150.jpg\" class=\"ig-thumbnail loading\" alt=\"R\u00e1kosliget IV. utca 14.\" \/>                        \n                                                    <div class=\"ig-overlay ig-overlay-bottom\">\n                                <span class=\"ig-item-title\">R\u00e1kosliget IV. utca 14.<\/span>\n                            <\/div>\n                                            <\/div>\n\n\n\n                                    <\/a>\n                            <\/div>\n\n        <\/div>\n                        <div class=\"ig-col single-image igp-item ig-col-lg-3 ig-col-md-3 ig-col-sm-4 ig-col-xs-6\" data-index=\"9\">\n            <div class=\"ig-image-card igp-card ig-has-card-border hvr-float-shadow\">\n                                    <a class=\"ig-lightbox-item\" href=\"https:\/\/rakosliget.hu\/wordpress\/wp-content\/uploads\/2018\/10\/rakosliget-V_3.jpg\" data-lightbox=\"ig-gallery-1888\" data-title=\"R\u00e1kosliget V. utca 3.\" data-width=\"900\" data-height=\"675\">\n                                    \n\n\n                    <div class=\"ig-image-container\">\n                        <img loading=\"lazy\" decoding=\"async\" width=\"150\" height=\"150\" src=\"https:\/\/rakosliget.hu\/wordpress\/wp-content\/uploads\/2018\/10\/rakosliget-V_3-150x150.jpg\" class=\"ig-thumbnail loading\" alt=\"R\u00e1kosliget V. utca 3.\" \/>                        \n                                                    <div class=\"ig-overlay ig-overlay-bottom\">\n                                <span class=\"ig-item-title\">R\u00e1kosliget V. utca 3.<\/span>\n                            <\/div>\n                                            <\/div>\n\n\n\n                                    <\/a>\n                            <\/div>\n\n        <\/div>\n                        <div class=\"ig-col single-image igp-item ig-col-lg-3 ig-col-md-3 ig-col-sm-4 ig-col-xs-6\" data-index=\"10\">\n            <div class=\"ig-image-card igp-card ig-has-card-border hvr-float-shadow\">\n                                    <a class=\"ig-lightbox-item\" href=\"https:\/\/rakosliget.hu\/wordpress\/wp-content\/uploads\/2018\/10\/rakosliget-IV_3.jpg\" data-lightbox=\"ig-gallery-1888\" data-title=\"R\u00e1kosliget IV. utca 3.\" data-width=\"900\" data-height=\"675\">\n                                    \n\n\n                    <div class=\"ig-image-container\">\n                        <img loading=\"lazy\" decoding=\"async\" width=\"150\" height=\"150\" src=\"https:\/\/rakosliget.hu\/wordpress\/wp-content\/uploads\/2018\/10\/rakosliget-IV_3-150x150.jpg\" class=\"ig-thumbnail loading\" alt=\"R\u00e1kosliget IV. utca 3.\" \/>                        \n                                                    <div class=\"ig-overlay ig-overlay-bottom\">\n                                <span class=\"ig-item-title\">R\u00e1kosliget IV. utca 3.<\/span>\n                            <\/div>\n                                            <\/div>\n\n\n\n                                    <\/a>\n                            <\/div>\n\n        <\/div>\n                        <div class=\"ig-col single-image igp-item ig-col-lg-3 ig-col-md-3 ig-col-sm-4 ig-col-xs-6\" data-index=\"11\">\n            <div class=\"ig-image-card igp-card ig-has-card-border hvr-float-shadow\">\n                                    <a class=\"ig-lightbox-item\" href=\"https:\/\/rakosliget.hu\/wordpress\/wp-content\/uploads\/2018\/10\/rakosliget-V_37.jpg\" data-lightbox=\"ig-gallery-1888\" data-title=\"R\u00e1kosliget V. utca 37.\" data-width=\"900\" data-height=\"675\">\n                                    \n\n\n                    <div class=\"ig-image-container\">\n                        <img loading=\"lazy\" decoding=\"async\" width=\"150\" height=\"150\" src=\"https:\/\/rakosliget.hu\/wordpress\/wp-content\/uploads\/2018\/10\/rakosliget-V_37-150x150.jpg\" class=\"ig-thumbnail loading\" alt=\"R\u00e1kosliget V. utca 37.\" \/>                        \n                                                    <div class=\"ig-overlay ig-overlay-bottom\">\n                                <span class=\"ig-item-title\">R\u00e1kosliget V. utca 37.<\/span>\n                            <\/div>\n                                            <\/div>\n\n\n\n                                    <\/a>\n                            <\/div>\n\n        <\/div>\n                        <div class=\"ig-col single-image igp-item ig-col-lg-3 ig-col-md-3 ig-col-sm-4 ig-col-xs-6\" data-index=\"12\">\n            <div class=\"ig-image-card igp-card ig-has-card-border hvr-float-shadow\">\n                                    <a class=\"ig-lightbox-item\" href=\"https:\/\/rakosliget.hu\/wordpress\/wp-content\/uploads\/2018\/10\/ovoda-VI_.jpg\" data-lightbox=\"ig-gallery-1888\" data-title=\"\u00d3voda VI. utca\" data-width=\"900\" data-height=\"675\">\n                                    \n\n\n                    <div class=\"ig-image-container\">\n                        <img loading=\"lazy\" decoding=\"async\" width=\"150\" height=\"150\" src=\"https:\/\/rakosliget.hu\/wordpress\/wp-content\/uploads\/2018\/10\/ovoda-VI_-150x150.jpg\" class=\"ig-thumbnail loading\" alt=\"\u00d3voda VI. utca\" \/>                        \n                                                    <div class=\"ig-overlay ig-overlay-bottom\">\n                                <span class=\"ig-item-title\">\u00d3voda VI. utca<\/span>\n                            <\/div>\n                                            <\/div>\n\n\n\n                                    <\/a>\n                            <\/div>\n\n        <\/div>\n                        <div class=\"ig-col single-image igp-item ig-col-lg-3 ig-col-md-3 ig-col-sm-4 ig-col-xs-6\" data-index=\"13\">\n            <div class=\"ig-image-card igp-card ig-has-card-border hvr-float-shadow\">\n                                    <a class=\"ig-lightbox-item\" href=\"https:\/\/rakosliget.hu\/wordpress\/wp-content\/uploads\/2018\/10\/rakosliget-V_19.jpg\" data-lightbox=\"ig-gallery-1888\" data-title=\"R\u00e1kosliget V. utca 19.\" data-width=\"900\" data-height=\"675\">\n                                    \n\n\n                    <div class=\"ig-image-container\">\n                        <img loading=\"lazy\" decoding=\"async\" width=\"150\" height=\"150\" src=\"https:\/\/rakosliget.hu\/wordpress\/wp-content\/uploads\/2018\/10\/rakosliget-V_19-150x150.jpg\" class=\"ig-thumbnail loading\" alt=\"R\u00e1kosliget V. utca 19.\" \/>                        \n                                                    <div class=\"ig-overlay ig-overlay-bottom\">\n                                <span class=\"ig-item-title\">R\u00e1kosliget V. utca 19.<\/span>\n                            <\/div>\n                                            <\/div>\n\n\n\n                                    <\/a>\n                            <\/div>\n\n        <\/div>\n                        <div class=\"ig-col single-image igp-item ig-col-lg-3 ig-col-md-3 ig-col-sm-4 ig-col-xs-6\" data-index=\"14\">\n            <div class=\"ig-image-card igp-card ig-has-card-border hvr-float-shadow\">\n                                    <a class=\"ig-lightbox-item\" href=\"https:\/\/rakosliget.hu\/wordpress\/wp-content\/uploads\/2018\/10\/vizmuvek-2011_1.jpg\" data-lightbox=\"ig-gallery-1888\" data-title=\"A r\u00e9gi v\u00edzmuvek \u00e9p\u00fclete 2011-ben\" data-width=\"900\" data-height=\"675\">\n                                    \n\n\n                    <div class=\"ig-image-container\">\n                        <img loading=\"lazy\" decoding=\"async\" width=\"150\" height=\"150\" src=\"https:\/\/rakosliget.hu\/wordpress\/wp-content\/uploads\/2018\/10\/vizmuvek-2011_1-150x150.jpg\" class=\"ig-thumbnail loading\" alt=\"A r\u00e9gi v\u00edzmuvek \u00e9p\u00fclete 2011-ben\" \/>                        \n                                                    <div class=\"ig-overlay ig-overlay-bottom\">\n                                <span class=\"ig-item-title\">A r\u00e9gi v\u00edzmuvek \u00e9p\u00fclete 2011-ben<\/span>\n                            <\/div>\n                                            <\/div>\n\n\n\n                                    <\/a>\n                            <\/div>\n\n        <\/div>\n                        <div class=\"ig-col single-image igp-item ig-col-lg-3 ig-col-md-3 ig-col-sm-4 ig-col-xs-6\" data-index=\"15\">\n            <div class=\"ig-image-card igp-card ig-has-card-border hvr-float-shadow\">\n                                    <a class=\"ig-lightbox-item\" href=\"https:\/\/rakosliget.hu\/wordpress\/wp-content\/uploads\/2018\/10\/rakosliget-VIII_30.jpg\" data-lightbox=\"ig-gallery-1888\" data-title=\"R\u00e1kosliget VIII. utca 30.\" data-width=\"900\" data-height=\"675\">\n                                    \n\n\n                    <div class=\"ig-image-container\">\n                        <img loading=\"lazy\" decoding=\"async\" width=\"150\" height=\"150\" src=\"https:\/\/rakosliget.hu\/wordpress\/wp-content\/uploads\/2018\/10\/rakosliget-VIII_30-150x150.jpg\" class=\"ig-thumbnail loading\" alt=\"R\u00e1kosliget VIII. utca 30.\" \/>                        \n                                                    <div class=\"ig-overlay ig-overlay-bottom\">\n                                <span class=\"ig-item-title\">R\u00e1kosliget VIII. utca 30.<\/span>\n                            <\/div>\n                                            <\/div>\n\n\n\n                                    <\/a>\n                            <\/div>\n\n        <\/div>\n                        <div class=\"ig-col single-image igp-item ig-col-lg-3 ig-col-md-3 ig-col-sm-4 ig-col-xs-6\" data-index=\"16\">\n            <div class=\"ig-image-card igp-card ig-has-card-border hvr-float-shadow\">\n                                    <a class=\"ig-lightbox-item\" href=\"https:\/\/rakosliget.hu\/wordpress\/wp-content\/uploads\/2018\/10\/XIII-18.jpg\" data-lightbox=\"ig-gallery-1888\" data-title=\"R\u00e1kosliget XIII. utca. A fel\u00faj\u00edt\u00e1s ut\u00e1n elt\u0171nt.\" data-width=\"900\" data-height=\"675\">\n                                    \n\n\n                    <div class=\"ig-image-container\">\n                        <img loading=\"lazy\" decoding=\"async\" width=\"150\" height=\"150\" src=\"https:\/\/rakosliget.hu\/wordpress\/wp-content\/uploads\/2018\/10\/XIII-18-150x150.jpg\" class=\"ig-thumbnail loading\" alt=\"R\u00e1kosliget XIII. utca. A fel\u00faj\u00edt\u00e1s ut\u00e1n elt\u0171nt.\" \/>                        \n                                                    <div class=\"ig-overlay ig-overlay-bottom\">\n                                <span class=\"ig-item-title\">R\u00e1kosliget XIII. utca. A fel\u00faj\u00edt\u00e1s ut\u00e1n elt\u0171nt.<\/span>\n                            <\/div>\n                                            <\/div>\n\n\n\n                                    <\/a>\n                            <\/div>\n\n        <\/div>\n                        <div class=\"ig-col single-image igp-item ig-col-lg-3 ig-col-md-3 ig-col-sm-4 ig-col-xs-6\" data-index=\"17\">\n            <div class=\"ig-image-card igp-card ig-has-card-border hvr-float-shadow\">\n                                    <a class=\"ig-lightbox-item\" href=\"https:\/\/rakosliget.hu\/wordpress\/wp-content\/uploads\/2018\/10\/XVII.utca-szecesszios-villa.jpg\" data-lightbox=\"ig-gallery-1888\" data-title=\"R\u00e1kosliget XVII. utca\" data-width=\"900\" data-height=\"675\">\n                                    \n\n\n                    <div class=\"ig-image-container\">\n                        <img loading=\"lazy\" decoding=\"async\" width=\"150\" height=\"150\" src=\"https:\/\/rakosliget.hu\/wordpress\/wp-content\/uploads\/2018\/10\/XVII.utca-szecesszios-villa-150x150.jpg\" class=\"ig-thumbnail loading\" alt=\"R\u00e1kosliget XVII. utca\" \/>                        \n                                                    <div class=\"ig-overlay ig-overlay-bottom\">\n                                <span class=\"ig-item-title\">R\u00e1kosliget XVII. utca<\/span>\n                            <\/div>\n                                            <\/div>\n\n\n\n                                    <\/a>\n                            <\/div>\n\n        <\/div>\n                        <div class=\"ig-col single-image igp-item ig-col-lg-3 ig-col-md-3 ig-col-sm-4 ig-col-xs-6\" data-index=\"18\">\n            <div class=\"ig-image-card igp-card ig-has-card-border hvr-float-shadow\">\n                                    <a class=\"ig-lightbox-item\" href=\"https:\/\/rakosliget.hu\/wordpress\/wp-content\/uploads\/2018\/10\/XIX-utca-18.jpg\" data-lightbox=\"ig-gallery-1888\" data-title=\"R\u00e1kosliget XIX. utca 18.\" data-width=\"640\" data-height=\"480\">\n                                    \n\n\n                    <div class=\"ig-image-container\">\n                        <img loading=\"lazy\" decoding=\"async\" width=\"150\" height=\"150\" src=\"https:\/\/rakosliget.hu\/wordpress\/wp-content\/uploads\/2018\/10\/XIX-utca-18-150x150.jpg\" class=\"ig-thumbnail loading\" alt=\"R\u00e1kosliget XIX. utca 18.\" \/>                        \n                                                    <div class=\"ig-overlay ig-overlay-bottom\">\n                                <span class=\"ig-item-title\">R\u00e1kosliget XIX. utca 18.<\/span>\n                            <\/div>\n                                            <\/div>\n\n\n\n                                    <\/a>\n                            <\/div>\n\n        <\/div>\n                        <div class=\"ig-col single-image igp-item ig-col-lg-3 ig-col-md-3 ig-col-sm-4 ig-col-xs-6\" data-index=\"19\">\n            <div class=\"ig-image-card igp-card ig-has-card-border hvr-float-shadow\">\n                                    <a class=\"ig-lightbox-item\" href=\"https:\/\/rakosliget.hu\/wordpress\/wp-content\/uploads\/2018\/10\/XX-utca-2.jpg\" data-lightbox=\"ig-gallery-1888\" data-title=\"R\u00e1kosliget XX. utca 2. a fel\u00faj\u00edt\u00e1s el\u0151tt. 2015\" data-width=\"900\" data-height=\"675\">\n                                    \n\n\n                    <div class=\"ig-image-container\">\n                        <img loading=\"lazy\" decoding=\"async\" width=\"150\" height=\"150\" src=\"https:\/\/rakosliget.hu\/wordpress\/wp-content\/uploads\/2018\/10\/XX-utca-2-150x150.jpg\" class=\"ig-thumbnail loading\" alt=\"R\u00e1kosliget XX. utca 2. a fel\u00faj\u00edt\u00e1s el\u0151tt. 2015\" \/>                        \n                                                    <div class=\"ig-overlay ig-overlay-bottom\">\n                                <span class=\"ig-item-title\">R\u00e1kosliget XX. utca 2. a fel\u00faj\u00edt\u00e1s el\u0151tt. 2015<\/span>\n                            <\/div>\n                                            <\/div>\n\n\n\n                                    <\/a>\n                            <\/div>\n\n        <\/div>\n                        <div class=\"ig-col single-image igp-item ig-col-lg-3 ig-col-md-3 ig-col-sm-4 ig-col-xs-6\" data-index=\"20\">\n            <div class=\"ig-image-card igp-card ig-has-card-border hvr-float-shadow\">\n                                    <a class=\"ig-lightbox-item\" href=\"https:\/\/rakosliget.hu\/wordpress\/wp-content\/uploads\/2018\/10\/XXIII-utca-3.jpg\" data-lightbox=\"ig-gallery-1888\" data-title=\"R\u00e1kosliget XXIII. utca m\u00e9g a r\u00e9gi t\u00e1bl\u00e1kkal.\" data-width=\"900\" data-height=\"675\">\n                                    \n\n\n                    <div class=\"ig-image-container\">\n                        <img loading=\"lazy\" decoding=\"async\" width=\"150\" height=\"150\" src=\"https:\/\/rakosliget.hu\/wordpress\/wp-content\/uploads\/2018\/10\/XXIII-utca-3-150x150.jpg\" class=\"ig-thumbnail loading\" alt=\"R\u00e1kosliget XXIII. utca m\u00e9g a r\u00e9gi t\u00e1bl\u00e1kkal.\" \/>                        \n                                                    <div class=\"ig-overlay ig-overlay-bottom\">\n                                <span class=\"ig-item-title\">R\u00e1kosliget XXIII. utca m\u00e9g a r\u00e9gi t\u00e1bl\u00e1kkal.<\/span>\n                            <\/div>\n                                            <\/div>\n\n\n\n                                    <\/a>\n                            <\/div>\n\n        <\/div>\n                        <div class=\"ig-col single-image igp-item ig-col-lg-3 ig-col-md-3 ig-col-sm-4 ig-col-xs-6\" data-index=\"21\">\n            <div class=\"ig-image-card igp-card ig-has-card-border hvr-float-shadow\">\n                                    <a class=\"ig-lightbox-item\" href=\"https:\/\/rakosliget.hu\/wordpress\/wp-content\/uploads\/2018\/11\/IMG_20181018_065031_rakosliget.jpg\" data-lightbox=\"ig-gallery-1888\" data-title=\"A volt F\u00fchringer ven\u00e9gl\u0151 (rend\u0151rs\u00e9g, legut\u00f3bb iskola) \u00e9p\u00fclete. Ligetsor 2018.10.18.\" data-width=\"1024\" data-height=\"768\">\n                                    \n\n\n                    <div class=\"ig-image-container\">\n                        <img loading=\"lazy\" decoding=\"async\" width=\"150\" height=\"150\" src=\"https:\/\/rakosliget.hu\/wordpress\/wp-content\/uploads\/2018\/11\/IMG_20181018_065031_rakosliget-150x150.jpg\" class=\"ig-thumbnail loading\" alt=\"A volt F\u00fchringer ven\u00e9gl\u0151 (rend\u0151rs\u00e9g, legut\u00f3bb iskola) \u00e9p\u00fclete. Ligetsor 2018.10.18.\" \/>                        \n                                                    <div class=\"ig-overlay ig-overlay-bottom\">\n                                <span class=\"ig-item-title\">A volt F\u00fchringer ven\u00e9gl\u0151 (rend\u0151rs\u00e9g, legut\u00f3bb iskola) \u00e9p\u00fclete. Ligetsor 2018.10.18.<\/span>\n                            <\/div>\n                                            <\/div>\n\n\n\n                                    <\/a>\n                            <\/div>\n\n        <\/div>\n                        <div class=\"ig-col single-image igp-item ig-col-lg-3 ig-col-md-3 ig-col-sm-4 ig-col-xs-6\" data-index=\"22\">\n            <div class=\"ig-image-card igp-card ig-has-card-border hvr-float-shadow\">\n                                    <a class=\"ig-lightbox-item\" href=\"https:\/\/rakosliget.hu\/wordpress\/wp-content\/uploads\/2018\/12\/IMG_20181219_085207_HDR-rakosliget_hu.jpg\" data-lightbox=\"ig-gallery-1888\" data-title=\"A volt F\u00fchringer vend\u00e9gl\u0151 ma Bart\u00f3k B\u00e9la AMI 5207_HDR rakosliget_hu\" data-width=\"4160\" data-height=\"3120\">\n                                    \n\n\n                    <div class=\"ig-image-container\">\n                        <img loading=\"lazy\" decoding=\"async\" width=\"150\" height=\"150\" src=\"https:\/\/rakosliget.hu\/wordpress\/wp-content\/uploads\/2018\/12\/IMG_20181219_085207_HDR-rakosliget_hu-150x150.jpg\" class=\"ig-thumbnail loading\" alt=\"A volt F\u00fchringer vend\u00e9gl\u0151 ma Bart\u00f3k B\u00e9la AMI 5207_HDR rakosliget_hu\" \/>                        \n                                                    <div class=\"ig-overlay ig-overlay-bottom\">\n                                <span class=\"ig-item-title\">A volt F\u00fchringer vend\u00e9gl\u0151 ma Bart\u00f3k B\u00e9la AMI 5207_HDR rakosliget_hu<\/span>\n                            <\/div>\n                                            <\/div>\n\n\n\n                                    <\/a>\n                            <\/div>\n\n        <\/div>\n                        <div class=\"ig-col single-image igp-item ig-col-lg-3 ig-col-md-3 ig-col-sm-4 ig-col-xs-6\" data-index=\"23\">\n            <div class=\"ig-image-card igp-card ig-has-card-border hvr-float-shadow\">\n                                    <a class=\"ig-lightbox-item\" href=\"https:\/\/rakosliget.hu\/wordpress\/wp-content\/uploads\/2022\/04\/Jegyzoi-lakas_1024.png\" data-lightbox=\"ig-gallery-1888\" data-title=\"Jegyz\u0151i lak\u00e1s Ferihegyi \u00fat-XVII. utca sarok\" data-width=\"1024\" data-height=\"485\">\n                                    \n\n\n                    <div class=\"ig-image-container\">\n                        <img loading=\"lazy\" decoding=\"async\" width=\"150\" height=\"150\" src=\"https:\/\/rakosliget.hu\/wordpress\/wp-content\/uploads\/2022\/04\/Jegyzoi-lakas_1024-150x150.png\" class=\"ig-thumbnail loading\" alt=\"Jegyz\u0151i lak\u00e1s Ferihegyi \u00fat-XVII. utca sarok\" \/>                        \n                                                    <div class=\"ig-overlay ig-overlay-bottom\">\n                                <span class=\"ig-item-title\">Jegyz\u0151i lak\u00e1s Ferihegyi \u00fat-XVII. utca sarok<\/span>\n                            <\/div>\n                                            <\/div>\n\n\n\n                                    <\/a>\n                            <\/div>\n\n        <\/div>\n            <\/div>\n\n\n\n        <\/div>\n","protected":false},"excerpt":{"rendered":"","protected":false},"author":1,"featured_media":0,"parent":0,"menu_order":0,"comment_status":"closed","ping_status":"closed","template":"","meta":{"footnotes":""},"class_list":["post-471","page","type-page","status-publish","hentry"],"_links":{"self":[{"href":"https:\/\/rakosliget.hu\/wordpress\/index.php\/wp-json\/wp\/v2\/pages\/471","targetHints":{"allow":["GET"]}}],"collection":[{"href":"https:\/\/rakosliget.hu\/wordpress\/index.php\/wp-json\/wp\/v2\/pages"}],"about":[{"href":"https:\/\/rakosliget.hu\/wordpress\/index.php\/wp-json\/wp\/v2\/types\/page"}],"author":[{"embeddable":true,"href":"https:\/\/rakosliget.hu\/wordpress\/index.php\/wp-json\/wp\/v2\/users\/1"}],"replies":[{"embeddable":true,"href":"https:\/\/rakosliget.hu\/wordpress\/index.php\/wp-json\/wp\/v2\/comments?post=471"}],"version-history":[{"count":6,"href":"https:\/\/rakosliget.hu\/wordpress\/index.php\/wp-json\/wp\/v2\/pages\/471\/revisions"}],"predecessor-version":[{"id":1909,"href":"https:\/\/rakosliget.hu\/wordpress\/index.php\/wp-json\/wp\/v2\/pages\/471\/revisions\/1909"}],"wp:attachment":[{"href":"https:\/\/rakosliget.hu\/wordpress\/index.php\/wp-json\/wp\/v2\/media?parent=471"}],"curies":[{"name":"wp","href":"https:\/\/api.w.org\/{rel}","templated":true}]}}