{"id":442,"date":"2018-03-10T04:24:30","date_gmt":"2018-03-10T03:24:30","guid":{"rendered":"http:\/\/rakosliget.hu\/wordpress\/?page_id=442"},"modified":"2024-11-24T17:34:56","modified_gmt":"2024-11-24T16:34:56","slug":"kepek-a-regi-rakosligeti-temetorol","status":"publish","type":"page","link":"https:\/\/rakosliget.hu\/wordpress\/index.php\/kepek-a-regi-rakosligeti-temetorol\/","title":{"rendered":"A  TEMET\u0150 FELSZ\u00c1MOL\u00c1SA"},"content":{"rendered":"\n<p><em><em>Az oldal utols\u00f3 m\u00f3dos\u00edt\u00e1sa: 2024.11.24.<\/em><\/em><\/p>\n\n\n<p>1949-ben a kor\u00e1bban peremv\u00e1rosi temetkez\u00e9si v\u00e1llalatok beolvadtak a F\u0151v\u00e1rosi Temetkez\u00e9si V\u00e1llalatba. A halottakkal kapcsolatos \u00fcgyeket is k\u00f6zponti ir\u00e1ny\u00edt\u00e1s al\u00e1 akart\u00e1k vonni, teh\u00e1t a 49 apr\u00f3 temet\u0151t j\u00f3nak l\u00e1tt\u00e1k felsz\u00e1molni . 1950. janu\u00e1r 1-\u00e9n dr. Bak\u00e1ts tisztif\u0151orvos 568\/1949.tfh.sz. leirata, valamint K\u00f6b\u00f6l J\u00f3zsef volt alpolg\u00e1rmester sz\u00f3beli beleegyez\u00e9se alapj\u00e1n az al\u00e1bbi temet\u0151k ker\u00fcltek haszn\u00e1laton k\u00edv\u00fclre.<\/p>\n<p>R\u00e1kosliget, R\u00e1koskereszt\u00far, R\u00e1koscsaba, R\u00e1koshegy kor\u00e1bbi k\u00f6zs\u00e9gi \u00e9s egyh\u00e1zi tulajdon\u00fa temet\u0151i.<\/p>\n<p>Megsz\u00fcletett teh\u00e1t az els\u0151 l\u00e9p\u00e9s a k\u00e9s\u0151bbi teljes felsz\u00e1mol\u00e1s fel\u00e9. 1950. szeptember 30-i hat\u00e1rid\u0151vel a fenti temet\u0151ket a Temetkez\u00e9si V\u00e1llalat lez\u00e1rta, oda tov\u00e1bbi temet\u00e9st nem lehetett volna v\u00e9gezni.<\/p>\n\t<!-- Gallery Engine Assets -->\r\n\t<style>\r\n\t\t#image_gallery_wrap_1728 {\r\n            --ig-gutter: 8px;\r\n            --ig-cols-lg: 4;\r\n            --ig-cols-md: 4;\r\n            --ig-cols-sm: 3;\r\n            --ig-cols-xs: 1;\r\n            \r\n            \/* Dynamic Border Variables *\/\r\n                        --ig-radius: 8px;\r\n            --ig-card-radius: 8px;\r\n            --ig-card-padding: 8px;\r\n\r\n\r\n        }\r\n\t<\/style>\r\n        <div id=\"image_gallery_wrap_1728\" \r\n        class=\"ig-gallery-outer-wrap ig-layout-masonry\" \r\n        data-layout=\"masonry\" \r\n        data-lb-loop=\"0\" \r\n        data-lb-label=\"Image %1 of %2\"\r\n        data-version=\"2.0.1\">\r\n\r\n    <div id=\"image_gallery_1728\" \n         class=\"ig-row igp-gallery all-images_1728\">\n        <div class=\"grid-sizer\"><\/div>\n                        <div class=\"ig-col single-image igp-item ig-col-lg-3 ig-col-md-3 ig-col-sm-4 ig-col-12\" data-index=\"0\">\n            <div class=\"ig-image-card igp-card ig-has-card-border hvr-float-shadow\">\n                                    <a class=\"ig-lightbox-item\" href=\"https:\/\/rakosliget.hu\/wordpress\/wp-content\/uploads\/2018\/10\/temeto_2.jpg\" data-lightbox=\"ig-gallery-1728\" data-title=\"Temet\u0151i s\u00edrok. Forr\u00e1s: Liget-Szab\u00f3 L\u00e1szl\u00f3 tulajdona\" data-width=\"385\" data-height=\"530\">\n                                    \n\n\n                    <div class=\"ig-image-container\">\n                        <img loading=\"lazy\" decoding=\"async\" width=\"150\" height=\"150\" src=\"https:\/\/rakosliget.hu\/wordpress\/wp-content\/uploads\/2018\/10\/temeto_2-150x150.jpg\" class=\"ig-thumbnail loading\" alt=\"Temet\u0151i s\u00edrok. Forr\u00e1s: Liget-Szab\u00f3 L\u00e1szl\u00f3 tulajdona\" \/>                        \n                                                    <div class=\"ig-overlay ig-overlay-bottom\">\n                                <span class=\"ig-item-title\">Temet\u0151i s\u00edrok. Forr\u00e1s: Liget-Szab\u00f3 L\u00e1szl\u00f3 tulajdona<\/span>\n                            <\/div>\n                                            <\/div>\n\n\n\n                                    <\/a>\n                            <\/div>\n\n        <\/div>\n                        <div class=\"ig-col single-image igp-item ig-col-lg-3 ig-col-md-3 ig-col-sm-4 ig-col-12\" data-index=\"1\">\n            <div class=\"ig-image-card igp-card ig-has-card-border hvr-float-shadow\">\n                                    <a class=\"ig-lightbox-item\" href=\"https:\/\/rakosliget.hu\/wordpress\/wp-content\/uploads\/2018\/10\/temeto-sirok_1.jpg\" data-lightbox=\"ig-gallery-1728\" data-title=\"Temet\u0151i s\u00edrok. Forr\u00e1s: Liget-Szab\u00f3 L\u00e1szl\u00f3 tulajdona\" data-width=\"544\" data-height=\"364\">\n                                    \n\n\n                    <div class=\"ig-image-container\">\n                        <img loading=\"lazy\" decoding=\"async\" width=\"150\" height=\"150\" src=\"https:\/\/rakosliget.hu\/wordpress\/wp-content\/uploads\/2018\/10\/temeto-sirok_1-150x150.jpg\" class=\"ig-thumbnail loading\" alt=\"Temet\u0151i s\u00edrok. Forr\u00e1s: Liget-Szab\u00f3 L\u00e1szl\u00f3 tulajdona\" \/>                        \n                                                    <div class=\"ig-overlay ig-overlay-bottom\">\n                                <span class=\"ig-item-title\">Temet\u0151i s\u00edrok. Forr\u00e1s: Liget-Szab\u00f3 L\u00e1szl\u00f3 tulajdona<\/span>\n                            <\/div>\n                                            <\/div>\n\n\n\n                                    <\/a>\n                            <\/div>\n\n        <\/div>\n                        <div class=\"ig-col single-image igp-item ig-col-lg-3 ig-col-md-3 ig-col-sm-4 ig-col-12\" data-index=\"2\">\n            <div class=\"ig-image-card igp-card ig-has-card-border hvr-float-shadow\">\n                                    <a class=\"ig-lightbox-item\" href=\"https:\/\/rakosliget.hu\/wordpress\/wp-content\/uploads\/2018\/10\/temeto-sirok_2.jpg\" data-lightbox=\"ig-gallery-1728\" data-title=\"Temet\u0151i s\u00edrok. Forr\u00e1s Liget-Szab\u00f3 L\u00e1szl\u00f3 tulajdona\" data-width=\"671\" data-height=\"470\">\n                                    \n\n\n                    <div class=\"ig-image-container\">\n                        <img loading=\"lazy\" decoding=\"async\" width=\"150\" height=\"150\" src=\"https:\/\/rakosliget.hu\/wordpress\/wp-content\/uploads\/2018\/10\/temeto-sirok_2-150x150.jpg\" class=\"ig-thumbnail loading\" alt=\"Temet\u0151i s\u00edrok. Forr\u00e1s Liget-Szab\u00f3 L\u00e1szl\u00f3 tulajdona\" \/>                        \n                                                    <div class=\"ig-overlay ig-overlay-bottom\">\n                                <span class=\"ig-item-title\">Temet\u0151i s\u00edrok. Forr\u00e1s Liget-Szab\u00f3 L\u00e1szl\u00f3 tulajdona<\/span>\n                            <\/div>\n                                            <\/div>\n\n\n\n                                    <\/a>\n                            <\/div>\n\n        <\/div>\n                        <div class=\"ig-col single-image igp-item ig-col-lg-3 ig-col-md-3 ig-col-sm-4 ig-col-12\" data-index=\"3\">\n            <div class=\"ig-image-card igp-card ig-has-card-border hvr-float-shadow\">\n                                    <a class=\"ig-lightbox-item\" href=\"https:\/\/rakosliget.hu\/wordpress\/wp-content\/uploads\/2018\/10\/temeto-haranglab.jpg\" data-lightbox=\"ig-gallery-1728\" data-title=\"A temet\u0151 harangl\u00e1bja. Forr\u00e1s: Liget-Szab\u00f3 L\u00e1szl\u00f3 tulajdona\" data-width=\"334\" data-height=\"464\">\n                                    \n\n\n                    <div class=\"ig-image-container\">\n                        <img loading=\"lazy\" decoding=\"async\" width=\"150\" height=\"150\" src=\"https:\/\/rakosliget.hu\/wordpress\/wp-content\/uploads\/2018\/10\/temeto-haranglab-150x150.jpg\" class=\"ig-thumbnail loading\" alt=\"A temet\u0151 harangl\u00e1bja. Forr\u00e1s: Liget-Szab\u00f3 L\u00e1szl\u00f3 tulajdona\" \/>                        \n                                                    <div class=\"ig-overlay ig-overlay-bottom\">\n                                <span class=\"ig-item-title\">A temet\u0151 harangl\u00e1bja. Forr\u00e1s: Liget-Szab\u00f3 L\u00e1szl\u00f3 tulajdona<\/span>\n                            <\/div>\n                                            <\/div>\n\n\n\n                                    <\/a>\n                            <\/div>\n\n        <\/div>\n                        <div class=\"ig-col single-image igp-item ig-col-lg-3 ig-col-md-3 ig-col-sm-4 ig-col-12\" data-index=\"4\">\n            <div class=\"ig-image-card igp-card ig-has-card-border hvr-float-shadow\">\n                                    <a class=\"ig-lightbox-item\" href=\"https:\/\/rakosliget.hu\/wordpress\/wp-content\/uploads\/2018\/10\/rliget-temeto800.jpg\" data-lightbox=\"ig-gallery-1728\" data-title=\"Kereszt a r\u00e9gi temet\u0151 hely\u00e9n\" data-width=\"667\" data-height=\"500\">\n                                    \n\n\n                    <div class=\"ig-image-container\">\n                        <img loading=\"lazy\" decoding=\"async\" width=\"150\" height=\"150\" src=\"https:\/\/rakosliget.hu\/wordpress\/wp-content\/uploads\/2018\/10\/rliget-temeto800-150x150.jpg\" class=\"ig-thumbnail loading\" alt=\"Kereszt a r\u00e9gi temet\u0151 hely\u00e9n\" \/>                        \n                                                    <div class=\"ig-overlay ig-overlay-bottom\">\n                                <span class=\"ig-item-title\">Kereszt a r\u00e9gi temet\u0151 hely\u00e9n<\/span>\n                            <\/div>\n                                            <\/div>\n\n\n\n                                    <\/a>\n                            <\/div>\n\n        <\/div>\n                        <div class=\"ig-col single-image igp-item ig-col-lg-3 ig-col-md-3 ig-col-sm-4 ig-col-12\" data-index=\"5\">\n            <div class=\"ig-image-card igp-card ig-has-card-border hvr-float-shadow\">\n                                    <a class=\"ig-lightbox-item\" href=\"https:\/\/rakosliget.hu\/wordpress\/wp-content\/uploads\/2018\/10\/rliget-temeto800_1.jpg\" data-lightbox=\"ig-gallery-1728\" data-title=\"Anan\u00e1sz utca. A k\u00e9p jobb oldal\u00e1n volt a r\u00e9gi halottash\u00e1z\" data-width=\"640\" data-height=\"480\">\n                                    \n\n\n                    <div class=\"ig-image-container\">\n                        <img loading=\"lazy\" decoding=\"async\" width=\"150\" height=\"150\" src=\"https:\/\/rakosliget.hu\/wordpress\/wp-content\/uploads\/2018\/10\/rliget-temeto800_1-150x150.jpg\" class=\"ig-thumbnail loading\" alt=\"Anan\u00e1sz utca. A k\u00e9p jobb oldal\u00e1n volt a r\u00e9gi halottash\u00e1z\" \/>                        \n                                                    <div class=\"ig-overlay ig-overlay-bottom\">\n                                <span class=\"ig-item-title\">Anan\u00e1sz utca. A k\u00e9p jobb oldal\u00e1n volt a r\u00e9gi halottash\u00e1z<\/span>\n                            <\/div>\n                                            <\/div>\n\n\n\n                                    <\/a>\n                            <\/div>\n\n        <\/div>\n                        <div class=\"ig-col single-image igp-item ig-col-lg-3 ig-col-md-3 ig-col-sm-4 ig-col-12\" data-index=\"6\">\n            <div class=\"ig-image-card igp-card ig-has-card-border hvr-float-shadow\">\n                                    <a class=\"ig-lightbox-item\" href=\"https:\/\/rakosliget.hu\/wordpress\/wp-content\/uploads\/2018\/10\/rliget-temeto800_2.jpg\" data-lightbox=\"ig-gallery-1728\" data-title=\"A r\u00e9gi bej\u00e1rat 2005-ben\" data-width=\"640\" data-height=\"480\">\n                                    \n\n\n                    <div class=\"ig-image-container\">\n                        <img loading=\"lazy\" decoding=\"async\" width=\"150\" height=\"150\" src=\"https:\/\/rakosliget.hu\/wordpress\/wp-content\/uploads\/2018\/10\/rliget-temeto800_2-150x150.jpg\" class=\"ig-thumbnail loading\" alt=\"A r\u00e9gi bej\u00e1rat 2005-ben\" \/>                        \n                                                    <div class=\"ig-overlay ig-overlay-bottom\">\n                                <span class=\"ig-item-title\">A r\u00e9gi bej\u00e1rat 2005-ben<\/span>\n                            <\/div>\n                                            <\/div>\n\n\n\n                                    <\/a>\n                            <\/div>\n\n        <\/div>\n                        <div class=\"ig-col single-image igp-item ig-col-lg-3 ig-col-md-3 ig-col-sm-4 ig-col-12\" data-index=\"7\">\n            <div class=\"ig-image-card igp-card ig-has-card-border hvr-float-shadow\">\n                                    <a class=\"ig-lightbox-item\" href=\"https:\/\/rakosliget.hu\/wordpress\/wp-content\/uploads\/2018\/10\/kalvaria-keszul.jpg\" data-lightbox=\"ig-gallery-1728\" data-title=\"K\u00e9sz\u00fcl a k\u00e1lv\u00e1ria\" data-width=\"593\" data-height=\"445\">\n                                    \n\n\n                    <div class=\"ig-image-container\">\n                        <img loading=\"lazy\" decoding=\"async\" width=\"150\" height=\"150\" src=\"https:\/\/rakosliget.hu\/wordpress\/wp-content\/uploads\/2018\/10\/kalvaria-keszul-150x150.jpg\" class=\"ig-thumbnail loading\" alt=\"K\u00e9sz\u00fcl a k\u00e1lv\u00e1ria\" \/>                        \n                                                    <div class=\"ig-overlay ig-overlay-bottom\">\n                                <span class=\"ig-item-title\">K\u00e9sz\u00fcl a k\u00e1lv\u00e1ria<\/span>\n                            <\/div>\n                                            <\/div>\n\n\n\n                                    <\/a>\n                            <\/div>\n\n        <\/div>\n                        <div class=\"ig-col single-image igp-item ig-col-lg-3 ig-col-md-3 ig-col-sm-4 ig-col-12\" data-index=\"8\">\n            <div class=\"ig-image-card igp-card ig-has-card-border hvr-float-shadow\">\n                                    <a class=\"ig-lightbox-item\" href=\"https:\/\/rakosliget.hu\/wordpress\/wp-content\/uploads\/2018\/10\/Rakosliget-regi-temeto-1.jpg\" data-lightbox=\"ig-gallery-1728\" data-title=\"A temet\u0151 hely\u00e9n \u00e1ll\u00f3 park\" data-width=\"640\" data-height=\"480\">\n                                    \n\n\n                    <div class=\"ig-image-container\">\n                        <img loading=\"lazy\" decoding=\"async\" width=\"150\" height=\"150\" src=\"https:\/\/rakosliget.hu\/wordpress\/wp-content\/uploads\/2018\/10\/Rakosliget-regi-temeto-1-150x150.jpg\" class=\"ig-thumbnail loading\" alt=\"A temet\u0151 hely\u00e9n \u00e1ll\u00f3 park\" \/>                        \n                                                    <div class=\"ig-overlay ig-overlay-bottom\">\n                                <span class=\"ig-item-title\">A temet\u0151 hely\u00e9n \u00e1ll\u00f3 park<\/span>\n                            <\/div>\n                                            <\/div>\n\n\n\n                                    <\/a>\n                            <\/div>\n\n        <\/div>\n                        <div class=\"ig-col single-image igp-item ig-col-lg-3 ig-col-md-3 ig-col-sm-4 ig-col-12\" data-index=\"9\">\n            <div class=\"ig-image-card igp-card ig-has-card-border hvr-float-shadow\">\n                                    <a class=\"ig-lightbox-item\" href=\"https:\/\/rakosliget.hu\/wordpress\/wp-content\/uploads\/2018\/10\/temeto.jpg\" data-lightbox=\"ig-gallery-1728\" data-title=\"N\u00e9h\u00e1ny s\u00edrhely helye a temet\u0151ben\" data-width=\"394\" data-height=\"500\">\n                                    \n\n\n                    <div class=\"ig-image-container\">\n                        <img loading=\"lazy\" decoding=\"async\" width=\"150\" height=\"150\" src=\"https:\/\/rakosliget.hu\/wordpress\/wp-content\/uploads\/2018\/10\/temeto-150x150.jpg\" class=\"ig-thumbnail loading\" alt=\"N\u00e9h\u00e1ny s\u00edrhely helye a temet\u0151ben\" \/>                        \n                                                    <div class=\"ig-overlay ig-overlay-bottom\">\n                                <span class=\"ig-item-title\">N\u00e9h\u00e1ny s\u00edrhely helye a temet\u0151ben<\/span>\n                            <\/div>\n                                            <\/div>\n\n\n\n                                    <\/a>\n                            <\/div>\n\n        <\/div>\n                        <div class=\"ig-col single-image igp-item ig-col-lg-3 ig-col-md-3 ig-col-sm-4 ig-col-12\" data-index=\"10\">\n            <div class=\"ig-image-card igp-card ig-has-card-border hvr-float-shadow\">\n                                    <a class=\"ig-lightbox-item\" href=\"https:\/\/rakosliget.hu\/wordpress\/wp-content\/uploads\/2018\/10\/roman_900.jpg\" data-lightbox=\"ig-gallery-1728\" data-title=\"\u00dcnneps\u00e9g a rom\u00e1n s\u00edrokn\u00e1l (60-as \u00e9vek v\u00e9ge) A temet\u0151 felsz\u00e1mol\u00e1sa m\u00e9g nem t\u00f6rt\u00e9nt meg\" data-width=\"900\" data-height=\"637\">\n                                    \n\n\n                    <div class=\"ig-image-container\">\n                        <img loading=\"lazy\" decoding=\"async\" width=\"150\" height=\"150\" src=\"https:\/\/rakosliget.hu\/wordpress\/wp-content\/uploads\/2018\/10\/roman_900-150x150.jpg\" class=\"ig-thumbnail loading\" alt=\"\u00dcnneps\u00e9g a rom\u00e1n s\u00edrokn\u00e1l (60-as \u00e9vek v\u00e9ge) A temet\u0151 felsz\u00e1mol\u00e1sa m\u00e9g nem t\u00f6rt\u00e9nt meg\" \/>                        \n                                                    <div class=\"ig-overlay ig-overlay-bottom\">\n                                <span class=\"ig-item-title\">\u00dcnneps\u00e9g a rom\u00e1n s\u00edrokn\u00e1l (60-as \u00e9vek v\u00e9ge) A temet\u0151 felsz\u00e1mol\u00e1sa m\u00e9g nem t\u00f6rt\u00e9nt meg<\/span>\n                            <\/div>\n                                            <\/div>\n\n\n\n                                    <\/a>\n                            <\/div>\n\n        <\/div>\n                        <div class=\"ig-col single-image igp-item ig-col-lg-3 ig-col-md-3 ig-col-sm-4 ig-col-12\" data-index=\"11\">\n            <div class=\"ig-image-card igp-card ig-has-card-border hvr-float-shadow\">\n                                    <a class=\"ig-lightbox-item\" href=\"https:\/\/rakosliget.hu\/wordpress\/wp-content\/uploads\/2026\/02\/fortepan_117003_1200.jpg\" data-lightbox=\"ig-gallery-1728\" data-title=\"Fortepan \/ FSZEK Budapest Gy\u0171jtem\u00e9ny \/ S\u00e1ndor Gy\u00f6rgy \/ S\u00e1ndor Gy\u00f6rgy\" data-width=\"1200\" data-height=\"758\">\n                                    \n\n\n                    <div class=\"ig-image-container\">\n                        <img loading=\"lazy\" decoding=\"async\" width=\"150\" height=\"150\" src=\"https:\/\/rakosliget.hu\/wordpress\/wp-content\/uploads\/2026\/02\/fortepan_117003_1200-150x150.jpg\" class=\"ig-thumbnail loading\" alt=\"Fortepan \/ FSZEK Budapest Gy\u0171jtem\u00e9ny \/ S\u00e1ndor Gy\u00f6rgy \/ S\u00e1ndor Gy\u00f6rgy\" \/>                        \n                                                    <div class=\"ig-overlay ig-overlay-bottom\">\n                                <span class=\"ig-item-title\">Fortepan \/ FSZEK Budapest Gy\u0171jtem\u00e9ny \/ S\u00e1ndor Gy\u00f6rgy \/ S\u00e1ndor Gy\u00f6rgy<\/span>\n                            <\/div>\n                                            <\/div>\n\n\n\n                                    <\/a>\n                            <\/div>\n\n        <\/div>\n                        <div class=\"ig-col single-image igp-item ig-col-lg-3 ig-col-md-3 ig-col-sm-4 ig-col-12\" data-index=\"12\">\n            <div class=\"ig-image-card igp-card ig-has-card-border hvr-float-shadow\">\n                                    <a class=\"ig-lightbox-item\" href=\"https:\/\/rakosliget.hu\/wordpress\/wp-content\/uploads\/2026\/02\/fortepan_117005_1200.jpg\" data-lightbox=\"ig-gallery-1728\" data-title=\"Fortepan \/ FSZEK Budapest Gy\u0171jtem\u00e9ny \/ S\u00e1ndor Gy\u00f6rgy \/ S\u00e1ndor Gy\u00f6rgy\" data-width=\"1200\" data-height=\"828\">\n                                    \n\n\n                    <div class=\"ig-image-container\">\n                        <img loading=\"lazy\" decoding=\"async\" width=\"150\" height=\"150\" src=\"https:\/\/rakosliget.hu\/wordpress\/wp-content\/uploads\/2026\/02\/fortepan_117005_1200-150x150.jpg\" class=\"ig-thumbnail loading\" alt=\"Fortepan \/ FSZEK Budapest Gy\u0171jtem\u00e9ny \/ S\u00e1ndor Gy\u00f6rgy \/ S\u00e1ndor Gy\u00f6rgy\" \/>                        \n                                                    <div class=\"ig-overlay ig-overlay-bottom\">\n                                <span class=\"ig-item-title\">Fortepan \/ FSZEK Budapest Gy\u0171jtem\u00e9ny \/ S\u00e1ndor Gy\u00f6rgy \/ S\u00e1ndor Gy\u00f6rgy<\/span>\n                            <\/div>\n                                            <\/div>\n\n\n\n                                    <\/a>\n                            <\/div>\n\n        <\/div>\n                        <div class=\"ig-col single-image igp-item ig-col-lg-3 ig-col-md-3 ig-col-sm-4 ig-col-12\" data-index=\"13\">\n            <div class=\"ig-image-card igp-card ig-has-card-border hvr-float-shadow\">\n                                    <a class=\"ig-lightbox-item\" href=\"https:\/\/rakosliget.hu\/wordpress\/wp-content\/uploads\/2026\/02\/Roman-1961-szept-1_-no.jpg\" data-lightbox=\"ig-gallery-1728\" data-title=\"Rom\u00e1n 1961 szept 1\" data-width=\"1820\" data-height=\"1235\">\n                                    \n\n\n                    <div class=\"ig-image-container\">\n                        <img loading=\"lazy\" decoding=\"async\" width=\"150\" height=\"150\" src=\"https:\/\/rakosliget.hu\/wordpress\/wp-content\/uploads\/2026\/02\/Roman-1961-szept-1_-no-150x150.jpg\" class=\"ig-thumbnail loading\" alt=\"Rom\u00e1n 1961 szept 1\" \/>                        \n                                                    <div class=\"ig-overlay ig-overlay-bottom\">\n                                <span class=\"ig-item-title\">Rom\u00e1n 1961 szept 1<\/span>\n                            <\/div>\n                                            <\/div>\n\n\n\n                                    <\/a>\n                            <\/div>\n\n        <\/div>\n                        <div class=\"ig-col single-image igp-item ig-col-lg-3 ig-col-md-3 ig-col-sm-4 ig-col-12\" data-index=\"14\">\n            <div class=\"ig-image-card igp-card ig-has-card-border hvr-float-shadow\">\n                                    <a class=\"ig-lightbox-item\" href=\"https:\/\/rakosliget.hu\/wordpress\/wp-content\/uploads\/2026\/02\/Roman-temeto-1985-aprilis-23_no.jpg\" data-lightbox=\"ig-gallery-1728\" data-title=\"Rom\u00e1n temet\u0151 1985 \u00e1prilis 2.\" data-width=\"1710\" data-height=\"1234\">\n                                    \n\n\n                    <div class=\"ig-image-container\">\n                        <img loading=\"lazy\" decoding=\"async\" width=\"150\" height=\"150\" src=\"https:\/\/rakosliget.hu\/wordpress\/wp-content\/uploads\/2026\/02\/Roman-temeto-1985-aprilis-23_no-150x150.jpg\" class=\"ig-thumbnail loading\" alt=\"Rom\u00e1n temet\u0151 1985 \u00e1prilis 2.\" \/>                        \n                                                    <div class=\"ig-overlay ig-overlay-bottom\">\n                                <span class=\"ig-item-title\">Rom\u00e1n temet\u0151 1985 \u00e1prilis 2.<\/span>\n                            <\/div>\n                                            <\/div>\n\n\n\n                                    <\/a>\n                            <\/div>\n\n        <\/div>\n                        <div class=\"ig-col single-image igp-item ig-col-lg-3 ig-col-md-3 ig-col-sm-4 ig-col-12\" data-index=\"15\">\n            <div class=\"ig-image-card igp-card ig-has-card-border hvr-float-shadow\">\n                                    <a class=\"ig-lightbox-item\" href=\"https:\/\/rakosliget.hu\/wordpress\/wp-content\/uploads\/2026\/03\/32-.-Temetes-Rakosligeten.jpg\" data-lightbox=\"ig-gallery-1728\" data-title=\"32 . Paulovits G\u00e9za temet\u00e9se 1939 R\u00e1kosligeten\/Forr\u00e1s: Hegyi L\u00e1szl\u00f3\" data-width=\"1377\" data-height=\"1068\">\n                                    \n\n\n                    <div class=\"ig-image-container\">\n                        <img loading=\"lazy\" decoding=\"async\" width=\"150\" height=\"150\" src=\"https:\/\/rakosliget.hu\/wordpress\/wp-content\/uploads\/2026\/03\/32-.-Temetes-Rakosligeten-150x150.jpg\" class=\"ig-thumbnail loading\" alt=\"32 . Paulovits G\u00e9za temet\u00e9se 1939 R\u00e1kosligeten\/Forr\u00e1s: Hegyi L\u00e1szl\u00f3\" \/>                        \n                                                    <div class=\"ig-overlay ig-overlay-bottom\">\n                                <span class=\"ig-item-title\">32 . Paulovits G\u00e9za temet\u00e9se 1939 R\u00e1kosligeten\/Forr\u00e1s: Hegyi L\u00e1szl\u00f3<\/span>\n                            <\/div>\n                                            <\/div>\n\n\n\n                                    <\/a>\n                            <\/div>\n\n        <\/div>\n                        <div class=\"ig-col single-image igp-item ig-col-lg-3 ig-col-md-3 ig-col-sm-4 ig-col-12\" data-index=\"16\">\n            <div class=\"ig-image-card igp-card ig-has-card-border hvr-float-shadow\">\n                                    <a class=\"ig-lightbox-item\" href=\"https:\/\/rakosliget.hu\/wordpress\/wp-content\/uploads\/2026\/03\/34-.-Temetes-Rakosligeten.-.jpg\" data-lightbox=\"ig-gallery-1728\" data-title=\"34 . Temet\u00e9s R\u00e1kosligeten.\/ Forr\u00e1s: Hegyi L\u00e1szl\u00f3\" data-width=\"1392\" data-height=\"1098\">\n                                    \n\n\n                    <div class=\"ig-image-container\">\n                        <img loading=\"lazy\" decoding=\"async\" width=\"150\" height=\"150\" src=\"https:\/\/rakosliget.hu\/wordpress\/wp-content\/uploads\/2026\/03\/34-.-Temetes-Rakosligeten.--150x150.jpg\" class=\"ig-thumbnail loading\" alt=\"34 . Temet\u00e9s R\u00e1kosligeten.\/ Forr\u00e1s: Hegyi L\u00e1szl\u00f3\" \/>                        \n                                                    <div class=\"ig-overlay ig-overlay-bottom\">\n                                <span class=\"ig-item-title\">34 . Temet\u00e9s R\u00e1kosligeten.\/ Forr\u00e1s: Hegyi L\u00e1szl\u00f3<\/span>\n                            <\/div>\n                                            <\/div>\n\n\n\n                                    <\/a>\n                            <\/div>\n\n        <\/div>\n            <\/div>\n\n\n\n        <\/div>\n<p>A lez\u00e1rt temet\u0151k fokozatos felsz\u00e1mol\u00e1s\u00e1ra a lez\u00e1r\u00e1st k\u00f6vet\u0151en k\u00f6zel harminc \u00e9vet kellett v\u00e1rni. 1980-ban utas\u00edtott\u00e1k a F\u0151v\u00e1rosi Tan\u00e1cs VB K\u00f6zm\u0171 \u00e9s M\u00e9ly\u00e9p\u00edt\u00e9si F\u0151igazgat\u00f3s\u00e1got arra, hogy a fokozatos felsz\u00e1mol\u00e1ssal kapcsolatos teend\u0151ket terjessz\u00e9k a VB el\u00e9. Ekkor ker\u00fclt \u00fajra k\u00e9pbe a r\u00e1kosligeti temet\u0151 is \u0150sag\u00e1rd utcai temet\u0151 n\u00e9ven.<\/p>\n<p>Megkezd\u0151dtek az egyeztet\u00e9sek. A ker\u00fcleti tan\u00e1cs eln\u00f6ke dr. Kr\u00e9besz K\u00e1roly egyet\u00e9rtett a felsz\u00e1mol\u00e1ssal, de t\u00e1mogat\u00e1s\u00e1t adta a V\u00e1rosrend\u00e9szeti \u00e9s \u00c9p\u00edt\u00e9si F\u0151oszt\u00e1ly, a Budapesti M\u0171eml\u00e9k Fel\u00fcgyel\u0151s\u00e9g, a F\u0151v\u00e1rosi K\u00f6zeg\u00e9szs\u00e9g\u00fcgyi- J\u00e1rv\u00e1ny\u00fcgyi \u00c1llom\u00e1s is.<\/p>\n<p>Akkori \u00e1ron durv\u00e1n 1,5 milli\u00f3 forintb\u00f3l megoldott\u00e1k a temet\u0151 elt\u00fcntet\u00e9s\u00e9t. A lez\u00e1rt temet\u0151 kapuj\u00e1ba kif\u00fcggesztett\u00e9k a t\u00e1j\u00e9koztat\u00f3t, illetve megjelentett\u00e9k a sajt\u00f3ban, hogy aki akarja, az \u00e1thelyeztetheti halottait m\u00e1s, m\u0171k\u00f6d\u0151 temet\u0151be. Aki err\u0151l elfeledkezik, vagy erre nincsen m\u00f3dja, annak azzal kell sz\u00e1molni, hogy a s\u00edrhelye felsz\u00e1mol\u00e1sra ker\u00fcl. R\u00f6viden bed\u00f3zerolj\u00e1k.<\/p>\n<p style=\"text-align: center;\"><a href=\"http:\/\/rakosliget.hu\/wordpress\/wp-content\/uploads\/2019\/11\/temeto-felszamolas_.jpg\"><img loading=\"lazy\" decoding=\"async\" class=\"alignnone size-medium wp-image-2776 aligncenter\" src=\"http:\/\/rakosliget.hu\/wordpress\/wp-content\/uploads\/2019\/11\/temeto-felszamolas_-226x300.jpg\" alt=\"\" width=\"226\" height=\"300\" srcset=\"https:\/\/rakosliget.hu\/wordpress\/wp-content\/uploads\/2019\/11\/temeto-felszamolas_-226x300.jpg 226w, https:\/\/rakosliget.hu\/wordpress\/wp-content\/uploads\/2019\/11\/temeto-felszamolas_.jpg 390w\" sizes=\"auto, (max-width: 226px) 100vw, 226px\" \/><\/a>N\u00e9pszabads\u00e1g 1982<\/p>\n<p>A tervek szerint k\u00f6zparkot akartak l\u00e9tes\u00edteni az \u00edgy felszabadul\u00f3 19,912 m2-en. Az m\u00e1r csak \u00edzl\u00e9s dolga, de nem gondolom t\u00fal eleg\u00e1ns megold\u00e1snak, hogy a r\u00e9gi s\u00edrok hely\u00e9n park l\u00e9tes\u00fclj\u00f6n. A felsz\u00e1mol\u00e1st k\u00f6vet\u0151en nagyon sok\u00e1ig fociztak a k\u00f6rny\u00e9kbeli fi\u00fak ezen a ter\u00fcleten. Ennyit a m\u00falt meg\u0151rz\u00e9s\u00e9r\u0151l, ennyit az \u0151s\u00f6k tisztelet\u00e9r\u0151l. A sz\u00e1nd\u00e9k teljesen \u00e9rthet\u0151 volt. Nyom n\u00e9lk\u00fcl elt\u00fcntetni a m\u00faltat.<\/p>\n<p>Ami miatt m\u00e9gis nyom\u00f3s k\u00e9rd\u00e9s volt a r\u00e1kosligeti temet\u0151, az a rom\u00e1n katonai s\u00edrok miatt volt. Be kellett vonni a K\u00fcl\u00fcgyminiszt\u00e9riumot is a felsz\u00e1mol\u00e1sba, hiszen R\u00e1kosligetet a II. vil\u00e1gh\u00e1bor\u00fa sor\u00e1n a szovjet csapatokkal egy\u00fctt \u00e9rkez\u0151 rom\u00e1n hader\u0151 sz\u00e1llta meg. Nagy csat\u00e1k a ter\u00fcleten nem zajlottak. Az akkor \u00e9ltek visszaeml\u00e9kez\u00e9sei szerint is a rom\u00e1n katon\u00e1kkal a faszesz v\u00e9gzett. Ki tudja ma m\u00e1r. Mindenesetre a politika kihaszn\u00e1lta a lehet\u0151s\u00e9get, rom\u00e1n h\u0151si temet\u0151t l\u00e9tes\u00edtettek R\u00e1kosligeten. Ebben val\u00f3j\u00e1ban 17 katona s\u00edrja volt, de l\u00e9tes\u00edtettek 2 db jelk\u00e9pes s\u00edrt \u00e9s egy eml\u00e9km\u0171vet is.<\/p>\n<p style=\"text-align: center;\"><a href=\"http:\/\/rakosliget.hu\/wordpress\/wp-content\/uploads\/2019\/10\/F__NY19610402021_.jpg\"><img loading=\"lazy\" decoding=\"async\" class=\"alignnone size-medium wp-image-2727 aligncenter\" src=\"http:\/\/rakosliget.hu\/wordpress\/wp-content\/uploads\/2019\/10\/F__NY19610402021_-300x264.jpg\" alt=\"\" width=\"300\" height=\"264\" srcset=\"https:\/\/rakosliget.hu\/wordpress\/wp-content\/uploads\/2019\/10\/F__NY19610402021_-300x264.jpg 300w, https:\/\/rakosliget.hu\/wordpress\/wp-content\/uploads\/2019\/10\/F__NY19610402021_-768x676.jpg 768w, https:\/\/rakosliget.hu\/wordpress\/wp-content\/uploads\/2019\/10\/F__NY19610402021_-1024x901.jpg 1024w\" sizes=\"auto, (max-width: 300px) 100vw, 300px\" \/><\/a><br \/>(MTI fot\u00f3)<\/p>\n<p>Az Esti H\u00edrlap 1958. augusztus 24.-i sz\u00e1ma az els\u0151 oldalon sz\u00e1molt be az esem\u00e9nyr\u0151l.<\/p>\n<p><a href=\"http:\/\/rakosliget.hu\/wordpress\/wp-content\/uploads\/2019\/10\/Estihirlap-roman-1958.jpg\"><img loading=\"lazy\" decoding=\"async\" class=\"size-medium wp-image-2685 aligncenter\" src=\"http:\/\/rakosliget.hu\/wordpress\/wp-content\/uploads\/2019\/10\/Estihirlap-roman-1958-151x300.jpg\" alt=\"\" width=\"151\" height=\"300\" srcset=\"https:\/\/rakosliget.hu\/wordpress\/wp-content\/uploads\/2019\/10\/Estihirlap-roman-1958-151x300.jpg 151w, https:\/\/rakosliget.hu\/wordpress\/wp-content\/uploads\/2019\/10\/Estihirlap-roman-1958-514x1024.jpg 514w, https:\/\/rakosliget.hu\/wordpress\/wp-content\/uploads\/2019\/10\/Estihirlap-roman-1958.jpg 712w\" sizes=\"auto, (max-width: 151px) 100vw, 151px\" \/><\/a><\/p>\n<p style=\"text-align: left;\">Mivel a katona s\u00edrok k\u00e9rd\u00e9se nemzetk\u00f6zi megold\u00e1st ig\u00e9nyelt, a d\u00f6nt\u00e9s az volt, hogy a temet\u0151t felsz\u00e1molj\u00e1k, de a katonas\u00edrokat nem bolygatj\u00e1k. Azokat k\u00e9s\u0151bb sz\u00e1ll\u00edtott\u00e1k \u00e1t a X. ker\u00fclet \u00daj K\u00f6ztemet\u0151 6. sz parcell\u00e1j\u00e1ba. Ekkor m\u00e1r 1983. m\u00e1rcius\u00e1t \u00edrt\u00e1k a napt\u00e1rak.<\/p>\n<p>A r\u00e1kosligeti rom\u00e1n katonai s\u00edrok az \u00daj K\u00f6ztemet\u0151 144. parcell\u00e1j\u00e1ba lettek \u00e1thelyezve 2000. okt\u00f3ber\u00e9ben.<\/p>\n<p><a href=\"http:\/\/rakosliget.hu\/pdf\/HU_BFL_XXIII_102_a_1_1952-09-11__pages15-23.pdf\">A temet\u0151 bez\u00e1r\u00e1s\u00e1r\u00f3l sz\u00f3l\u00f3 <\/a><a href=\"http:\/\/rakosliget.hu\/pdf\/HU_BFL_XXIII_102_a_1_1952-09-11__pages15-23.pdf\">F\u0151v\u00e1rosi Tan\u00e1cs VB<\/a><a href=\"http:\/\/rakosliget.hu\/pdf\/HU_BFL_XXIII_102_a_1_1952-09-11__pages15-23.pdf\">\u00a0hat\u00e1rozat\u00a0 1952.<\/a> \u00a0<em>Forr\u00e1s: Budapest F\u0151v\u00e1ros Lev\u00e9lt\u00e1r HU_BFL_XXIII_102_a_1_1952-09-11_pages 15-23<\/em><\/p>\n<p><a href=\"http:\/\/rakosliget.hu\/pdf\/HU_BFL_XXIII_102_a_1_1982-12-22__pages254-256.pdf\">A temet\u0151 felsz\u00e1mol\u00e1s\u00e1r\u00f3l sz\u00f3l\u00f3 F\u0151v\u00e1rosi Tan\u00e1cs VB. hat\u00e1rozat.<\/a> <em>Forr\u00e1s: Budapest F\u0151v\u00e1ros Lev\u00e9lt\u00e1r HU_BFL_XXIII_102_a_1_1982-12-22__pages254-256<\/em><\/p>\n<p><a href=\"http:\/\/rakosliget.hu\/pdf\/roman temeto aprilis_4_1967.pdf\" target=\"_new\" rel=\"noopener noreferrer\">Egy dokumentum 1967-b\u0151l a rom\u00e1n temet\u0151ben t\u00f6rt\u00e9n\u0151 koszor\u00faz\u00e1ssal kapcsolatban.<\/a><\/p>\n<pre><em>\u00a0<\/em><\/pre>\n\n\n<h2 class=\"wp-block-heading\">1979<\/h2>\n\n\n<div class=\"wp-block-image\">\n<figure class=\"aligncenter size-large\"><a href=\"http:\/\/rakosliget.hu\/wordpress\/wp-content\/uploads\/2020\/01\/regit-temetok-terkep.jpg\"><img loading=\"lazy\" decoding=\"async\" width=\"1024\" height=\"715\" src=\"http:\/\/rakosliget.hu\/wordpress\/wp-content\/uploads\/2020\/01\/regit-temetok-terkep-1024x715.jpg\" alt=\"\" class=\"wp-image-3897\" srcset=\"https:\/\/rakosliget.hu\/wordpress\/wp-content\/uploads\/2020\/01\/regit-temetok-terkep-1024x715.jpg 1024w, https:\/\/rakosliget.hu\/wordpress\/wp-content\/uploads\/2020\/01\/regit-temetok-terkep-300x210.jpg 300w, https:\/\/rakosliget.hu\/wordpress\/wp-content\/uploads\/2020\/01\/regit-temetok-terkep-768x536.jpg 768w, https:\/\/rakosliget.hu\/wordpress\/wp-content\/uploads\/2020\/01\/regit-temetok-terkep-1536x1073.jpg 1536w, https:\/\/rakosliget.hu\/wordpress\/wp-content\/uploads\/2020\/01\/regit-temetok-terkep-2048x1431.jpg 2048w\" sizes=\"auto, (max-width: 1024px) 100vw, 1024px\" \/><\/a><figcaption class=\"wp-element-caption\"> 1979. december 18. &#8211; Budapest F\u0151v\u00e1ros Tan\u00e1csa V\u00e9grehajt\u00f3 Bizotts\u00e1ga \u00fcl\u00e9seinek jegyz\u0151k\u00f6nyvei (HU BFL XXIII.102.a.1) <\/figcaption><\/figure>\n<\/div>\n\n<div class=\"wp-block-image\">\n<figure class=\"aligncenter size-large\"><img loading=\"lazy\" decoding=\"async\" width=\"1024\" height=\"643\" src=\"http:\/\/rakosliget.hu\/wordpress\/wp-content\/uploads\/2020\/01\/lezart-temetok_1-1024x643.jpg\" alt=\"\" class=\"wp-image-3903\" srcset=\"https:\/\/rakosliget.hu\/wordpress\/wp-content\/uploads\/2020\/01\/lezart-temetok_1-1024x643.jpg 1024w, https:\/\/rakosliget.hu\/wordpress\/wp-content\/uploads\/2020\/01\/lezart-temetok_1-300x188.jpg 300w, https:\/\/rakosliget.hu\/wordpress\/wp-content\/uploads\/2020\/01\/lezart-temetok_1-768x482.jpg 768w, https:\/\/rakosliget.hu\/wordpress\/wp-content\/uploads\/2020\/01\/lezart-temetok_1-1536x965.jpg 1536w, https:\/\/rakosliget.hu\/wordpress\/wp-content\/uploads\/2020\/01\/lezart-temetok_1.jpg 1608w\" sizes=\"auto, (max-width: 1024px) 100vw, 1024px\" \/><\/figure>\n<\/div>\n\n\n<figure class=\"wp-block-image size-large\"><img loading=\"lazy\" decoding=\"async\" width=\"1024\" height=\"524\" src=\"http:\/\/rakosliget.hu\/wordpress\/wp-content\/uploads\/2020\/01\/lezart-temetok2-1024x524.jpg\" alt=\"\" class=\"wp-image-3904\" srcset=\"https:\/\/rakosliget.hu\/wordpress\/wp-content\/uploads\/2020\/01\/lezart-temetok2-1024x524.jpg 1024w, https:\/\/rakosliget.hu\/wordpress\/wp-content\/uploads\/2020\/01\/lezart-temetok2-300x153.jpg 300w, https:\/\/rakosliget.hu\/wordpress\/wp-content\/uploads\/2020\/01\/lezart-temetok2-768x393.jpg 768w, https:\/\/rakosliget.hu\/wordpress\/wp-content\/uploads\/2020\/01\/lezart-temetok2-1536x785.jpg 1536w, https:\/\/rakosliget.hu\/wordpress\/wp-content\/uploads\/2020\/01\/lezart-temetok2.jpg 1555w\" sizes=\"auto, (max-width: 1024px) 100vw, 1024px\" \/><\/figure>\n\n\n\n<figure class=\"wp-block-image size-large\"><img loading=\"lazy\" decoding=\"async\" width=\"1024\" height=\"519\" src=\"http:\/\/rakosliget.hu\/wordpress\/wp-content\/uploads\/2020\/01\/lezart-temetok3-1024x519.jpg\" alt=\"\" class=\"wp-image-3905\" srcset=\"https:\/\/rakosliget.hu\/wordpress\/wp-content\/uploads\/2020\/01\/lezart-temetok3-1024x519.jpg 1024w, https:\/\/rakosliget.hu\/wordpress\/wp-content\/uploads\/2020\/01\/lezart-temetok3-300x152.jpg 300w, https:\/\/rakosliget.hu\/wordpress\/wp-content\/uploads\/2020\/01\/lezart-temetok3-768x389.jpg 768w, https:\/\/rakosliget.hu\/wordpress\/wp-content\/uploads\/2020\/01\/lezart-temetok3-1536x778.jpg 1536w, https:\/\/rakosliget.hu\/wordpress\/wp-content\/uploads\/2020\/01\/lezart-temetok3.jpg 1543w\" sizes=\"auto, (max-width: 1024px) 100vw, 1024px\" \/><\/figure>\n\n\n\n<figure class=\"wp-block-image size-large\"><img loading=\"lazy\" decoding=\"async\" width=\"1024\" height=\"507\" src=\"http:\/\/rakosliget.hu\/wordpress\/wp-content\/uploads\/2020\/01\/lzart-temetok4-1-1024x507.jpg\" alt=\"\" class=\"wp-image-3906\" srcset=\"https:\/\/rakosliget.hu\/wordpress\/wp-content\/uploads\/2020\/01\/lzart-temetok4-1-1024x507.jpg 1024w, https:\/\/rakosliget.hu\/wordpress\/wp-content\/uploads\/2020\/01\/lzart-temetok4-1-300x149.jpg 300w, https:\/\/rakosliget.hu\/wordpress\/wp-content\/uploads\/2020\/01\/lzart-temetok4-1-768x380.jpg 768w, https:\/\/rakosliget.hu\/wordpress\/wp-content\/uploads\/2020\/01\/lzart-temetok4-1.jpg 1498w\" sizes=\"auto, (max-width: 1024px) 100vw, 1024px\" \/><figcaption class=\"wp-element-caption\">Lez\u00e1rt temet\u0151k list\u00e1ja<br> 1979. december 18. &#8211; Budapest F\u0151v\u00e1ros Tan\u00e1csa V\u00e9grehajt\u00f3 Bizotts\u00e1ga \u00fcl\u00e9seinek jegyz\u0151k\u00f6nyvei (HU BFL XXIII.102.a.1)   <\/figcaption><\/figure>\n\n\n\n<p>Kapcsol\u00f3d\u00f3 dokumentum: <a href=\"http:\/\/rakosliget.hu\/pdf\/HU_BFL_XXIII_102_a_1_1979-12-18__pages38-58.pdf\">Javaslat a f\u0151v\u00e1rosban l\u00e9v\u0151 lez\u00e1rt temet\u0151k<\/a><br>fokozatos felsz\u00e1mol\u00e1s\u00e1ra. (pdf form\u00e1tum)<\/p>\n\n\n\n<p><\/p>\n","protected":false},"excerpt":{"rendered":"<p>Az oldal utols\u00f3 m\u00f3dos\u00edt\u00e1sa: 2024.11.24. 1949-ben a kor\u00e1bban peremv\u00e1rosi temetkez\u00e9si v\u00e1llalatok beolvadtak a F\u0151v\u00e1rosi Temetkez\u00e9si V\u00e1llalatba. A halottakkal kapcsolatos \u00fcgyeket is k\u00f6zponti ir\u00e1ny\u00edt\u00e1s al\u00e1 akart\u00e1k vonni, teh\u00e1t a 49 apr\u00f3 temet\u0151t j\u00f3nak l\u00e1tt\u00e1k felsz\u00e1molni . 1950. janu\u00e1r 1-\u00e9n dr. Bak\u00e1ts tisztif\u0151orvos 568\/1949.tfh.sz. leirata, valamint K\u00f6b\u00f6l J\u00f3zsef volt alpolg\u00e1rmester sz\u00f3beli beleegyez\u00e9se alapj\u00e1n az al\u00e1bbi temet\u0151k ker\u00fcltek &hellip; <a href=\"https:\/\/rakosliget.hu\/wordpress\/index.php\/kepek-a-regi-rakosligeti-temetorol\/\" class=\"more-link\"><span class=\"screen-reader-text\">A  TEMET\u0150 FELSZ\u00c1MOL\u00c1SA<\/span> r\u00e9szletei&#8230;<\/a><\/p>\n","protected":false},"author":1,"featured_media":0,"parent":0,"menu_order":0,"comment_status":"closed","ping_status":"closed","template":"","meta":{"footnotes":""},"class_list":["post-442","page","type-page","status-publish","hentry"],"_links":{"self":[{"href":"https:\/\/rakosliget.hu\/wordpress\/index.php\/wp-json\/wp\/v2\/pages\/442","targetHints":{"allow":["GET"]}}],"collection":[{"href":"https:\/\/rakosliget.hu\/wordpress\/index.php\/wp-json\/wp\/v2\/pages"}],"about":[{"href":"https:\/\/rakosliget.hu\/wordpress\/index.php\/wp-json\/wp\/v2\/types\/page"}],"author":[{"embeddable":true,"href":"https:\/\/rakosliget.hu\/wordpress\/index.php\/wp-json\/wp\/v2\/users\/1"}],"replies":[{"embeddable":true,"href":"https:\/\/rakosliget.hu\/wordpress\/index.php\/wp-json\/wp\/v2\/comments?post=442"}],"version-history":[{"count":34,"href":"https:\/\/rakosliget.hu\/wordpress\/index.php\/wp-json\/wp\/v2\/pages\/442\/revisions"}],"predecessor-version":[{"id":12606,"href":"https:\/\/rakosliget.hu\/wordpress\/index.php\/wp-json\/wp\/v2\/pages\/442\/revisions\/12606"}],"wp:attachment":[{"href":"https:\/\/rakosliget.hu\/wordpress\/index.php\/wp-json\/wp\/v2\/media?parent=442"}],"curies":[{"name":"wp","href":"https:\/\/api.w.org\/{rel}","templated":true}]}}