{"id":3911,"date":"2020-01-05T07:25:55","date_gmt":"2020-01-05T06:25:55","guid":{"rendered":"http:\/\/rakosliget.hu\/wordpress\/?page_id=3911"},"modified":"2026-03-26T17:12:49","modified_gmt":"2026-03-26T16:12:49","slug":"nagy-lajos-gimnazium","status":"publish","type":"page","link":"https:\/\/rakosliget.hu\/wordpress\/index.php\/nagy-lajos-gimnazium\/","title":{"rendered":"R\u00c1KOSLIGETI MAGYAR KIR\u00c1LYI \u00c1LLAMI NAGY LAJOS F\u0150GIMN\u00c1ZIUM (1920-1923)"},"content":{"rendered":"\n<p id=\"Eleje\"><em>Az oldal friss\u00edtve: 2025. 04. 03.<\/em><\/p>\n\n\n\n<div class=\"wp-block-buttons is-content-justification-center is-layout-flex wp-container-core-buttons-is-layout-16018d1d wp-block-buttons-is-layout-flex\">\n<div class=\"wp-block-button\"><a class=\"wp-block-button__link wp-element-button\" href=\"https:\/\/rakosliget.hu\/wordpress\/index.php\/iskola-es-ovoda\/\">vissza az iskola, \u00f3voda lapra<\/a><\/div>\n<\/div>\n\n\n\n<p><\/p>\n\n\n\n<h4 class=\"wp-block-heading\"><a href=\"#1908\">1908<\/a> <a href=\"#1921\">1921<\/a> <a href=\"#1923\">1923<\/a> <a href=\"#ertesito\">\u00c9RTES\u00cdT\u0150K<\/a><\/h4>\n\n\n\n<h2 class=\"wp-block-heading\" id=\"1908\">1908<\/h2>\n\n\n<div class=\"wp-block-image\">\n<figure class=\"aligncenter size-large\"><img loading=\"lazy\" decoding=\"async\" width=\"669\" height=\"810\" src=\"http:\/\/rakosliget.hu\/wordpress\/wp-content\/uploads\/2020\/01\/gimn\u00e1zium-1908.jpg\" alt=\"\" class=\"wp-image-4337\" srcset=\"https:\/\/rakosliget.hu\/wordpress\/wp-content\/uploads\/2020\/01\/gimn\u00e1zium-1908.jpg 669w, https:\/\/rakosliget.hu\/wordpress\/wp-content\/uploads\/2020\/01\/gimn\u00e1zium-1908-248x300.jpg 248w\" sizes=\"auto, (max-width: 669px) 100vw, 669px\" \/><figcaption class=\"wp-element-caption\">Gimn\u00e1zium terve 1.<br>R\u00e1kos Vid\u00e9ke 1908. 40. sz\u00e1m<\/figcaption><\/figure>\n<\/div>\n\n\n<h4 class=\"wp-block-heading\">A gimn\u00e1zium szervez\u0151i:<\/h4>\n\n\n\n<p>Fej\u00e9r Ott\u00f3,<\/p>\n\n\n\n<p>Hillebrand M\u00f3ric,<\/p>\n\n\n\n<p>Batta \u00c1rp\u00e1d,<\/p>\n\n\n\n<p>Eberg\u00e9nyi S\u00e1ndor,<\/p>\n\n\n\n<p>Csongor Gy\u00f6rgy,<\/p>\n\n\n\n<p>dr. Pajsz \u00c1kos,<\/p>\n\n\n\n<p>Pyza M. L\u00e1szl\u00f3,<\/p>\n\n\n\n<p><a href=\"http:\/\/rakosliget.hu\/wordpress\/index.php\/belley-geza\/\">B\u00e9lley G\u00e9za<\/a><\/p>\n\n\n\n<h4 class=\"wp-block-heading\">Igazgat\u00f3k:<\/h4>\n\n\n\n<p>Kuzmics Ferenc 1920. szeptember 20 -26.<\/p>\n\n\n\n<p>Frey Ferenc 1920 &#8211; 1923<\/p>\n\n\n\n<p>Dr. S\u00e1rk\u00e1ny L\u00f3r\u00e1nd<\/p>\n\n\n\n<h4 class=\"wp-block-heading\">Tan\u00e1rok:<\/h4>\n\n\n\n<p>Kov\u00e1ts Gyula rendes tan\u00e1r<\/p>\n\n\n\n<p>Farkasfalvi Korn\u00e9l rendes tan\u00e1r, a Magyar F\u00f6ldrajzi T\u00e1rsas\u00e1g tiszteletbeli, az Arany J\u00e1nos T\u00e1rsas\u00e1g rendes tagja<\/p>\n\n\n\n<p>Vajai Gyula rendes tan\u00e1r<\/p>\n\n\n\n<p>Varga Tivadar helyettes tan\u00e1r<\/p>\n\n\n\n<p>Nagy B\u00e9la rendes tan\u00e1r<\/p>\n\n\n\n<p>Nemes K\u00e1roly rendes tan\u00e1r<\/p>\n\n\n\n<p>Sz\u00e9kely Dobozy Zolt\u00e1n helyettes tan\u00e1r<\/p>\n\n\n\n<p><\/p>\n\n\n\n<p>Az 1920\/21. tan\u00e9vben a rend \u00e9s fegyelem m\u00e1r teljesen helyre\u00e1ll s ez a tan\u00edt\u00e1s \u00e9s tanul\u00e1s munk\u00e1j\u00e1t jelent\u0151sen megk\u00f6nny\u00edti. Mivel iskol\u00e1nk tal\u00e1n valamennyi budapesti k\u00f6z\u00e9piskola k\u00f6z\u00f6tt legk\u00f6nnyebben k\u00f6zel\u00edthet\u0151 meg a vid\u00e9kr\u0151l vas\u00faton bej\u00e1r\u00f3 tanul\u00f3k sz\u00e1m\u00e1ra, \u00e9vek folyam\u00e1n nagyon megszaporodik int\u00e9zet\u00fcnkben a vasutaz\u00f3 tanul\u00f3k sz\u00e1ma. Ennek k\u00f6vetkezt\u00e9ben nem egyszer el\u0151fordul, hogy az idej\u00e9ben nem jelentkez\u0151 helybeli tanul\u00f3 kiszorul a felv\u00e9telkor. A t\u00falzs\u00fafolts\u00e1g megsz\u00fcntet\u00e9s\u00e9re s f\u0151leg a vid\u00e9ki vasutaz\u00f3 tanul\u00f3k lecsapol\u00e1s\u00e1ra ebben a tan\u00e9vben fi\u00f3kint\u00e9zet\u00fcnk ny\u00edlik R\u00e1kosligetenI\u2014IV. oszt\u00e1llyal. Tanul\u00f3ink sz\u00e1ma ennek k\u00f6vetkezt\u00e9ben valamivel apad. De sz\u00e9p rem\u00e9nyekkel indul\u00f3 fi\u00f3kunk, a Nagy Lajos f\u0151gimn\u00e1zium, csakhamar megsz\u0171nik. Nincs \u00f6n\u00e1ll\u00f3 \u00e9p\u00fclete, nem fejl\u0151dhetik. Az \u00e1llamnak nincs p\u00e9nze \u00faj \u00e9p\u00edtkez\u00e9sre s \u00edgy t\u00f6rt\u00e9nik azt\u00e1n, hogy 1923 szeptember\u00e9ben a fi\u00f3koszt\u00e1lyok \u00fajb\u00f3l az anyaint\u00e9zetbe ker\u00fclnek vissza.<br>Forr\u00e1s: \u00a0A BUDAPESTI X. KER\u00dcLETI MAGY. KIR. \u00c1LLAMI SZENT L\u00c1SZL\u00d3 RE\u00c1LGIMN\u00c1ZIUM \u00c9RTES\u00cdT\u0150JE AZ 1931\u201432- KI TAN\u00c9VR\u0150L. K\u00d6ZZ\u00c9TETTE SEBES GYULA KIR. IGAZGAT\u00d3. BUDAPEST, 1932. KIADJA AZ ISKOLA IGAZGAT\u00d3S\u00c1GA<\/p>\n\n\n\n<div class=\"wp-block-buttons is-content-justification-center is-layout-flex wp-container-core-buttons-is-layout-16018d1d wp-block-buttons-is-layout-flex\">\n<div class=\"wp-block-button\"><a class=\"wp-block-button__link wp-element-button\" href=\"#Eleje\">Vissza a LAP TETEJ\u00c9RE<\/a><\/div>\n<\/div>\n\n\n\n<p><\/p>\n\n\n\n<h2 class=\"wp-block-heading\" id=\"1921\">1921<\/h2>\n\n\n\n<figure class=\"wp-block-image size-full\"><a href=\"http:\/\/rakosliget.hu\/wordpress\/wp-content\/uploads\/2022\/09\/Nagy-Lajos-gimn-1921.jpg\"><img loading=\"lazy\" decoding=\"async\" width=\"983\" height=\"371\" src=\"http:\/\/rakosliget.hu\/wordpress\/wp-content\/uploads\/2022\/09\/Nagy-Lajos-gimn-1921.jpg\" alt=\"\" class=\"wp-image-10286\" srcset=\"https:\/\/rakosliget.hu\/wordpress\/wp-content\/uploads\/2022\/09\/Nagy-Lajos-gimn-1921.jpg 983w, https:\/\/rakosliget.hu\/wordpress\/wp-content\/uploads\/2022\/09\/Nagy-Lajos-gimn-1921-300x113.jpg 300w, https:\/\/rakosliget.hu\/wordpress\/wp-content\/uploads\/2022\/09\/Nagy-Lajos-gimn-1921-768x290.jpg 768w\" sizes=\"auto, (max-width: 983px) 100vw, 983px\" \/><\/a><\/figure>\n\n\n<div class=\"wp-block-image\">\n<figure class=\"aligncenter size-full\"><img loading=\"lazy\" decoding=\"async\" width=\"751\" height=\"1254\" src=\"https:\/\/rakosliget.hu\/wordpress\/wp-content\/uploads\/2026\/01\/gimnazium-nevadas.jpg\" alt=\"\" class=\"wp-image-20971\" srcset=\"https:\/\/rakosliget.hu\/wordpress\/wp-content\/uploads\/2026\/01\/gimnazium-nevadas.jpg 751w, https:\/\/rakosliget.hu\/wordpress\/wp-content\/uploads\/2026\/01\/gimnazium-nevadas-180x300.jpg 180w\" sizes=\"auto, (max-width: 751px) 100vw, 751px\" \/><figcaption class=\"wp-element-caption\">Magyars\u00e1g, 1921. okt\u00f3ber (2. \u00e9vfolyam, 218-243. sz\u00e1m)1921-10-02 219. sz\u00e1m. Nevet adtak a gimn\u00e1ziumnak.<\/figcaption><\/figure>\n<\/div>\n\n\n<div class=\"wp-block-buttons is-content-justification-center is-layout-flex wp-container-core-buttons-is-layout-16018d1d wp-block-buttons-is-layout-flex\">\n<div class=\"wp-block-button\"><a class=\"wp-block-button__link wp-element-button\" href=\"#Eleje\">Vissza a LAP TETEJ\u00c9RE<\/a><\/div>\n<\/div>\n\n\n\n<p><\/p>\n\n\n\n<h2 class=\"wp-block-heading\" id=\"1923\">1923<\/h2>\n\n\n\n<blockquote class=\"wp-block-quote is-layout-flow wp-block-quote-is-layout-flow\">\n<p>A gimn\u00e1ziumnak teh\u00e1t a j\u00f6v\u0151 iskola\u00e9vre m\u00e1r nincsen helye az elemi iskola \u00e9p\u00fclet\u00e9ben.<\/p>\n<\/blockquote>\n\n\n\n<p>Elszomor\u00edt\u00f3 val\u00f3s\u00e1g a h\u00e1rom \u00e9ves int\u00e9zetnek ez a v\u00e1ls\u00e1ga. Ne \u00e9rtsenek f\u00e9lre sem a sz\u00fcl\u0151k, sem az int\u00e9zetnek\u00b7 nagyra becs\u00fclt p\u00e1rtfog\u00f3i \u00e9s bar\u00e1tai: Nem akarok ebben a v\u00e1ls\u00e1gban prejudik\u00e1lni sem a legmagasabbfok\u00fa iskolai hat\u00f3s\u00e1gnak, sem a helybeli t\u00e1rsadalmi ment\u0151akci\u00f3nak. Elfogults\u00e1g n\u00e9lk\u00fcl, a legszigor\u00fabb t\u00e1rgyilagoss\u00e1ggal k\u00edv\u00e1nom ismertetni az int\u00e9zet s\u00falyos bajait s ezek k\u00f6vetkezm\u00e9nyek\u00e9pen be\u00e1llott v\u00e1ls\u00e1g diagn\u00f3zis\u00e1t.<br>Az int\u00e9zetnek nincs \u00e9p\u00fclete, nincs f\u00f6lszerel\u00e9se, nincsen otthona. H\u00e1rom \u00e9v alatt sem a t\u00e1rsadalomnak, sem a k\u00f6zs\u00e9gnek, sem az \u00e1llamnak nem \u00e1llott m\u00f3dj\u00e1ban m\u00e9g ideiglenesen t\u0171rhet\u0151 elhelyez\u00e9st sem biztos\u00edtani az int\u00e9zetnek; s\u0151t a mai nagyon sz\u0171k\u00f6s 4 oszt\u00e1lyos csonkas\u00e1gra korl\u00e1toz\u00f3 elhelyez\u00e9se is lehetetlenn\u00e9 v\u00e1lt ez iskolai \u00e9v folyam\u00e1n.<br>Az \u00e1ll. elemi iskola gondnoks\u00e1ga az elemi iskolai oktat\u00e1s \u00e9rdek\u00e9ben m\u00e1r a m\u00falt \u00e9vi m\u00e1jus h\u00f3ban visszak\u00f6vetelte az eg\u00e9sz \u00e9p\u00fcletet az elemi iskol\u00e1nak \u00e9s a kisded\u00f3v\u00f3nak. A gimn\u00e1zium igazgat\u00f3s\u00e1ga ezzel a jogos k\u00f6vetel\u00e9ssel szemben is minden lehets\u00e9ges l\u00e9p\u00e9st megtett, hogy a gondjaira b\u00edzott int\u00e9zetnek ezt az els\u0151 v\u00e1ls\u00e1g\u00e1t legal\u00e1bb e tan\u00e9v v\u00e9g\u00e9ig r\u00e1zk\u00f3dtat\u00e1s n\u00e9lk\u00fcl kitolja.<br>A k\u00e9t int\u00e9zetnek e peres \u00fcgy\u00e9ben Dr. Nevel\u0151s min. oszt\u00e1lytan\u00e1csos egy k\u00fcl\u00f6n \u00e9rtekezleten szem\u00e9lyesen k\u00f6zvet\u00edtett a k\u00e9t f\u00e9l k\u00f6z\u00f6tt. A gimn. igazgat\u00f3s\u00e1ga az elemi iskola gondnoks\u00e1g\u00e1val megegyezett oly meg\u00e1llapod\u00e1sban, hogy a gimn\u00e1zium k\u00e9t oszt\u00e1llyal \u00e9s az igazgat\u00f3i irod\u00e1val az elemi iskola \u00e9p\u00fclet\u00e9ben marad, k\u00e9t oszt\u00e1ly\u00e1t<br>pedig d\u00e9lut\u00e1n a polg\u00e1ri iskola \u00e9p\u00fclet\u00e9ben tan\u00edtja. De e s\u00falyos<br>\u00e1ldozatokat k\u00f6vetel\u0151 meg\u00e1llapod\u00e1s \u00e9rv\u00e9nyess\u00e9g\u00e9t egy\u00e9b f\u00f6lt\u00e9telek<br>mellett els\u0151sorban ahhoz k\u00f6t\u00f6tte, hogy kedvez\u0151 vonatk\u00f6zleked\u00e9s<br>lehets\u00e9gess\u00e9 tegye a d\u00e9lut\u00e1ni iskolal\u00e1togat\u00e1st a k\u00f6rny\u00e9ken lak\u00f3<br>tanul\u00f3knak is. A f\u00f6lt\u00e9telek azonban \u2014 amint ez akkor m\u00e1r el\u0151re<br>is l\u00e1that\u00f3 volt \u2014 nem teljses\u00fcltek s \u00edgy az igazgat\u00f3s\u00e1g vis majorra<br>hivatkozva k\u00e9rte a gondnoks\u00e1got, hogy a meg\u00e1llapod\u00e1st\u00f3l \u00e9s ennek<br>m\u00e1r elrendelt v\u00e9grehajt\u00e1s\u00e1t\u00f3l tekintsen el egyel\u0151re \u00e9s a gimn\u00e1zium<br>nak mind a n\u00e9gy oszt\u00e1ly\u00e1t t\u0171rje meg m\u00e9g ez iskola\u00e9v v\u00e9g\u00e9ig. A<br>gondnoks\u00e1g ezt a k\u00e9relmet a maga hat\u00e1sk\u00f6r\u00e9ben teljes\u00edtette.<br>De ezut\u00e1n j\u00f6tt a nagyobb \u00e9s elh\u00e1r\u00edthatatlan baj. A miniszt\u00e9rium a IV. oszt\u00e1ly term\u00e9t egy tan\u00edt\u00f3n\u0151nek azonnal elfoglalhat\u00f3 mag\u00e1nlak\u00e1sul rendelte el. A parancsot teljes\u00edteni kellett s \u00edgy a IV. oszt\u00e1ly a tan\u00e9v k\u00e9t utols\u00f3 h\u00f3napj\u00e1ra az \u00e9p\u00fcletnek f\u00f6ldszinti elz\u00e1rt folyos\u00f3 r\u00e9sz\u00e9be szorult.<br>A gimn\u00e1ziumnak teh\u00e1t a j\u00f6v\u0151 iskola\u00e9vre m\u00e1r nincsen helye az elemi iskola \u00e9p\u00fclet\u00e9ben.<br>A ment\u0151akci\u00f3 a helybeli polg\u00e1ri iskola \u00e9p\u00fclet\u00e9t aj\u00e1nlja \u2014 d\u00e9lut\u00e1ni tan\u00edt\u00e1ssal. Az az \u00e1ltal\u00e1nos v\u00e9lem\u00e9ny a helybeli t\u00e1rsadalomban, hogy ott a gimn\u00e1zium fejl\u0151d\u00e9sre k\u00e9pes, a jobb gazdas\u00e1gi j\u00f6v\u0151 rem\u00e9ny\u00e9ben, s\u0151t a j\u00f6v\u0151 iskola\u00e9vre m\u00e1r egyszerre 6 oszt\u00e1ly \u00e1ll\u00edthat\u00f3 f\u00f6l. Ezzel a v\u00e9lem\u00e9nnyel itt e nagyon sz\u0171kre szabott helyen nem foglalkozhatom behat\u00f3an. Csak egy t\u00e9ny\u00e1ll\u00e1st k\u00edv\u00e1nok lesz\u00f6gezni: A polg\u00e1ri iskola \u00e9p\u00fclete a maga nagyon hi\u00e1nyos f\u00f6lszerel\u00e9s\u00e9vel, m\u00e9reteivel \u00e9s eredet\u00e9ben k\u00f6zs\u00e9gh\u00e1z\u00e1nak k\u00e9sz\u00fclt beoszt\u00e1s\u00e1val m\u00e9g a polg\u00e1ri iskola c\u00e9ljainak sem megfelel\u0151. Ezenk\u00edv\u00fcl engedjenek meg az int\u00e9zet p\u00e1rtfog\u00f3i m\u00e9g n\u00e9h\u00e1ny elint\u00e9zetlen ny\u00edlt k\u00e9rd\u00e9st: Biztos\u00edthatnak-e oly vonat k\u00f6zleked\u00e9st, mely lehets\u00e9gess\u00e9 teszi a d\u00e9lut\u00e1ni tan\u00edt\u00e1st 2\u20147-ig?<br>Elfogadhat\u00f3 eredm\u00e9nyt v\u00e1rnak-e a d\u00e9lut\u00e1ni tan\u00edt\u00e1st\u00f3l ? V\u00e1llalnak-e felel\u0151ss\u00e9get a tanul\u00f3k eg\u00e9szs\u00e9gi \u00e1llapot\u00e1\u00e9rt t\u00e9lv\u00edz idej\u00e9n ? Megk\u00e9rdezt\u00e9k-e a sz\u00fcl\u0151ket, hogy t\u00f6bbs\u00e9g\u00fck mik\u00e9nt v\u00e9lekedik a d\u00e9lut\u00e1ni iskol\u00e1ztat\u00e1sr\u00f3l ? Sz\u00fcks\u00e9gtelennek tartj\u00e1k-e megk\u00e9rdezni a tan\u00e1ri kart\u00f3l, hogy lesz-e munkakedve a d\u00e9lut\u00e1ni tan\u00edt\u00e1shoz ?<br>F\u00f6l kell t\u00e9teleznem a gimn\u00e1zium igaz \u00e9s hivatott bar\u00e1tjair\u00f3l, hogy e k\u00e9rd\u00e9seket nem fogj\u00e1k figyelmen k\u00edv\u00fcl hagyni s hogy a ment\u0151akci\u00f3 \u00e9rvel\u00e9se nem szor\u00edtkozik puszt\u00e1n a fizikai helyre \u00e9s id\u0151re.<br>Az int\u00e9zet v\u00e1ls\u00e1g\u00e1t ezek a helyi bajok \u00e9s neh\u00e9zs\u00e9gek id\u00e9zt\u00e9k el\u0151. Ezeket m\u00e9g s\u00falyosabbaknak \u00e9reztetik az orsz\u00e1gos t\u00e1rsadalmi, k\u00f6zgazdas\u00e1gi \u00e9s p\u00e9nz\u00fcgyi katasztrof\u00e1lis bajok.  A latin m\u0171velts\u00e9g\u0171 \u00e9rtelmis\u00e9gek ezrei nyomorognak s ugyan<br>csak t\u00falnyom\u00f3an humanista m\u0171velts\u00e9g\u0171 k\u00f6ztisztvisel\u0151k ezreit bocs\u00e1tj\u00e1k el \u00e1llami szolg\u00e1latukb\u00f3l, mint f\u00f6l\u00f6sleges terheket. Ez orsz\u00e1gos bajok radik\u00e1lis orvosl\u00e1s\u00e1ra k\u00e9sz\u00fcl a k\u00f6z\u00e9pfok\u00fa iskol\u00e1ztat\u00e1s reformja, mely a tanul\u00f3ifj\u00fas\u00e1got a k\u00f6zgazdas\u00e1gi termel\u0151 \u00e9letp\u00e1ly\u00e1kra tereli. Ez az iskolai reform term\u00e9szetesen cs\u00f6kkenteni k\u00edv\u00e1nja a gimn\u00e1ziumi tanul\u00f3k sz\u00e1m\u00e1t s ezt a l\u00e9tsz\u00e1mcs\u00f6kkent\u00e9st, valamint a termel\u0151 p\u00e1ly\u00e1kra val\u00f3 nevel\u00e9st els\u0151sorban oly gimn\u00e1ziumok megsz\u00fcntet\u00e9s\u00e9vel, illetve hasznosabb ir\u00e1ny\u00fa \u00e1tszervez\u00e9s\u00e9vel \u00f3hajtja el\u00e9rni, amelyek eddig nem bizonyultak \u00e9letre k\u00e9peseknek A miniszter \u00far \u0150nagym\u00e9lt\u00f3s\u00e1ga ebben a reformt\u00f6rekv\u00e9s\u00e9ben a mi int\u00e9zet\u00fcnket is f\u00f6lvette a t\u00f6rlend\u0151k n\u00e9vsor\u00e1ba.<br>Az int\u00e9zet megsz\u0171n\u00e9s\u00e9nek els\u0151 jelens\u00e9ge: Az igazgat\u00f3s\u00e1g nem kapott f\u0151igazgat\u00f3i meghatalmaz\u00e1st az I. oszt\u00e1lyos felv\u00e9teli vizsg\u00e1latok megtart\u00e1s\u00e1ra. Az int\u00e9zet k\u00f6rlet\u00e9be tartoz\u00f3 gimnazistajel\u00f6ltek a k\u0151b\u00e1nyai Szent L\u00e1szl\u00f3 f\u0151gimn\u00e1ziumhoz tartoznak.<br>Az int\u00e9zetnek ebben a v\u00e1ls\u00e1g\u00e1ban ez az \u00e9rtes\u00edt\u0151 semmif\u00e9le t\u00e1j\u00e9koztat\u00e1st sem ny\u00fajthat a j\u00f6v\u0151 iskola\u00e9vre.<br>Az utols\u00f3 sz\u00fcl\u0151i \u00e9rtekezleten ezt a jeles mond\u00e1st hallottam: \u00bbF\u00e1t kiv\u00e1gni \u00e9s iskol\u00e1t megsz\u00fcntetni b\u0171n\u00bb. Ez \u00e1ltal\u00e1nos igazs\u00e1got minden m\u0171velt emberi sz\u00edv vallja. De tal\u00e1lunk olyan fiatal f\u00e1kat is, amelyek nem fejl\u0151dnek, s\u0151t lassan elhal\u00f3dnak, mert csak talajuk van, de nincs megfelel\u0151 \u00e9ghajlatuk. H\u00e1tha siker\u00fcl a nagyon sz\u00e9p \u00e9s dics\u0151s\u00e9ges, de hal\u00f3d\u00f3 fiatal bab\u00e9rfa helyett d\u00fasan term\u0151 gy\u00fcm\u00f6lcs f\u00e1t \u00fcltetn\u00fcnk! ? \u201e _<br>Frey Ferenc.<\/p>\n\n\n\n<p>A tan\u00e1ri test\u00fclet.<br><strong>Megb\u00edzott igazgat\u00f3:<\/strong><br> <em>Frey Ferenc.<\/em> Szakt\u00e1rgyai: magyar, n\u00e9met. <br>Tan\u00edtotta a latin nyelvet a II. oszt\u00e1lyban s a n\u00e9met nyelvet a III. oszt\u00e1lyban heti 10 \u00f3r\u00e1ban. Szolg\u00e1lati \u00e9veinek sz\u00e1ma : 20.<br><strong>A tan\u00e1ri test\u00fclet rendes tagjai:<\/strong> <br><em>Farkasfalvi Korn\u00e9l r. tan\u00e1r<\/em>. Szakt\u00e1rgyai: term\u00e9szetrajz, f\u00f6ldrajz. Tan\u00edtotta a term\u00e9szetrajzot \u00e9s a f\u00f6ldrajzot az I\u2014IV. oszt\u00e1lyban \u00e9s a sz\u00e9p\u00edr\u00e1st az I\u2014II. oszt\u00e1lyban. A II. oszt\u00e1lyf\u0151n\u00f6ke, a r\u00f3m. kath. ifj. \u00e9nekkar vezet\u0151je. Szolg\u00e1lati \u00e9veinek sz\u00e1ma: 18.<br>T\u00e1rsadalmi \u00e9s tudom\u00e1nyos m\u0171k\u00f6d\u00e9se: a Magyar F\u00f6ldrajzi T\u00e1rsas\u00e1g tiszteletbeli \u00e9s a Temesv\u00e1ri Arany J\u00e1nos T\u00e1rsas\u00e1g rendes tagja. \u201eA pedag\u00f3gia a term\u00e9szettudom\u00e1ny szolg\u00e1lat\u00e1ban\u201c c\u00edmen el\u0151ad\u00e1st tartott az Orvosok \u00e9s Term\u00e9szetvizsg\u00e1l\u00f3knak 1922. szept. 1\u20146-ig tartott keszthelyi v\u00e1ndorgy\u0171l\u00e9s\u00e9n. T\u00f6bb cikket \u00edrt a V\u00e1ci Kereszt\u00e9ny \u00dajs\u00e1gba.<br><em>Nagy B\u00e9la r. tan\u00e1r<\/em>, a III. oszt\u00e1ly f\u0151n\u00f6ke. Szakt\u00e1rgyai: mennyis\u00e9gtan, fizika. Tan\u00edtotta a mennyis\u00e9gtant, az I. \u00e9s III. oszt\u00e1lyban, a rajzol\u00f3 geometri\u00e1t az L, II. \u00e9s III. oszt\u00e1lyban \u00e9s a testgyakorl\u00e1st az I\u2014IV. oszt\u00e1lyban heti 19 \u00f3r\u00e1ban. Szolg\u00e1lati \u00e9veinek sz\u00e1ma: 20.<br>Nemes K\u00e1roly r. tan\u00e1r, a IV. oszt\u00e1ly f\u0151n\u00f6ke, int\u00e9zeti tand\u00edjkezel\u0151, ifj. k\u00f6nyvt\u00e1ros. Tan\u00edtotta a magyar nyelvet a II., III. \u00e9s IV. oszt\u00e1lyban \u00e9s a latin nyelvet a IV. oszt\u00e1lyban. Szolg\u00e1lati \u00e9veinek sz\u00e1ma: 14.<br><em>S\u00e1rk\u00e1ny Lor\u00e1nd dr. igazgat\u00f3<\/em> a V\u00f6r\u00f6skereszt Egyes\u00fclet ifj. csoportj\u00e1nak vezet\u0151je. Szakt\u00e1rgyai : Mennyis\u00e9gtan, fizika. Tan\u00edtotta a mennyis\u00e9gtant a II \u00e9s IV. oszt\u00e1lyban, a rajzol\u00f3 geometri\u00e1t a IV. oszt\u00e1lyban \u00e9s a t\u00f6rt\u00e9nelmet a III. \u00e9s IV. oszt\u00e1lyban heti 15 \u00f3r\u00e1ban. Szolg\u00e1lati \u00e9veinek sz\u00e1ma: 24<br><em>Sz\u00e9kely-Doby Zolt\u00e1n, h. tan\u00e1r<\/em> az I. oszt\u00e1ly f\u0151n\u00f6ke, \u00e9rtekezleti jegyz\u0151. Szakt\u00e1rgyai: latin \u00e9s g\u00f6r\u00f6g nyelv. Tan\u00edtotta a magyar nyelvet az 1. oszt\u00e1lyban, a latin nyelvet a III. oszt\u00e1lyban \u00e9s a n\u00e9met nyelvet a IV. oszt\u00e1lyban heti 20 \u00f3r\u00e1ban. Szolg\u00e1lati \u00e9veinek sz\u00e1ma: 1.<br><strong>Hitoktat\u00f3k<\/strong>\u00b7. <br><em>Hillenbrand M\u00f3ric, r. kath. pl\u00e9b\u00e1nos<\/em> tan\u00edtotta a r\u00f3m. kath. vall\u00e1stant az I \u00e9s III. oszt\u00e1lyban heti 4 \u00f3r\u00e1ban, <br><em>Gyurcsovics K\u00e1roly, <\/em>baccalaureatus theologus a II. \u00e9s IV. oszt\u00e1lyban heti 4 \u00f3r\u00e1ban.<br><em>Z\u00e1k\u00e1nyi J\u00f3zsef, ref. lelk\u00e9sz<\/em>, \u00f6n\u00e1ll\u00f3 hitoktat\u00f3, tan\u00edtotta a ref. vall\u00e1stant heti 6 \u00f3r\u00e1ban.<br><em>Paulinyi G\u00e1bor<\/em>, \u00e1ll, elemi isk. igazgat\u00f3, tan\u00edtotta az \u00e1g. h. ev. vall\u00e1stant heti 2 \u00f3r\u00e1ban.<br><em>Silberstein S\u00e1ndor<\/em>, rabbihelyettes, izr. k\u00e1ntor, tan\u00edtotta az izr. vall\u00e1s tant heti 2 \u00f3r\u00e1ban.<br><strong>Iskolaorvos<\/strong>\u00b7. <br><em>Csecsotka K\u00e1roly dr.<\/em>, r\u00e1koskereszt\u00fari \u00e9s r\u00e1kosligeti k\u00f6zs\u00e9gi orvos<\/p>\n\n\n\n<p>Az utols\u00f3 r\u00e1kosligeti di\u00e1ksereg n\u00e9vsora:<\/p>\n\n\n\n<p>A TANUL\u00d3K N\u00c9VSORA \u00c9S EL\u0150MENETELE.<br>(Jelmagyar\u00e1zat: jel. = jeles, egs = el\u00e9gs\u00e9ges, jav. = jav\u00edt\u00f3 vizsg\u00e1latot tehet, egt. = el\u00e9gtelen, az oszt\u00e1lyt ism\u00e9telni tartozik, ism. = ism\u00e9tl\u0151.)<br><br>I. OSZT\u00c1LV.<br>Oszt\u00e1lyf\u0151: SZ\u00c9KELY-DOBY ZOLT\u00c1N.<br>Ap\u00e1thy \u00c1rp\u00e1d (jel.), Aranyossy Zolt\u00e1n (jav.), Barcsay P\u00e9ter (jav.), Bart\u00f3k Albert (egs), Boros Artur (j\u00f3), Boros K\u00e1lm\u00e1n (j\u00f3), Csernoch \u00c1goston (egs) Dobrovits Dezs\u0151 (egs), Fischer Tibor (j\u00f3), G\u00e1l S\u00e1ndor(egs), H\u00e1dl S\u00e1ndor (egt.), Hegyesy Gyula (egs), Hillenbrand K\u00e1roly (egs), Kaldenecker G\u00e9za (j\u00f3), Kem\u00e9ny Istv\u00e1n (jel), Klein Istv\u00e1n (egs), Koh\u00e1ry Hil\u00e1r (egs), Kov\u00e1cs Istv\u00e1n (egs), Magyar J\u00e1nos (egt.), Mayer Lajos (j\u00f3),<br>Merva L\u00e1szl\u00f3 (jel,), Mess L\u00e1szl\u00f3 (egs), Pankuch Gyula (j\u00f3), P\u00e1rnay Zolt\u00e1n (egs) Per\u00e9nyi L\u00e1szl\u00f3 (egs), Posztern\u00e1k Gy\u00f6rgy (egt.), Quint J\u00e1nos (egs), R\u00e1tky B\u00e9la,(egs), Szandtner L\u00e1szl\u00f3 (egt.), Sz\u00e9kely P\u00e1l (j\u00f3), Tak\u00e1csy Elek (jel.), T\u00f3th \u00c1rp\u00e1d (egs), T\u00f3th P\u00e1l (egt), Vaczulik Istv\u00e1n (egs), Vidt Ferenc (jav.), Wetschl B\u00e9la (jel.), Zubek Bertalan (egs).<br>Mag\u00e1ntanul\u00f3k: Frey Ir\u00e9n (jel.), Mihelyi Istv\u00e1n, (egs). <br>\u00d6sszesen : 39.<br><br>II. OSZT\u00c1LV.<br>Oszt\u00e1lyf\u0151: FARKASFALVI KORN\u00c9L.<br>Aranyossy Ferenc (egs), Boros Dezs\u0151 (j\u00f3), Cseh L\u00e1szl\u00f3 (egs), Fej\u00e9r Ott\u00f3 (j\u00f3), F\u00fcl\u00f6p J\u00e1nos (jav.), Gy\u00f6rgy J\u00f3zsef (j\u00f3), Kallin \u00d6d\u00f6n (egs), K\u00e1llay Ferenc (j\u00f3), K\u00f6k\u00e9ny S\u00e1ndor (j\u00f3), Lamanda Andor (egt.), L\u00e1szl\u00f3 Zolt\u00e1n (egs), Led\u00e9nyi Zu\u00e1rd (j\u00f3), Liebmann G\u00e1bor (j\u00f3), Litkei Istv\u00e1n (egs). Luka Istv\u00e1n (j\u00f3), Merva Vilmos (jel), Paulinyi G\u00e9za (j\u00f3), P\u00e1nc\u00e9l Gyula (egs), Polner L\u00e1szl\u00f3 (egs), Rib\u00e1ry P\u00e1l (egs), Schauschek Ervin (j\u00f3), Schucht\u00e1r Endre (egs), S\u00fcmeky Gy\u0151z\u0151 (egs), Sz\u00e1nth\u00f3 G\u00e9za (egs), Sziklai B\u00e9la (egs), Telekes Ferenc (egs), Vadin\u00e1cz Ferenc (egs), Walter Ferenc (jel.).<br>Mag\u00e1ntanul\u00f3k: Bokor Istv\u00e1n (j\u00f3), S\u00e1rk\u00e1ny Erzs\u00e9bet (jel.). <br>\u00d6sszesen: 30<br><br>III. OSZT\u00c1LV.<br>Oszt\u00e1lyf\u0151n\u00f6k: NAGY B\u00c9LA.<br>Bajusz Lajos (ism. egs), Bazala G\u00e1bor (jav.), B\u00e1tky Zolt\u00e1n (egs), Benda Rudolf (egs), Bereczky Andor (egs), Eremuszi Gyula (egs), Farag\u00f3 Zolt\u00e1n (egt.), Fekete Antal (jel.), Gabrovitz Emil (egs), Gy\u00f6rgy P\u00e1l (egs), Heged\u0171s Tibor (jav.), Helm Istv\u00e1n (egt.), Homonnai Elem\u00e9r (jel.), Janovszky Antal (j\u00f3), Kis Ferenc (egs), Kov\u00e1cs J\u00f3zsef (egs), Kun K\u00e1roly (egs), Lehrant Imre (ism. egt.), Lipt\u00e1k Istv\u00e1n (j\u00f3), Meyer Jen\u0151 (j\u00f3), Marossy Zolt\u00e1n (jav.), M\u00e1tyus B\u00e9la (jel.), M\u00e9sz\u00e1ros Iv\u00e1n (jel.), Mozer Gy\u00f6rgy (egs), N\u00e1dasi Jen\u0151 (egs), P\u00e1rtos Lajos (ism. egs), Petki Ferenc (egs), R\u00f3ka Ferenc (j\u00f3), Ruttkai K\u00e1roly (egs), Szab\u00f3 Mih\u00e1ly (egs), Szekeres Istv\u00e1n (egs), Sz\u00e9kely G\u00e9za (egs), Sz\u00e9kely J\u00f3zsef (egt.), Sziklai Dezs\u0151 (egs), Sz\u00f6ll\u0151si Mikl\u00f3s (jav.), Volones L\u00e1szl\u00f3 (egs).<br>Kimaradt: Majszik Lajos, Szantner Istv\u00e1n. <br>\u00d6sszesen: 38<br><br>IV. OSZT\u00c1LV.<br>Oszt\u00e1lyf\u0151n\u00f6k: NEMES K\u00c1ROLY.<br>Bleier L\u00e1szl\u00f3 (j\u00f3), Gonda L\u00e1szl\u00f3 (egs), Hevesi G\u00e9za (egs), Hevesi K\u00e1lm\u00e1n (j\u00f3), Hinka J\u00f3zsef (egs), Jenei Istv\u00e1n (j\u00f3), Kov\u00e1cs Lajos (egs), Lisz\u00e1k Gyula (egs), Nagy Alfr\u00e9d (egs), S\u0151r\u00e9s Imre (egs), Vidt J\u00f3zsef (egs), Zsed\u00e9nyi Levente (egs). &#8221; <br>\u00d6sszesen: 1<\/p>\n\n\n\n<p><\/p>\n\n\n\n<div class=\"wp-block-buttons is-layout-flex wp-block-buttons-is-layout-flex\">\n<div class=\"wp-block-button\"><a class=\"wp-block-button__link wp-element-button\" href=\"#Eleje\">Vissza a LAP TETEJ\u00c9RE<\/a><\/div>\n<\/div>\n\n\n\n<p><\/p>\n\n\n\n<h3 class=\"wp-block-heading\" id=\"ertesito\">\u00c9RTES\u00cdT\u0150K:<\/h3>\n\n\n\n<p><a href=\"http:\/\/rakosliget.hu\/pdf\/Nagy Lajos ertesitok\/Rakosliget_29079_29080_1921-1603513408__pages1-20.pdf\" target=\"_blank\" rel=\"noreferrer noopener\">1921\/1922<\/a><\/p>\n\n\n\n<p><a href=\"http:\/\/rakosliget.hu\/pdf\/Nagy Lajos ertesitok\/Rakosliget_29079_29081_1922-1603513408__pages1-12.pdf\">1922\/1923<\/a><\/p>\n\n\n\n<div class=\"wp-block-buttons is-content-justification-center is-layout-flex wp-container-core-buttons-is-layout-16018d1d wp-block-buttons-is-layout-flex\">\n<div class=\"wp-block-button\"><a class=\"wp-block-button__link wp-element-button\" href=\"#Eleje\">Vissza a LAP TETEJ\u00c9RE<\/a><\/div>\n<\/div>\n\n\n\n<p><\/p>\n\n\n\n<div class=\"wp-block-buttons is-content-justification-center is-layout-flex wp-container-core-buttons-is-layout-16018d1d wp-block-buttons-is-layout-flex\">\n<div class=\"wp-block-button\"><a class=\"wp-block-button__link wp-element-button\" href=\"https:\/\/rakosliget.hu\/wordpress\/index.php\/iskola-es-ovoda\/\">vissza az iskola, \u00f3voda lapra<\/a><\/div>\n<\/div>\n\n\n\n<p><\/p>\n","protected":false},"excerpt":{"rendered":"<p>Az oldal friss\u00edtve: 2025. 04. 03. 1908 1921 1923 \u00c9RTES\u00cdT\u0150K 1908 A gimn\u00e1zium szervez\u0151i: Fej\u00e9r Ott\u00f3, Hillebrand M\u00f3ric, Batta \u00c1rp\u00e1d, Eberg\u00e9nyi S\u00e1ndor, Csongor Gy\u00f6rgy, dr. Pajsz \u00c1kos, Pyza M. L\u00e1szl\u00f3, B\u00e9lley G\u00e9za Igazgat\u00f3k: Kuzmics Ferenc 1920. szeptember 20 -26. Frey Ferenc 1920 &#8211; 1923 Dr. S\u00e1rk\u00e1ny L\u00f3r\u00e1nd Tan\u00e1rok: Kov\u00e1ts Gyula rendes tan\u00e1r Farkasfalvi Korn\u00e9l rendes &hellip; <a href=\"https:\/\/rakosliget.hu\/wordpress\/index.php\/nagy-lajos-gimnazium\/\" class=\"more-link\"><span class=\"screen-reader-text\">R\u00c1KOSLIGETI MAGYAR KIR\u00c1LYI \u00c1LLAMI NAGY LAJOS F\u0150GIMN\u00c1ZIUM (1920-1923)<\/span> r\u00e9szletei&#8230;<\/a><\/p>\n","protected":false},"author":1,"featured_media":7415,"parent":0,"menu_order":0,"comment_status":"closed","ping_status":"closed","template":"","meta":{"footnotes":""},"class_list":["post-3911","page","type-page","status-publish","has-post-thumbnail","hentry"],"_links":{"self":[{"href":"https:\/\/rakosliget.hu\/wordpress\/index.php\/wp-json\/wp\/v2\/pages\/3911","targetHints":{"allow":["GET"]}}],"collection":[{"href":"https:\/\/rakosliget.hu\/wordpress\/index.php\/wp-json\/wp\/v2\/pages"}],"about":[{"href":"https:\/\/rakosliget.hu\/wordpress\/index.php\/wp-json\/wp\/v2\/types\/page"}],"author":[{"embeddable":true,"href":"https:\/\/rakosliget.hu\/wordpress\/index.php\/wp-json\/wp\/v2\/users\/1"}],"replies":[{"embeddable":true,"href":"https:\/\/rakosliget.hu\/wordpress\/index.php\/wp-json\/wp\/v2\/comments?post=3911"}],"version-history":[{"count":28,"href":"https:\/\/rakosliget.hu\/wordpress\/index.php\/wp-json\/wp\/v2\/pages\/3911\/revisions"}],"predecessor-version":[{"id":23937,"href":"https:\/\/rakosliget.hu\/wordpress\/index.php\/wp-json\/wp\/v2\/pages\/3911\/revisions\/23937"}],"wp:featuredmedia":[{"embeddable":true,"href":"https:\/\/rakosliget.hu\/wordpress\/index.php\/wp-json\/wp\/v2\/media\/7415"}],"wp:attachment":[{"href":"https:\/\/rakosliget.hu\/wordpress\/index.php\/wp-json\/wp\/v2\/media?parent=3911"}],"curies":[{"name":"wp","href":"https:\/\/api.w.org\/{rel}","templated":true}]}}