{"id":3216,"date":"2019-12-20T17:09:10","date_gmt":"2019-12-20T16:09:10","guid":{"rendered":"http:\/\/rakosliget.hu\/wordpress\/?page_id=3216"},"modified":"2019-12-20T17:15:13","modified_gmt":"2019-12-20T16:15:13","slug":"holegballon","status":"publish","type":"page","link":"https:\/\/rakosliget.hu\/wordpress\/index.php\/holegballon\/","title":{"rendered":"H\u0150L\u00c9GBALLON"},"content":{"rendered":"<p>Az <strong>AVIATIKA<\/strong> c. \u00fajs\u00e1g 1930. decemberi sz\u00e1m\u00e1ban sz\u00e1mol be Poppe Korn\u00e9l a h\u0151l\u00e9gballonos rep\u00fcl\u00e9s magyarorsz\u00e1gi t\u00e9rh\u00f3d\u00edt\u00e1s\u00e1r\u00f3l.<\/p>\n<blockquote><p>A l\u00e9gg\u00f6mbcsoport tev\u00e9kenys\u00e9g\u00e9r\u0151l<\/p>\n<p>Sz\u00f6vets\u00e9g\u00fcnk balloncsoportja 1928-ban alakult meg, de ballonfelsz\u00e1ll\u00e1sait tulajdonk\u00e9ppen csak ebben az \u00e9vben kezdte meg. Az elm\u00falt \u00e9v \u0151sz\u00e9n is volt ugyan n\u00e9h\u00e1ny felsz\u00e1ll\u00e1s, de ezek csak k\u00eds\u00e9rleteknek min\u0151s\u00edthet\u0151k \u00e9s pedig a ballon t\u00f6lt\u00e9s\u00e9re \u00e9s a kiszolg\u00e1l\u00f3 szem\u00e9lyzetre vonatkoz\u00f3lag. Ezeket a munk\u00e1latokat el\u0151z\u0151leg senki sem ismerte, eg\u00e9szen kezd\u0151ket kellett kitan\u00edtani.<br \/>\nA ballon elk\u00e9sz\u00edt\u00e9se egy felsz\u00e1ll\u00e1shoz, annak megt\u00f6lt\u00e9se \u00e9s elbocs\u00e1t\u00e1sa felel\u0151ss\u00e9ggel j\u00e1r\u00f3 m\u0171veletek, mert nemcsak a kiszolg\u00e1l\u00f3k testi \u00e9ps\u00e9g\u00e9re kell tekintettel lenni, hanem az utasok biztons\u00e1g\u00e1t is szem el\u0151tt kell tartani \u00e9s mindent megtenni, hogy utaz\u00e1suk j\u00f3l megvizsg\u00e1lt \u00e9s szakszer\u0171en kezelt l\u00e9gi j\u00e1r\u00f3m\u0171vel t\u00f6rt\u00e9nj\u00e9k.<br \/>\nA kis csoport, mely rajtam k\u00edv\u00fcl jelenleg P\u00e1l Andr\u00e1s, Seeberg-Wankel J\u00f3zsef \u00e9s Gebhart Istv\u00e1nb\u00f3l \u00e1ll, \u00f6r\u00f6mmel kezdte meg a munk\u00e1t. Szem\u00e9lyzet\u00fcnket eleinte az \u00c1llami G\u00e9pgy\u00e1r cserk\u00e9szei alkott\u00e1k, most a Ganz-gy\u00e1r leventecsapata j\u00e1r ki szorgalmasan sporttelep\u00fcnkre, hol \u00e9rdekl\u0151d\u00e9ssel, odaad\u00e1ssal dolgozik.<br \/>\nP\u00e1l, Seeberg \u00e9s Gebhart a ballon k\u00f6r\u00fcli gyakorlati teend\u0151ket megtanult\u00e1k \u00e9s vezet\u0151 k\u00e9pess\u00e9g\u00fcket is t\u00f6bb \u00edzben bebizony\u00edtott\u00e1k, \u00fagyhogy a ballont a leveg\u0151ben biztosan \u00e9s j\u00f3l kezelik.<br \/>\nAz \u00f6sszes 18 felsz\u00e1ll\u00e1son r\u00e9szt vett : Poppe 11-szer, P\u00e1l 13-szor, Seeberg 7-szer, Gebhart 9-szer. A \u00abHung\u00e1ria\u00bb azonk\u00edv\u00fcl m\u00e9g hat utast vitt mag\u00e1val.<br \/>\nA \u00abHung\u00e1ria\u00bb megtett \u00fatjair\u00f3l a kimutat\u00e1s \u00e9s alanti v\u00e1zlat ny\u00fajt b\u0151vebb felvil\u00e1gos\u00edt\u00e1st.<\/p>\n<p>Haz\u00e1nk egy r\u00e9sz\u00e9t l\u00e1ttuk a leveg\u0151b\u0151l, megismerkedt\u00fcnk n\u00e9h\u00e1ny vid\u00e9k\u00e9vel \u00e9s t\u00e1j\u00e1val. Rem\u00e9lem, hogy ismereteink a j\u00f6v\u0151 \u00e9vben, melyben fokozottabb tev\u00e9kenys\u00e9get tervez\u00fcnk, m\u00e9g er\u0151sen b\u0151v\u00fclni fognak.<\/p><\/blockquote>\n<p><a href=\"http:\/\/rakosliget.hu\/pdf\/ballon1.pdf\"><img loading=\"lazy\" decoding=\"async\" class=\"alignnone size-medium wp-image-3217\" src=\"http:\/\/rakosliget.hu\/wordpress\/wp-content\/uploads\/2019\/12\/ballon1-300x261.jpg\" alt=\"\" width=\"300\" height=\"261\" srcset=\"https:\/\/rakosliget.hu\/wordpress\/wp-content\/uploads\/2019\/12\/ballon1-300x261.jpg 300w, https:\/\/rakosliget.hu\/wordpress\/wp-content\/uploads\/2019\/12\/ballon1-768x667.jpg 768w, https:\/\/rakosliget.hu\/wordpress\/wp-content\/uploads\/2019\/12\/ballon1.jpg 935w\" sizes=\"auto, (max-width: 300px) 100vw, 300px\" \/><\/a><\/p>\n<p><a href=\"http:\/\/rakosliget.hu\/pdf\/ballon2.pdf\">A &#8222;HUNG\u00c1RIA&#8221; rep\u00fcl\u00e9sei t\u00e9rk\u00e9pen<\/a>. A kilencedik lesz\u00e1ll\u00e1s t\u00f6rt\u00e9nt R\u00e1kosligeten.<\/p>\n","protected":false},"excerpt":{"rendered":"<p>Az AVIATIKA c. \u00fajs\u00e1g 1930. decemberi sz\u00e1m\u00e1ban sz\u00e1mol be Poppe Korn\u00e9l a h\u0151l\u00e9gballonos rep\u00fcl\u00e9s magyarorsz\u00e1gi t\u00e9rh\u00f3d\u00edt\u00e1s\u00e1r\u00f3l. A l\u00e9gg\u00f6mbcsoport tev\u00e9kenys\u00e9g\u00e9r\u0151l Sz\u00f6vets\u00e9g\u00fcnk balloncsoportja 1928-ban alakult meg, de ballonfelsz\u00e1ll\u00e1sait tulajdonk\u00e9ppen csak ebben az \u00e9vben kezdte meg. Az elm\u00falt \u00e9v \u0151sz\u00e9n is volt ugyan n\u00e9h\u00e1ny felsz\u00e1ll\u00e1s, de ezek csak k\u00eds\u00e9rleteknek min\u0151s\u00edthet\u0151k \u00e9s pedig a ballon t\u00f6lt\u00e9s\u00e9re \u00e9s a kiszolg\u00e1l\u00f3 &hellip; <a href=\"https:\/\/rakosliget.hu\/wordpress\/index.php\/holegballon\/\" class=\"more-link\"><span class=\"screen-reader-text\">H\u0150L\u00c9GBALLON<\/span> r\u00e9szletei&#8230;<\/a><\/p>\n","protected":false},"author":1,"featured_media":0,"parent":0,"menu_order":0,"comment_status":"closed","ping_status":"closed","template":"","meta":{"footnotes":""},"class_list":["post-3216","page","type-page","status-publish","hentry"],"_links":{"self":[{"href":"https:\/\/rakosliget.hu\/wordpress\/index.php\/wp-json\/wp\/v2\/pages\/3216","targetHints":{"allow":["GET"]}}],"collection":[{"href":"https:\/\/rakosliget.hu\/wordpress\/index.php\/wp-json\/wp\/v2\/pages"}],"about":[{"href":"https:\/\/rakosliget.hu\/wordpress\/index.php\/wp-json\/wp\/v2\/types\/page"}],"author":[{"embeddable":true,"href":"https:\/\/rakosliget.hu\/wordpress\/index.php\/wp-json\/wp\/v2\/users\/1"}],"replies":[{"embeddable":true,"href":"https:\/\/rakosliget.hu\/wordpress\/index.php\/wp-json\/wp\/v2\/comments?post=3216"}],"version-history":[{"count":4,"href":"https:\/\/rakosliget.hu\/wordpress\/index.php\/wp-json\/wp\/v2\/pages\/3216\/revisions"}],"predecessor-version":[{"id":3221,"href":"https:\/\/rakosliget.hu\/wordpress\/index.php\/wp-json\/wp\/v2\/pages\/3216\/revisions\/3221"}],"wp:attachment":[{"href":"https:\/\/rakosliget.hu\/wordpress\/index.php\/wp-json\/wp\/v2\/media?parent=3216"}],"curies":[{"name":"wp","href":"https:\/\/api.w.org\/{rel}","templated":true}]}}