{"id":16437,"date":"2025-02-22T18:48:54","date_gmt":"2025-02-22T17:48:54","guid":{"rendered":"https:\/\/rakosliget.hu\/wordpress\/?page_id=16437"},"modified":"2025-02-22T19:00:11","modified_gmt":"2025-02-22T18:00:11","slug":"kozert-rakosliget-1955","status":"publish","type":"page","link":"https:\/\/rakosliget.hu\/wordpress\/index.php\/kozert-rakosliget-1955\/","title":{"rendered":"K\u00d6Z\u00c9RT &#8211; R\u00c1KOSLIGET 1955"},"content":{"rendered":"\n<p><a href=\"https:\/\/rakosliget.hu\/wordpress\/index.php\/rakosligeti-atletikai-club\/\">Vissza a FOCI lapra<\/a><\/p>\n\n\n\n<p class=\"has-text-align-center\">A bajnoks\u00e1g v\u00e9geredm\u00e9nye: Budapest I. oszt\u00e1ly, III. csoport 1955<\/p>\n\n\n\n<figure class=\"wp-block-table\"><table class=\"has-fixed-layout\"><tbody><tr><th>#<\/th><th>csapat neve<\/th><th>m\u00e9rk.<\/th><th>gy<\/th><th>d<\/th><th>v<\/th><th>g\u00f3lar\u00e1ny<\/th><th>pontsz\u00e1m<\/th><\/tr><\/tbody><\/table><\/figure>\n\n\n\n<figure class=\"wp-block-table\"><table class=\"has-fixed-layout\"><tbody><tr><td>14<\/td><td><a href=\"https:\/\/www.magyarfutball.hu\/hu\/csapat\/378\">K\u00d6Z\u00c9RT<\/a><\/td><td>30<\/td><td>10<\/td><td>5<\/td><td>15<\/td><td>&nbsp;50 : &nbsp;54<\/td><td>25<\/td><\/tr><\/tbody><\/table><figcaption class=\"wp-element-caption\">Forr\u00e1s: <a href=\"https:\/\/www.magyarfutball.hu\/hu\/bajnoki-vegeredmeny\/6160\">https:\/\/www.magyarfutball.hu\/hu\/bajnoki-vegeredmeny\/6160<\/a><\/figcaption><\/figure>\n\n\n<div class=\"wp-block-image\">\n<figure class=\"aligncenter size-full\"><img loading=\"lazy\" decoding=\"async\" width=\"672\" height=\"870\" src=\"https:\/\/rakosliget.hu\/wordpress\/wp-content\/uploads\/2025\/02\/1955_03_20_-4-oldal-foci.jpg\" alt=\"\" class=\"wp-image-16444\" srcset=\"https:\/\/rakosliget.hu\/wordpress\/wp-content\/uploads\/2025\/02\/1955_03_20_-4-oldal-foci.jpg 672w, https:\/\/rakosliget.hu\/wordpress\/wp-content\/uploads\/2025\/02\/1955_03_20_-4-oldal-foci-232x300.jpg 232w\" sizes=\"auto, (max-width: 672px) 100vw, 672px\" \/><figcaption class=\"wp-element-caption\">N\u00e9psport 1955. 03. 20. 4. oldal <\/figcaption><\/figure>\n<\/div>\n\n<div class=\"wp-block-image\">\n<figure class=\"aligncenter size-full\"><img loading=\"lazy\" decoding=\"async\" width=\"674\" height=\"840\" src=\"https:\/\/rakosliget.hu\/wordpress\/wp-content\/uploads\/2025\/02\/1955_05_-08-_-4-oldal-foci.jpg\" alt=\"\" class=\"wp-image-16446\" srcset=\"https:\/\/rakosliget.hu\/wordpress\/wp-content\/uploads\/2025\/02\/1955_05_-08-_-4-oldal-foci.jpg 674w, https:\/\/rakosliget.hu\/wordpress\/wp-content\/uploads\/2025\/02\/1955_05_-08-_-4-oldal-foci-241x300.jpg 241w\" sizes=\"auto, (max-width: 674px) 100vw, 674px\" \/><figcaption class=\"wp-element-caption\">N\u00e9psport 1955. 05. 08.  4. oldal <\/figcaption><\/figure>\n<\/div>\n\n<div class=\"wp-block-image\">\n<figure class=\"aligncenter size-full\"><img loading=\"lazy\" decoding=\"async\" width=\"674\" height=\"886\" src=\"https:\/\/rakosliget.hu\/wordpress\/wp-content\/uploads\/2025\/02\/1955_06_05_-4-oldal-foci.jpg\" alt=\"\" class=\"wp-image-16447\" srcset=\"https:\/\/rakosliget.hu\/wordpress\/wp-content\/uploads\/2025\/02\/1955_06_05_-4-oldal-foci.jpg 674w, https:\/\/rakosliget.hu\/wordpress\/wp-content\/uploads\/2025\/02\/1955_06_05_-4-oldal-foci-228x300.jpg 228w\" sizes=\"auto, (max-width: 674px) 100vw, 674px\" \/><figcaption class=\"wp-element-caption\">N\u00e9psport 1955. 06. 05. 4. oldal <\/figcaption><\/figure>\n<\/div>\n\n\n<h2 class=\"wp-block-heading has-text-align-center\">Vita a K\u00d6Z\u00c9RT vezet\u0151kkel<\/h2>\n\n\n<div class=\"wp-block-image\">\n<figure class=\"aligncenter size-large\"><img loading=\"lazy\" decoding=\"async\" width=\"1024\" height=\"905\" src=\"https:\/\/rakosliget.hu\/wordpress\/wp-content\/uploads\/2025\/02\/1955_06_17_6-oldal-foci_-1024x905.jpg\" alt=\"\" class=\"wp-image-16450\" srcset=\"https:\/\/rakosliget.hu\/wordpress\/wp-content\/uploads\/2025\/02\/1955_06_17_6-oldal-foci_-1024x905.jpg 1024w, https:\/\/rakosliget.hu\/wordpress\/wp-content\/uploads\/2025\/02\/1955_06_17_6-oldal-foci_-300x265.jpg 300w, https:\/\/rakosliget.hu\/wordpress\/wp-content\/uploads\/2025\/02\/1955_06_17_6-oldal-foci_-768x679.jpg 768w, https:\/\/rakosliget.hu\/wordpress\/wp-content\/uploads\/2025\/02\/1955_06_17_6-oldal-foci_-1536x1358.jpg 1536w, https:\/\/rakosliget.hu\/wordpress\/wp-content\/uploads\/2025\/02\/1955_06_17_6-oldal-foci_-2048x1810.jpg 2048w\" sizes=\"auto, (max-width: 1024px) 100vw, 1024px\" \/><figcaption class=\"wp-element-caption\">N\u00e9psport 1955. 06. 17. 6. oldal <\/figcaption><\/figure>\n<\/div>\n\n<div class=\"wp-block-image\">\n<figure class=\"aligncenter size-full\"><img loading=\"lazy\" decoding=\"async\" width=\"670\" height=\"794\" src=\"https:\/\/rakosliget.hu\/wordpress\/wp-content\/uploads\/2025\/02\/1955_08_28_-4-oldal-foci.jpg\" alt=\"\" class=\"wp-image-16451\" srcset=\"https:\/\/rakosliget.hu\/wordpress\/wp-content\/uploads\/2025\/02\/1955_08_28_-4-oldal-foci.jpg 670w, https:\/\/rakosliget.hu\/wordpress\/wp-content\/uploads\/2025\/02\/1955_08_28_-4-oldal-foci-253x300.jpg 253w\" sizes=\"auto, (max-width: 670px) 100vw, 670px\" \/><figcaption class=\"wp-element-caption\">N\u00e9psport 1955. 08. 28. 4. oldal <\/figcaption><\/figure>\n<\/div>\n\n<div class=\"wp-block-image\">\n<figure class=\"aligncenter size-full\"><img loading=\"lazy\" decoding=\"async\" width=\"673\" height=\"823\" src=\"https:\/\/rakosliget.hu\/wordpress\/wp-content\/uploads\/2025\/02\/1955_09_11_-4-oldal-foci.jpg\" alt=\"\" class=\"wp-image-16452\" srcset=\"https:\/\/rakosliget.hu\/wordpress\/wp-content\/uploads\/2025\/02\/1955_09_11_-4-oldal-foci.jpg 673w, https:\/\/rakosliget.hu\/wordpress\/wp-content\/uploads\/2025\/02\/1955_09_11_-4-oldal-foci-245x300.jpg 245w\" sizes=\"auto, (max-width: 673px) 100vw, 673px\" \/><figcaption class=\"wp-element-caption\">N\u00e9psport 1955. 09. 11. 4. oldal <\/figcaption><\/figure>\n<\/div>\n\n<div class=\"wp-block-image\">\n<figure class=\"aligncenter size-full\"><img loading=\"lazy\" decoding=\"async\" width=\"666\" height=\"492\" src=\"https:\/\/rakosliget.hu\/wordpress\/wp-content\/uploads\/2025\/02\/1955_09_11_4-oldal-foci.jpg\" alt=\"\" class=\"wp-image-16453\" srcset=\"https:\/\/rakosliget.hu\/wordpress\/wp-content\/uploads\/2025\/02\/1955_09_11_4-oldal-foci.jpg 666w, https:\/\/rakosliget.hu\/wordpress\/wp-content\/uploads\/2025\/02\/1955_09_11_4-oldal-foci-300x222.jpg 300w\" sizes=\"auto, (max-width: 666px) 100vw, 666px\" \/><figcaption class=\"wp-element-caption\">N\u00e9psport 1955. 09. 11. 4. oldal <\/figcaption><\/figure>\n<\/div>\n\n<div class=\"wp-block-image\">\n<figure class=\"aligncenter size-full\"><img loading=\"lazy\" decoding=\"async\" width=\"666\" height=\"495\" src=\"https:\/\/rakosliget.hu\/wordpress\/wp-content\/uploads\/2025\/02\/1955_09_25_-4-oldal-foci.jpg\" alt=\"\" class=\"wp-image-16454\" srcset=\"https:\/\/rakosliget.hu\/wordpress\/wp-content\/uploads\/2025\/02\/1955_09_25_-4-oldal-foci.jpg 666w, https:\/\/rakosliget.hu\/wordpress\/wp-content\/uploads\/2025\/02\/1955_09_25_-4-oldal-foci-300x223.jpg 300w\" sizes=\"auto, (max-width: 666px) 100vw, 666px\" \/><figcaption class=\"wp-element-caption\">N\u00e9psport 1955. 09. 25.  4. oldal <\/figcaption><\/figure>\n<\/div>\n\n<div class=\"wp-block-image\">\n<figure class=\"aligncenter size-full\"><img loading=\"lazy\" decoding=\"async\" width=\"663\" height=\"799\" src=\"https:\/\/rakosliget.hu\/wordpress\/wp-content\/uploads\/2025\/02\/1955_10_09_-4-oldal-foci.jpg\" alt=\"\" class=\"wp-image-16455\" srcset=\"https:\/\/rakosliget.hu\/wordpress\/wp-content\/uploads\/2025\/02\/1955_10_09_-4-oldal-foci.jpg 663w, https:\/\/rakosliget.hu\/wordpress\/wp-content\/uploads\/2025\/02\/1955_10_09_-4-oldal-foci-249x300.jpg 249w\" sizes=\"auto, (max-width: 663px) 100vw, 663px\" \/><figcaption class=\"wp-element-caption\">N\u00e9psport 1955. 10. 09. 4. oldal <\/figcaption><\/figure>\n<\/div>\n\n<div class=\"wp-block-image\">\n<figure class=\"aligncenter size-full\"><img loading=\"lazy\" decoding=\"async\" width=\"675\" height=\"829\" src=\"https:\/\/rakosliget.hu\/wordpress\/wp-content\/uploads\/2025\/02\/1955_10_16_-4-oldal-foci.jpg\" alt=\"\" class=\"wp-image-16456\" srcset=\"https:\/\/rakosliget.hu\/wordpress\/wp-content\/uploads\/2025\/02\/1955_10_16_-4-oldal-foci.jpg 675w, https:\/\/rakosliget.hu\/wordpress\/wp-content\/uploads\/2025\/02\/1955_10_16_-4-oldal-foci-244x300.jpg 244w\" sizes=\"auto, (max-width: 675px) 100vw, 675px\" \/><figcaption class=\"wp-element-caption\">N\u00e9psport 1955. 10. 16. 4. oldal <\/figcaption><\/figure>\n<\/div>\n\n\n<p><a href=\"https:\/\/rakosliget.hu\/wordpress\/index.php\/rakosligeti-atletikai-club\/\">Vissza a FOCI lapra<\/a><\/p>\n","protected":false},"excerpt":{"rendered":"<p>Vissza a FOCI lapra A bajnoks\u00e1g v\u00e9geredm\u00e9nye: Budapest I. oszt\u00e1ly, III. csoport 1955 # csapat neve m\u00e9rk. gy d v g\u00f3lar\u00e1ny pontsz\u00e1m 14 K\u00d6Z\u00c9RT 30 10 5 15 &nbsp;50 : &nbsp;54 25 Forr\u00e1s: https:\/\/www.magyarfutball.hu\/hu\/bajnoki-vegeredmeny\/6160 Vita a K\u00d6Z\u00c9RT vezet\u0151kkel Vissza a FOCI lapra<\/p>\n","protected":false},"author":1,"featured_media":0,"parent":0,"menu_order":0,"comment_status":"closed","ping_status":"closed","template":"","meta":{"footnotes":""},"class_list":["post-16437","page","type-page","status-publish","hentry"],"_links":{"self":[{"href":"https:\/\/rakosliget.hu\/wordpress\/index.php\/wp-json\/wp\/v2\/pages\/16437","targetHints":{"allow":["GET"]}}],"collection":[{"href":"https:\/\/rakosliget.hu\/wordpress\/index.php\/wp-json\/wp\/v2\/pages"}],"about":[{"href":"https:\/\/rakosliget.hu\/wordpress\/index.php\/wp-json\/wp\/v2\/types\/page"}],"author":[{"embeddable":true,"href":"https:\/\/rakosliget.hu\/wordpress\/index.php\/wp-json\/wp\/v2\/users\/1"}],"replies":[{"embeddable":true,"href":"https:\/\/rakosliget.hu\/wordpress\/index.php\/wp-json\/wp\/v2\/comments?post=16437"}],"version-history":[{"count":8,"href":"https:\/\/rakosliget.hu\/wordpress\/index.php\/wp-json\/wp\/v2\/pages\/16437\/revisions"}],"predecessor-version":[{"id":16459,"href":"https:\/\/rakosliget.hu\/wordpress\/index.php\/wp-json\/wp\/v2\/pages\/16437\/revisions\/16459"}],"wp:attachment":[{"href":"https:\/\/rakosliget.hu\/wordpress\/index.php\/wp-json\/wp\/v2\/media?parent=16437"}],"curies":[{"name":"wp","href":"https:\/\/api.w.org\/{rel}","templated":true}]}}