{"id":12502,"date":"2024-11-24T17:36:15","date_gmt":"2024-11-24T16:36:15","guid":{"rendered":"https:\/\/rakosliget.hu\/wordpress\/?page_id=12502"},"modified":"2026-03-29T20:51:59","modified_gmt":"2026-03-29T19:51:59","slug":"temetoi-nevsor-_","status":"publish","type":"page","link":"https:\/\/rakosliget.hu\/wordpress\/index.php\/temetoi-nevsor-_\/","title":{"rendered":"TEMET\u0150I \u2013 N\u00c9VSOR _"},"content":{"rendered":"\n<p id=\"Eleje\"><em>Az oldal friss\u00edtve: 2025. 10. 19.<\/em><\/p>\n\n\n\n<h3 class=\"wp-block-heading\"><a href=\"http:\/\/rakosliget.hu\/wordpress\/index.php\/temeto-rakosliget\/\">A temet\u0151 k\u00e9pei \u2013 K\u00e9pt\u00e1r<\/a><\/h3>\n\n\n\n<p>* Forr\u00e1s: A r\u00e1kosligeti temet\u0151 1975. m\u00e1rcius 2-\u00e1n m\u00e9g azonos\u00edthat\u00f3 ide temetettjeinek n\u00e9vsora&nbsp;<em>Kov\u00e1cs K\u00e1lm\u00e1n nyom\u00e1n.<\/em><\/p>\n\n\n\n<p>** Forr\u00e1s:&nbsp;<a href=\"https:\/\/dspace.oszk.hu\/discover?rpp=10&amp;etal=0&amp;query=R%C3%A1kosliget&amp;scope=&amp;group_by=none&amp;page=3\">https:\/\/dspace.oszk.hu\/<\/a><\/p>\n\n\n\n<h2 class=\"wp-block-heading\" id=\"Eleje\"><a href=\"#Eleje\">Regiszter<\/a>&nbsp;<\/h2>\n\n\n\n<h2 class=\"wp-block-heading\" id=\"-A\"><strong><a href=\"#A\">A<\/a>&nbsp;<a href=\"#B\">B<\/a>&nbsp;<a href=\"#C\" data-type=\"internal\" data-id=\"#C\">C <\/a><a href=\"#CS\">CS<\/a> <a href=\"#D\">D<\/a> <a href=\"#E\">E<\/a> <a href=\"#F\">F<\/a> <a href=\"#G\">G<\/a> <a href=\"#H\">H<\/a> <a href=\"#I\">I<\/a> <a href=\"#J\">J<\/a> <a href=\"#K\">K<\/a> <a href=\"#L\">L<\/a> <a href=\"#M\">M<\/a> <a href=\"#N\">N<\/a> <a href=\"#NY\">NY<\/a> <a href=\"#O\">O<\/a> <a href=\"#P\">P<\/a> <a href=\"#R\">R<\/a> <a href=\"#S\">S<\/a> <a href=\"#SZ\">SZ<\/a> <a href=\"#T\">T<\/a> <a href=\"#U\">U<\/a> <a href=\"#\u00dc\">\u00dc<\/a> <a href=\"#V\">V<\/a> <a href=\"#W\">W<\/a>&nbsp;<a href=\"#Z\">Z<\/a> <a href=\"#ZS\">ZS<\/a><\/strong><\/h2>\n\n\n\n<h3 class=\"wp-block-heading\" id=\"A\"><a href=\"#Eleje\" data-type=\"page\" data-id=\"12502\">&nbsp;A<\/a><\/h3>\n\n\n\n<p><strong>Ing. August B\u00f6hm**<\/strong><\/p>\n\n\n\n<figure class=\"wp-block-image size-large\"><img loading=\"lazy\" decoding=\"async\" width=\"1234\" height=\"863\" src=\"https:\/\/rakosliget.hu\/wordpress\/wp-content\/uploads\/2024\/11\/August-Bohm-gyaszjelentes.jpg\" alt=\"\" class=\"wp-image-12607\" srcset=\"https:\/\/rakosliget.hu\/wordpress\/wp-content\/uploads\/2024\/11\/August-Bohm-gyaszjelentes.jpg 1234w, https:\/\/rakosliget.hu\/wordpress\/wp-content\/uploads\/2024\/11\/August-Bohm-gyaszjelentes-300x210.jpg 300w, https:\/\/rakosliget.hu\/wordpress\/wp-content\/uploads\/2024\/11\/August-Bohm-gyaszjelentes-1024x716.jpg 1024w, https:\/\/rakosliget.hu\/wordpress\/wp-content\/uploads\/2024\/11\/August-Bohm-gyaszjelentes-768x537.jpg 768w\" sizes=\"auto, (max-width: 1234px) 100vw, 1234px\" \/><\/figure>\n\n\n\n<p><a href=\"http:\/\/rakosliget.hu\/wordpress\/wp-content\/uploads\/2021\/11\/August-Bohm-gyaszjelentes.jpg\"><\/a><br><strong>\u00c1d\u00e1m Ferenc**&nbsp;<\/strong>-1940. m\u00e1jus 25.<\/p>\n\n\n\n<figure class=\"wp-block-image size-large\"><img loading=\"lazy\" decoding=\"async\" width=\"1295\" height=\"910\" src=\"https:\/\/rakosliget.hu\/wordpress\/wp-content\/uploads\/2024\/11\/Adam-ferenc.jpg\" alt=\"\" class=\"wp-image-12613\" srcset=\"https:\/\/rakosliget.hu\/wordpress\/wp-content\/uploads\/2024\/11\/Adam-ferenc.jpg 1295w, https:\/\/rakosliget.hu\/wordpress\/wp-content\/uploads\/2024\/11\/Adam-ferenc-300x211.jpg 300w, https:\/\/rakosliget.hu\/wordpress\/wp-content\/uploads\/2024\/11\/Adam-ferenc-1024x720.jpg 1024w, https:\/\/rakosliget.hu\/wordpress\/wp-content\/uploads\/2024\/11\/Adam-ferenc-768x540.jpg 768w\" sizes=\"auto, (max-width: 1295px) 100vw, 1295px\" \/><\/figure>\n\n\n\n<p><strong><br><a href=\"http:\/\/rakosliget.hu\/wordpress\/wp-content\/uploads\/2021\/11\/Adam-ferenc.jpg\"><\/a><br>Ajkas Jen\u0151** \u2013&nbsp;<\/strong>1937. december 8.<\/p>\n\n\n\n<figure class=\"wp-block-image size-large\"><img loading=\"lazy\" decoding=\"async\" width=\"1299\" height=\"926\" src=\"https:\/\/rakosliget.hu\/wordpress\/wp-content\/uploads\/2024\/11\/Ajkas-Jeno.jpg\" alt=\"\" class=\"wp-image-12610\" srcset=\"https:\/\/rakosliget.hu\/wordpress\/wp-content\/uploads\/2024\/11\/Ajkas-Jeno.jpg 1299w, https:\/\/rakosliget.hu\/wordpress\/wp-content\/uploads\/2024\/11\/Ajkas-Jeno-300x214.jpg 300w, https:\/\/rakosliget.hu\/wordpress\/wp-content\/uploads\/2024\/11\/Ajkas-Jeno-1024x730.jpg 1024w, https:\/\/rakosliget.hu\/wordpress\/wp-content\/uploads\/2024\/11\/Ajkas-Jeno-768x547.jpg 768w\" sizes=\"auto, (max-width: 1299px) 100vw, 1299px\" \/><\/figure>\n\n\n\n<figure class=\"wp-block-image size-full\"><img loading=\"lazy\" decoding=\"async\" width=\"943\" height=\"186\" src=\"https:\/\/rakosliget.hu\/wordpress\/wp-content\/uploads\/2024\/11\/Ajkas.jpg\" alt=\"\" class=\"wp-image-12719\" srcset=\"https:\/\/rakosliget.hu\/wordpress\/wp-content\/uploads\/2024\/11\/Ajkas.jpg 943w, https:\/\/rakosliget.hu\/wordpress\/wp-content\/uploads\/2024\/11\/Ajkas-300x59.jpg 300w, https:\/\/rakosliget.hu\/wordpress\/wp-content\/uploads\/2024\/11\/Ajkas-768x151.jpg 768w\" sizes=\"auto, (max-width: 943px) 100vw, 943px\" \/><\/figure>\n\n\n\n<p>Forr\u00e1s: Nemzeti Ujs\u00e1g, 1937. december (19. \u00e9vfolyam) 1937-12-10 \/ 280. sz\u00e1m<\/p>\n\n\n\n<p><strong>Alvinczy Mikl\u00f3s<\/strong> &#8211; 1935 posta f\u0151fel\u00fcgyel\u0151<\/p>\n\n\n\n<figure class=\"wp-block-image size-full\"><img loading=\"lazy\" decoding=\"async\" width=\"998\" height=\"125\" src=\"https:\/\/rakosliget.hu\/wordpress\/wp-content\/uploads\/2024\/11\/Alvinczy-Miklos-1935-szeptember-19.jpg\" alt=\"\" class=\"wp-image-12672\" srcset=\"https:\/\/rakosliget.hu\/wordpress\/wp-content\/uploads\/2024\/11\/Alvinczy-Miklos-1935-szeptember-19.jpg 998w, https:\/\/rakosliget.hu\/wordpress\/wp-content\/uploads\/2024\/11\/Alvinczy-Miklos-1935-szeptember-19-300x38.jpg 300w, https:\/\/rakosliget.hu\/wordpress\/wp-content\/uploads\/2024\/11\/Alvinczy-Miklos-1935-szeptember-19-768x96.jpg 768w\" sizes=\"auto, (max-width: 998px) 100vw, 998px\" \/><\/figure>\n\n\n\n<p>Forr\u00e1s: Pesti H\u00edrlap, 1935. szeptember (57. \u00e9vfolyam) 1935-09-19 213. sz\u00e1m<\/p>\n\n\n\n<div class=\"wp-block-buttons is-content-justification-center is-layout-flex wp-container-core-buttons-is-layout-16018d1d wp-block-buttons-is-layout-flex\">\n<div class=\"wp-block-button\"><a class=\"wp-block-button__link wp-element-button\" href=\"#Eleje\">LAP TETEJ\u00c9RE<\/a><\/div>\n<\/div>\n\n\n\n<h3 class=\"wp-block-heading\" id=\"B\"><a href=\"#Eleje\">B<\/a><\/h3>\n\n\n\n<p><strong>Babos J\u00f3zsefn\u00e9 Matzenauer M\u00e1ria** \u2013&nbsp;<\/strong>1950. \u00e1prilis 11.<\/p>\n\n\n\n<figure class=\"wp-block-image size-large\"><img loading=\"lazy\" decoding=\"async\" width=\"1188\" height=\"873\" src=\"https:\/\/rakosliget.hu\/wordpress\/wp-content\/uploads\/2024\/11\/Babos-Jozsefne.jpg\" alt=\"\" class=\"wp-image-12609\" srcset=\"https:\/\/rakosliget.hu\/wordpress\/wp-content\/uploads\/2024\/11\/Babos-Jozsefne.jpg 1188w, https:\/\/rakosliget.hu\/wordpress\/wp-content\/uploads\/2024\/11\/Babos-Jozsefne-300x220.jpg 300w, https:\/\/rakosliget.hu\/wordpress\/wp-content\/uploads\/2024\/11\/Babos-Jozsefne-1024x752.jpg 1024w, https:\/\/rakosliget.hu\/wordpress\/wp-content\/uploads\/2024\/11\/Babos-Jozsefne-768x564.jpg 768w\" sizes=\"auto, (max-width: 1188px) 100vw, 1188px\" \/><\/figure>\n\n\n\n<p><strong><br><a href=\"https:\/\/rakosliget.hu\/wordpress\/index.php\/bakos-jozsef\/\">Bakos J\u00f3zsef<\/a><\/strong>&nbsp;erd\u0151 f\u0151tan\u00e1csos 1863-1942,*<br><strong>Baron S\u00e1ndor<\/strong>&nbsp;1876-1945, *<br><strong>B\u00e1nkuti Gy\u0151z\u0151<\/strong>** \u2013 1944. j\u00falius 22.<br><a href=\"http:\/\/rakosliget.hu\/wordpress\/wp-content\/uploads\/2021\/11\/Bankuti-Gyozo.jpg\"><\/a><\/p>\n\n\n\n<figure class=\"wp-block-image size-large\"><img loading=\"lazy\" decoding=\"async\" width=\"1196\" height=\"810\" src=\"https:\/\/rakosliget.hu\/wordpress\/wp-content\/uploads\/2024\/11\/Bankuti-Gyozo.jpg\" alt=\"\" class=\"wp-image-12615\" srcset=\"https:\/\/rakosliget.hu\/wordpress\/wp-content\/uploads\/2024\/11\/Bankuti-Gyozo.jpg 1196w, https:\/\/rakosliget.hu\/wordpress\/wp-content\/uploads\/2024\/11\/Bankuti-Gyozo-300x203.jpg 300w, https:\/\/rakosliget.hu\/wordpress\/wp-content\/uploads\/2024\/11\/Bankuti-Gyozo-1024x694.jpg 1024w, https:\/\/rakosliget.hu\/wordpress\/wp-content\/uploads\/2024\/11\/Bankuti-Gyozo-768x520.jpg 768w\" sizes=\"auto, (max-width: 1196px) 100vw, 1196px\" \/><\/figure>\n\n\n\n<p><br><strong>B\u00e1ny\u00e1sz Gyula<\/strong>&nbsp;?-1942, *<\/p>\n\n\n\n<p><strong>Bel\u00e1nka Gy\u00f6rgy <\/strong>1842-1933<\/p>\n\n\n\n<figure class=\"wp-block-image size-large\"><img loading=\"lazy\" decoding=\"async\" width=\"823\" height=\"204\" src=\"https:\/\/rakosliget.hu\/wordpress\/wp-content\/uploads\/2024\/11\/Belanka-gyorgy.jpg\" alt=\"\" class=\"wp-image-12614\" srcset=\"https:\/\/rakosliget.hu\/wordpress\/wp-content\/uploads\/2024\/11\/Belanka-gyorgy.jpg 823w, https:\/\/rakosliget.hu\/wordpress\/wp-content\/uploads\/2024\/11\/Belanka-gyorgy-300x74.jpg 300w, https:\/\/rakosliget.hu\/wordpress\/wp-content\/uploads\/2024\/11\/Belanka-gyorgy-768x190.jpg 768w\" sizes=\"auto, (max-width: 823px) 100vw, 823px\" \/><\/figure>\n\n\n\n<p><a href=\"https:\/\/rakosliget.hu\/wordpress\/wp-content\/uploads\/2023\/01\/Belanka-gyorgy.jpg\"><\/a><br><strong>Bel\u00e1nka Judit<\/strong>** \u2013 1936. december 16.<\/p>\n\n\n\n<figure class=\"wp-block-image size-large\"><img loading=\"lazy\" decoding=\"async\" width=\"1243\" height=\"878\" src=\"https:\/\/rakosliget.hu\/wordpress\/wp-content\/uploads\/2024\/11\/Belanka-Judit.jpg\" alt=\"\" class=\"wp-image-12617\" srcset=\"https:\/\/rakosliget.hu\/wordpress\/wp-content\/uploads\/2024\/11\/Belanka-Judit.jpg 1243w, https:\/\/rakosliget.hu\/wordpress\/wp-content\/uploads\/2024\/11\/Belanka-Judit-300x212.jpg 300w, https:\/\/rakosliget.hu\/wordpress\/wp-content\/uploads\/2024\/11\/Belanka-Judit-1024x723.jpg 1024w, https:\/\/rakosliget.hu\/wordpress\/wp-content\/uploads\/2024\/11\/Belanka-Judit-768x542.jpg 768w\" sizes=\"auto, (max-width: 1243px) 100vw, 1243px\" \/><\/figure>\n\n\n\n<p><br><a href=\"http:\/\/rakosliget.hu\/wordpress\/wp-content\/uploads\/2021\/11\/Belanka-Judit.jpg\"><\/a><br><strong>Bereczki G\u00e9za**<\/strong><\/p>\n\n\n\n<figure class=\"wp-block-image size-large\"><img loading=\"lazy\" decoding=\"async\" width=\"1182\" height=\"726\" src=\"https:\/\/rakosliget.hu\/wordpress\/wp-content\/uploads\/2024\/11\/Bereczki-Geza-gyaszjelentes.jpg\" alt=\"\" class=\"wp-image-12616\" srcset=\"https:\/\/rakosliget.hu\/wordpress\/wp-content\/uploads\/2024\/11\/Bereczki-Geza-gyaszjelentes.jpg 1182w, https:\/\/rakosliget.hu\/wordpress\/wp-content\/uploads\/2024\/11\/Bereczki-Geza-gyaszjelentes-300x184.jpg 300w, https:\/\/rakosliget.hu\/wordpress\/wp-content\/uploads\/2024\/11\/Bereczki-Geza-gyaszjelentes-1024x629.jpg 1024w, https:\/\/rakosliget.hu\/wordpress\/wp-content\/uploads\/2024\/11\/Bereczki-Geza-gyaszjelentes-768x472.jpg 768w\" sizes=\"auto, (max-width: 1182px) 100vw, 1182px\" \/><\/figure>\n\n\n\n<p><a href=\"http:\/\/rakosliget.hu\/wordpress\/wp-content\/uploads\/2021\/11\/Bereczki-Geza-gyaszjelentes.jpg\"><\/a><br><strong>Bischitz Lujza &#8211; K\u00fcrschner J. B\u00e9l\u00e1n\u00e9 ** 1855 &#8211; 1935<\/strong><\/p>\n\n\n\n<figure class=\"wp-block-image size-full\"><img loading=\"lazy\" decoding=\"async\" width=\"1024\" height=\"719\" src=\"https:\/\/rakosliget.hu\/wordpress\/wp-content\/uploads\/2024\/11\/image-8.png\" alt=\"\" class=\"wp-image-12576\" srcset=\"https:\/\/rakosliget.hu\/wordpress\/wp-content\/uploads\/2024\/11\/image-8.png 1024w, https:\/\/rakosliget.hu\/wordpress\/wp-content\/uploads\/2024\/11\/image-8-300x211.png 300w, https:\/\/rakosliget.hu\/wordpress\/wp-content\/uploads\/2024\/11\/image-8-768x539.png 768w\" sizes=\"auto, (max-width: 1024px) 100vw, 1024px\" \/><\/figure>\n\n\n\n<p><a href=\"http:\/\/rakosliget.hu\/wordpress\/wp-content\/uploads\/2020\/11\/1936-februar-9-Bodor-halalhir.jpg\"><strong>Bodor (Krausz) L\u00e1szl\u00f3<\/strong><\/a>&nbsp; \u2013 1936. febru\u00e1r 9. Az Ujs\u00e1g h\u00edre<\/p>\n\n\n\n<figure class=\"wp-block-image size-full\"><img loading=\"lazy\" decoding=\"async\" width=\"918\" height=\"226\" src=\"https:\/\/rakosliget.hu\/wordpress\/wp-content\/uploads\/2024\/11\/Bodor-Krausz.jpg\" alt=\"\" class=\"wp-image-12726\" srcset=\"https:\/\/rakosliget.hu\/wordpress\/wp-content\/uploads\/2024\/11\/Bodor-Krausz.jpg 918w, https:\/\/rakosliget.hu\/wordpress\/wp-content\/uploads\/2024\/11\/Bodor-Krausz-300x74.jpg 300w, https:\/\/rakosliget.hu\/wordpress\/wp-content\/uploads\/2024\/11\/Bodor-Krausz-768x189.jpg 768w\" sizes=\"auto, (max-width: 918px) 100vw, 918px\" \/><\/figure>\n\n\n\n<p>Forr\u00e1s: Ujs\u00e1g, 1936. febru\u00e1r (12. \u00e9vfolyam) 1936-02-09 \/ 33. sz\u00e1m<\/p>\n\n\n\n<p><br><strong>Boross Gy\u00f6rgy<\/strong>&nbsp;1908 \u2013 1928<br><img loading=\"lazy\" decoding=\"async\" width=\"300\" height=\"150\" srcset=\"https:\/\/rakosliget.hu\/wordpress\/wp-content\/uploads\/2019\/12\/boross-gyorgy-300x150.jpg 300w, https:\/\/rakosliget.hu\/wordpress\/wp-content\/uploads\/2019\/12\/boross-gyorgy.jpg 479w\" src=\"http:\/\/rakosliget.hu\/wordpress\/wp-content\/uploads\/2019\/12\/boross-gyorgy-300x150.jpg\" alt=\"\"><br>Gy\u00e1szjelent\u00e9s az Esti Kurir-ban 1928. szeptember 1.<\/p>\n\n\n\n<p><strong>BOROSS SALAMONN\u00c9<\/strong> 1852 &#8211; 1918<\/p>\n\n\n<div class=\"wp-block-image\">\n<figure class=\"aligncenter size-full\"><img loading=\"lazy\" decoding=\"async\" width=\"965\" height=\"358\" src=\"https:\/\/rakosliget.hu\/wordpress\/wp-content\/uploads\/2025\/03\/Alkotmany1918-06-06-Boross-halala.jpg\" alt=\"\" class=\"wp-image-16731\" srcset=\"https:\/\/rakosliget.hu\/wordpress\/wp-content\/uploads\/2025\/03\/Alkotmany1918-06-06-Boross-halala.jpg 965w, https:\/\/rakosliget.hu\/wordpress\/wp-content\/uploads\/2025\/03\/Alkotmany1918-06-06-Boross-halala-300x111.jpg 300w, https:\/\/rakosliget.hu\/wordpress\/wp-content\/uploads\/2025\/03\/Alkotmany1918-06-06-Boross-halala-768x285.jpg 768w\" sizes=\"auto, (max-width: 965px) 100vw, 965px\" \/><figcaption class=\"wp-element-caption\">Alkotm\u00e1ny 1919 01 04 10 oldal Boross Salamonn\u00e9 temet\u00e9se<\/figcaption><\/figure>\n<\/div>\n\n\n<p><br><strong>B\u00f6hm \u00c1gost<\/strong>** \u2013 1942. augusztus 22.<\/p>\n\n\n\n<figure class=\"wp-block-image size-large\"><img loading=\"lazy\" decoding=\"async\" width=\"1234\" height=\"866\" src=\"https:\/\/rakosliget.hu\/wordpress\/wp-content\/uploads\/2024\/11\/Bohm-Agost.jpg\" alt=\"\" class=\"wp-image-12611\" srcset=\"https:\/\/rakosliget.hu\/wordpress\/wp-content\/uploads\/2024\/11\/Bohm-Agost.jpg 1234w, https:\/\/rakosliget.hu\/wordpress\/wp-content\/uploads\/2024\/11\/Bohm-Agost-300x211.jpg 300w, https:\/\/rakosliget.hu\/wordpress\/wp-content\/uploads\/2024\/11\/Bohm-Agost-1024x719.jpg 1024w, https:\/\/rakosliget.hu\/wordpress\/wp-content\/uploads\/2024\/11\/Bohm-Agost-768x539.jpg 768w\" sizes=\"auto, (max-width: 1234px) 100vw, 1234px\" \/><\/figure>\n\n\n\n<p><br><a href=\"http:\/\/rakosliget.hu\/wordpress\/wp-content\/uploads\/2021\/11\/Bohm-Agost.jpg\"><\/a>Rasnyi&nbsp;b\u00e1r\u00f3&nbsp;<strong>Brandenstein&nbsp;Ott\u00f3&nbsp;<\/strong>ny.&nbsp;\u00e1llami&nbsp;miniszteri&nbsp;sz\u00e1mvev\u0151s\u00e9gi&nbsp;f\u0151igazgat\u00f3&nbsp; 1866 -1938. december 6&nbsp;<br>Forr\u00e1s: Pesti H\u00edrlap, 1938. december (60. \u00e9vfolyam, 273-297. sz\u00e1m)1938-12-06 \/ 277. sz\u00e1m<\/p>\n\n\n\n<p><strong>Braun Dorothea<\/strong> &#8211; <strong>Matos Lajosn\u00e9  <\/strong>** 1865 &#8211; 1903<\/p>\n\n\n\n<figure class=\"wp-block-image size-large\"><img loading=\"lazy\" decoding=\"async\" width=\"1024\" height=\"736\" src=\"https:\/\/rakosliget.hu\/wordpress\/wp-content\/uploads\/2021\/11\/Matos-Lajosne-Braun-1024x736.jpg\" alt=\"\" class=\"wp-image-9621\" srcset=\"https:\/\/rakosliget.hu\/wordpress\/wp-content\/uploads\/2021\/11\/Matos-Lajosne-Braun-1024x736.jpg 1024w, https:\/\/rakosliget.hu\/wordpress\/wp-content\/uploads\/2021\/11\/Matos-Lajosne-Braun-300x216.jpg 300w, https:\/\/rakosliget.hu\/wordpress\/wp-content\/uploads\/2021\/11\/Matos-Lajosne-Braun-768x552.jpg 768w, https:\/\/rakosliget.hu\/wordpress\/wp-content\/uploads\/2021\/11\/Matos-Lajosne-Braun.jpg 1100w\" sizes=\"auto, (max-width: 1024px) 100vw, 1024px\" \/><\/figure>\n\n\n\n<p><strong>Breuer Guszt\u00e1v**<\/strong>-1923<\/p>\n\n\n\n<figure class=\"wp-block-image size-large\"><img loading=\"lazy\" decoding=\"async\" width=\"1325\" height=\"1326\" src=\"https:\/\/rakosliget.hu\/wordpress\/wp-content\/uploads\/2024\/11\/Breuer-Gusztav.jpg\" alt=\"\" class=\"wp-image-12612\" srcset=\"https:\/\/rakosliget.hu\/wordpress\/wp-content\/uploads\/2024\/11\/Breuer-Gusztav.jpg 1325w, https:\/\/rakosliget.hu\/wordpress\/wp-content\/uploads\/2024\/11\/Breuer-Gusztav-300x300.jpg 300w, https:\/\/rakosliget.hu\/wordpress\/wp-content\/uploads\/2024\/11\/Breuer-Gusztav-1024x1024.jpg 1024w, https:\/\/rakosliget.hu\/wordpress\/wp-content\/uploads\/2024\/11\/Breuer-Gusztav-150x150.jpg 150w, https:\/\/rakosliget.hu\/wordpress\/wp-content\/uploads\/2024\/11\/Breuer-Gusztav-768x769.jpg 768w\" sizes=\"auto, (max-width: 1325px) 100vw, 1325px\" \/><\/figure>\n\n\n\n<p><br><a href=\"http:\/\/rakosliget.hu\/wordpress\/wp-content\/uploads\/2021\/11\/Breuer-Gusztav.jpg\"><\/a><strong><br>Bucsinyi S\u00e1ndor<\/strong>&nbsp;1866-1941, *<br><strong>Buss Lajosn\u00e9 Handl J\u00f3zefin<\/strong>** \u2013 1935. december 12.<br><a href=\"http:\/\/rakosliget.hu\/wordpress\/wp-content\/uploads\/2021\/11\/Buss-Lajosne.jpg\"><\/a><\/p>\n\n\n\n<figure class=\"wp-block-image size-large\"><img loading=\"lazy\" decoding=\"async\" width=\"1235\" height=\"857\" src=\"https:\/\/rakosliget.hu\/wordpress\/wp-content\/uploads\/2024\/11\/Buss-Lajosne.jpg\" alt=\"\" class=\"wp-image-12608\" srcset=\"https:\/\/rakosliget.hu\/wordpress\/wp-content\/uploads\/2024\/11\/Buss-Lajosne.jpg 1235w, https:\/\/rakosliget.hu\/wordpress\/wp-content\/uploads\/2024\/11\/Buss-Lajosne-300x208.jpg 300w, https:\/\/rakosliget.hu\/wordpress\/wp-content\/uploads\/2024\/11\/Buss-Lajosne-1024x711.jpg 1024w, https:\/\/rakosliget.hu\/wordpress\/wp-content\/uploads\/2024\/11\/Buss-Lajosne-768x533.jpg 768w\" sizes=\"auto, (max-width: 1235px) 100vw, 1235px\" \/><\/figure>\n\n\n\n<div class=\"wp-block-buttons is-content-justification-center is-layout-flex wp-container-core-buttons-is-layout-16018d1d wp-block-buttons-is-layout-flex\">\n<div class=\"wp-block-button\"><a class=\"wp-block-button__link wp-element-button\" href=\"#Eleje\">LAP TETEJ\u00c9RE<\/a><\/div>\n<\/div>\n\n\n\n<h2 class=\"wp-block-heading\" id=\"C\"><strong><a href=\"#Eleje\">C<\/a><\/strong><\/h2>\n\n\n\n<p><strong>Czifr\u00e1k K\u00e1lm\u00e1nn\u00e9 sz.: Monoky Irma<\/strong>** 1877 &#8211; 1935<\/p>\n\n\n\n<figure class=\"wp-block-image size-large\"><img loading=\"lazy\" decoding=\"async\" width=\"1024\" height=\"706\" src=\"https:\/\/rakosliget.hu\/wordpress\/wp-content\/uploads\/2021\/11\/ozv.-Czifrak-Kalmanne-gyaszjelentes-1024x706.jpg\" alt=\"\" class=\"wp-image-9477\" srcset=\"https:\/\/rakosliget.hu\/wordpress\/wp-content\/uploads\/2021\/11\/ozv.-Czifrak-Kalmanne-gyaszjelentes-1024x706.jpg 1024w, https:\/\/rakosliget.hu\/wordpress\/wp-content\/uploads\/2021\/11\/ozv.-Czifrak-Kalmanne-gyaszjelentes-300x207.jpg 300w, https:\/\/rakosliget.hu\/wordpress\/wp-content\/uploads\/2021\/11\/ozv.-Czifrak-Kalmanne-gyaszjelentes-768x529.jpg 768w, https:\/\/rakosliget.hu\/wordpress\/wp-content\/uploads\/2021\/11\/ozv.-Czifrak-Kalmanne-gyaszjelentes.jpg 1254w\" sizes=\"auto, (max-width: 1024px) 100vw, 1024px\" \/><\/figure>\n\n\n\n<div class=\"wp-block-buttons is-content-justification-center is-layout-flex wp-container-core-buttons-is-layout-16018d1d wp-block-buttons-is-layout-flex\">\n<div class=\"wp-block-button\"><a class=\"wp-block-button__link wp-element-button\" href=\"#Eleje\">LAP TETEJ\u00c9RE<\/a><\/div>\n<\/div>\n\n\n\n<h2 class=\"wp-block-heading\" id=\"CS\"><a href=\"#Eleje\">CS<\/a><\/h2>\n\n\n\n<p><strong>Csere L\u00eddia<\/strong> &#8211; <strong>Vajda J\u00e1nosn\u00e9 **<\/strong>  1857 &#8211; 1936<\/p>\n\n\n\n<figure class=\"wp-block-image size-full\"><img loading=\"lazy\" decoding=\"async\" width=\"1024\" height=\"679\" src=\"https:\/\/rakosliget.hu\/wordpress\/wp-content\/uploads\/2024\/11\/image-11.png\" alt=\"\" class=\"wp-image-12582\" srcset=\"https:\/\/rakosliget.hu\/wordpress\/wp-content\/uploads\/2024\/11\/image-11.png 1024w, https:\/\/rakosliget.hu\/wordpress\/wp-content\/uploads\/2024\/11\/image-11-300x199.png 300w, https:\/\/rakosliget.hu\/wordpress\/wp-content\/uploads\/2024\/11\/image-11-768x509.png 768w\" sizes=\"auto, (max-width: 1024px) 100vw, 1024px\" \/><\/figure>\n\n\n\n<p><strong>Cservenka N\u00e1ndorn\u00e9<\/strong> <\/p>\n\n\n\n<figure class=\"wp-block-image size-large\"><img loading=\"lazy\" decoding=\"async\" width=\"1024\" height=\"404\" src=\"https:\/\/rakosliget.hu\/wordpress\/wp-content\/uploads\/2024\/11\/Cservenka-1024x404.jpg\" alt=\"\" class=\"wp-image-12671\" srcset=\"https:\/\/rakosliget.hu\/wordpress\/wp-content\/uploads\/2024\/11\/Cservenka-1024x404.jpg 1024w, https:\/\/rakosliget.hu\/wordpress\/wp-content\/uploads\/2024\/11\/Cservenka-300x118.jpg 300w, https:\/\/rakosliget.hu\/wordpress\/wp-content\/uploads\/2024\/11\/Cservenka-768x303.jpg 768w, https:\/\/rakosliget.hu\/wordpress\/wp-content\/uploads\/2024\/11\/Cservenka.jpg 1028w\" sizes=\"auto, (max-width: 1024px) 100vw, 1024px\" \/><\/figure>\n\n\n\n<p>Forr\u00e1s: Uj Magyars\u00e1g, 1944. febru\u00e1r (11. \u00e9vfolyam) 1944-02-06 29. sz\u00e1m<\/p>\n\n\n\n<p><strong>Csesz\u00e1n Erzs\u00e9be<\/strong>t &#8211; <strong>Pech\u00e1r Korn\u00e9ln\u00e9 <\/strong>** 1870 &#8211; 1936<\/p>\n\n\n\n<figure class=\"wp-block-image size-full\"><img loading=\"lazy\" decoding=\"async\" width=\"1024\" height=\"728\" src=\"https:\/\/rakosliget.hu\/wordpress\/wp-content\/uploads\/2024\/11\/image-13.png\" alt=\"\" class=\"wp-image-12590\" srcset=\"https:\/\/rakosliget.hu\/wordpress\/wp-content\/uploads\/2024\/11\/image-13.png 1024w, https:\/\/rakosliget.hu\/wordpress\/wp-content\/uploads\/2024\/11\/image-13-300x213.png 300w, https:\/\/rakosliget.hu\/wordpress\/wp-content\/uploads\/2024\/11\/image-13-768x546.png 768w\" sizes=\"auto, (max-width: 1024px) 100vw, 1024px\" \/><\/figure>\n\n\n\n<div class=\"wp-block-buttons is-content-justification-center is-layout-flex wp-container-core-buttons-is-layout-16018d1d wp-block-buttons-is-layout-flex\">\n<div class=\"wp-block-button\"><a class=\"wp-block-button__link wp-element-button\" href=\"#Eleje\">LAP TETEJ\u00c9RE<\/a><\/div>\n<\/div>\n\n\n\n<h2 class=\"wp-block-heading\" id=\"D\"><a href=\"#Eleje\">D<\/a><\/h2>\n\n\n\n<p><strong>Dob\u00f3 J\u00f3zsef** 1886 &#8211; 1944<\/strong> m. kir. p\u00e9nz\u00fcgyi f\u0151tan\u00e1csos<\/p>\n\n\n\n<figure class=\"wp-block-image size-large\"><img loading=\"lazy\" decoding=\"async\" width=\"1024\" height=\"677\" src=\"https:\/\/rakosliget.hu\/wordpress\/wp-content\/uploads\/2021\/11\/Dobo-Jozsef-1024x677.jpg\" alt=\"\" class=\"wp-image-9602\" srcset=\"https:\/\/rakosliget.hu\/wordpress\/wp-content\/uploads\/2021\/11\/Dobo-Jozsef-1024x677.jpg 1024w, https:\/\/rakosliget.hu\/wordpress\/wp-content\/uploads\/2021\/11\/Dobo-Jozsef-300x198.jpg 300w, https:\/\/rakosliget.hu\/wordpress\/wp-content\/uploads\/2021\/11\/Dobo-Jozsef-768x508.jpg 768w, https:\/\/rakosliget.hu\/wordpress\/wp-content\/uploads\/2021\/11\/Dobo-Jozsef.jpg 1193w\" sizes=\"auto, (max-width: 1024px) 100vw, 1024px\" \/><\/figure>\n\n\n\n<p><strong>D\u00e1rday Antal** 1882-1942<\/strong> nyugalmazott m.kir. alezredes<\/p>\n\n\n\n<figure class=\"wp-block-image size-large\"><img loading=\"lazy\" decoding=\"async\" width=\"1024\" height=\"711\" src=\"https:\/\/rakosliget.hu\/wordpress\/wp-content\/uploads\/2021\/11\/Darday-Antal-1024x711.jpg\" alt=\"\" class=\"wp-image-9564\" srcset=\"https:\/\/rakosliget.hu\/wordpress\/wp-content\/uploads\/2021\/11\/Darday-Antal-1024x711.jpg 1024w, https:\/\/rakosliget.hu\/wordpress\/wp-content\/uploads\/2021\/11\/Darday-Antal-300x208.jpg 300w, https:\/\/rakosliget.hu\/wordpress\/wp-content\/uploads\/2021\/11\/Darday-Antal-768x533.jpg 768w, https:\/\/rakosliget.hu\/wordpress\/wp-content\/uploads\/2021\/11\/Darday-Antal.jpg 1210w\" sizes=\"auto, (max-width: 1024px) 100vw, 1024px\" \/><\/figure>\n\n\n\n<p><strong>Duchan S\u00e1ndor*<\/strong> 1875-1944<\/p>\n\n\n\n<p><strong>Duray N\u00e1ndorn\u00e9<\/strong> <strong>sz.: K\u00f6l\u00f6nte Ilona<\/strong> &#8211; 1935<\/p>\n\n\n\n<figure class=\"wp-block-image size-large\"><img loading=\"lazy\" decoding=\"async\" width=\"1024\" height=\"164\" src=\"https:\/\/rakosliget.hu\/wordpress\/wp-content\/uploads\/2024\/11\/Duray-Nandorne-1935-december-15-1024x164.jpg\" alt=\"\" class=\"wp-image-12673\" srcset=\"https:\/\/rakosliget.hu\/wordpress\/wp-content\/uploads\/2024\/11\/Duray-Nandorne-1935-december-15-1024x164.jpg 1024w, https:\/\/rakosliget.hu\/wordpress\/wp-content\/uploads\/2024\/11\/Duray-Nandorne-1935-december-15-300x48.jpg 300w, https:\/\/rakosliget.hu\/wordpress\/wp-content\/uploads\/2024\/11\/Duray-Nandorne-1935-december-15-768x123.jpg 768w, https:\/\/rakosliget.hu\/wordpress\/wp-content\/uploads\/2024\/11\/Duray-Nandorne-1935-december-15.jpg 1040w\" sizes=\"auto, (max-width: 1024px) 100vw, 1024px\" \/><\/figure>\n\n\n\n<p>Forr\u00e1s: Pesti Napl\u00f3_1935_12__pages 323<\/p>\n\n\n\n<div class=\"wp-block-buttons is-content-justification-center is-layout-flex wp-container-core-buttons-is-layout-16018d1d wp-block-buttons-is-layout-flex\">\n<div class=\"wp-block-button\"><a class=\"wp-block-button__link wp-element-button\" href=\"#Eleje\">LAP TETEJ\u00c9RE<\/a><\/div>\n<\/div>\n\n\n\n<h2 class=\"wp-block-heading\" id=\"E\"><a href=\"#Eleje\">E<\/a><\/h2>\n\n\n\n<p><strong> Eck Erzs\u00e9bet<\/strong>  <strong>Kov\u00e1ts  Gyul\u00e1n\u00e9 **1861 &#8211; 1944<\/strong><\/p>\n\n\n\n<figure class=\"wp-block-image size-full\"><img loading=\"lazy\" decoding=\"async\" width=\"1024\" height=\"714\" src=\"https:\/\/rakosliget.hu\/wordpress\/wp-content\/uploads\/2024\/11\/image-9.png\" alt=\"\" class=\"wp-image-12579\" srcset=\"https:\/\/rakosliget.hu\/wordpress\/wp-content\/uploads\/2024\/11\/image-9.png 1024w, https:\/\/rakosliget.hu\/wordpress\/wp-content\/uploads\/2024\/11\/image-9-300x209.png 300w, https:\/\/rakosliget.hu\/wordpress\/wp-content\/uploads\/2024\/11\/image-9-768x536.png 768w\" sizes=\"auto, (max-width: 1024px) 100vw, 1024px\" \/><\/figure>\n\n\n\n<p><strong>Eduard Valasek** 1845 &#8211; 1910<\/strong><\/p>\n\n\n\n<figure class=\"wp-block-image size-large\"><img loading=\"lazy\" decoding=\"async\" width=\"1024\" height=\"733\" src=\"https:\/\/rakosliget.hu\/wordpress\/wp-content\/uploads\/2021\/11\/Valasek-Eduard-1024x733.jpg\" alt=\"\" class=\"wp-image-9521\" srcset=\"https:\/\/rakosliget.hu\/wordpress\/wp-content\/uploads\/2021\/11\/Valasek-Eduard-1024x733.jpg 1024w, https:\/\/rakosliget.hu\/wordpress\/wp-content\/uploads\/2021\/11\/Valasek-Eduard-300x215.jpg 300w, https:\/\/rakosliget.hu\/wordpress\/wp-content\/uploads\/2021\/11\/Valasek-Eduard-768x550.jpg 768w, https:\/\/rakosliget.hu\/wordpress\/wp-content\/uploads\/2021\/11\/Valasek-Eduard.jpg 1186w\" sizes=\"auto, (max-width: 1024px) 100vw, 1024px\" \/><\/figure>\n\n\n\n<div class=\"wp-block-buttons is-content-justification-center is-layout-flex wp-container-core-buttons-is-layout-16018d1d wp-block-buttons-is-layout-flex\">\n<div class=\"wp-block-button\"><a class=\"wp-block-button__link wp-element-button\" href=\"#Eleje\">LAP TETEJ\u00c9RE<\/a><\/div>\n<\/div>\n\n\n\n<h2 class=\"wp-block-heading\" id=\"F\"><a href=\"#Eleje\">F<\/a><\/h2>\n\n\n\n<p><strong>Felter Dezs\u0151*<\/strong> 1861-1941<\/p>\n\n\n\n<p><strong>Dajai Felf\u00f6ldy B\u00e9l\u00e1n\u00e9<\/strong> sz.: <strong>Preisinger Jeannette <\/strong>** 1905 &#8211; 1931<\/p>\n\n\n\n<figure class=\"wp-block-image size-large\"><img loading=\"lazy\" decoding=\"async\" width=\"1024\" height=\"702\" src=\"https:\/\/rakosliget.hu\/wordpress\/wp-content\/uploads\/2021\/11\/Dajai-Felfoldi-Belane-1024x702.jpg\" alt=\"\" class=\"wp-image-9606\" srcset=\"https:\/\/rakosliget.hu\/wordpress\/wp-content\/uploads\/2021\/11\/Dajai-Felfoldi-Belane-1024x702.jpg 1024w, https:\/\/rakosliget.hu\/wordpress\/wp-content\/uploads\/2021\/11\/Dajai-Felfoldi-Belane-300x206.jpg 300w, https:\/\/rakosliget.hu\/wordpress\/wp-content\/uploads\/2021\/11\/Dajai-Felfoldi-Belane-768x526.jpg 768w, https:\/\/rakosliget.hu\/wordpress\/wp-content\/uploads\/2021\/11\/Dajai-Felfoldi-Belane.jpg 1191w\" sizes=\"auto, (max-width: 1024px) 100vw, 1024px\" \/><\/figure>\n\n\n\n<p><strong>F\u00f6lkei M\u00e1ria<\/strong> &#8211; <strong>Osinger J\u00e1nosn\u00e9  <\/strong>** 1856 &#8211; 1942<\/p>\n\n\n\n<figure class=\"wp-block-image size-full\"><img loading=\"lazy\" decoding=\"async\" width=\"1024\" height=\"717\" src=\"https:\/\/rakosliget.hu\/wordpress\/wp-content\/uploads\/2024\/11\/image-4.png\" alt=\"\" class=\"wp-image-12569\" srcset=\"https:\/\/rakosliget.hu\/wordpress\/wp-content\/uploads\/2024\/11\/image-4.png 1024w, https:\/\/rakosliget.hu\/wordpress\/wp-content\/uploads\/2024\/11\/image-4-300x210.png 300w, https:\/\/rakosliget.hu\/wordpress\/wp-content\/uploads\/2024\/11\/image-4-768x538.png 768w\" sizes=\"auto, (max-width: 1024px) 100vw, 1024px\" \/><\/figure>\n\n\n\n<p><strong>F\u00fczessy Zsigmond*<\/strong> ?-1941<\/p>\n\n\n\n<div class=\"wp-block-buttons is-content-justification-center is-layout-flex wp-container-core-buttons-is-layout-16018d1d wp-block-buttons-is-layout-flex\">\n<div class=\"wp-block-button\"><a class=\"wp-block-button__link wp-element-button\" href=\"#Eleje\">LAP TETEJ\u00c9RE<\/a><\/div>\n<\/div>\n\n\n\n<h2 class=\"wp-block-heading\" id=\"G\"><a href=\"#Eleje\">G<\/a><\/h2>\n\n\n\n<p><strong>G\u00e9czy Lajos* <\/strong>?-1932<\/p>\n\n\n\n<p><strong>Glasz J\u00f3zsefn\u00e9<\/strong> sz.: Czomp\u00f3 Borb\u00e1la &#8211; 1930<\/p>\n\n\n\n<figure class=\"wp-block-image size-large\"><img loading=\"lazy\" decoding=\"async\" width=\"1024\" height=\"148\" src=\"https:\/\/rakosliget.hu\/wordpress\/wp-content\/uploads\/2024\/11\/Glasz-1024x148.jpg\" alt=\"\" class=\"wp-image-12723\" srcset=\"https:\/\/rakosliget.hu\/wordpress\/wp-content\/uploads\/2024\/11\/Glasz-1024x148.jpg 1024w, https:\/\/rakosliget.hu\/wordpress\/wp-content\/uploads\/2024\/11\/Glasz-300x43.jpg 300w, https:\/\/rakosliget.hu\/wordpress\/wp-content\/uploads\/2024\/11\/Glasz-768x111.jpg 768w, https:\/\/rakosliget.hu\/wordpress\/wp-content\/uploads\/2024\/11\/Glasz.jpg 1059w\" sizes=\"auto, (max-width: 1024px) 100vw, 1024px\" \/><\/figure>\n\n\n\n<p>Forr\u00e1s: Pesti H\u00edrlap, 1930. augusztus (52. \u00e9vfolyam) 1930-08-24 \/ 191. sz\u00e1m<\/p>\n\n\n\n<p><strong>G\u0151z Eszter &#8211; Pint\u00e9r Man\u00f3n\u00e9 ** 1871 &#8211; 1943<\/strong><\/p>\n\n\n\n<figure class=\"wp-block-image size-full\"><img loading=\"lazy\" decoding=\"async\" width=\"1024\" height=\"713\" src=\"https:\/\/rakosliget.hu\/wordpress\/wp-content\/uploads\/2024\/11\/image-10.png\" alt=\"\" class=\"wp-image-12581\" srcset=\"https:\/\/rakosliget.hu\/wordpress\/wp-content\/uploads\/2024\/11\/image-10.png 1024w, https:\/\/rakosliget.hu\/wordpress\/wp-content\/uploads\/2024\/11\/image-10-300x209.png 300w, https:\/\/rakosliget.hu\/wordpress\/wp-content\/uploads\/2024\/11\/image-10-768x535.png 768w\" sizes=\"auto, (max-width: 1024px) 100vw, 1024px\" \/><\/figure>\n\n\n\n<p><strong>Gross Guszt\u00e1v<\/strong>** 1864 &#8211; 1930 M\u00c1V. seg\u00e9dtiszt<a href=\"http:\/\/rakosliget.hu\/wordpress\/wp-content\/uploads\/2021\/11\/Ajkas-Jeno.jpg\"><\/a><\/p>\n\n\n\n<figure class=\"wp-block-image size-large\"><img loading=\"lazy\" decoding=\"async\" width=\"1024\" height=\"698\" src=\"https:\/\/rakosliget.hu\/wordpress\/wp-content\/uploads\/2021\/11\/Gross-Gusztav-1024x698.jpg\" alt=\"\" class=\"wp-image-9632\" srcset=\"https:\/\/rakosliget.hu\/wordpress\/wp-content\/uploads\/2021\/11\/Gross-Gusztav-1024x698.jpg 1024w, https:\/\/rakosliget.hu\/wordpress\/wp-content\/uploads\/2021\/11\/Gross-Gusztav-300x205.jpg 300w, https:\/\/rakosliget.hu\/wordpress\/wp-content\/uploads\/2021\/11\/Gross-Gusztav-768x524.jpg 768w, https:\/\/rakosliget.hu\/wordpress\/wp-content\/uploads\/2021\/11\/Gross-Gusztav.jpg 1182w\" sizes=\"auto, (max-width: 1024px) 100vw, 1024px\" \/><\/figure>\n\n\n\n<p><strong>Guba Jen\u0151n\u00e9<\/strong> sz.: udvari <strong>Szekr\u00e9nyessy Ir\u00e9n<\/strong>** 1880 &#8211; 1938<\/p>\n\n\n\n<figure class=\"wp-block-image size-large\"><img loading=\"lazy\" decoding=\"async\" width=\"1024\" height=\"725\" src=\"https:\/\/rakosliget.hu\/wordpress\/wp-content\/uploads\/2021\/11\/Guba-Jenone-1024x725.jpg\" alt=\"\" class=\"wp-image-9625\" srcset=\"https:\/\/rakosliget.hu\/wordpress\/wp-content\/uploads\/2021\/11\/Guba-Jenone-1024x725.jpg 1024w, https:\/\/rakosliget.hu\/wordpress\/wp-content\/uploads\/2021\/11\/Guba-Jenone-300x212.jpg 300w, https:\/\/rakosliget.hu\/wordpress\/wp-content\/uploads\/2021\/11\/Guba-Jenone-768x544.jpg 768w, https:\/\/rakosliget.hu\/wordpress\/wp-content\/uploads\/2021\/11\/Guba-Jenone.jpg 1209w\" sizes=\"auto, (max-width: 1024px) 100vw, 1024px\" \/><\/figure>\n\n\n\n<p><strong>Guba Jen\u0151**<\/strong> 1880 &#8211; 1938 t\u0171zolt\u00f3parancsnok Temet\u00e9se 1938.02.12. (Pesti H\u00edrlap)<\/p>\n\n\n\n<figure class=\"wp-block-image size-large\"><img loading=\"lazy\" decoding=\"async\" width=\"1024\" height=\"702\" src=\"https:\/\/rakosliget.hu\/wordpress\/wp-content\/uploads\/2021\/11\/Guba-Jeno-1024x702.jpg\" alt=\"\" class=\"wp-image-9501\" srcset=\"https:\/\/rakosliget.hu\/wordpress\/wp-content\/uploads\/2021\/11\/Guba-Jeno-1024x702.jpg 1024w, https:\/\/rakosliget.hu\/wordpress\/wp-content\/uploads\/2021\/11\/Guba-Jeno-300x206.jpg 300w, https:\/\/rakosliget.hu\/wordpress\/wp-content\/uploads\/2021\/11\/Guba-Jeno-768x527.jpg 768w, https:\/\/rakosliget.hu\/wordpress\/wp-content\/uploads\/2021\/11\/Guba-Jeno.jpg 1177w\" sizes=\"auto, (max-width: 1024px) 100vw, 1024px\" \/><\/figure>\n\n\n\n<p><\/p>\n\n\n\n<p><strong>Gremsperger Dezs\u0151<\/strong>** 1870 &#8211; 1941 M\u00c1V vezet\u0151 el\u00f6lj\u00e1r\u00f3, a MAVOSZ eln\u00f6ke<\/p>\n\n\n\n<figure class=\"wp-block-image size-large\"><img loading=\"lazy\" decoding=\"async\" width=\"1024\" height=\"714\" src=\"https:\/\/rakosliget.hu\/wordpress\/wp-content\/uploads\/2021\/11\/Grempsberger-Dezso-1024x714.jpg\" alt=\"\" class=\"wp-image-9554\" srcset=\"https:\/\/rakosliget.hu\/wordpress\/wp-content\/uploads\/2021\/11\/Grempsberger-Dezso-1024x714.jpg 1024w, https:\/\/rakosliget.hu\/wordpress\/wp-content\/uploads\/2021\/11\/Grempsberger-Dezso-300x209.jpg 300w, https:\/\/rakosliget.hu\/wordpress\/wp-content\/uploads\/2021\/11\/Grempsberger-Dezso-768x535.jpg 768w, https:\/\/rakosliget.hu\/wordpress\/wp-content\/uploads\/2021\/11\/Grempsberger-Dezso.jpg 1222w\" sizes=\"auto, (max-width: 1024px) 100vw, 1024px\" \/><\/figure>\n\n\n\n<p><strong>G\u00e9bauer Ter\u00e9z<\/strong> &#8211; <strong>S\u00e1rosi J\u00e1nosn\u00e9 <\/strong>** 1865 &#8211; 1940<\/p>\n\n\n\n<figure class=\"wp-block-image size-large\"><img loading=\"lazy\" decoding=\"async\" width=\"1024\" height=\"676\" src=\"https:\/\/rakosliget.hu\/wordpress\/wp-content\/uploads\/2021\/11\/ozv.-Sarosi-Janosne-1024x676.jpg\" alt=\"\" class=\"wp-image-9611\" srcset=\"https:\/\/rakosliget.hu\/wordpress\/wp-content\/uploads\/2021\/11\/ozv.-Sarosi-Janosne-1024x676.jpg 1024w, https:\/\/rakosliget.hu\/wordpress\/wp-content\/uploads\/2021\/11\/ozv.-Sarosi-Janosne-300x198.jpg 300w, https:\/\/rakosliget.hu\/wordpress\/wp-content\/uploads\/2021\/11\/ozv.-Sarosi-Janosne-768x507.jpg 768w, https:\/\/rakosliget.hu\/wordpress\/wp-content\/uploads\/2021\/11\/ozv.-Sarosi-Janosne.jpg 1199w\" sizes=\"auto, (max-width: 1024px) 100vw, 1024px\" \/><\/figure>\n\n\n\n<p><strong>Mikes L\u00e1szl\u00f3n\u00e9 sz.: Guttmann Erzs\u00e9bet<\/strong>** 1901 &#8211; 1943<\/p>\n\n\n\n<figure class=\"wp-block-image size-full\"><img loading=\"lazy\" decoding=\"async\" width=\"1024\" height=\"678\" src=\"https:\/\/rakosliget.hu\/wordpress\/wp-content\/uploads\/2024\/11\/image-2.png\" alt=\"\" class=\"wp-image-12565\" srcset=\"https:\/\/rakosliget.hu\/wordpress\/wp-content\/uploads\/2024\/11\/image-2.png 1024w, https:\/\/rakosliget.hu\/wordpress\/wp-content\/uploads\/2024\/11\/image-2-300x199.png 300w, https:\/\/rakosliget.hu\/wordpress\/wp-content\/uploads\/2024\/11\/image-2-768x509.png 768w\" sizes=\"auto, (max-width: 1024px) 100vw, 1024px\" \/><\/figure>\n\n\n\n<div class=\"wp-block-buttons is-content-justification-center is-layout-flex wp-container-core-buttons-is-layout-16018d1d wp-block-buttons-is-layout-flex\">\n<div class=\"wp-block-button\"><a class=\"wp-block-button__link wp-element-button\" href=\"#Eleje\">LAP TETEJ\u00c9RE<\/a><\/div>\n<\/div>\n\n\n\n<h2 class=\"wp-block-heading\" id=\"GY\"><a href=\"#Eleje\">GY<\/a><\/h2>\n\n\n\n<p><strong>Gyurcsovics Mih\u00e1ly<\/strong>**\u00e9s * 1860 &#8211; 1936 M\u00c1V f\u0151fel\u00fcgyel\u0151 <\/p>\n\n\n\n<figure class=\"wp-block-image size-large\"><img loading=\"lazy\" decoding=\"async\" width=\"1024\" height=\"718\" src=\"https:\/\/rakosliget.hu\/wordpress\/wp-content\/uploads\/2021\/11\/Gyurcsovics-Mihaly-1024x718.jpg\" alt=\"\" class=\"wp-image-9503\" srcset=\"https:\/\/rakosliget.hu\/wordpress\/wp-content\/uploads\/2021\/11\/Gyurcsovics-Mihaly-1024x718.jpg 1024w, https:\/\/rakosliget.hu\/wordpress\/wp-content\/uploads\/2021\/11\/Gyurcsovics-Mihaly-300x210.jpg 300w, https:\/\/rakosliget.hu\/wordpress\/wp-content\/uploads\/2021\/11\/Gyurcsovics-Mihaly-768x539.jpg 768w, https:\/\/rakosliget.hu\/wordpress\/wp-content\/uploads\/2021\/11\/Gyurcsovics-Mihaly.jpg 1219w\" sizes=\"auto, (max-width: 1024px) 100vw, 1024px\" \/><\/figure>\n\n\n\n<div class=\"wp-block-buttons is-content-justification-center is-layout-flex wp-container-core-buttons-is-layout-16018d1d wp-block-buttons-is-layout-flex\">\n<div class=\"wp-block-button\"><a class=\"wp-block-button__link wp-element-button\" href=\"#Eleje\">LAP TETEJ\u00c9RE<\/a><\/div>\n<\/div>\n\n\n\n<h2 class=\"wp-block-heading\" id=\"H\"><a href=\"#Eleje\">H<\/a><\/h2>\n\n\n\n<p><strong>Hackenberger L\u00e1szl\u00f3<\/strong> &#8211; gy\u00f3gyszer\u00e9sz, R\u00e1kosliget b\u00edr\u00f3ja 1913-1914 k\u00f6z\u00f6tt.<\/p>\n\n\n\n<figure class=\"wp-block-image size-full\"><img loading=\"lazy\" decoding=\"async\" width=\"1515\" height=\"1089\" src=\"https:\/\/rakosliget.hu\/wordpress\/wp-content\/uploads\/2026\/03\/Hackenberger-Laszlo-gyaszjelentes.jpg\" alt=\"\" class=\"wp-image-23775\" srcset=\"https:\/\/rakosliget.hu\/wordpress\/wp-content\/uploads\/2026\/03\/Hackenberger-Laszlo-gyaszjelentes.jpg 1515w, https:\/\/rakosliget.hu\/wordpress\/wp-content\/uploads\/2026\/03\/Hackenberger-Laszlo-gyaszjelentes-300x216.jpg 300w, https:\/\/rakosliget.hu\/wordpress\/wp-content\/uploads\/2026\/03\/Hackenberger-Laszlo-gyaszjelentes-768x552.jpg 768w\" sizes=\"auto, (max-width: 1515px) 100vw, 1515px\" \/><\/figure>\n\n\n\n<p><strong>Hajd\u00fa Mih\u00e1ly dr.<\/strong> &#8211; 1919. janu\u00e1r  orvos<\/p>\n\n\n\n<figure class=\"wp-block-image size-full\"><img loading=\"lazy\" decoding=\"async\" width=\"942\" height=\"119\" src=\"https:\/\/rakosliget.hu\/wordpress\/wp-content\/uploads\/2024\/11\/Hajdu-Mihaly-dr-1919-januar-4.jpg\" alt=\"\" class=\"wp-image-12675\" srcset=\"https:\/\/rakosliget.hu\/wordpress\/wp-content\/uploads\/2024\/11\/Hajdu-Mihaly-dr-1919-januar-4.jpg 942w, https:\/\/rakosliget.hu\/wordpress\/wp-content\/uploads\/2024\/11\/Hajdu-Mihaly-dr-1919-januar-4-300x38.jpg 300w, https:\/\/rakosliget.hu\/wordpress\/wp-content\/uploads\/2024\/11\/Hajdu-Mihaly-dr-1919-januar-4-768x97.jpg 768w\" sizes=\"auto, (max-width: 942px) 100vw, 942px\" \/><\/figure>\n\n\n\n<p>Forr\u00e1s: Pesti Hirlap_1919_01-15 pages43-43<\/p>\n\n\n\n<figure class=\"wp-block-image size-full\"><img loading=\"lazy\" decoding=\"async\" width=\"953\" height=\"254\" src=\"https:\/\/rakosliget.hu\/wordpress\/wp-content\/uploads\/2025\/03\/Alkotmany-1919-01-04-10-oldal-Hajdu-dr-temetes.jpg\" alt=\"\" class=\"wp-image-16728\" srcset=\"https:\/\/rakosliget.hu\/wordpress\/wp-content\/uploads\/2025\/03\/Alkotmany-1919-01-04-10-oldal-Hajdu-dr-temetes.jpg 953w, https:\/\/rakosliget.hu\/wordpress\/wp-content\/uploads\/2025\/03\/Alkotmany-1919-01-04-10-oldal-Hajdu-dr-temetes-300x80.jpg 300w, https:\/\/rakosliget.hu\/wordpress\/wp-content\/uploads\/2025\/03\/Alkotmany-1919-01-04-10-oldal-Hajdu-dr-temetes-768x205.jpg 768w\" sizes=\"auto, (max-width: 953px) 100vw, 953px\" \/><figcaption class=\"wp-element-caption\">Alkotm\u00e1ny 1919. 01. 04. 10. oldal Hajdu dr temet\u00e9se<\/figcaption><\/figure>\n\n\n\n<p><strong>Herda L\u00e1szl\u00f3<\/strong>* ?-1930<\/p>\n\n\n\n<p><strong>Holnapy Ern\u0151<\/strong> 1894 &#8211; 1921 <\/p>\n\n\n<div class=\"wp-block-image\">\n<figure class=\"aligncenter size-full\"><img loading=\"lazy\" decoding=\"async\" width=\"973\" height=\"929\" src=\"https:\/\/rakosliget.hu\/wordpress\/wp-content\/uploads\/2025\/10\/Holnapy-Erno-halalhire.jpg\" alt=\"\" class=\"wp-image-18365\" srcset=\"https:\/\/rakosliget.hu\/wordpress\/wp-content\/uploads\/2025\/10\/Holnapy-Erno-halalhire.jpg 973w, https:\/\/rakosliget.hu\/wordpress\/wp-content\/uploads\/2025\/10\/Holnapy-Erno-halalhire-300x286.jpg 300w, https:\/\/rakosliget.hu\/wordpress\/wp-content\/uploads\/2025\/10\/Holnapy-Erno-halalhire-768x733.jpg 768w\" sizes=\"auto, (max-width: 973px) 100vw, 973px\" \/><\/figure>\n<\/div>\n\n\n<p>Magyar Vasutas 1921. m\u00e1jus 1.<\/p>\n\n\n\n<p><strong>Horv\u00e1th J\u00f3zsefn\u00e9 sz.: Szabolcsi R\u00f3za<\/strong>** 1866 &#8211; 1931<\/p>\n\n\n\n<figure class=\"wp-block-image size-large\"><img loading=\"lazy\" decoding=\"async\" width=\"1024\" height=\"682\" src=\"https:\/\/rakosliget.hu\/wordpress\/wp-content\/uploads\/2021\/11\/Horvath-jozsefne-1024x682.jpg\" alt=\"\" class=\"wp-image-9562\" srcset=\"https:\/\/rakosliget.hu\/wordpress\/wp-content\/uploads\/2021\/11\/Horvath-jozsefne-1024x682.jpg 1024w, https:\/\/rakosliget.hu\/wordpress\/wp-content\/uploads\/2021\/11\/Horvath-jozsefne-300x200.jpg 300w, https:\/\/rakosliget.hu\/wordpress\/wp-content\/uploads\/2021\/11\/Horvath-jozsefne-768x512.jpg 768w, https:\/\/rakosliget.hu\/wordpress\/wp-content\/uploads\/2021\/11\/Horvath-jozsefne-272x182.jpg 272w, https:\/\/rakosliget.hu\/wordpress\/wp-content\/uploads\/2021\/11\/Horvath-jozsefne.jpg 1147w\" sizes=\"auto, (max-width: 1024px) 100vw, 1024px\" \/><\/figure>\n\n\n\n<p><strong>Horv\u00e1th Gyula<\/strong>** 1879 &#8211; 1939 k\u00f6zs\u00e9gi tisztvisel\u0151<\/p>\n\n\n\n<figure class=\"wp-block-image size-large\"><img loading=\"lazy\" decoding=\"async\" width=\"1024\" height=\"721\" src=\"https:\/\/rakosliget.hu\/wordpress\/wp-content\/uploads\/2021\/11\/vasvary-Horvath-Gyula-1024x721.jpg\" alt=\"\" class=\"wp-image-9530\" srcset=\"https:\/\/rakosliget.hu\/wordpress\/wp-content\/uploads\/2021\/11\/vasvary-Horvath-Gyula-1024x721.jpg 1024w, https:\/\/rakosliget.hu\/wordpress\/wp-content\/uploads\/2021\/11\/vasvary-Horvath-Gyula-300x211.jpg 300w, https:\/\/rakosliget.hu\/wordpress\/wp-content\/uploads\/2021\/11\/vasvary-Horvath-Gyula-768x541.jpg 768w, https:\/\/rakosliget.hu\/wordpress\/wp-content\/uploads\/2021\/11\/vasvary-Horvath-Gyula.jpg 1175w\" sizes=\"auto, (max-width: 1024px) 100vw, 1024px\" \/><\/figure>\n\n\n\n<p><strong>Horv\u00e1th J\u00f3zsefn\u00e9 sz.: Szabolics R\u00f3za<\/strong>** 1866 &#8211; 1931<\/p>\n\n\n\n<figure class=\"wp-block-image size-large\"><img loading=\"lazy\" decoding=\"async\" width=\"1024\" height=\"682\" src=\"https:\/\/rakosliget.hu\/wordpress\/wp-content\/uploads\/2021\/11\/Horvath-jozsefne-1024x682.jpg\" alt=\"\" class=\"wp-image-9562\" srcset=\"https:\/\/rakosliget.hu\/wordpress\/wp-content\/uploads\/2021\/11\/Horvath-jozsefne-1024x682.jpg 1024w, https:\/\/rakosliget.hu\/wordpress\/wp-content\/uploads\/2021\/11\/Horvath-jozsefne-300x200.jpg 300w, https:\/\/rakosliget.hu\/wordpress\/wp-content\/uploads\/2021\/11\/Horvath-jozsefne-768x512.jpg 768w, https:\/\/rakosliget.hu\/wordpress\/wp-content\/uploads\/2021\/11\/Horvath-jozsefne-272x182.jpg 272w, https:\/\/rakosliget.hu\/wordpress\/wp-content\/uploads\/2021\/11\/Horvath-jozsefne.jpg 1147w\" sizes=\"auto, (max-width: 1024px) 100vw, 1024px\" \/><\/figure>\n\n\n\n<div class=\"wp-block-buttons is-content-justification-center is-layout-flex wp-container-core-buttons-is-layout-16018d1d wp-block-buttons-is-layout-flex\">\n<div class=\"wp-block-button\"><a class=\"wp-block-button__link wp-element-button\" href=\"#Eleje\">LAP TETEJ\u00c9RE<\/a><\/div>\n<\/div>\n\n\n\n<h2 class=\"wp-block-heading\" id=\"I\"><a href=\"#Eleje\">I<\/a><\/h2>\n\n\n\n<p><\/p>\n\n\n\n<p><a href=\"#Eleje\">LAP TETEJ\u00c9RE<\/a><\/p>\n\n\n\n<h2 class=\"wp-block-heading\" id=\"J\"><a href=\"#Eleje\">J<\/a><\/h2>\n\n\n\n<p><strong>Jahn Viktor<\/strong>* 1861-1921<\/p>\n\n\n\n<p><strong>Juh\u00e1sz Antaln\u00e9 sz.: S\u00e1rik J\u00falianna<\/strong>** 1866 &#8211; 1936<\/p>\n\n\n\n<figure class=\"wp-block-image size-large\"><img loading=\"lazy\" decoding=\"async\" width=\"1024\" height=\"715\" src=\"https:\/\/rakosliget.hu\/wordpress\/wp-content\/uploads\/2021\/11\/Juhasz-Antalne-1024x715.jpg\" alt=\"\" class=\"wp-image-9569\" srcset=\"https:\/\/rakosliget.hu\/wordpress\/wp-content\/uploads\/2021\/11\/Juhasz-Antalne-1024x715.jpg 1024w, https:\/\/rakosliget.hu\/wordpress\/wp-content\/uploads\/2021\/11\/Juhasz-Antalne-300x210.jpg 300w, https:\/\/rakosliget.hu\/wordpress\/wp-content\/uploads\/2021\/11\/Juhasz-Antalne-768x536.jpg 768w, https:\/\/rakosliget.hu\/wordpress\/wp-content\/uploads\/2021\/11\/Juhasz-Antalne.jpg 1214w\" sizes=\"auto, (max-width: 1024px) 100vw, 1024px\" \/><\/figure>\n\n\n\n<p><strong>J\u00fcngham J\u00f3zsef* <\/strong>?-1923<\/p>\n\n\n\n<div class=\"wp-block-buttons is-content-justification-center is-layout-flex wp-container-core-buttons-is-layout-16018d1d wp-block-buttons-is-layout-flex\">\n<div class=\"wp-block-button\"><a class=\"wp-block-button__link wp-element-button\" href=\"#Eleje\">LAP TETEJ\u00c9RE<\/a><\/div>\n<\/div>\n\n\n\n<h2 class=\"wp-block-heading\" id=\"K\"><a href=\"#Eleje\">K<\/a><\/h2>\n\n\n\n<p><strong>Kocsis K\u00e1roly*<\/strong> 1864-1940<\/p>\n\n\n\n<p><strong>K\u00f6l\u00f6nte Ilona<\/strong> &#8211; <strong>Duray N\u00e1ndorn\u00e9<\/strong> &#8211; 1935<\/p>\n\n\n\n<figure class=\"wp-block-image size-large\"><img loading=\"lazy\" decoding=\"async\" width=\"1024\" height=\"164\" src=\"https:\/\/rakosliget.hu\/wordpress\/wp-content\/uploads\/2024\/11\/Duray-Nandorne-1935-december-15-1024x164.jpg\" alt=\"\" class=\"wp-image-12673\" srcset=\"https:\/\/rakosliget.hu\/wordpress\/wp-content\/uploads\/2024\/11\/Duray-Nandorne-1935-december-15-1024x164.jpg 1024w, https:\/\/rakosliget.hu\/wordpress\/wp-content\/uploads\/2024\/11\/Duray-Nandorne-1935-december-15-300x48.jpg 300w, https:\/\/rakosliget.hu\/wordpress\/wp-content\/uploads\/2024\/11\/Duray-Nandorne-1935-december-15-768x123.jpg 768w, https:\/\/rakosliget.hu\/wordpress\/wp-content\/uploads\/2024\/11\/Duray-Nandorne-1935-december-15.jpg 1040w\" sizes=\"auto, (max-width: 1024px) 100vw, 1024px\" \/><\/figure>\n\n\n\n<p><strong>Kukinyi S\u00e1muel*<\/strong> ?-1940<\/p>\n\n\n\n<p><strong>Kov\u00e1cs Izidorn\u00e9 sz.: Schr\u00f6dling Erzs\u00e9bet<\/strong>** 1859 &#8211; 1935<\/p>\n\n\n\n<figure class=\"wp-block-image size-large\"><img loading=\"lazy\" decoding=\"async\" width=\"1024\" height=\"715\" src=\"https:\/\/rakosliget.hu\/wordpress\/wp-content\/uploads\/2021\/11\/ozv.-Kovacs-Izidorne-1024x715.jpg\" alt=\"\" class=\"wp-image-9588\" srcset=\"https:\/\/rakosliget.hu\/wordpress\/wp-content\/uploads\/2021\/11\/ozv.-Kovacs-Izidorne-1024x715.jpg 1024w, https:\/\/rakosliget.hu\/wordpress\/wp-content\/uploads\/2021\/11\/ozv.-Kovacs-Izidorne-300x209.jpg 300w, https:\/\/rakosliget.hu\/wordpress\/wp-content\/uploads\/2021\/11\/ozv.-Kovacs-Izidorne-768x536.jpg 768w, https:\/\/rakosliget.hu\/wordpress\/wp-content\/uploads\/2021\/11\/ozv.-Kovacs-Izidorne.jpg 1536w\" sizes=\"auto, (max-width: 1024px) 100vw, 1024px\" \/><\/figure>\n\n\n\n<p><strong><strong>Kager Etel<\/strong><\/strong> &#8211; <strong>T\u00f6r\u00f6k Antaln\u00e9 ** 1863 &#8211; 1942<\/strong><\/p>\n\n\n\n<figure class=\"wp-block-image size-full\"><img loading=\"lazy\" decoding=\"async\" width=\"1024\" height=\"718\" src=\"https:\/\/rakosliget.hu\/wordpress\/wp-content\/uploads\/2024\/11\/image-7.png\" alt=\"\" class=\"wp-image-12574\" srcset=\"https:\/\/rakosliget.hu\/wordpress\/wp-content\/uploads\/2024\/11\/image-7.png 1024w, https:\/\/rakosliget.hu\/wordpress\/wp-content\/uploads\/2024\/11\/image-7-300x210.png 300w, https:\/\/rakosliget.hu\/wordpress\/wp-content\/uploads\/2024\/11\/image-7-768x539.png 768w\" sizes=\"auto, (max-width: 1024px) 100vw, 1024px\" \/><\/figure>\n\n\n\n<p><strong>Kosztelik Ferenc<\/strong>** 1867 &#8211; 1939<\/p>\n\n\n\n<figure class=\"wp-block-image size-large\"><img loading=\"lazy\" decoding=\"async\" width=\"1024\" height=\"729\" src=\"https:\/\/rakosliget.hu\/wordpress\/wp-content\/uploads\/2021\/11\/Kosztelnik-Ferenc-gyaszjelentes-1024x729.jpg\" alt=\"\" class=\"wp-image-9471\" srcset=\"https:\/\/rakosliget.hu\/wordpress\/wp-content\/uploads\/2021\/11\/Kosztelnik-Ferenc-gyaszjelentes-1024x729.jpg 1024w, https:\/\/rakosliget.hu\/wordpress\/wp-content\/uploads\/2021\/11\/Kosztelnik-Ferenc-gyaszjelentes-300x214.jpg 300w, https:\/\/rakosliget.hu\/wordpress\/wp-content\/uploads\/2021\/11\/Kosztelnik-Ferenc-gyaszjelentes-768x547.jpg 768w, https:\/\/rakosliget.hu\/wordpress\/wp-content\/uploads\/2021\/11\/Kosztelnik-Ferenc-gyaszjelentes.jpg 1226w\" sizes=\"auto, (max-width: 1024px) 100vw, 1024px\" \/><\/figure>\n\n\n\n<p><strong>Kreisel Alajos*<\/strong> 1867-1941<\/p>\n\n\n\n<figure class=\"wp-block-image size-full\"><img loading=\"lazy\" decoding=\"async\" width=\"914\" height=\"180\" src=\"https:\/\/rakosliget.hu\/wordpress\/wp-content\/uploads\/2024\/11\/Kreisel.jpg\" alt=\"\" class=\"wp-image-12716\" srcset=\"https:\/\/rakosliget.hu\/wordpress\/wp-content\/uploads\/2024\/11\/Kreisel.jpg 914w, https:\/\/rakosliget.hu\/wordpress\/wp-content\/uploads\/2024\/11\/Kreisel-300x59.jpg 300w, https:\/\/rakosliget.hu\/wordpress\/wp-content\/uploads\/2024\/11\/Kreisel-768x151.jpg 768w\" sizes=\"auto, (max-width: 914px) 100vw, 914px\" \/><\/figure>\n\n\n\n<p>Forr\u00e1s: Pesti H\u00edrlap, 1941. febru\u00e1r (63. \u00e9vfolyam)1 941-02-12 \/ 35. sz\u00e1m<\/p>\n\n\n\n<p><strong>Krenner J\u00f3zsefn\u00e9 sz.: Hal\u00e1sz Am\u00e1lia<\/strong> &#8211; 1940<\/p>\n\n\n\n<figure class=\"wp-block-image size-full\"><img loading=\"lazy\" decoding=\"async\" width=\"814\" height=\"422\" src=\"https:\/\/rakosliget.hu\/wordpress\/wp-content\/uploads\/2024\/11\/Krenner.jpg\" alt=\"\" class=\"wp-image-12729\" srcset=\"https:\/\/rakosliget.hu\/wordpress\/wp-content\/uploads\/2024\/11\/Krenner.jpg 814w, https:\/\/rakosliget.hu\/wordpress\/wp-content\/uploads\/2024\/11\/Krenner-300x156.jpg 300w, https:\/\/rakosliget.hu\/wordpress\/wp-content\/uploads\/2024\/11\/Krenner-768x398.jpg 768w\" sizes=\"auto, (max-width: 814px) 100vw, 814px\" \/><\/figure>\n\n\n\n<p>Forr\u00e1s: Nemzeti Ujs\u00e1g, 1940. j\u00falius (22. \u00e9vfolyam) 1940-07-21 \/ 164. sz\u00e1m<\/p>\n\n\n\n<p><strong>Kov\u00e1ts  Gyul\u00e1n\u00e9 sz.: Eck Erzs\u00e9bet**1861 &#8211; 1944<\/strong><\/p>\n\n\n\n<figure class=\"wp-block-image size-large\"><img loading=\"lazy\" decoding=\"async\" width=\"1024\" height=\"714\" src=\"https:\/\/rakosliget.hu\/wordpress\/wp-content\/uploads\/2021\/11\/ozv.-Kovats-Gyulane-1024x714.jpg\" alt=\"\" class=\"wp-image-9540\" srcset=\"https:\/\/rakosliget.hu\/wordpress\/wp-content\/uploads\/2021\/11\/ozv.-Kovats-Gyulane-1024x714.jpg 1024w, https:\/\/rakosliget.hu\/wordpress\/wp-content\/uploads\/2021\/11\/ozv.-Kovats-Gyulane-300x209.jpg 300w, https:\/\/rakosliget.hu\/wordpress\/wp-content\/uploads\/2021\/11\/ozv.-Kovats-Gyulane-768x535.jpg 768w, https:\/\/rakosliget.hu\/wordpress\/wp-content\/uploads\/2021\/11\/ozv.-Kovats-Gyulane.jpg 1208w\" sizes=\"auto, (max-width: 1024px) 100vw, 1024px\" \/><\/figure>\n\n\n\n<p><strong>Kubinyi S\u00e1muel<\/strong>** 1883 &#8211; 1940<\/p>\n\n\n\n<figure class=\"wp-block-image size-large\"><img loading=\"lazy\" decoding=\"async\" width=\"1024\" height=\"709\" src=\"https:\/\/rakosliget.hu\/wordpress\/wp-content\/uploads\/2021\/11\/Kubinyi-Samuel-gyaszjelentes-1024x709.jpg\" alt=\"\" class=\"wp-image-9473\" srcset=\"https:\/\/rakosliget.hu\/wordpress\/wp-content\/uploads\/2021\/11\/Kubinyi-Samuel-gyaszjelentes-1024x709.jpg 1024w, https:\/\/rakosliget.hu\/wordpress\/wp-content\/uploads\/2021\/11\/Kubinyi-Samuel-gyaszjelentes-300x208.jpg 300w, https:\/\/rakosliget.hu\/wordpress\/wp-content\/uploads\/2021\/11\/Kubinyi-Samuel-gyaszjelentes-768x532.jpg 768w, https:\/\/rakosliget.hu\/wordpress\/wp-content\/uploads\/2021\/11\/Kubinyi-Samuel-gyaszjelentes.jpg 1219w\" sizes=\"auto, (max-width: 1024px) 100vw, 1024px\" \/><\/figure>\n\n\n\n<p><strong>K\u00fcrschner J. B\u00e9l\u00e1n\u00e9 sz.: Bischitz Lujza ** 1855 &#8211; 1935<\/strong><\/p>\n\n\n\n<figure class=\"wp-block-image size-large\"><img loading=\"lazy\" decoding=\"async\" width=\"1024\" height=\"719\" src=\"https:\/\/rakosliget.hu\/wordpress\/wp-content\/uploads\/2021\/11\/Kurschner-J-Belane-1024x719.jpg\" alt=\"\" class=\"wp-image-9552\" srcset=\"https:\/\/rakosliget.hu\/wordpress\/wp-content\/uploads\/2021\/11\/Kurschner-J-Belane-1024x719.jpg 1024w, https:\/\/rakosliget.hu\/wordpress\/wp-content\/uploads\/2021\/11\/Kurschner-J-Belane-300x211.jpg 300w, https:\/\/rakosliget.hu\/wordpress\/wp-content\/uploads\/2021\/11\/Kurschner-J-Belane-768x540.jpg 768w, https:\/\/rakosliget.hu\/wordpress\/wp-content\/uploads\/2021\/11\/Kurschner-J-Belane.jpg 1207w\" sizes=\"auto, (max-width: 1024px) 100vw, 1024px\" \/><\/figure>\n\n\n\n<div class=\"wp-block-buttons is-content-justification-center is-layout-flex wp-container-core-buttons-is-layout-16018d1d wp-block-buttons-is-layout-flex\">\n<div class=\"wp-block-button\"><a class=\"wp-block-button__link wp-element-button\" href=\"#Eleje\">LAP TETEJ\u00c9RE<\/a><\/div>\n<\/div>\n\n\n\n<h2 class=\"wp-block-heading\" id=\"L\"><a href=\"#Eleje\">L<\/a><\/h2>\n\n\n\n<p>Leimeter J\u00e1nos** 1862 &#8211; 1918 bet\u0171szed\u0151<\/p>\n\n\n\n<figure class=\"wp-block-image size-large\"><img loading=\"lazy\" decoding=\"async\" width=\"1024\" height=\"878\" src=\"https:\/\/rakosliget.hu\/wordpress\/wp-content\/uploads\/2021\/11\/Leimeter-Janos-1024x878.jpg\" alt=\"\" class=\"wp-image-9598\" srcset=\"https:\/\/rakosliget.hu\/wordpress\/wp-content\/uploads\/2021\/11\/Leimeter-Janos-1024x878.jpg 1024w, https:\/\/rakosliget.hu\/wordpress\/wp-content\/uploads\/2021\/11\/Leimeter-Janos-300x257.jpg 300w, https:\/\/rakosliget.hu\/wordpress\/wp-content\/uploads\/2021\/11\/Leimeter-Janos-768x659.jpg 768w, https:\/\/rakosliget.hu\/wordpress\/wp-content\/uploads\/2021\/11\/Leimeter-Janos.jpg 1340w\" sizes=\"auto, (max-width: 1024px) 100vw, 1024px\" \/><\/figure>\n\n\n\n<p><strong>Leimeister Ilona<\/strong> &#8211; <strong>Temesv\u00e1ri Andr\u00e1sn\u00e9 <\/strong>** 1893 &#8211; 1947<\/p>\n\n\n\n<figure class=\"wp-block-image size-full\"><img loading=\"lazy\" decoding=\"async\" width=\"1024\" height=\"747\" src=\"https:\/\/rakosliget.hu\/wordpress\/wp-content\/uploads\/2024\/11\/image-12.png\" alt=\"\" class=\"wp-image-12585\" srcset=\"https:\/\/rakosliget.hu\/wordpress\/wp-content\/uploads\/2024\/11\/image-12.png 1024w, https:\/\/rakosliget.hu\/wordpress\/wp-content\/uploads\/2024\/11\/image-12-300x219.png 300w, https:\/\/rakosliget.hu\/wordpress\/wp-content\/uploads\/2024\/11\/image-12-768x560.png 768w\" sizes=\"auto, (max-width: 1024px) 100vw, 1024px\" \/><\/figure>\n\n\n\n<p><strong>Lenti B\u00e9la 1892 &#8211; 1925<\/strong><\/p>\n\n\n\n<figure class=\"wp-block-image size-large\"><img loading=\"lazy\" decoding=\"async\" width=\"408\" height=\"1024\" src=\"https:\/\/rakosliget.hu\/wordpress\/wp-content\/uploads\/2024\/12\/1925_11_21_-11-oldal-atletika-408x1024.jpg\" alt=\"\" class=\"wp-image-14174\" srcset=\"https:\/\/rakosliget.hu\/wordpress\/wp-content\/uploads\/2024\/12\/1925_11_21_-11-oldal-atletika-408x1024.jpg 408w, https:\/\/rakosliget.hu\/wordpress\/wp-content\/uploads\/2024\/12\/1925_11_21_-11-oldal-atletika-120x300.jpg 120w, https:\/\/rakosliget.hu\/wordpress\/wp-content\/uploads\/2024\/12\/1925_11_21_-11-oldal-atletika-612x1536.jpg 612w, https:\/\/rakosliget.hu\/wordpress\/wp-content\/uploads\/2024\/12\/1925_11_21_-11-oldal-atletika.jpg 692w\" sizes=\"auto, (max-width: 408px) 100vw, 408px\" \/><\/figure>\n\n\n\n<div class=\"wp-block-buttons is-content-justification-center is-layout-flex wp-container-core-buttons-is-layout-16018d1d wp-block-buttons-is-layout-flex\">\n<div class=\"wp-block-button\"><a class=\"wp-block-button__link wp-element-button\" href=\"#Eleje\">LAP TETEJ\u00c9RE<\/a><\/div>\n<\/div>\n\n\n\n<h2 class=\"wp-block-heading\" id=\"M\"><a href=\"#Eleje\">M<\/a><\/h2>\n\n\n\n<p><strong>Madar\u00e1sz S\u00e1ndorn\u00e9 sz.: Gottschald Gizella <\/strong>** 1860 &#8211; 1938<\/p>\n\n\n\n<figure class=\"wp-block-image size-large\"><img loading=\"lazy\" decoding=\"async\" width=\"1024\" height=\"704\" src=\"https:\/\/rakosliget.hu\/wordpress\/wp-content\/uploads\/2021\/11\/Madarasz-Sandorne-1024x704.jpg\" alt=\"\" class=\"wp-image-9623\" srcset=\"https:\/\/rakosliget.hu\/wordpress\/wp-content\/uploads\/2021\/11\/Madarasz-Sandorne-1024x704.jpg 1024w, https:\/\/rakosliget.hu\/wordpress\/wp-content\/uploads\/2021\/11\/Madarasz-Sandorne-300x206.jpg 300w, https:\/\/rakosliget.hu\/wordpress\/wp-content\/uploads\/2021\/11\/Madarasz-Sandorne-768x528.jpg 768w, https:\/\/rakosliget.hu\/wordpress\/wp-content\/uploads\/2021\/11\/Madarasz-Sandorne.jpg 1197w\" sizes=\"auto, (max-width: 1024px) 100vw, 1024px\" \/><\/figure>\n\n\n\n<p><strong>Markhardt J\u00e1nos<\/strong>* ?-1929<\/p>\n\n\n\n<p><strong>Matos Lajosn\u00e9 sz.: Braun Dorottya<\/strong>** 1865 &#8211; 1903 <\/p>\n\n\n\n<figure class=\"wp-block-image size-large\"><img loading=\"lazy\" decoding=\"async\" width=\"1024\" height=\"690\" src=\"https:\/\/rakosliget.hu\/wordpress\/wp-content\/uploads\/2021\/11\/Markhardt-Janos-1024x690.jpg\" alt=\"\" class=\"wp-image-9577\" srcset=\"https:\/\/rakosliget.hu\/wordpress\/wp-content\/uploads\/2021\/11\/Markhardt-Janos-1024x690.jpg 1024w, https:\/\/rakosliget.hu\/wordpress\/wp-content\/uploads\/2021\/11\/Markhardt-Janos-300x202.jpg 300w, https:\/\/rakosliget.hu\/wordpress\/wp-content\/uploads\/2021\/11\/Markhardt-Janos-768x518.jpg 768w, https:\/\/rakosliget.hu\/wordpress\/wp-content\/uploads\/2021\/11\/Markhardt-Janos-272x182.jpg 272w, https:\/\/rakosliget.hu\/wordpress\/wp-content\/uploads\/2021\/11\/Markhardt-Janos.jpg 1163w\" sizes=\"auto, (max-width: 1024px) 100vw, 1024px\" \/><\/figure>\n\n\n\n<p><strong>Matos Lajosn\u00e9 sz.: Braun Dorothea<\/strong>** 1865 &#8211; 1903<\/p>\n\n\n\n<figure class=\"wp-block-image size-large\"><img loading=\"lazy\" decoding=\"async\" width=\"1024\" height=\"736\" src=\"https:\/\/rakosliget.hu\/wordpress\/wp-content\/uploads\/2021\/11\/Matos-Lajosne-Braun-1024x736.jpg\" alt=\"\" class=\"wp-image-9621\" srcset=\"https:\/\/rakosliget.hu\/wordpress\/wp-content\/uploads\/2021\/11\/Matos-Lajosne-Braun-1024x736.jpg 1024w, https:\/\/rakosliget.hu\/wordpress\/wp-content\/uploads\/2021\/11\/Matos-Lajosne-Braun-300x216.jpg 300w, https:\/\/rakosliget.hu\/wordpress\/wp-content\/uploads\/2021\/11\/Matos-Lajosne-Braun-768x552.jpg 768w, https:\/\/rakosliget.hu\/wordpress\/wp-content\/uploads\/2021\/11\/Matos-Lajosne-Braun.jpg 1100w\" sizes=\"auto, (max-width: 1024px) 100vw, 1024px\" \/><\/figure>\n\n\n\n<p><strong>Matzenauer M\u00e1ria &#8211; <strong>Babos J\u00f3zsefn\u00e9<\/strong>** \u2013&nbsp;<\/strong>1950. \u00e1prilis 11.<\/p>\n\n\n\n<figure class=\"wp-block-image size-large\"><img loading=\"lazy\" decoding=\"async\" width=\"1024\" height=\"752\" src=\"https:\/\/rakosliget.hu\/wordpress\/wp-content\/uploads\/2021\/11\/Babos-Jozsefne-1024x752.jpg\" alt=\"\" class=\"wp-image-9615\" srcset=\"https:\/\/rakosliget.hu\/wordpress\/wp-content\/uploads\/2021\/11\/Babos-Jozsefne-1024x752.jpg 1024w, https:\/\/rakosliget.hu\/wordpress\/wp-content\/uploads\/2021\/11\/Babos-Jozsefne-300x220.jpg 300w, https:\/\/rakosliget.hu\/wordpress\/wp-content\/uploads\/2021\/11\/Babos-Jozsefne-768x564.jpg 768w, https:\/\/rakosliget.hu\/wordpress\/wp-content\/uploads\/2021\/11\/Babos-Jozsefne.jpg 1188w\" sizes=\"auto, (max-width: 1024px) 100vw, 1024px\" \/><\/figure>\n\n\n\n<p><strong>M\u00e1t\u00e9ffy Domokos*<\/strong>  1862-1940 kir.p\u00e9nz.\u00fc.ig.<\/p>\n\n\n\n<p><strong>Mayer J\u00e1nos* <\/strong>?-1941<\/p>\n\n\n\n<p><strong>Mertl J\u00e1nos* <\/strong>?-1932<\/p>\n\n\n\n<p><strong>M\u00e9sz\u00e1ros K\u00e1lm\u00e1nn\u00e9 sz.: Szalay Ter\u00e9zia**  1844 &#8211; 1941<\/strong><\/p>\n\n\n\n<figure class=\"wp-block-image size-large\"><img loading=\"lazy\" decoding=\"async\" width=\"1024\" height=\"720\" src=\"https:\/\/rakosliget.hu\/wordpress\/wp-content\/uploads\/2021\/11\/Meszaros-Kalmanne-1024x720.jpg\" alt=\"\" class=\"wp-image-9558\" srcset=\"https:\/\/rakosliget.hu\/wordpress\/wp-content\/uploads\/2021\/11\/Meszaros-Kalmanne-1024x720.jpg 1024w, https:\/\/rakosliget.hu\/wordpress\/wp-content\/uploads\/2021\/11\/Meszaros-Kalmanne-300x211.jpg 300w, https:\/\/rakosliget.hu\/wordpress\/wp-content\/uploads\/2021\/11\/Meszaros-Kalmanne-768x540.jpg 768w, https:\/\/rakosliget.hu\/wordpress\/wp-content\/uploads\/2021\/11\/Meszaros-Kalmanne.jpg 1186w\" sizes=\"auto, (max-width: 1024px) 100vw, 1024px\" \/><\/figure>\n\n\n\n<p><strong>Mikes L\u00e1szl\u00f3n\u00e9 sz.: Guttmann Erzs\u00e9bet<\/strong>** 1901 &#8211; 1943<\/p>\n\n\n\n<figure class=\"wp-block-image size-large\"><img loading=\"lazy\" decoding=\"async\" width=\"1024\" height=\"678\" src=\"https:\/\/rakosliget.hu\/wordpress\/wp-content\/uploads\/2021\/11\/Mikes-Laszlone-1024x678.jpg\" alt=\"\" class=\"wp-image-9567\" srcset=\"https:\/\/rakosliget.hu\/wordpress\/wp-content\/uploads\/2021\/11\/Mikes-Laszlone-1024x678.jpg 1024w, https:\/\/rakosliget.hu\/wordpress\/wp-content\/uploads\/2021\/11\/Mikes-Laszlone-300x199.jpg 300w, https:\/\/rakosliget.hu\/wordpress\/wp-content\/uploads\/2021\/11\/Mikes-Laszlone-768x509.jpg 768w, https:\/\/rakosliget.hu\/wordpress\/wp-content\/uploads\/2021\/11\/Mikes-Laszlone.jpg 1170w\" sizes=\"auto, (max-width: 1024px) 100vw, 1024px\" \/><\/figure>\n\n\n\n<p><strong>Moln\u00e1r Istv\u00e1n<\/strong> ** 1879 &#8211; 1939 M\u00c1V \u00e1llom\u00e1sel\u0151lj\u00e1r\u00f3<\/p>\n\n\n\n<figure class=\"wp-block-image size-large\"><img loading=\"lazy\" decoding=\"async\" width=\"1024\" height=\"720\" src=\"https:\/\/rakosliget.hu\/wordpress\/wp-content\/uploads\/2021\/11\/Molnar-Istvan-1024x720.jpg\" alt=\"\" class=\"wp-image-9523\" srcset=\"https:\/\/rakosliget.hu\/wordpress\/wp-content\/uploads\/2021\/11\/Molnar-Istvan-1024x720.jpg 1024w, https:\/\/rakosliget.hu\/wordpress\/wp-content\/uploads\/2021\/11\/Molnar-Istvan-300x211.jpg 300w, https:\/\/rakosliget.hu\/wordpress\/wp-content\/uploads\/2021\/11\/Molnar-Istvan-768x540.jpg 768w, https:\/\/rakosliget.hu\/wordpress\/wp-content\/uploads\/2021\/11\/Molnar-Istvan.jpg 1174w\" sizes=\"auto, (max-width: 1024px) 100vw, 1024px\" \/><\/figure>\n\n\n\n<div class=\"wp-block-buttons is-content-justification-center is-layout-flex wp-container-core-buttons-is-layout-16018d1d wp-block-buttons-is-layout-flex\">\n<div class=\"wp-block-button\"><a class=\"wp-block-button__link wp-element-button\" href=\"#Eleje\">LAP TETEJ\u00c9RE<\/a><\/div>\n<\/div>\n\n\n\n<h2 class=\"wp-block-heading\" id=\"N\"><a href=\"#Eleje\">N<\/a><\/h2>\n\n\n\n<p><strong>N\u00e1dy Istv\u00e1n <\/strong>** 1920 &#8211; 1949 rend\u0151rnyomoz\u00f3<\/p>\n\n\n\n<figure class=\"wp-block-image size-large\"><img loading=\"lazy\" decoding=\"async\" width=\"1024\" height=\"623\" src=\"https:\/\/rakosliget.hu\/wordpress\/wp-content\/uploads\/2021\/11\/Nady-Istvan-1024x623.jpg\" alt=\"\" class=\"wp-image-9545\" srcset=\"https:\/\/rakosliget.hu\/wordpress\/wp-content\/uploads\/2021\/11\/Nady-Istvan-1024x623.jpg 1024w, https:\/\/rakosliget.hu\/wordpress\/wp-content\/uploads\/2021\/11\/Nady-Istvan-300x183.jpg 300w, https:\/\/rakosliget.hu\/wordpress\/wp-content\/uploads\/2021\/11\/Nady-Istvan-768x467.jpg 768w, https:\/\/rakosliget.hu\/wordpress\/wp-content\/uploads\/2021\/11\/Nady-Istvan.jpg 1231w\" sizes=\"auto, (max-width: 1024px) 100vw, 1024px\" \/><\/figure>\n\n\n\n<p><strong>Nagy Lajos<\/strong>** ?-1931. j\u00falius 13. v\u00e1rmegyei t\u00f6rv\u00e9nyhat\u00f3s\u00e1gi bizotts\u00e1gi tag, r\u00e1kosligeti t\u00f6rv\u00e9nyb\u00edr\u00f3 <\/p>\n\n\n\n<p><strong>Nagyv\u00e1radi St\u00e9p\u00e1n Alad\u00e1r<\/strong>* 1870-1937<\/p>\n\n\n\n<p><strong>N\u00e9meth J\u00falianna<\/strong> &#8211; <strong>V\u00e9ghely K. Istv\u00e1nn\u00e9 <\/strong>** 1878 &#8211; 1914<\/p>\n\n\n\n<figure class=\"wp-block-image size-large\"><img loading=\"lazy\" decoding=\"async\" width=\"1024\" height=\"726\" src=\"https:\/\/rakosliget.hu\/wordpress\/wp-content\/uploads\/2021\/11\/Veghely-K-Istvanne-1024x726.jpg\" alt=\"\" class=\"wp-image-9575\" srcset=\"https:\/\/rakosliget.hu\/wordpress\/wp-content\/uploads\/2021\/11\/Veghely-K-Istvanne-1024x726.jpg 1024w, https:\/\/rakosliget.hu\/wordpress\/wp-content\/uploads\/2021\/11\/Veghely-K-Istvanne-300x213.jpg 300w, https:\/\/rakosliget.hu\/wordpress\/wp-content\/uploads\/2021\/11\/Veghely-K-Istvanne-768x544.jpg 768w, https:\/\/rakosliget.hu\/wordpress\/wp-content\/uploads\/2021\/11\/Veghely-K-Istvanne.jpg 1092w\" sizes=\"auto, (max-width: 1024px) 100vw, 1024px\" \/><\/figure>\n\n\n\n<p><strong>Noll Viktor<\/strong>** 1874 &#8211; 1943<\/p>\n\n\n\n<figure class=\"wp-block-image size-large\"><img loading=\"lazy\" decoding=\"async\" width=\"1024\" height=\"719\" src=\"https:\/\/rakosliget.hu\/wordpress\/wp-content\/uploads\/2021\/11\/dr-Noll-Viktor-orvos-1024x719.jpg\" alt=\"\" class=\"wp-image-9486\" srcset=\"https:\/\/rakosliget.hu\/wordpress\/wp-content\/uploads\/2021\/11\/dr-Noll-Viktor-orvos-1024x719.jpg 1024w, https:\/\/rakosliget.hu\/wordpress\/wp-content\/uploads\/2021\/11\/dr-Noll-Viktor-orvos-300x211.jpg 300w, https:\/\/rakosliget.hu\/wordpress\/wp-content\/uploads\/2021\/11\/dr-Noll-Viktor-orvos-768x539.jpg 768w, https:\/\/rakosliget.hu\/wordpress\/wp-content\/uploads\/2021\/11\/dr-Noll-Viktor-orvos.jpg 1221w\" sizes=\"auto, (max-width: 1024px) 100vw, 1024px\" \/><\/figure>\n\n\n\n<div class=\"wp-block-buttons is-content-justification-center is-layout-flex wp-container-core-buttons-is-layout-16018d1d wp-block-buttons-is-layout-flex\">\n<div class=\"wp-block-button\"><a class=\"wp-block-button__link wp-element-button\" href=\"#Eleje\">LAP TETEJ\u00c9RE<\/a><\/div>\n<\/div>\n\n\n\n<h2 class=\"wp-block-heading\" id=\"NY\"><a href=\"#Eleje\">NY<\/a><\/h2>\n\n\n\n<p><\/p>\n\n\n\n<div class=\"wp-block-buttons is-content-justification-center is-layout-flex wp-container-core-buttons-is-layout-16018d1d wp-block-buttons-is-layout-flex\">\n<div class=\"wp-block-button\"><a class=\"wp-block-button__link wp-element-button\" href=\"#Eleje\">LAP TETEJ\u00c9RE<\/a><\/div>\n<\/div>\n\n\n\n<h2 class=\"wp-block-heading\" id=\"O\"><a href=\"#Eleje\">O<\/a><\/h2>\n\n\n\n<p><\/p>\n\n\n\n<p><strong>Osinger J\u00e1nosn\u00e9 sz.: F\u00f6lkei M\u00e1ria<\/strong>** 1856 &#8211; 1942<\/p>\n\n\n\n<figure class=\"wp-block-image size-large\"><img loading=\"lazy\" decoding=\"async\" width=\"1024\" height=\"717\" src=\"https:\/\/rakosliget.hu\/wordpress\/wp-content\/uploads\/2021\/11\/Osinger-Janosne-1024x717.jpg\" alt=\"\" class=\"wp-image-9560\" srcset=\"https:\/\/rakosliget.hu\/wordpress\/wp-content\/uploads\/2021\/11\/Osinger-Janosne-1024x717.jpg 1024w, https:\/\/rakosliget.hu\/wordpress\/wp-content\/uploads\/2021\/11\/Osinger-Janosne-300x210.jpg 300w, https:\/\/rakosliget.hu\/wordpress\/wp-content\/uploads\/2021\/11\/Osinger-Janosne-768x538.jpg 768w, https:\/\/rakosliget.hu\/wordpress\/wp-content\/uploads\/2021\/11\/Osinger-Janosne.jpg 1149w\" sizes=\"auto, (max-width: 1024px) 100vw, 1024px\" \/><\/figure>\n\n\n\n<div class=\"wp-block-buttons is-content-justification-center is-layout-flex wp-container-core-buttons-is-layout-16018d1d wp-block-buttons-is-layout-flex\">\n<div class=\"wp-block-button\"><a class=\"wp-block-button__link wp-element-button\" href=\"#Eleje\">LAP TETEJ\u00c9RE<\/a><\/div>\n<\/div>\n\n\n\n<h2 class=\"wp-block-heading\" id=\"\u00d6\"><a href=\"#Eleje\">\u00d6<\/a><\/h2>\n\n\n\n<p><\/p>\n\n\n\n<div class=\"wp-block-buttons is-content-justification-center is-layout-flex wp-container-core-buttons-is-layout-16018d1d wp-block-buttons-is-layout-flex\">\n<div class=\"wp-block-button\"><a class=\"wp-block-button__link wp-element-button\" href=\"#Eleje\">LAP TETEJ\u00c9RE<\/a><\/div>\n<\/div>\n\n\n\n<h2 class=\"wp-block-heading\" id=\"P\"><a href=\"#Eleje\">P<\/a><\/h2>\n\n\n\n<p><strong>Paulinyi G\u00e1bor<\/strong>** 1875 &#8211; 1937<\/p>\n\n\n\n<figure class=\"wp-block-image size-large\"><img loading=\"lazy\" decoding=\"async\" width=\"1024\" height=\"721\" src=\"https:\/\/rakosliget.hu\/wordpress\/wp-content\/uploads\/2021\/11\/Paulinyi-Gabor-1024x721.jpg\" alt=\"\" class=\"wp-image-9431\" srcset=\"https:\/\/rakosliget.hu\/wordpress\/wp-content\/uploads\/2021\/11\/Paulinyi-Gabor-1024x721.jpg 1024w, https:\/\/rakosliget.hu\/wordpress\/wp-content\/uploads\/2021\/11\/Paulinyi-Gabor-300x211.jpg 300w, https:\/\/rakosliget.hu\/wordpress\/wp-content\/uploads\/2021\/11\/Paulinyi-Gabor-768x541.jpg 768w, https:\/\/rakosliget.hu\/wordpress\/wp-content\/uploads\/2021\/11\/Paulinyi-Gabor.jpg 1204w\" sizes=\"auto, (max-width: 1024px) 100vw, 1024px\" \/><\/figure>\n\n\n\n<p><\/p>\n\n\n\n<p><strong>Paulovszky Ferenc <\/strong>** 1861 &#8211; 1921 postatiszt, R\u00e1kosliget k\u00f6zs\u00e9g p\u00e9nzt\u00e1rosa<\/p>\n\n\n\n<figure class=\"wp-block-image size-large\"><img loading=\"lazy\" decoding=\"async\" width=\"1024\" height=\"805\" src=\"https:\/\/rakosliget.hu\/wordpress\/wp-content\/uploads\/2021\/11\/Paulovszky-Ferenc-1024x805.jpg\" alt=\"\" class=\"wp-image-9532\" srcset=\"https:\/\/rakosliget.hu\/wordpress\/wp-content\/uploads\/2021\/11\/Paulovszky-Ferenc-1024x805.jpg 1024w, https:\/\/rakosliget.hu\/wordpress\/wp-content\/uploads\/2021\/11\/Paulovszky-Ferenc-300x236.jpg 300w, https:\/\/rakosliget.hu\/wordpress\/wp-content\/uploads\/2021\/11\/Paulovszky-Ferenc-768x604.jpg 768w, https:\/\/rakosliget.hu\/wordpress\/wp-content\/uploads\/2021\/11\/Paulovszky-Ferenc.jpg 1374w\" sizes=\"auto, (max-width: 1024px) 100vw, 1024px\" \/><\/figure>\n\n\n\n<p><\/p>\n\n\n\n<p><strong>Paulovics G\u00e9za*<\/strong> ?-1939 a Budapesti Kisipari Hitelint\u00e9zet igazgat\u00f3ja<\/p>\n\n\n\n<figure class=\"wp-block-image size-full\"><img loading=\"lazy\" decoding=\"async\" width=\"737\" height=\"674\" src=\"https:\/\/rakosliget.hu\/wordpress\/wp-content\/uploads\/2024\/11\/Paulovics.jpg\" alt=\"\" class=\"wp-image-12711\" srcset=\"https:\/\/rakosliget.hu\/wordpress\/wp-content\/uploads\/2024\/11\/Paulovics.jpg 737w, https:\/\/rakosliget.hu\/wordpress\/wp-content\/uploads\/2024\/11\/Paulovics-300x274.jpg 300w\" sizes=\"auto, (max-width: 737px) 100vw, 737px\" \/><figcaption class=\"wp-element-caption\">Forr\u00e1s: Az Est, 1939. m\u00e1jus (30. \u00e9vfolyam) 1939-05-16 \/ 111. sz\u00e1m<\/figcaption><\/figure>\n\n\n<div class=\"wp-block-image\">\n<figure class=\"aligncenter size-full\"><img loading=\"lazy\" decoding=\"async\" width=\"834\" height=\"1236\" src=\"https:\/\/rakosliget.hu\/wordpress\/wp-content\/uploads\/2025\/04\/Paulovics-Geza-A-Mai-Nap-1939-05-16.jpg\" alt=\"\" class=\"wp-image-17681\" srcset=\"https:\/\/rakosliget.hu\/wordpress\/wp-content\/uploads\/2025\/04\/Paulovics-Geza-A-Mai-Nap-1939-05-16.jpg 834w, https:\/\/rakosliget.hu\/wordpress\/wp-content\/uploads\/2025\/04\/Paulovics-Geza-A-Mai-Nap-1939-05-16-202x300.jpg 202w, https:\/\/rakosliget.hu\/wordpress\/wp-content\/uploads\/2025\/04\/Paulovics-Geza-A-Mai-Nap-1939-05-16-768x1138.jpg 768w\" sizes=\"auto, (max-width: 834px) 100vw, 834px\" \/><figcaption class=\"wp-element-caption\"> A Mai Nap 1939. 05. 16.<\/figcaption><\/figure>\n<\/div>\n\n\n<figure class=\"wp-block-image size-full\"><img loading=\"lazy\" decoding=\"async\" width=\"1272\" height=\"984\" src=\"https:\/\/rakosliget.hu\/wordpress\/wp-content\/uploads\/2026\/03\/Paulovits-Geza-temetese-1939-Forras-Hegyi-Laszlo.jpg\" alt=\"\" class=\"wp-image-23984\" srcset=\"https:\/\/rakosliget.hu\/wordpress\/wp-content\/uploads\/2026\/03\/Paulovits-Geza-temetese-1939-Forras-Hegyi-Laszlo.jpg 1272w, https:\/\/rakosliget.hu\/wordpress\/wp-content\/uploads\/2026\/03\/Paulovits-Geza-temetese-1939-Forras-Hegyi-Laszlo-300x232.jpg 300w, https:\/\/rakosliget.hu\/wordpress\/wp-content\/uploads\/2026\/03\/Paulovits-Geza-temetese-1939-Forras-Hegyi-Laszlo-768x594.jpg 768w\" sizes=\"auto, (max-width: 1272px) 100vw, 1272px\" \/><figcaption class=\"wp-element-caption\">Paulovits G\u00e9za temet\u00e9se 1939<\/figcaption><\/figure>\n\n\n\n<p><strong>Pech\u00e1r Korn\u00e9ln\u00e9 sz.: Csesz\u00e1n Erzs\u00e9bet<\/strong>** 1870 &#8211; 1936<\/p>\n\n\n\n<figure class=\"wp-block-image size-large\"><img loading=\"lazy\" decoding=\"async\" width=\"1024\" height=\"728\" src=\"https:\/\/rakosliget.hu\/wordpress\/wp-content\/uploads\/2021\/11\/ozv.-Pechar-Kornelne-1024x728.jpg\" alt=\"\" class=\"wp-image-9497\" srcset=\"https:\/\/rakosliget.hu\/wordpress\/wp-content\/uploads\/2021\/11\/ozv.-Pechar-Kornelne-1024x728.jpg 1024w, https:\/\/rakosliget.hu\/wordpress\/wp-content\/uploads\/2021\/11\/ozv.-Pechar-Kornelne-300x213.jpg 300w, https:\/\/rakosliget.hu\/wordpress\/wp-content\/uploads\/2021\/11\/ozv.-Pechar-Kornelne-768x546.jpg 768w, https:\/\/rakosliget.hu\/wordpress\/wp-content\/uploads\/2021\/11\/ozv.-Pechar-Kornelne.jpg 1230w\" sizes=\"auto, (max-width: 1024px) 100vw, 1024px\" \/><\/figure>\n\n\n\n<p><strong>Pethe\u0151 K\u00e1rolyn\u00e9 <\/strong> 1855 &#8211; 1939<\/p>\n\n\n\n<figure class=\"wp-block-image size-full\"><img loading=\"lazy\" decoding=\"async\" width=\"1020\" height=\"98\" src=\"https:\/\/rakosliget.hu\/wordpress\/wp-content\/uploads\/2024\/11\/ozv-Petheo-Karolyne-1939-november-28.jpg\" alt=\"\" class=\"wp-image-12678\" srcset=\"https:\/\/rakosliget.hu\/wordpress\/wp-content\/uploads\/2024\/11\/ozv-Petheo-Karolyne-1939-november-28.jpg 1020w, https:\/\/rakosliget.hu\/wordpress\/wp-content\/uploads\/2024\/11\/ozv-Petheo-Karolyne-1939-november-28-300x29.jpg 300w, https:\/\/rakosliget.hu\/wordpress\/wp-content\/uploads\/2024\/11\/ozv-Petheo-Karolyne-1939-november-28-768x74.jpg 768w\" sizes=\"auto, (max-width: 1020px) 100vw, 1020px\" \/><\/figure>\n\n\n\n<p>Forr\u00e1s: Pesti H\u00edrlap, 1939. november (61. \u00e9vfolyam) 1939-11-28 270. sz\u00e1m<\/p>\n\n\n\n<p><strong>Petres Rezs\u0151n\u00e9 sz.: Wilhelmina von Krauter<\/strong>** 1879 &#8211; 1942<\/p>\n\n\n\n<figure class=\"wp-block-image size-large\"><img loading=\"lazy\" decoding=\"async\" width=\"1024\" height=\"714\" src=\"https:\/\/rakosliget.hu\/wordpress\/wp-content\/uploads\/2021\/11\/ozv.-Petress-Rezsone-1024x714.jpg\" alt=\"\" class=\"wp-image-9527\" srcset=\"https:\/\/rakosliget.hu\/wordpress\/wp-content\/uploads\/2021\/11\/ozv.-Petress-Rezsone-1024x714.jpg 1024w, https:\/\/rakosliget.hu\/wordpress\/wp-content\/uploads\/2021\/11\/ozv.-Petress-Rezsone-300x209.jpg 300w, https:\/\/rakosliget.hu\/wordpress\/wp-content\/uploads\/2021\/11\/ozv.-Petress-Rezsone-768x535.jpg 768w, https:\/\/rakosliget.hu\/wordpress\/wp-content\/uploads\/2021\/11\/ozv.-Petress-Rezsone.jpg 1215w\" sizes=\"auto, (max-width: 1024px) 100vw, 1024px\" \/><\/figure>\n\n\n\n<p><strong>id. Per\u00e9nyi Rudolf *<\/strong>?-1941<\/p>\n\n\n\n<p><strong>Petrich M\u00e1rtonn\u00e9 sz.: Beitel Vikt\u00f3ria<\/strong>** 1854 &#8211; 1932<\/p>\n\n\n\n<figure class=\"wp-block-image size-large\"><img loading=\"lazy\" decoding=\"async\" width=\"1024\" height=\"714\" src=\"https:\/\/rakosliget.hu\/wordpress\/wp-content\/uploads\/2021\/11\/ozv.-Petrich-Martonne-gyaszjelentes-1024x714.jpg\" alt=\"\" class=\"wp-image-9475\" srcset=\"https:\/\/rakosliget.hu\/wordpress\/wp-content\/uploads\/2021\/11\/ozv.-Petrich-Martonne-gyaszjelentes-1024x714.jpg 1024w, https:\/\/rakosliget.hu\/wordpress\/wp-content\/uploads\/2021\/11\/ozv.-Petrich-Martonne-gyaszjelentes-300x209.jpg 300w, https:\/\/rakosliget.hu\/wordpress\/wp-content\/uploads\/2021\/11\/ozv.-Petrich-Martonne-gyaszjelentes-768x536.jpg 768w, https:\/\/rakosliget.hu\/wordpress\/wp-content\/uploads\/2021\/11\/ozv.-Petrich-Martonne-gyaszjelentes.jpg 1223w\" sizes=\"auto, (max-width: 1024px) 100vw, 1024px\" \/><\/figure>\n\n\n\n<p><strong>P\u00e9k Endre<\/strong>** 1868 &#8211; 1937<\/p>\n\n\n\n<figure class=\"wp-block-image size-large\"><img loading=\"lazy\" decoding=\"async\" width=\"1024\" height=\"708\" src=\"https:\/\/rakosliget.hu\/wordpress\/wp-content\/uploads\/2021\/11\/Pek-Endre-1024x708.jpg\" alt=\"\" class=\"wp-image-9534\" srcset=\"https:\/\/rakosliget.hu\/wordpress\/wp-content\/uploads\/2021\/11\/Pek-Endre-1024x708.jpg 1024w, https:\/\/rakosliget.hu\/wordpress\/wp-content\/uploads\/2021\/11\/Pek-Endre-300x207.jpg 300w, https:\/\/rakosliget.hu\/wordpress\/wp-content\/uploads\/2021\/11\/Pek-Endre-768x531.jpg 768w, https:\/\/rakosliget.hu\/wordpress\/wp-content\/uploads\/2021\/11\/Pek-Endre.jpg 1212w\" sizes=\"auto, (max-width: 1024px) 100vw, 1024px\" \/><\/figure>\n\n\n\n<p><strong>Pfeifer J\u00e1nos<\/strong>* ?-1920<\/p>\n\n\n\n<p><strong>Pint\u00e9r Gyula*<\/strong> 1868-1945<\/p>\n\n\n\n<p><strong>Pint\u00e9r J\u00f3zsef* <\/strong>1875-1944, <\/p>\n\n\n\n<p><strong>Pint\u00e9r Man\u00f3n\u00e9 sz.: G\u0151z Eszter** 1871 &#8211; 1943<\/strong><\/p>\n\n\n\n<figure class=\"wp-block-image size-large\"><img loading=\"lazy\" decoding=\"async\" width=\"1024\" height=\"713\" src=\"https:\/\/rakosliget.hu\/wordpress\/wp-content\/uploads\/2021\/11\/ozv.-Pinter-Manone-1024x713.jpg\" alt=\"\" class=\"wp-image-9538\" srcset=\"https:\/\/rakosliget.hu\/wordpress\/wp-content\/uploads\/2021\/11\/ozv.-Pinter-Manone-1024x713.jpg 1024w, https:\/\/rakosliget.hu\/wordpress\/wp-content\/uploads\/2021\/11\/ozv.-Pinter-Manone-300x209.jpg 300w, https:\/\/rakosliget.hu\/wordpress\/wp-content\/uploads\/2021\/11\/ozv.-Pinter-Manone-768x535.jpg 768w, https:\/\/rakosliget.hu\/wordpress\/wp-content\/uploads\/2021\/11\/ozv.-Pinter-Manone.jpg 1205w\" sizes=\"auto, (max-width: 1024px) 100vw, 1024px\" \/><\/figure>\n\n\n\n<p><strong>Pint\u00e9r J\u00f3zsefn\u00e9 sz.: Hamar M\u00e1ria** <\/strong>1881 &#8211; 1941  postamester<\/p>\n\n\n\n<figure class=\"wp-block-image size-large\"><img loading=\"lazy\" decoding=\"async\" width=\"1024\" height=\"721\" src=\"https:\/\/rakosliget.hu\/wordpress\/wp-content\/uploads\/2021\/11\/Pinter-Jozsefne-1024x721.jpg\" alt=\"\" class=\"wp-image-9619\" srcset=\"https:\/\/rakosliget.hu\/wordpress\/wp-content\/uploads\/2021\/11\/Pinter-Jozsefne-1024x721.jpg 1024w, https:\/\/rakosliget.hu\/wordpress\/wp-content\/uploads\/2021\/11\/Pinter-Jozsefne-300x211.jpg 300w, https:\/\/rakosliget.hu\/wordpress\/wp-content\/uploads\/2021\/11\/Pinter-Jozsefne-768x541.jpg 768w, https:\/\/rakosliget.hu\/wordpress\/wp-content\/uploads\/2021\/11\/Pinter-Jozsefne.jpg 1214w\" sizes=\"auto, (max-width: 1024px) 100vw, 1024px\" \/><\/figure>\n\n\n\n<p><strong>Preisinger Jeannette &#8211; Dajai Felf\u00f6ldy B\u00e9l\u00e1n\u00e9<\/strong>** 1905 &#8211; 1931<\/p>\n\n\n\n<figure class=\"wp-block-image size-large\"><img loading=\"lazy\" decoding=\"async\" width=\"1024\" height=\"702\" src=\"https:\/\/rakosliget.hu\/wordpress\/wp-content\/uploads\/2021\/11\/Dajai-Felfoldi-Belane-1024x702.jpg\" alt=\"\" class=\"wp-image-9606\" srcset=\"https:\/\/rakosliget.hu\/wordpress\/wp-content\/uploads\/2021\/11\/Dajai-Felfoldi-Belane-1024x702.jpg 1024w, https:\/\/rakosliget.hu\/wordpress\/wp-content\/uploads\/2021\/11\/Dajai-Felfoldi-Belane-300x206.jpg 300w, https:\/\/rakosliget.hu\/wordpress\/wp-content\/uploads\/2021\/11\/Dajai-Felfoldi-Belane-768x526.jpg 768w, https:\/\/rakosliget.hu\/wordpress\/wp-content\/uploads\/2021\/11\/Dajai-Felfoldi-Belane.jpg 1191w\" sizes=\"auto, (max-width: 1024px) 100vw, 1024px\" \/><\/figure>\n\n\n\n<div class=\"wp-block-buttons is-content-justification-center is-layout-flex wp-container-core-buttons-is-layout-16018d1d wp-block-buttons-is-layout-flex\">\n<div class=\"wp-block-button\"><a class=\"wp-block-button__link wp-element-button\" href=\"#Eleje\">LAP TETEJ\u00c9RE<\/a><\/div>\n<\/div>\n\n\n\n<h2 class=\"wp-block-heading\" id=\"R\"><a href=\"#Eleje\">R<\/a><\/h2>\n\n\n\n<p><strong>Raby Viktor <\/strong>? &#8211; 1933<\/p>\n\n\n<div class=\"wp-block-image\">\n<figure class=\"aligncenter size-full\"><img loading=\"lazy\" decoding=\"async\" width=\"438\" height=\"465\" src=\"https:\/\/rakosliget.hu\/wordpress\/wp-content\/uploads\/2026\/03\/Raby.jpg\" alt=\"\" class=\"wp-image-24023\" srcset=\"https:\/\/rakosliget.hu\/wordpress\/wp-content\/uploads\/2026\/03\/Raby.jpg 438w, https:\/\/rakosliget.hu\/wordpress\/wp-content\/uploads\/2026\/03\/Raby-283x300.jpg 283w\" sizes=\"auto, (max-width: 438px) 100vw, 438px\" \/><\/figure>\n<\/div>\n\n\n<p><strong>Regnezky Ferenc<\/strong>* 1862-1932<\/p>\n\n\n\n<p><strong>Reguczky Ferenc<\/strong>** 1861 &#8211; 1932 M\u00c1V fel\u00fcgyel\u0151<\/p>\n\n\n\n<figure class=\"wp-block-image size-large\"><img loading=\"lazy\" decoding=\"async\" width=\"1024\" height=\"703\" src=\"https:\/\/rakosliget.hu\/wordpress\/wp-content\/uploads\/2021\/11\/Reguczky-Ferenc-1024x703.jpg\" alt=\"\" class=\"wp-image-9483\" srcset=\"https:\/\/rakosliget.hu\/wordpress\/wp-content\/uploads\/2021\/11\/Reguczky-Ferenc-1024x703.jpg 1024w, https:\/\/rakosliget.hu\/wordpress\/wp-content\/uploads\/2021\/11\/Reguczky-Ferenc-300x206.jpg 300w, https:\/\/rakosliget.hu\/wordpress\/wp-content\/uploads\/2021\/11\/Reguczky-Ferenc-768x527.jpg 768w, https:\/\/rakosliget.hu\/wordpress\/wp-content\/uploads\/2021\/11\/Reguczky-Ferenc.jpg 1217w\" sizes=\"auto, (max-width: 1024px) 100vw, 1024px\" \/><\/figure>\n\n\n\n<p><strong> R\u00e9vay Ferenc<\/strong> dr.* 1889-1945 Nagy Lajos v\u00e1rmegyei t\u00f6rv\u00e9nyhat\u00f3s\u00e1gi bizotts\u00e1gi tag, r\u00e1kosligeti t\u00f6rv\u00e9nyb\u00edr\u00f3 ?-1931. j\u00falius 13<\/p>\n\n\n\n<p><strong>Ruby Lip\u00f3tn\u00e9<\/strong> ?- ?<\/p>\n\n\n<div class=\"wp-block-image\">\n<figure class=\"aligncenter size-full\"><img loading=\"lazy\" decoding=\"async\" width=\"816\" height=\"1184\" src=\"https:\/\/rakosliget.hu\/wordpress\/wp-content\/uploads\/2026\/03\/TotokAntalepiteszsiremleke_RubyLipotne_jav.jpg\" alt=\"\" class=\"wp-image-24029\" srcset=\"https:\/\/rakosliget.hu\/wordpress\/wp-content\/uploads\/2026\/03\/TotokAntalepiteszsiremleke_RubyLipotne_jav.jpg 816w, https:\/\/rakosliget.hu\/wordpress\/wp-content\/uploads\/2026\/03\/TotokAntalepiteszsiremleke_RubyLipotne_jav-207x300.jpg 207w, https:\/\/rakosliget.hu\/wordpress\/wp-content\/uploads\/2026\/03\/TotokAntalepiteszsiremleke_RubyLipotne_jav-768x1114.jpg 768w\" sizes=\"auto, (max-width: 816px) 100vw, 816px\" \/><figcaption class=\"wp-element-caption\">AI sz\u00ednez\u00e9s<\/figcaption><\/figure>\n<\/div>\n\n\n<p><strong>Rubinthy Dezs\u0151<\/strong>** 1870 &#8211; 1945 ny. alt\u00e1bornagy<\/p>\n\n\n\n<figure class=\"wp-block-image size-large\"><img loading=\"lazy\" decoding=\"async\" width=\"1024\" height=\"597\" src=\"https:\/\/rakosliget.hu\/wordpress\/wp-content\/uploads\/2021\/11\/Rubinthy-Dezso-1024x597.jpg\" alt=\"\" class=\"wp-image-9604\" srcset=\"https:\/\/rakosliget.hu\/wordpress\/wp-content\/uploads\/2021\/11\/Rubinthy-Dezso-1024x597.jpg 1024w, https:\/\/rakosliget.hu\/wordpress\/wp-content\/uploads\/2021\/11\/Rubinthy-Dezso-300x175.jpg 300w, https:\/\/rakosliget.hu\/wordpress\/wp-content\/uploads\/2021\/11\/Rubinthy-Dezso-768x447.jpg 768w, https:\/\/rakosliget.hu\/wordpress\/wp-content\/uploads\/2021\/11\/Rubinthy-Dezso.jpg 1193w\" sizes=\"auto, (max-width: 1024px) 100vw, 1024px\" \/><\/figure>\n\n\n\n<p><strong>Rosner Ferencn\u00e9 sz.: Brunnmayr Paulina<\/strong>** 1842 &#8211; 1911<\/p>\n\n\n\n<figure class=\"wp-block-image size-large\"><img loading=\"lazy\" decoding=\"async\" width=\"1024\" height=\"763\" src=\"https:\/\/rakosliget.hu\/wordpress\/wp-content\/uploads\/2021\/11\/Rosner-Ferencne-1024x763.jpg\" alt=\"\" class=\"wp-image-9630\" srcset=\"https:\/\/rakosliget.hu\/wordpress\/wp-content\/uploads\/2021\/11\/Rosner-Ferencne-1024x763.jpg 1024w, https:\/\/rakosliget.hu\/wordpress\/wp-content\/uploads\/2021\/11\/Rosner-Ferencne-300x223.jpg 300w, https:\/\/rakosliget.hu\/wordpress\/wp-content\/uploads\/2021\/11\/Rosner-Ferencne-768x572.jpg 768w, https:\/\/rakosliget.hu\/wordpress\/wp-content\/uploads\/2021\/11\/Rosner-Ferencne.jpg 1308w\" sizes=\"auto, (max-width: 1024px) 100vw, 1024px\" \/><\/figure>\n\n\n\n<p><strong>Rozner Istv\u00e1nn\u00e9 sz.: Schellenberg Etelka<\/strong>** 1902 &#8211; 1944<\/p>\n\n\n\n<figure class=\"wp-block-image size-large\"><img loading=\"lazy\" decoding=\"async\" width=\"1024\" height=\"727\" src=\"https:\/\/rakosliget.hu\/wordpress\/wp-content\/uploads\/2021\/11\/Rozner-Istvanne-gyaszjelentes-1024x727.jpg\" alt=\"\" class=\"wp-image-9479\" srcset=\"https:\/\/rakosliget.hu\/wordpress\/wp-content\/uploads\/2021\/11\/Rozner-Istvanne-gyaszjelentes-1024x727.jpg 1024w, https:\/\/rakosliget.hu\/wordpress\/wp-content\/uploads\/2021\/11\/Rozner-Istvanne-gyaszjelentes-300x213.jpg 300w, https:\/\/rakosliget.hu\/wordpress\/wp-content\/uploads\/2021\/11\/Rozner-Istvanne-gyaszjelentes-768x545.jpg 768w, https:\/\/rakosliget.hu\/wordpress\/wp-content\/uploads\/2021\/11\/Rozner-Istvanne-gyaszjelentes.jpg 1166w\" sizes=\"auto, (max-width: 1024px) 100vw, 1024px\" \/><\/figure>\n\n\n\n<div class=\"wp-block-buttons is-content-justification-center is-layout-flex wp-container-core-buttons-is-layout-16018d1d wp-block-buttons-is-layout-flex\">\n<div class=\"wp-block-button\"><a class=\"wp-block-button__link wp-element-button\" href=\"#Eleje\">LAP TETEJ\u00c9RE<\/a><\/div>\n<\/div>\n\n\n\n<h2 class=\"wp-block-heading\" id=\"S\"><a href=\"#Eleje\">S<\/a><\/h2>\n\n\n\n<p><strong>Sask\u0151y Antaln\u00e9 sz.: \u00c1cs M\u00e1ria<\/strong>** 1895 &#8211; 1950<\/p>\n\n\n\n<figure class=\"wp-block-image size-large\"><img loading=\"lazy\" decoding=\"async\" width=\"1024\" height=\"663\" src=\"https:\/\/rakosliget.hu\/wordpress\/wp-content\/uploads\/2021\/11\/ozv.-Saskoy-Antalne-1024x663.jpg\" alt=\"\" class=\"wp-image-9613\" srcset=\"https:\/\/rakosliget.hu\/wordpress\/wp-content\/uploads\/2021\/11\/ozv.-Saskoy-Antalne-1024x663.jpg 1024w, https:\/\/rakosliget.hu\/wordpress\/wp-content\/uploads\/2021\/11\/ozv.-Saskoy-Antalne-300x194.jpg 300w, https:\/\/rakosliget.hu\/wordpress\/wp-content\/uploads\/2021\/11\/ozv.-Saskoy-Antalne-768x497.jpg 768w, https:\/\/rakosliget.hu\/wordpress\/wp-content\/uploads\/2021\/11\/ozv.-Saskoy-Antalne.jpg 1109w\" sizes=\"auto, (max-width: 1024px) 100vw, 1024px\" \/><\/figure>\n\n\n\n<p><strong>S\u00e1rik J\u00falianna &#8211; Juh\u00e1sz Antaln\u00e9<\/strong>  ** 1866 &#8211; 1936<\/p>\n\n\n\n<figure class=\"wp-block-image size-full\"><img loading=\"lazy\" decoding=\"async\" width=\"1024\" height=\"715\" src=\"https:\/\/rakosliget.hu\/wordpress\/wp-content\/uploads\/2024\/11\/image-1.png\" alt=\"\" class=\"wp-image-12563\" srcset=\"https:\/\/rakosliget.hu\/wordpress\/wp-content\/uploads\/2024\/11\/image-1.png 1024w, https:\/\/rakosliget.hu\/wordpress\/wp-content\/uploads\/2024\/11\/image-1-300x209.png 300w, https:\/\/rakosliget.hu\/wordpress\/wp-content\/uploads\/2024\/11\/image-1-768x536.png 768w\" sizes=\"auto, (max-width: 1024px) 100vw, 1024px\" \/><\/figure>\n\n\n\n<p><strong>S\u00e1rosi J\u00e1nosn\u00e9 sz.: G\u00e9bauer Ter\u00e9z<\/strong>** 1865 &#8211; 1940<\/p>\n\n\n\n<figure class=\"wp-block-image size-large\"><img loading=\"lazy\" decoding=\"async\" width=\"1024\" height=\"676\" src=\"https:\/\/rakosliget.hu\/wordpress\/wp-content\/uploads\/2021\/11\/ozv.-Sarosi-Janosne-1024x676.jpg\" alt=\"\" class=\"wp-image-9611\" srcset=\"https:\/\/rakosliget.hu\/wordpress\/wp-content\/uploads\/2021\/11\/ozv.-Sarosi-Janosne-1024x676.jpg 1024w, https:\/\/rakosliget.hu\/wordpress\/wp-content\/uploads\/2021\/11\/ozv.-Sarosi-Janosne-300x198.jpg 300w, https:\/\/rakosliget.hu\/wordpress\/wp-content\/uploads\/2021\/11\/ozv.-Sarosi-Janosne-768x507.jpg 768w, https:\/\/rakosliget.hu\/wordpress\/wp-content\/uploads\/2021\/11\/ozv.-Sarosi-Janosne.jpg 1199w\" sizes=\"auto, (max-width: 1024px) 100vw, 1024px\" \/><\/figure>\n\n\n\n<p><strong>Schauschek Istv\u00e1n <\/strong>&#8211; 1938 postam\u0171szaki f\u0151ellen\u0151r<\/p>\n\n\n\n<figure class=\"wp-block-image size-full\"><img loading=\"lazy\" decoding=\"async\" width=\"820\" height=\"330\" src=\"https:\/\/rakosliget.hu\/wordpress\/wp-content\/uploads\/2024\/11\/SchauschekIstvan-1938-november-26.jpg\" alt=\"\" class=\"wp-image-12682\" srcset=\"https:\/\/rakosliget.hu\/wordpress\/wp-content\/uploads\/2024\/11\/SchauschekIstvan-1938-november-26.jpg 820w, https:\/\/rakosliget.hu\/wordpress\/wp-content\/uploads\/2024\/11\/SchauschekIstvan-1938-november-26-300x121.jpg 300w, https:\/\/rakosliget.hu\/wordpress\/wp-content\/uploads\/2024\/11\/SchauschekIstvan-1938-november-26-768x309.jpg 768w\" sizes=\"auto, (max-width: 820px) 100vw, 820px\" \/><\/figure>\n\n\n\n<p>Forr\u00e1s: Nemzeti Ujs\u00e1g, 1938. november (20. \u00e9vfolyam) 1938-11-26 269. sz\u00e1m<\/p>\n\n\n\n<p><strong>Schreiber Gy\u00f6rgy<\/strong>** 1887 &#8211; 1943 M\u00c1V fel\u00fcgyel\u0151<\/p>\n\n\n\n<figure class=\"wp-block-image size-large\"><img loading=\"lazy\" decoding=\"async\" width=\"1024\" height=\"717\" src=\"https:\/\/rakosliget.hu\/wordpress\/wp-content\/uploads\/2021\/11\/Schreiber-Gyorgy-1024x717.jpg\" alt=\"\" class=\"wp-image-9495\" srcset=\"https:\/\/rakosliget.hu\/wordpress\/wp-content\/uploads\/2021\/11\/Schreiber-Gyorgy-1024x717.jpg 1024w, https:\/\/rakosliget.hu\/wordpress\/wp-content\/uploads\/2021\/11\/Schreiber-Gyorgy-300x210.jpg 300w, https:\/\/rakosliget.hu\/wordpress\/wp-content\/uploads\/2021\/11\/Schreiber-Gyorgy-768x538.jpg 768w, https:\/\/rakosliget.hu\/wordpress\/wp-content\/uploads\/2021\/11\/Schreiber-Gyorgy.jpg 1164w\" sizes=\"auto, (max-width: 1024px) 100vw, 1024px\" \/><\/figure>\n\n\n\n<p><strong> Schr\u00f6dling Erzs\u00e9bet<\/strong> &#8211; <strong>Kov\u00e1cs Izidorn\u00e9 <\/strong>** 1859 &#8211; 1935<\/p>\n\n\n\n<figure class=\"wp-block-image size-large\"><img loading=\"lazy\" decoding=\"async\" width=\"1024\" height=\"715\" src=\"https:\/\/rakosliget.hu\/wordpress\/wp-content\/uploads\/2021\/11\/ozv.-Kovacs-Izidorne-1024x715.jpg\" alt=\"\" class=\"wp-image-9588\" srcset=\"https:\/\/rakosliget.hu\/wordpress\/wp-content\/uploads\/2021\/11\/ozv.-Kovacs-Izidorne-1024x715.jpg 1024w, https:\/\/rakosliget.hu\/wordpress\/wp-content\/uploads\/2021\/11\/ozv.-Kovacs-Izidorne-300x209.jpg 300w, https:\/\/rakosliget.hu\/wordpress\/wp-content\/uploads\/2021\/11\/ozv.-Kovacs-Izidorne-768x536.jpg 768w, https:\/\/rakosliget.hu\/wordpress\/wp-content\/uploads\/2021\/11\/ozv.-Kovacs-Izidorne.jpg 1536w\" sizes=\"auto, (max-width: 1024px) 100vw, 1024px\" \/><\/figure>\n\n\n\n<p><strong>Seress G\u00e9za<\/strong>** 1886 &#8211; 1950 M\u00c1V \u00e1llom\u00e1sf\u0151n\u00f6k<\/p>\n\n\n\n<figure class=\"wp-block-image size-large\"><img loading=\"lazy\" decoding=\"async\" width=\"1024\" height=\"788\" src=\"https:\/\/rakosliget.hu\/wordpress\/wp-content\/uploads\/2021\/11\/Seres-Geza-1024x788.jpg\" alt=\"\" class=\"wp-image-9550\" srcset=\"https:\/\/rakosliget.hu\/wordpress\/wp-content\/uploads\/2021\/11\/Seres-Geza-1024x788.jpg 1024w, https:\/\/rakosliget.hu\/wordpress\/wp-content\/uploads\/2021\/11\/Seres-Geza-300x231.jpg 300w, https:\/\/rakosliget.hu\/wordpress\/wp-content\/uploads\/2021\/11\/Seres-Geza-768x591.jpg 768w, https:\/\/rakosliget.hu\/wordpress\/wp-content\/uploads\/2021\/11\/Seres-Geza.jpg 1050w\" sizes=\"auto, (max-width: 1024px) 100vw, 1024px\" \/><\/figure>\n\n\n\n<p><strong>Simon D\u00f6me*<\/strong> ?-1934<\/p>\n\n\n\n<p><strong>Strament J\u00e1nos<\/strong>* 1864-1938<\/p>\n\n\n\n<p><strong>S\u00fcmegi Lajos<\/strong>** 1886 &#8211; 1935<\/p>\n\n\n\n<figure class=\"wp-block-image size-large\"><img loading=\"lazy\" decoding=\"async\" width=\"1024\" height=\"705\" src=\"https:\/\/rakosliget.hu\/wordpress\/wp-content\/uploads\/2021\/11\/Sumegi-Lajos-1024x705.jpg\" alt=\"\" class=\"wp-image-9609\" srcset=\"https:\/\/rakosliget.hu\/wordpress\/wp-content\/uploads\/2021\/11\/Sumegi-Lajos-1024x705.jpg 1024w, https:\/\/rakosliget.hu\/wordpress\/wp-content\/uploads\/2021\/11\/Sumegi-Lajos-300x206.jpg 300w, https:\/\/rakosliget.hu\/wordpress\/wp-content\/uploads\/2021\/11\/Sumegi-Lajos-768x528.jpg 768w, https:\/\/rakosliget.hu\/wordpress\/wp-content\/uploads\/2021\/11\/Sumegi-Lajos.jpg 1234w\" sizes=\"auto, (max-width: 1024px) 100vw, 1024px\" \/><\/figure>\n\n\n\n<p><strong>Schronk P\u00e1ln\u00e9 sz.: Salamon Ilona<\/strong>** 1872 &#8211; 1927<\/p>\n\n\n\n<figure class=\"wp-block-image size-large\"><img loading=\"lazy\" decoding=\"async\" width=\"1024\" height=\"746\" src=\"https:\/\/rakosliget.hu\/wordpress\/wp-content\/uploads\/2021\/11\/ozv-Schronk-Palne-1024x746.jpg\" alt=\"\" class=\"wp-image-9600\" srcset=\"https:\/\/rakosliget.hu\/wordpress\/wp-content\/uploads\/2021\/11\/ozv-Schronk-Palne-1024x746.jpg 1024w, https:\/\/rakosliget.hu\/wordpress\/wp-content\/uploads\/2021\/11\/ozv-Schronk-Palne-300x218.jpg 300w, https:\/\/rakosliget.hu\/wordpress\/wp-content\/uploads\/2021\/11\/ozv-Schronk-Palne-768x559.jpg 768w, https:\/\/rakosliget.hu\/wordpress\/wp-content\/uploads\/2021\/11\/ozv-Schronk-Palne.jpg 1129w\" sizes=\"auto, (max-width: 1024px) 100vw, 1024px\" \/><\/figure>\n\n\n\n<p><strong>Skonda L\u00e1szl\u00f3n\u00e9 sz.: Schreiner Margit**<\/strong> 1890 &#8211; 1938<\/p>\n\n\n\n<figure class=\"wp-block-image size-large\"><img loading=\"lazy\" decoding=\"async\" width=\"1024\" height=\"718\" src=\"https:\/\/rakosliget.hu\/wordpress\/wp-content\/uploads\/2021\/11\/ozv.-Skonda-Laszlone-1024x718.jpg\" alt=\"\" class=\"wp-image-9548\" srcset=\"https:\/\/rakosliget.hu\/wordpress\/wp-content\/uploads\/2021\/11\/ozv.-Skonda-Laszlone-1024x718.jpg 1024w, https:\/\/rakosliget.hu\/wordpress\/wp-content\/uploads\/2021\/11\/ozv.-Skonda-Laszlone-300x210.jpg 300w, https:\/\/rakosliget.hu\/wordpress\/wp-content\/uploads\/2021\/11\/ozv.-Skonda-Laszlone-768x539.jpg 768w, https:\/\/rakosliget.hu\/wordpress\/wp-content\/uploads\/2021\/11\/ozv.-Skonda-Laszlone.jpg 1142w\" sizes=\"auto, (max-width: 1024px) 100vw, 1024px\" \/><\/figure>\n\n\n\n<p><strong>Strohmayer J\u00f3zsef <\/strong>** 1851 &#8211; 1944<\/p>\n\n\n\n<figure class=\"wp-block-image size-large\"><img loading=\"lazy\" decoding=\"async\" width=\"1024\" height=\"637\" src=\"https:\/\/rakosliget.hu\/wordpress\/wp-content\/uploads\/2021\/11\/Strohmayer-Jozsef-1024x637.jpg\" alt=\"\" class=\"wp-image-9509\" srcset=\"https:\/\/rakosliget.hu\/wordpress\/wp-content\/uploads\/2021\/11\/Strohmayer-Jozsef-1024x637.jpg 1024w, https:\/\/rakosliget.hu\/wordpress\/wp-content\/uploads\/2021\/11\/Strohmayer-Jozsef-300x187.jpg 300w, https:\/\/rakosliget.hu\/wordpress\/wp-content\/uploads\/2021\/11\/Strohmayer-Jozsef-768x478.jpg 768w, https:\/\/rakosliget.hu\/wordpress\/wp-content\/uploads\/2021\/11\/Strohmayer-Jozsef.jpg 1203w\" sizes=\"auto, (max-width: 1024px) 100vw, 1024px\" \/><\/figure>\n\n\n\n<p><strong>Steimle Vilmosn\u00e9<\/strong>** 1876 &#8211; 1937<\/p>\n\n\n\n<figure class=\"wp-block-image size-large\"><img loading=\"lazy\" decoding=\"async\" width=\"1024\" height=\"718\" src=\"https:\/\/rakosliget.hu\/wordpress\/wp-content\/uploads\/2021\/11\/Steimle-Vilmosne-1024x718.jpg\" alt=\"\" class=\"wp-image-9591\" srcset=\"https:\/\/rakosliget.hu\/wordpress\/wp-content\/uploads\/2021\/11\/Steimle-Vilmosne-1024x718.jpg 1024w, https:\/\/rakosliget.hu\/wordpress\/wp-content\/uploads\/2021\/11\/Steimle-Vilmosne-300x210.jpg 300w, https:\/\/rakosliget.hu\/wordpress\/wp-content\/uploads\/2021\/11\/Steimle-Vilmosne-768x539.jpg 768w, https:\/\/rakosliget.hu\/wordpress\/wp-content\/uploads\/2021\/11\/Steimle-Vilmosne.jpg 1182w\" sizes=\"auto, (max-width: 1024px) 100vw, 1024px\" \/><\/figure>\n\n\n\n<p><strong>Marie Sterio<\/strong>** 1816 &#8211; 1904 (Sztojanovics) R\u00e1koskereszt\u00faron temett\u00e9k el.<\/p>\n\n\n\n<figure class=\"wp-block-image size-large\"><img loading=\"lazy\" decoding=\"async\" width=\"1024\" height=\"726\" src=\"https:\/\/rakosliget.hu\/wordpress\/wp-content\/uploads\/2021\/11\/Marie-Sterio-1024x726.jpg\" alt=\"\" class=\"wp-image-9507\" srcset=\"https:\/\/rakosliget.hu\/wordpress\/wp-content\/uploads\/2021\/11\/Marie-Sterio-1024x726.jpg 1024w, https:\/\/rakosliget.hu\/wordpress\/wp-content\/uploads\/2021\/11\/Marie-Sterio-300x213.jpg 300w, https:\/\/rakosliget.hu\/wordpress\/wp-content\/uploads\/2021\/11\/Marie-Sterio-768x545.jpg 768w, https:\/\/rakosliget.hu\/wordpress\/wp-content\/uploads\/2021\/11\/Marie-Sterio.jpg 1146w\" sizes=\"auto, (max-width: 1024px) 100vw, 1024px\" \/><\/figure>\n\n\n\n<p><strong>Sumitz Gy\u00f6rgyn\u00e9<\/strong> <\/p>\n\n\n\n<figure class=\"wp-block-image size-full\"><img loading=\"lazy\" decoding=\"async\" width=\"667\" height=\"509\" src=\"https:\/\/rakosliget.hu\/wordpress\/wp-content\/uploads\/2025\/04\/Esti-Kurir-1940-06-15-9-oldal.jpg\" alt=\"\" class=\"wp-image-17675\" srcset=\"https:\/\/rakosliget.hu\/wordpress\/wp-content\/uploads\/2025\/04\/Esti-Kurir-1940-06-15-9-oldal.jpg 667w, https:\/\/rakosliget.hu\/wordpress\/wp-content\/uploads\/2025\/04\/Esti-Kurir-1940-06-15-9-oldal-300x229.jpg 300w\" sizes=\"auto, (max-width: 667px) 100vw, 667px\" \/><figcaption class=\"wp-element-caption\">Esti Kurir 1940. 06. 15. 9. oldal<\/figcaption><\/figure>\n\n\n\n<div class=\"wp-block-buttons is-content-justification-center is-layout-flex wp-container-core-buttons-is-layout-16018d1d wp-block-buttons-is-layout-flex\">\n<div class=\"wp-block-button\"><a class=\"wp-block-button__link wp-element-button\" href=\"#Eleje\">LAP TETEJ\u00c9RE<\/a><\/div>\n<\/div>\n\n\n\n<h2 class=\"wp-block-heading\" id=\"SZ\"><a href=\"#Eleje\">SZ<\/a><\/h2>\n\n\n\n<p><strong>Szab\u00f3 Istv\u00e1n<\/strong> ** 1877 &#8211; 1943 R\u00e1kosliget b\u00edr\u00e1ja<\/p>\n\n\n\n<figure class=\"wp-block-image size-large\"><img loading=\"lazy\" decoding=\"async\" width=\"1024\" height=\"737\" src=\"https:\/\/rakosliget.hu\/wordpress\/wp-content\/uploads\/2021\/11\/Szabo-Istvan-biro-1024x737.jpg\" alt=\"\" class=\"wp-image-9444\" srcset=\"https:\/\/rakosliget.hu\/wordpress\/wp-content\/uploads\/2021\/11\/Szabo-Istvan-biro-1024x737.jpg 1024w, https:\/\/rakosliget.hu\/wordpress\/wp-content\/uploads\/2021\/11\/Szabo-Istvan-biro-300x216.jpg 300w, https:\/\/rakosliget.hu\/wordpress\/wp-content\/uploads\/2021\/11\/Szabo-Istvan-biro-768x553.jpg 768w, https:\/\/rakosliget.hu\/wordpress\/wp-content\/uploads\/2021\/11\/Szabo-Istvan-biro.jpg 1150w\" sizes=\"auto, (max-width: 1024px) 100vw, 1024px\" \/><\/figure>\n\n\n\n<p><strong>Szab\u00f3 J\u00f3zsefn\u00e9<\/strong> <strong>sz.: Scharle M\u00e1ria<\/strong>** 1854 &#8211; 1936<\/p>\n\n\n\n<figure class=\"wp-block-image size-large\"><img loading=\"lazy\" decoding=\"async\" width=\"1024\" height=\"728\" src=\"https:\/\/rakosliget.hu\/wordpress\/wp-content\/uploads\/2021\/11\/ozv.-Szabo-Jozsefne-1024x728.jpg\" alt=\"\" class=\"wp-image-9458\" srcset=\"https:\/\/rakosliget.hu\/wordpress\/wp-content\/uploads\/2021\/11\/ozv.-Szabo-Jozsefne-1024x728.jpg 1024w, https:\/\/rakosliget.hu\/wordpress\/wp-content\/uploads\/2021\/11\/ozv.-Szabo-Jozsefne-300x213.jpg 300w, https:\/\/rakosliget.hu\/wordpress\/wp-content\/uploads\/2021\/11\/ozv.-Szabo-Jozsefne-768x546.jpg 768w, https:\/\/rakosliget.hu\/wordpress\/wp-content\/uploads\/2021\/11\/ozv.-Szabo-Jozsefne.jpg 1161w\" sizes=\"auto, (max-width: 1024px) 100vw, 1024px\" \/><\/figure>\n\n\n\n<p><strong> Szabolics R\u00f3za<\/strong> &#8211; <strong>Horv\u00e1th J\u00f3zsefn\u00e9 <\/strong>** 1866 &#8211; 1931<\/p>\n\n\n\n<figure class=\"wp-block-image size-full\"><img loading=\"lazy\" decoding=\"async\" width=\"1024\" height=\"682\" src=\"https:\/\/rakosliget.hu\/wordpress\/wp-content\/uploads\/2024\/11\/image-3.png\" alt=\"\" class=\"wp-image-12567\" srcset=\"https:\/\/rakosliget.hu\/wordpress\/wp-content\/uploads\/2024\/11\/image-3.png 1024w, https:\/\/rakosliget.hu\/wordpress\/wp-content\/uploads\/2024\/11\/image-3-300x200.png 300w, https:\/\/rakosliget.hu\/wordpress\/wp-content\/uploads\/2024\/11\/image-3-768x512.png 768w, https:\/\/rakosliget.hu\/wordpress\/wp-content\/uploads\/2024\/11\/image-3-272x182.png 272w\" sizes=\"auto, (max-width: 1024px) 100vw, 1024px\" \/><\/figure>\n\n\n\n<p><strong>Szalay Ter\u00e9zia<\/strong> <strong>M\u00e9sz\u00e1ros K\u00e1lm\u00e1nn\u00e9 **  1844 &#8211; 1941<\/strong><\/p>\n\n\n\n<figure class=\"wp-block-image size-full\"><img loading=\"lazy\" decoding=\"async\" width=\"1024\" height=\"720\" src=\"https:\/\/rakosliget.hu\/wordpress\/wp-content\/uploads\/2024\/11\/image-5.png\" alt=\"\" class=\"wp-image-12571\" srcset=\"https:\/\/rakosliget.hu\/wordpress\/wp-content\/uploads\/2024\/11\/image-5.png 1024w, https:\/\/rakosliget.hu\/wordpress\/wp-content\/uploads\/2024\/11\/image-5-300x211.png 300w, https:\/\/rakosliget.hu\/wordpress\/wp-content\/uploads\/2024\/11\/image-5-768x540.png 768w\" sizes=\"auto, (max-width: 1024px) 100vw, 1024px\" \/><\/figure>\n\n\n\n<p><strong>Szoika Gyula<\/strong> ny. f\u0151erd\u0151tan\u00e1csos  1928. j\u00falius 9-\u00e9n 84 \u00e9ves kor\u00e1ban R\u00e1kosligeten elhunyt. J\u00falius 10-\u00e9n d\u00e9lut\u00e1n f\u00e9l 6 \u00f3rakor temetik. Szoika K\u00e1roly, a Hangya k\u00f6zponti titk\u00e1ra az elhunytban \u00e9desatyj\u00e1t gy\u00e1szolja. Forr\u00e1s: Pesti H\u00edrlap, 1928. j\u00falius 10.<\/p>\n\n\n\n<div class=\"wp-block-buttons is-content-justification-center is-layout-flex wp-container-core-buttons-is-layout-16018d1d wp-block-buttons-is-layout-flex\">\n<div class=\"wp-block-button\"><a class=\"wp-block-button__link wp-element-button\" href=\"#Eleje\">LAP TETEJ\u00c9RE<\/a><\/div>\n<\/div>\n\n\n\n<h2 class=\"wp-block-heading\" id=\"T\"><a href=\"#Eleje\">T<\/a><\/h2>\n\n\n\n<p><\/p>\n\n\n\n<p><strong>Tarits J\u00e1nosn\u00e9 sz.: Wandra Paula<\/strong>** 1858 &#8211; 1935<\/p>\n\n\n\n<figure class=\"wp-block-image size-large\"><img loading=\"lazy\" decoding=\"async\" width=\"1024\" height=\"732\" src=\"https:\/\/rakosliget.hu\/wordpress\/wp-content\/uploads\/2021\/11\/ozv.-Tarits-Janosne-1024x732.jpg\" alt=\"\" class=\"wp-image-9482\" srcset=\"https:\/\/rakosliget.hu\/wordpress\/wp-content\/uploads\/2021\/11\/ozv.-Tarits-Janosne-1024x732.jpg 1024w, https:\/\/rakosliget.hu\/wordpress\/wp-content\/uploads\/2021\/11\/ozv.-Tarits-Janosne-300x214.jpg 300w, https:\/\/rakosliget.hu\/wordpress\/wp-content\/uploads\/2021\/11\/ozv.-Tarits-Janosne-768x549.jpg 768w, https:\/\/rakosliget.hu\/wordpress\/wp-content\/uploads\/2021\/11\/ozv.-Tarits-Janosne.jpg 1219w\" sizes=\"auto, (max-width: 1024px) 100vw, 1024px\" \/><\/figure>\n\n\n\n<p><strong>Telekes Lajos<\/strong>** 1845 &#8211; 1918 p\u00e9nz\u00fcgyi sz\u00e1mtan\u00e1csos<\/p>\n\n\n\n<figure class=\"wp-block-image size-large\"><img loading=\"lazy\" decoding=\"async\" width=\"1024\" height=\"741\" src=\"https:\/\/rakosliget.hu\/wordpress\/wp-content\/uploads\/2021\/11\/Telekes-Lajos-1024x741.jpg\" alt=\"\" class=\"wp-image-9583\" srcset=\"https:\/\/rakosliget.hu\/wordpress\/wp-content\/uploads\/2021\/11\/Telekes-Lajos-1024x741.jpg 1024w, https:\/\/rakosliget.hu\/wordpress\/wp-content\/uploads\/2021\/11\/Telekes-Lajos-300x217.jpg 300w, https:\/\/rakosliget.hu\/wordpress\/wp-content\/uploads\/2021\/11\/Telekes-Lajos-768x556.jpg 768w, https:\/\/rakosliget.hu\/wordpress\/wp-content\/uploads\/2021\/11\/Telekes-Lajos.jpg 1180w\" sizes=\"auto, (max-width: 1024px) 100vw, 1024px\" \/><\/figure>\n\n\n\n<p><strong>Temesv\u00e1ri Andr\u00e1sn\u00e9 sz.: Leimeister Ilona<\/strong>** 1893 &#8211; 1947<\/p>\n\n\n\n<figure class=\"wp-block-image size-large\"><img loading=\"lazy\" decoding=\"async\" width=\"1024\" height=\"747\" src=\"https:\/\/rakosliget.hu\/wordpress\/wp-content\/uploads\/2021\/11\/ozv.-Temesvari-Andrasne-1024x747.jpg\" alt=\"\" class=\"wp-image-9525\" srcset=\"https:\/\/rakosliget.hu\/wordpress\/wp-content\/uploads\/2021\/11\/ozv.-Temesvari-Andrasne-1024x747.jpg 1024w, https:\/\/rakosliget.hu\/wordpress\/wp-content\/uploads\/2021\/11\/ozv.-Temesvari-Andrasne-300x219.jpg 300w, https:\/\/rakosliget.hu\/wordpress\/wp-content\/uploads\/2021\/11\/ozv.-Temesvari-Andrasne-768x560.jpg 768w, https:\/\/rakosliget.hu\/wordpress\/wp-content\/uploads\/2021\/11\/ozv.-Temesvari-Andrasne.jpg 1091w\" sizes=\"auto, (max-width: 1024px) 100vw, 1024px\" \/><\/figure>\n\n\n\n<p><strong>Thur\u00e1nszky Dagm\u00e1r<\/strong>**  &#8211; 1938<\/p>\n\n\n\n<figure class=\"wp-block-image size-large\"><img loading=\"lazy\" decoding=\"async\" width=\"1024\" height=\"719\" src=\"https:\/\/rakosliget.hu\/wordpress\/wp-content\/uploads\/2021\/11\/Thuranszky-Dagmar-1024x719.jpg\" alt=\"\" class=\"wp-image-9488\" srcset=\"https:\/\/rakosliget.hu\/wordpress\/wp-content\/uploads\/2021\/11\/Thuranszky-Dagmar-1024x719.jpg 1024w, https:\/\/rakosliget.hu\/wordpress\/wp-content\/uploads\/2021\/11\/Thuranszky-Dagmar-300x211.jpg 300w, https:\/\/rakosliget.hu\/wordpress\/wp-content\/uploads\/2021\/11\/Thuranszky-Dagmar-768x539.jpg 768w, https:\/\/rakosliget.hu\/wordpress\/wp-content\/uploads\/2021\/11\/Thuranszky-Dagmar.jpg 1223w\" sizes=\"auto, (max-width: 1024px) 100vw, 1024px\" \/><\/figure>\n\n\n\n<p><strong>Thur\u00e1nszky J\u00f3zsef <\/strong>** 1899 &#8211; 1938<\/p>\n\n\n\n<figure class=\"wp-block-image size-large\"><img loading=\"lazy\" decoding=\"async\" width=\"1024\" height=\"717\" src=\"https:\/\/rakosliget.hu\/wordpress\/wp-content\/uploads\/2021\/11\/dr-Thuranszky-Jozsef-1024x717.jpg\" alt=\"\" class=\"wp-image-9492\" srcset=\"https:\/\/rakosliget.hu\/wordpress\/wp-content\/uploads\/2021\/11\/dr-Thuranszky-Jozsef-1024x717.jpg 1024w, https:\/\/rakosliget.hu\/wordpress\/wp-content\/uploads\/2021\/11\/dr-Thuranszky-Jozsef-300x210.jpg 300w, https:\/\/rakosliget.hu\/wordpress\/wp-content\/uploads\/2021\/11\/dr-Thuranszky-Jozsef-768x538.jpg 768w, https:\/\/rakosliget.hu\/wordpress\/wp-content\/uploads\/2021\/11\/dr-Thuranszky-Jozsef.jpg 1226w\" sizes=\"auto, (max-width: 1024px) 100vw, 1024px\" \/><\/figure>\n\n\n\n<p><strong>Thur\u00e1nszky J\u00f3zsefn\u00e9 sz.: Ba\u00e1n Margit<\/strong>** 1864 &#8211; 1939<\/p>\n\n\n\n<figure class=\"wp-block-image size-large\"><img loading=\"lazy\" decoding=\"async\" width=\"1024\" height=\"718\" src=\"https:\/\/rakosliget.hu\/wordpress\/wp-content\/uploads\/2021\/11\/ozv.-Thuranszky-Jozsefne-1024x718.jpg\" alt=\"\" class=\"wp-image-9490\" srcset=\"https:\/\/rakosliget.hu\/wordpress\/wp-content\/uploads\/2021\/11\/ozv.-Thuranszky-Jozsefne-1024x718.jpg 1024w, https:\/\/rakosliget.hu\/wordpress\/wp-content\/uploads\/2021\/11\/ozv.-Thuranszky-Jozsefne-300x210.jpg 300w, https:\/\/rakosliget.hu\/wordpress\/wp-content\/uploads\/2021\/11\/ozv.-Thuranszky-Jozsefne-768x539.jpg 768w, https:\/\/rakosliget.hu\/wordpress\/wp-content\/uploads\/2021\/11\/ozv.-Thuranszky-Jozsefne.jpg 1220w\" sizes=\"auto, (max-width: 1024px) 100vw, 1024px\" \/><\/figure>\n\n\n\n<p><strong><a href=\"https:\/\/rakosliget.hu\/wordpress\/index.php\/thuranszky-lehel-2\/\">Thur\u00e1nszky Lehel<\/a><\/strong> 1897. j\u00falius 8. Lipt\u00f3szentmikl\u00f3s \u2013  1951. j\u00fanius 09. R\u00e1kosliget<\/p>\n\n\n\n<p><strong>T\u00f6r\u00f6k Antal<\/strong>* 1861-1933 \u00e9p\u00edt\u00e9sz<\/p>\n\n\n\n<figure class=\"wp-block-image size-full\"><img loading=\"lazy\" decoding=\"async\" width=\"1024\" height=\"1403\" src=\"https:\/\/rakosliget.hu\/wordpress\/wp-content\/uploads\/2026\/03\/Ligeti-temeto-en_.jpg\" alt=\"\" class=\"wp-image-23663\" srcset=\"https:\/\/rakosliget.hu\/wordpress\/wp-content\/uploads\/2026\/03\/Ligeti-temeto-en_.jpg 1024w, https:\/\/rakosliget.hu\/wordpress\/wp-content\/uploads\/2026\/03\/Ligeti-temeto-en_-219x300.jpg 219w, https:\/\/rakosliget.hu\/wordpress\/wp-content\/uploads\/2026\/03\/Ligeti-temeto-en_-768x1052.jpg 768w\" sizes=\"auto, (max-width: 1024px) 100vw, 1024px\" \/><figcaption class=\"wp-element-caption\">T\u00f6r\u00f6k Antal \u00e9p\u00edt\u00e9sz 1861 &#8211; 1933<\/figcaption><\/figure>\n\n\n\n<p><strong>T\u00f6r\u00f6k Antaln\u00e9 sz.: Kager Etel** 1863 &#8211; 1942<\/strong><\/p>\n\n\n\n<figure class=\"wp-block-image size-large\"><img loading=\"lazy\" decoding=\"async\" width=\"1024\" height=\"718\" src=\"https:\/\/rakosliget.hu\/wordpress\/wp-content\/uploads\/2021\/11\/ozv.-Torok-Antalne-1024x718.jpg\" alt=\"\" class=\"wp-image-9556\" srcset=\"https:\/\/rakosliget.hu\/wordpress\/wp-content\/uploads\/2021\/11\/ozv.-Torok-Antalne-1024x718.jpg 1024w, https:\/\/rakosliget.hu\/wordpress\/wp-content\/uploads\/2021\/11\/ozv.-Torok-Antalne-300x210.jpg 300w, https:\/\/rakosliget.hu\/wordpress\/wp-content\/uploads\/2021\/11\/ozv.-Torok-Antalne-768x539.jpg 768w, https:\/\/rakosliget.hu\/wordpress\/wp-content\/uploads\/2021\/11\/ozv.-Torok-Antalne.jpg 1206w\" sizes=\"auto, (max-width: 1024px) 100vw, 1024px\" \/><\/figure>\n\n\n<div class=\"wp-block-image\">\n<figure class=\"aligncenter size-full\"><img loading=\"lazy\" decoding=\"async\" width=\"613\" height=\"627\" src=\"https:\/\/rakosliget.hu\/wordpress\/wp-content\/uploads\/2025\/04\/Torok-Antalne-ESTI-KURIR-1942-03-23-67.jpg\" alt=\"\" class=\"wp-image-17678\" srcset=\"https:\/\/rakosliget.hu\/wordpress\/wp-content\/uploads\/2025\/04\/Torok-Antalne-ESTI-KURIR-1942-03-23-67.jpg 613w, https:\/\/rakosliget.hu\/wordpress\/wp-content\/uploads\/2025\/04\/Torok-Antalne-ESTI-KURIR-1942-03-23-67-293x300.jpg 293w\" sizes=\"auto, (max-width: 613px) 100vw, 613px\" \/><figcaption class=\"wp-element-caption\">ESTI KURIR 1942. 03. 23. <\/figcaption><\/figure>\n<\/div>\n\n\n<p><strong>T\u00f6rzs\u00f6k Gyula*<\/strong> 1859- 1934<\/p>\n\n\n\n<div class=\"wp-block-buttons is-content-justification-center is-layout-flex wp-container-core-buttons-is-layout-16018d1d wp-block-buttons-is-layout-flex\">\n<div class=\"wp-block-button\"><a class=\"wp-block-button__link wp-element-button\" href=\"#Eleje\">LAP TETEJ\u00c9RE<\/a><\/div>\n<\/div>\n\n\n\n<h2 class=\"wp-block-heading\" id=\"TY\"><a href=\"#Eleje\">TY<\/a><\/h2>\n\n\n\n<div class=\"wp-block-buttons is-content-justification-center is-layout-flex wp-container-core-buttons-is-layout-16018d1d wp-block-buttons-is-layout-flex\">\n<div class=\"wp-block-button\"><a class=\"wp-block-button__link wp-element-button\" href=\"#Eleje\">LAP TETEJ\u00c9RE<\/a><\/div>\n<\/div>\n\n\n\n<h2 class=\"wp-block-heading\" id=\"U\"><a href=\"#Eleje\">U<\/a><\/h2>\n\n\n\n<p><strong>Ucsnay Ern\u0151<\/strong>* Trencs\u00e9n d\u00edszpolg\u00e1ra \u00e9s utols\u00f3 magyar polg\u00e1rmestere ?-1940. janu\u00e1r 4<\/p>\n\n\n\n<figure class=\"wp-block-image size-full\"><img loading=\"lazy\" decoding=\"async\" width=\"924\" height=\"314\" src=\"https:\/\/rakosliget.hu\/wordpress\/wp-content\/uploads\/2024\/11\/Ucsnay.jpg\" alt=\"\" class=\"wp-image-12696\" srcset=\"https:\/\/rakosliget.hu\/wordpress\/wp-content\/uploads\/2024\/11\/Ucsnay.jpg 924w, https:\/\/rakosliget.hu\/wordpress\/wp-content\/uploads\/2024\/11\/Ucsnay-300x102.jpg 300w, https:\/\/rakosliget.hu\/wordpress\/wp-content\/uploads\/2024\/11\/Ucsnay-768x261.jpg 768w\" sizes=\"auto, (max-width: 924px) 100vw, 924px\" \/><\/figure>\n\n\n\n<p>Forr\u00e1s:Nemzeti Ujs\u00e1g, 1940. janu\u00e1r (22. \u00e9vfolyam)1940-01-06 4. sz\u00e1m<\/p>\n\n\n\n<div class=\"wp-block-buttons is-content-justification-center is-layout-flex wp-container-core-buttons-is-layout-16018d1d wp-block-buttons-is-layout-flex\">\n<div class=\"wp-block-button\"><a class=\"wp-block-button__link wp-element-button\" href=\"#Eleje\">LAP TETEJ\u00c9RE<\/a><\/div>\n<\/div>\n\n\n\n<h2 class=\"wp-block-heading\" id=\"\u00dc\"><a href=\"#Eleje\">\u00dc<\/a><\/h2>\n\n\n\n<p><strong>\u00dcrge Lajos K\u00e1roly<\/strong>* 1869-1934 vaskeresked\u0151<\/p>\n\n\n\n<figure class=\"wp-block-image size-full\"><img loading=\"lazy\" decoding=\"async\" width=\"924\" height=\"268\" src=\"https:\/\/rakosliget.hu\/wordpress\/wp-content\/uploads\/2024\/11\/Urge-Lajos-1934-julius-11-.jpg\" alt=\"\" class=\"wp-image-12684\" srcset=\"https:\/\/rakosliget.hu\/wordpress\/wp-content\/uploads\/2024\/11\/Urge-Lajos-1934-julius-11-.jpg 924w, https:\/\/rakosliget.hu\/wordpress\/wp-content\/uploads\/2024\/11\/Urge-Lajos-1934-julius-11--300x87.jpg 300w, https:\/\/rakosliget.hu\/wordpress\/wp-content\/uploads\/2024\/11\/Urge-Lajos-1934-julius-11--768x223.jpg 768w\" sizes=\"auto, (max-width: 924px) 100vw, 924px\" \/><\/figure>\n\n\n\n<p>Forr\u00e1s: Nemzeti Ujs\u00e1g, 1934. j\u00falius (16. \u00e9vfolyam) 1934-07-11 154. sz\u00e1m<\/p>\n\n\n\n<div class=\"wp-block-buttons is-content-justification-center is-layout-flex wp-container-core-buttons-is-layout-16018d1d wp-block-buttons-is-layout-flex\">\n<div class=\"wp-block-button\"><a class=\"wp-block-button__link wp-element-button\" href=\"#Eleje\">LAP TETEJ\u00c9RE<\/a><\/div>\n<\/div>\n\n\n\n<h2 class=\"wp-block-heading\" id=\"V\"><a href=\"#Eleje\">V<\/a><\/h2>\n\n\n\n<p><strong>Vajda J\u00e1nosn\u00e9 sz.: Csere L\u00eddia**<\/strong>  1857 &#8211; 1936<\/p>\n\n\n\n<figure class=\"wp-block-image size-large\"><img loading=\"lazy\" decoding=\"async\" width=\"1024\" height=\"679\" src=\"https:\/\/rakosliget.hu\/wordpress\/wp-content\/uploads\/2021\/11\/ozv.-Vajda-Janosne-1024x679.jpg\" alt=\"\" class=\"wp-image-9536\" srcset=\"https:\/\/rakosliget.hu\/wordpress\/wp-content\/uploads\/2021\/11\/ozv.-Vajda-Janosne-1024x679.jpg 1024w, https:\/\/rakosliget.hu\/wordpress\/wp-content\/uploads\/2021\/11\/ozv.-Vajda-Janosne-300x199.jpg 300w, https:\/\/rakosliget.hu\/wordpress\/wp-content\/uploads\/2021\/11\/ozv.-Vajda-Janosne-768x509.jpg 768w, https:\/\/rakosliget.hu\/wordpress\/wp-content\/uploads\/2021\/11\/ozv.-Vajda-Janosne.jpg 1197w\" sizes=\"auto, (max-width: 1024px) 100vw, 1024px\" \/><\/figure>\n\n\n\n<p><strong>Valasek Ede<\/strong> ** 1845 &#8211; 1910 posta t\u00e1virdatiszt<\/p>\n\n\n\n<figure class=\"wp-block-image size-large\"><img loading=\"lazy\" decoding=\"async\" width=\"1024\" height=\"727\" src=\"https:\/\/rakosliget.hu\/wordpress\/wp-content\/uploads\/2021\/11\/Valasek-Ede-1024x727.jpg\" alt=\"\" class=\"wp-image-9597\" srcset=\"https:\/\/rakosliget.hu\/wordpress\/wp-content\/uploads\/2021\/11\/Valasek-Ede-1024x727.jpg 1024w, https:\/\/rakosliget.hu\/wordpress\/wp-content\/uploads\/2021\/11\/Valasek-Ede-300x213.jpg 300w, https:\/\/rakosliget.hu\/wordpress\/wp-content\/uploads\/2021\/11\/Valasek-Ede-768x546.jpg 768w, https:\/\/rakosliget.hu\/wordpress\/wp-content\/uploads\/2021\/11\/Valasek-Ede.jpg 1188w\" sizes=\"auto, (max-width: 1024px) 100vw, 1024px\" \/><\/figure>\n\n\n\n<p><strong>V\u00e1ndor K\u00e1roly<\/strong><\/p>\n\n\n<div class=\"wp-block-image\">\n<figure class=\"aligncenter size-full\"><img loading=\"lazy\" decoding=\"async\" width=\"976\" height=\"1333\" src=\"https:\/\/rakosliget.hu\/wordpress\/wp-content\/uploads\/2025\/04\/Vandor-Karoly-Virradat-1919-11-18.jpg\" alt=\"\" class=\"wp-image-17683\" srcset=\"https:\/\/rakosliget.hu\/wordpress\/wp-content\/uploads\/2025\/04\/Vandor-Karoly-Virradat-1919-11-18.jpg 976w, https:\/\/rakosliget.hu\/wordpress\/wp-content\/uploads\/2025\/04\/Vandor-Karoly-Virradat-1919-11-18-220x300.jpg 220w, https:\/\/rakosliget.hu\/wordpress\/wp-content\/uploads\/2025\/04\/Vandor-Karoly-Virradat-1919-11-18-768x1049.jpg 768w\" sizes=\"auto, (max-width: 976px) 100vw, 976px\" \/><figcaption class=\"wp-element-caption\"> Virradat 1919. 11. 18.<\/figcaption><\/figure>\n<\/div>\n\n\n<p><strong>V\u00e1ndorfi J\u00f3zsef <\/strong>**  &#8211; 1948<\/p>\n\n\n\n<figure class=\"wp-block-image size-large\"><img loading=\"lazy\" decoding=\"async\" width=\"1024\" height=\"632\" src=\"https:\/\/rakosliget.hu\/wordpress\/wp-content\/uploads\/2021\/11\/Vandorfi-Jozsef-1024x632.jpg\" alt=\"\" class=\"wp-image-9586\" srcset=\"https:\/\/rakosliget.hu\/wordpress\/wp-content\/uploads\/2021\/11\/Vandorfi-Jozsef-1024x632.jpg 1024w, https:\/\/rakosliget.hu\/wordpress\/wp-content\/uploads\/2021\/11\/Vandorfi-Jozsef-300x185.jpg 300w, https:\/\/rakosliget.hu\/wordpress\/wp-content\/uploads\/2021\/11\/Vandorfi-Jozsef-768x474.jpg 768w, https:\/\/rakosliget.hu\/wordpress\/wp-content\/uploads\/2021\/11\/Vandorfi-Jozsef-825x510.jpg 825w, https:\/\/rakosliget.hu\/wordpress\/wp-content\/uploads\/2021\/11\/Vandorfi-Jozsef.jpg 1103w\" sizes=\"auto, (max-width: 1024px) 100vw, 1024px\" \/><\/figure>\n\n\n\n<p><strong>Varhanek J\u00f3zsef<\/strong>* 1864-1926<\/p>\n\n\n\n<p><strong>Venyege Andr\u00e1s<\/strong>** 1865 &#8211; 1936<\/p>\n\n\n\n<figure class=\"wp-block-image size-large\"><img loading=\"lazy\" decoding=\"async\" width=\"1024\" height=\"730\" src=\"https:\/\/rakosliget.hu\/wordpress\/wp-content\/uploads\/2021\/11\/Venyege-Andras-1024x730.jpg\" alt=\"\" class=\"wp-image-9573\" srcset=\"https:\/\/rakosliget.hu\/wordpress\/wp-content\/uploads\/2021\/11\/Venyege-Andras-1024x730.jpg 1024w, https:\/\/rakosliget.hu\/wordpress\/wp-content\/uploads\/2021\/11\/Venyege-Andras-300x214.jpg 300w, https:\/\/rakosliget.hu\/wordpress\/wp-content\/uploads\/2021\/11\/Venyege-Andras-768x548.jpg 768w, https:\/\/rakosliget.hu\/wordpress\/wp-content\/uploads\/2021\/11\/Venyege-Andras.jpg 1202w\" sizes=\"auto, (max-width: 1024px) 100vw, 1024px\" \/><\/figure>\n\n\n\n<p><strong>V\u00e9ghely K. Istv\u00e1nn\u00e9 sz.: N\u00e9meth J\u00falianna<\/strong>** 1878 &#8211; 1914<\/p>\n\n\n\n<figure class=\"wp-block-image size-large\"><img loading=\"lazy\" decoding=\"async\" width=\"1024\" height=\"726\" src=\"https:\/\/rakosliget.hu\/wordpress\/wp-content\/uploads\/2021\/11\/Veghely-K-Istvanne-1024x726.jpg\" alt=\"\" class=\"wp-image-9575\" srcset=\"https:\/\/rakosliget.hu\/wordpress\/wp-content\/uploads\/2021\/11\/Veghely-K-Istvanne-1024x726.jpg 1024w, https:\/\/rakosliget.hu\/wordpress\/wp-content\/uploads\/2021\/11\/Veghely-K-Istvanne-300x213.jpg 300w, https:\/\/rakosliget.hu\/wordpress\/wp-content\/uploads\/2021\/11\/Veghely-K-Istvanne-768x544.jpg 768w, https:\/\/rakosliget.hu\/wordpress\/wp-content\/uploads\/2021\/11\/Veghely-K-Istvanne.jpg 1092w\" sizes=\"auto, (max-width: 1024px) 100vw, 1024px\" \/><\/figure>\n\n\n\n<p><strong>Vink\u00f3 Istv\u00e1n<\/strong> &#8211; 1937<\/p>\n\n\n\n<figure class=\"wp-block-image size-large\"><img loading=\"lazy\" decoding=\"async\" width=\"1024\" height=\"201\" src=\"https:\/\/rakosliget.hu\/wordpress\/wp-content\/uploads\/2024\/11\/Vinko-Istvan-1937-junius-2--1024x201.jpg\" alt=\"\" class=\"wp-image-12687\" srcset=\"https:\/\/rakosliget.hu\/wordpress\/wp-content\/uploads\/2024\/11\/Vinko-Istvan-1937-junius-2--1024x201.jpg 1024w, https:\/\/rakosliget.hu\/wordpress\/wp-content\/uploads\/2024\/11\/Vinko-Istvan-1937-junius-2--300x59.jpg 300w, https:\/\/rakosliget.hu\/wordpress\/wp-content\/uploads\/2024\/11\/Vinko-Istvan-1937-junius-2--768x151.jpg 768w, https:\/\/rakosliget.hu\/wordpress\/wp-content\/uploads\/2024\/11\/Vinko-Istvan-1937-junius-2-.jpg 1168w\" sizes=\"auto, (max-width: 1024px) 100vw, 1024px\" \/><\/figure>\n\n\n\n<p>Forr\u00e1s: Pesti H\u00edrlap, 1937. j\u00fanius (59. \u00e9vfolyam) 1937-06-02 122. sz\u00e1m<\/p>\n\n\n\n<p><strong>Vrasich Mih\u00e1ly<\/strong>** -1979 Nem R\u00e1kosligeten temett\u00e9k!<\/p>\n\n\n\n<figure class=\"wp-block-image size-large\"><img loading=\"lazy\" decoding=\"async\" width=\"1024\" height=\"637\" src=\"https:\/\/rakosliget.hu\/wordpress\/wp-content\/uploads\/2021\/11\/Vrasich-Mihaly-1024x637.jpg\" alt=\"\" class=\"wp-image-9581\" srcset=\"https:\/\/rakosliget.hu\/wordpress\/wp-content\/uploads\/2021\/11\/Vrasich-Mihaly-1024x637.jpg 1024w, https:\/\/rakosliget.hu\/wordpress\/wp-content\/uploads\/2021\/11\/Vrasich-Mihaly-300x187.jpg 300w, https:\/\/rakosliget.hu\/wordpress\/wp-content\/uploads\/2021\/11\/Vrasich-Mihaly-768x478.jpg 768w, https:\/\/rakosliget.hu\/wordpress\/wp-content\/uploads\/2021\/11\/Vrasich-Mihaly.jpg 1156w\" sizes=\"auto, (max-width: 1024px) 100vw, 1024px\" \/><\/figure>\n\n\n\n<div class=\"wp-block-buttons is-content-justification-center is-layout-flex wp-container-core-buttons-is-layout-16018d1d wp-block-buttons-is-layout-flex\">\n<div class=\"wp-block-button\"><a class=\"wp-block-button__link wp-element-button\" href=\"#Eleje\">LAP TETEJ\u00c9RE<\/a><\/div>\n<\/div>\n\n\n\n<h2 class=\"wp-block-heading\" id=\"W\"><a href=\"#Eleje\">W<\/a><\/h2>\n\n\n\n<p><strong>Wandra Paula<\/strong> &#8211; <strong>Tarits J\u00e1nosn\u00e9 <\/strong>** 1858 &#8211; 1935<\/p>\n\n\n\n<figure class=\"wp-block-image size-full\"><img loading=\"lazy\" decoding=\"async\" width=\"1024\" height=\"732\" src=\"https:\/\/rakosliget.hu\/wordpress\/wp-content\/uploads\/2024\/11\/image-14.png\" alt=\"\" class=\"wp-image-12596\" srcset=\"https:\/\/rakosliget.hu\/wordpress\/wp-content\/uploads\/2024\/11\/image-14.png 1024w, https:\/\/rakosliget.hu\/wordpress\/wp-content\/uploads\/2024\/11\/image-14-300x214.png 300w, https:\/\/rakosliget.hu\/wordpress\/wp-content\/uploads\/2024\/11\/image-14-768x549.png 768w\" sizes=\"auto, (max-width: 1024px) 100vw, 1024px\" \/><\/figure>\n\n\n\n<p><strong>Wandra Bea<\/strong>**   &#8211; 1922<\/p>\n\n\n\n<figure class=\"wp-block-image size-large\"><img loading=\"lazy\" decoding=\"async\" width=\"905\" height=\"1024\" src=\"https:\/\/rakosliget.hu\/wordpress\/wp-content\/uploads\/2021\/11\/Wandra-Bea-905x1024.jpg\" alt=\"\" class=\"wp-image-9505\" srcset=\"https:\/\/rakosliget.hu\/wordpress\/wp-content\/uploads\/2021\/11\/Wandra-Bea-905x1024.jpg 905w, https:\/\/rakosliget.hu\/wordpress\/wp-content\/uploads\/2021\/11\/Wandra-Bea-265x300.jpg 265w, https:\/\/rakosliget.hu\/wordpress\/wp-content\/uploads\/2021\/11\/Wandra-Bea-768x869.jpg 768w, https:\/\/rakosliget.hu\/wordpress\/wp-content\/uploads\/2021\/11\/Wandra-Bea.jpg 1115w\" sizes=\"auto, (max-width: 905px) 100vw, 905px\" \/><\/figure>\n\n\n\n<p><strong>W\u00e9ber Mikl\u00f3s<\/strong>** 1880 &#8211; 1941 posta ellen\u0151r<\/p>\n\n\n\n<figure class=\"wp-block-image size-large\"><img loading=\"lazy\" decoding=\"async\" width=\"1024\" height=\"707\" src=\"https:\/\/rakosliget.hu\/wordpress\/wp-content\/uploads\/2021\/11\/Weber-Miklos-1024x707.jpg\" alt=\"\" class=\"wp-image-9571\" srcset=\"https:\/\/rakosliget.hu\/wordpress\/wp-content\/uploads\/2021\/11\/Weber-Miklos-1024x707.jpg 1024w, https:\/\/rakosliget.hu\/wordpress\/wp-content\/uploads\/2021\/11\/Weber-Miklos-300x207.jpg 300w, https:\/\/rakosliget.hu\/wordpress\/wp-content\/uploads\/2021\/11\/Weber-Miklos-768x530.jpg 768w, https:\/\/rakosliget.hu\/wordpress\/wp-content\/uploads\/2021\/11\/Weber-Miklos.jpg 1183w\" sizes=\"auto, (max-width: 1024px) 100vw, 1024px\" \/><\/figure>\n\n\n\n<p><strong>Weigensam J\u00f3zsef<\/strong> 1865 &#8211; 1944<\/p>\n\n\n\n<figure class=\"wp-block-image size-full\"><img loading=\"lazy\" decoding=\"async\" width=\"929\" height=\"325\" src=\"https:\/\/rakosliget.hu\/wordpress\/wp-content\/uploads\/2024\/11\/Weigensam.jpg\" alt=\"\" class=\"wp-image-12732\" srcset=\"https:\/\/rakosliget.hu\/wordpress\/wp-content\/uploads\/2024\/11\/Weigensam.jpg 929w, https:\/\/rakosliget.hu\/wordpress\/wp-content\/uploads\/2024\/11\/Weigensam-300x105.jpg 300w, https:\/\/rakosliget.hu\/wordpress\/wp-content\/uploads\/2024\/11\/Weigensam-768x269.jpg 768w\" sizes=\"auto, (max-width: 929px) 100vw, 929px\" \/><\/figure>\n\n\n\n<p>Forr\u00e1s: Uj Magyars\u00e1g, 1944. szeptember (11. \u00e9vfolyam) 1944-09-29 \/ 221. sz\u00e1m<\/p>\n\n\n\n<p><strong>Winkle Lajosn\u00e9<\/strong> 1855 &#8211; 1940<\/p>\n\n\n\n<figure class=\"wp-block-image size-full\"><img loading=\"lazy\" decoding=\"async\" width=\"818\" height=\"298\" src=\"https:\/\/rakosliget.hu\/wordpress\/wp-content\/uploads\/2024\/11\/Winkle-Lajosne-1940-augusztus-11.jpg\" alt=\"\" class=\"wp-image-12688\" srcset=\"https:\/\/rakosliget.hu\/wordpress\/wp-content\/uploads\/2024\/11\/Winkle-Lajosne-1940-augusztus-11.jpg 818w, https:\/\/rakosliget.hu\/wordpress\/wp-content\/uploads\/2024\/11\/Winkle-Lajosne-1940-augusztus-11-300x109.jpg 300w, https:\/\/rakosliget.hu\/wordpress\/wp-content\/uploads\/2024\/11\/Winkle-Lajosne-1940-augusztus-11-768x280.jpg 768w\" sizes=\"auto, (max-width: 818px) 100vw, 818px\" \/><\/figure>\n\n\n\n<p>Forr\u00e1s: Nemzeti Ujs\u00e1g, 1940. augusztus (22. \u00e9vfolyam)1940-08-11 182. sz\u00e1m<\/p>\n\n\n\n<div class=\"wp-block-buttons is-content-justification-center is-layout-flex wp-container-core-buttons-is-layout-16018d1d wp-block-buttons-is-layout-flex\">\n<div class=\"wp-block-button\"><a class=\"wp-block-button__link wp-element-button\" href=\"#Eleje\">LAP TETEJ\u00c9RE<\/a><\/div>\n<\/div>\n\n\n\n<h2 class=\"wp-block-heading\" id=\"Z\"><a href=\"#Eleje\">Z<\/a><\/h2>\n\n\n\n<p><strong>Zinz B\u00e9l\u00e1n\u00e9<\/strong>* 1902-1932<\/p>\n\n\n\n<p><strong>Zinz Ede* 1857-1928<\/strong><\/p>\n\n\n\n<div class=\"wp-block-buttons is-content-justification-center is-layout-flex wp-container-core-buttons-is-layout-16018d1d wp-block-buttons-is-layout-flex\">\n<div class=\"wp-block-button\"><a class=\"wp-block-button__link wp-element-button\" href=\"#Eleje\">LAP TETEJ\u00c9RE<\/a><\/div>\n<\/div>\n\n\n\n<h2 class=\"wp-block-heading\" id=\"ZS\"><a href=\"#Eleje\">ZS<\/a><\/h2>\n\n\n\n<p><\/p>\n\n\n\n<div class=\"wp-block-buttons is-content-justification-center is-layout-flex wp-container-core-buttons-is-layout-16018d1d wp-block-buttons-is-layout-flex\">\n<div class=\"wp-block-button\"><a class=\"wp-block-button__link wp-element-button\" href=\"#Eleje\">LAP TETEJ\u00c9RE<\/a><\/div>\n<\/div>\n\n\n\n<p><\/p>\n\n\n\n<div class=\"wp-block-buttons is-content-justification-center is-layout-flex wp-container-core-buttons-is-layout-16018d1d wp-block-buttons-is-layout-flex\">\n<div class=\"wp-block-button\"><a class=\"wp-block-button__link wp-element-button\" href=\"#Eleje\">Az oldal elej\u00e9re<\/a><\/div>\n<\/div>\n","protected":false},"excerpt":{"rendered":"<p>Az oldal friss\u00edtve: 2025. 10. 19. A temet\u0151 k\u00e9pei \u2013 K\u00e9pt\u00e1r * Forr\u00e1s: A r\u00e1kosligeti temet\u0151 1975. m\u00e1rcius 2-\u00e1n m\u00e9g azonos\u00edthat\u00f3 ide temetettjeinek n\u00e9vsora&nbsp;Kov\u00e1cs K\u00e1lm\u00e1n nyom\u00e1n. ** Forr\u00e1s:&nbsp;https:\/\/dspace.oszk.hu\/ Regiszter&nbsp; A&nbsp;B&nbsp;C CS D E F G H I J K L M N NY O P R S SZ T U \u00dc V W&nbsp;Z ZS &nbsp;A &hellip; <a href=\"https:\/\/rakosliget.hu\/wordpress\/index.php\/temetoi-nevsor-_\/\" class=\"more-link\"><span class=\"screen-reader-text\">TEMET\u0150I \u2013 N\u00c9VSOR _<\/span> r\u00e9szletei&#8230;<\/a><\/p>\n","protected":false},"author":1,"featured_media":9636,"parent":0,"menu_order":0,"comment_status":"closed","ping_status":"closed","template":"","meta":{"footnotes":""},"class_list":["post-12502","page","type-page","status-publish","has-post-thumbnail","hentry"],"_links":{"self":[{"href":"https:\/\/rakosliget.hu\/wordpress\/index.php\/wp-json\/wp\/v2\/pages\/12502","targetHints":{"allow":["GET"]}}],"collection":[{"href":"https:\/\/rakosliget.hu\/wordpress\/index.php\/wp-json\/wp\/v2\/pages"}],"about":[{"href":"https:\/\/rakosliget.hu\/wordpress\/index.php\/wp-json\/wp\/v2\/types\/page"}],"author":[{"embeddable":true,"href":"https:\/\/rakosliget.hu\/wordpress\/index.php\/wp-json\/wp\/v2\/users\/1"}],"replies":[{"embeddable":true,"href":"https:\/\/rakosliget.hu\/wordpress\/index.php\/wp-json\/wp\/v2\/comments?post=12502"}],"version-history":[{"count":163,"href":"https:\/\/rakosliget.hu\/wordpress\/index.php\/wp-json\/wp\/v2\/pages\/12502\/revisions"}],"predecessor-version":[{"id":24030,"href":"https:\/\/rakosliget.hu\/wordpress\/index.php\/wp-json\/wp\/v2\/pages\/12502\/revisions\/24030"}],"wp:featuredmedia":[{"embeddable":true,"href":"https:\/\/rakosliget.hu\/wordpress\/index.php\/wp-json\/wp\/v2\/media\/9636"}],"wp:attachment":[{"href":"https:\/\/rakosliget.hu\/wordpress\/index.php\/wp-json\/wp\/v2\/media?parent=12502"}],"curies":[{"name":"wp","href":"https:\/\/api.w.org\/{rel}","templated":true}]}}