{"id":10280,"date":"2022-09-28T05:14:28","date_gmt":"2022-09-28T04:14:28","guid":{"rendered":"https:\/\/rakosliget.hu\/wordpress\/?page_id=10280"},"modified":"2025-03-14T18:40:56","modified_gmt":"2025-03-14T17:40:56","slug":"irodalmi-muvekben-rakosliget","status":"publish","type":"page","link":"https:\/\/rakosliget.hu\/wordpress\/index.php\/irodalmi-muvekben-rakosliget\/","title":{"rendered":"Irodalmi m\u0171vekben R\u00e1kosliget &#8211; K\u0151halmi Ferenc"},"content":{"rendered":"<p><a href=\"https:\/\/rakosliget.hu\/wordpress\/index.php\/bodor-bela\/\">Bodor B\u00e9la<\/a> R\u00e1kosligetr\u0151l<\/p>\n<p>K\u0151halmi Ferenc: A kertem vil\u00e1ga<\/p>\n<p>R\u00e1kosliget, 1913 tavasza. Nagyap\u00e1m jobb kez\u00e9nek sz\u00e9les mozdulat\u00e1val mutatott ki a vonatablakon, mellette \u00e1ll\u00f3 nagyany\u00e1mnak \u00e9s h\u00e1rom pici gyermek\u00e9nek. \u201eItt fogunk lakni\u201d &#8211; mondta hat\u00e1rozottan.<br \/>\nA falusi kov\u00e1csmesters\u00e9get \u00e9ppen a gy\u00e1ri munk\u00e1s l\u00e9tre cser\u00e9l\u0151 nagyap\u00e1mat, mint mondj\u00e1k, mindig mag\u00e1val ragadta R\u00e1kosliget sz\u00e9ps\u00e9ge. Tal\u00e1n ez\u00e9rt d\u00f6nt\u00f6tt \u00fagy, hogy a falusi \u00e9letb\u0151l egy dolgot mindenk\u00e9ppen meg kell mentenie: a kertet.<br \/>\nNagyap\u00e1m sz\u00e1lk\u00e1s bet\u0171kkel r\u00f3tt t\u00e1bori levelez\u0151 lapjai helyett nagyany\u00e1m 1917 elej\u00e9n d\u00f6bbenten vette kez\u00e9be a hivatalos iratot \u00e9s &#8211; nem apad\u00f3 zokog\u00e1s k\u00f6zben &#8211; olvasta az \u00e9rtes\u00edt\u00e9st, f\u00e9rje a tobolszki hadifogolyt\u00e1borban meghalt. \u0150 negyedik \u00e9ve szak\u00e1csn\u0151i \u00e9s takar\u00edt\u00f3n\u0151i munk\u00e1b\u00f3l tartotta fenn a csal\u00e1dj\u00e1t Zugl\u00f3ban.<br \/>\nP\u00e1r nap m\u00falva k\u00e9t d\u00e9dap\u00e1m szek\u00e9rre \u00fclt, elindultak, hogy h\u00e1rom kisgyerek\u00e9vel haza vigy\u00e9k a faluba Teri l\u00e1nyukat. Megr\u00f6k\u00f6ny\u00f6dve hallgatt\u00e1k, amint nagyany\u00e1m azt mondja: nem megy vel\u00fck. K\u00e9rd\u00e9s\u00fckre a v\u00e1lasz: \u201ePali azt mondta, hogy R\u00e1kosligetre megy\u00fcnk lakni.\u201d<br \/>\n\u00cdgy h\u00e1t 1921-ben h\u00e1rom gyerek\u00e9vel R\u00e1kosligetre k\u00f6lt\u00f6z\u00f6tt alb\u00e9rletbe. 1928-ban k\u00f6lcs\u00f6nb\u0151l telket vett, amib\u0151l a k\u00f6vetkez\u0151 \u00e9vek hihetetlen er\u0151fesz\u00edt\u00e9seinek eredm\u00e9nyek\u00e9nt kert sz\u00fcletett, \u00e9s fel\u00e9p\u00fclt a csal\u00e1di h\u00e1zunk.<br \/>\nAp\u00e1m \u00e9let\u00e9nek egyik legfontosabb helysz\u00edne ez a kert lett. Tavaszt\u00f3l \u0151szig minden pirkadatkor, munk\u00e1ba indul\u00e1s el\u0151tt, m\u00e9g pizsam\u00e1ban besz\u00e9lgetett kedvenc sz\u0151l\u0151t\u0151k\u00e9ivel, Kecskem\u00e9tr\u0151l hozatott gy\u00fcm\u00f6lcsf\u00e1ival. Mag\u00e1ba sz\u00edvta az illatoz\u00f3 pomp\u00e1s vir\u00e1gok frissess\u00e9g\u00e9t, \u00e9s \u00fcgyelt arra, hogy az \u00e9nekesmadarak mindig tal\u00e1ljanak magot \u00e9s vizet.<br \/>\nEz a kert volt gyermek- \u00e9s ifj\u00fakori boldogs\u00e1gaim \u00e9s szomor\u00fas\u00e1gaim val\u00f3di otthona.<br \/>\nTal\u00e1n hat \u00e9ves lehettem, \u00f6cs\u00e9m meg n\u00e9gy, amikor egy ny\u00e1r elej\u00e9n ap\u00e1m s\u00e1trat vert a kertbe, majd felaj\u00e1nlotta, ha akarunk, a s\u00e1tor v\u00e9delme alatt, a szabadban alhatunk.<br \/>\nEml\u00e9kezetemben m\u00e1ig ehhez az esem\u00e9nyhez kapcsol\u00f3dnak csod\u00e1s felismer\u00e9sek \u00e9s r\u00e1\u00e9bred\u00e9sek. Az\u00f3ta tudom, mit jelent az esti t\u00fccs\u00f6kzene. A s\u00e1tor mellett \u00e1llva mutatta meg \u00e9desap\u00e1m el\u0151sz\u00f6r hol is van f\u00f6nn az \u00e9gbolton a G\u00f6nc\u00f6lszek\u00e9r, meg a Kis-G\u00f6nc\u00f6l. Az\u00f3ta tudom, nincs p\u00e1rja a saj\u00e1t kert\u00fcnkben termett paradicsom \u00edz\u00e9nek. Most is \u00e9rzem a b\u0151ralmafa z\u00f6ldbel\u0171 term\u00e9s\u00e9nek csod\u00e1s illat\u00e1t, amit nagyany\u00e1m hozott nek\u00fcnk a s\u00e1torba, miut\u00e1n egy tepsiben megs\u00fct\u00f6tte \u0151ket.<br \/>\nNagyap\u00e1m \u00e9s ap\u00e1m akarata \u00e9s h\u0171s\u00e9ge munk\u00e1l benn\u00fcnk. A kert \u00e9let\u00fcnk fontos r\u00e9sze.<\/p>\n<p>Forr\u00e1s: A DUN\u00c1N\u00c1L 2003. \u00e1prilis 15. oldal<\/p>\n","protected":false},"excerpt":{"rendered":"<p>Bodor B\u00e9la R\u00e1kosligetr\u0151l K\u0151halmi Ferenc: A kertem vil\u00e1ga R\u00e1kosliget, 1913 tavasza. Nagyap\u00e1m jobb kez\u00e9nek sz\u00e9les mozdulat\u00e1val mutatott ki a vonatablakon, mellette \u00e1ll\u00f3 nagyany\u00e1mnak \u00e9s h\u00e1rom pici gyermek\u00e9nek. \u201eItt fogunk lakni\u201d &#8211; mondta hat\u00e1rozottan. A falusi kov\u00e1csmesters\u00e9get \u00e9ppen a gy\u00e1ri munk\u00e1s l\u00e9tre cser\u00e9l\u0151 nagyap\u00e1mat, mint mondj\u00e1k, mindig mag\u00e1val ragadta R\u00e1kosliget sz\u00e9ps\u00e9ge. Tal\u00e1n ez\u00e9rt d\u00f6nt\u00f6tt \u00fagy, hogy &hellip; <a href=\"https:\/\/rakosliget.hu\/wordpress\/index.php\/irodalmi-muvekben-rakosliget\/\" class=\"more-link\"><span class=\"screen-reader-text\">Irodalmi m\u0171vekben R\u00e1kosliget &#8211; K\u0151halmi Ferenc<\/span> r\u00e9szletei&#8230;<\/a><\/p>\n","protected":false},"author":1,"featured_media":0,"parent":0,"menu_order":0,"comment_status":"closed","ping_status":"closed","template":"","meta":{"footnotes":""},"class_list":["post-10280","page","type-page","status-publish","hentry"],"_links":{"self":[{"href":"https:\/\/rakosliget.hu\/wordpress\/index.php\/wp-json\/wp\/v2\/pages\/10280","targetHints":{"allow":["GET"]}}],"collection":[{"href":"https:\/\/rakosliget.hu\/wordpress\/index.php\/wp-json\/wp\/v2\/pages"}],"about":[{"href":"https:\/\/rakosliget.hu\/wordpress\/index.php\/wp-json\/wp\/v2\/types\/page"}],"author":[{"embeddable":true,"href":"https:\/\/rakosliget.hu\/wordpress\/index.php\/wp-json\/wp\/v2\/users\/1"}],"replies":[{"embeddable":true,"href":"https:\/\/rakosliget.hu\/wordpress\/index.php\/wp-json\/wp\/v2\/comments?post=10280"}],"version-history":[{"count":3,"href":"https:\/\/rakosliget.hu\/wordpress\/index.php\/wp-json\/wp\/v2\/pages\/10280\/revisions"}],"predecessor-version":[{"id":16967,"href":"https:\/\/rakosliget.hu\/wordpress\/index.php\/wp-json\/wp\/v2\/pages\/10280\/revisions\/16967"}],"wp:attachment":[{"href":"https:\/\/rakosliget.hu\/wordpress\/index.php\/wp-json\/wp\/v2\/media?parent=10280"}],"curies":[{"name":"wp","href":"https:\/\/api.w.org\/{rel}","templated":true}]}}